{"id":1750,"date":"2016-11-28T17:20:14","date_gmt":"2016-11-28T22:20:14","guid":{"rendered":"https:\/\/mariacannelloni.com\/calendar\/"},"modified":"2025-10-22T16:59:29","modified_gmt":"2025-10-22T20:59:29","slug":"calendar","status":"publish","type":"page","link":"https:\/\/mariacannelloni.com\/en\/calendar\/","title":{"rendered":"Calendar"},"content":{"rendered":"<p>[et_pb_section fb_built=&#8221;1&#8243; admin_label=&#8221;section&#8221; _builder_version=&#8221;4.27.4&#8243; hover_enabled=&#8221;0&#8243; global_colors_info=&#8221;{}&#8221; border_width_right=&#8221;15px&#8221; border_width_left=&#8221;15px&#8221; sticky_enabled=&#8221;0&#8243; border_color_right=&#8221;#ffcd05&#8243; border_color_left=&#8221;#ffcd05&#8243;][et_pb_row admin_label=&#8221;rang\u00e9e&#8221; _builder_version=&#8221;4.16&#8243; background_size=&#8221;initial&#8221; background_position=&#8221;top_left&#8221; background_repeat=&#8221;repeat&#8221; global_colors_info=&#8221;{}&#8221;][et_pb_column type=&#8221;4_4&#8243; _builder_version=&#8221;4.16&#8243; custom_padding=&#8221;|||&#8221; global_colors_info=&#8221;{}&#8221; custom_padding__hover=&#8221;|||&#8221;][et_pb_text admin_label=&#8221;Titre : L&#8217;AGENDA DE MARIA&#8221; _builder_version=&#8221;4.16&#8243; background_size=&#8221;initial&#8221; background_position=&#8221;top_left&#8221; background_repeat=&#8221;repeat&#8221; text_orientation=&#8221;center&#8221; module_alignment=&#8221;center&#8221; use_border_color=&#8221;off&#8221; border_color=&#8221;#ffffff&#8221; border_style=&#8221;solid&#8221; global_colors_info=&#8221;{}&#8221;]<\/p>\n<h1>Maria&#8217;s Schedule<\/h1>\n<p>[\/et_pb_text][et_pb_text admin_label=&#8221;Plugin GIGPRESS&#8221; _builder_version=&#8221;4.16&#8243; background_size=&#8221;initial&#8221; background_position=&#8221;top_left&#8221; background_repeat=&#8221;repeat&#8221; use_border_color=&#8221;off&#8221; border_color=&#8221;#ffffff&#8221; border_style=&#8221;solid&#8221; global_colors_info=&#8221;{}&#8221;]<\/p>\n<h3 style=\"text-align: left;\">Upcoming Shows<\/h3>\n\n\n<table class=\"gigpress-table upcoming\" cellspacing=\"0\">\n\t<tbody>\n\t\t<tr class=\"gigpress-header\">\n\t\t\t<th scope=\"col\" class=\"gigpress-date\">Date<\/th>\n\t\t\t\t\t<th scope=\"col\" class=\"gigpress-artist\">Artiste <\/th>\n\t\t\t\t\t<th scope=\"col\" class=\"gigpress-city\">City<\/th>\n\t\t\t<th scope=\"col\" class=\"gigpress-venue\">Venue<\/th>\n\t\t\t\t<\/tr>\n\t<\/tbody>\n\t\n<tbody>\n\t\n\t<tr class=\"gigpress-row active\">\n\t\n\t\t<td class=\"gigpress-date\">07\/18\/26\t\t\t\t\t<\/td>\n\t\t\n\t\t\t<td class=\"gigpress-artist\">\n\t\t\tMaria dans La Mini-Raviolimanie\t\t<\/td>\n\t\t\n\t\t<td class=\"gigpress-city\">Qu\u00e9bec, Qu\u00e9bec<\/td>\n\t\t\n\t\t<td class=\"gigpress-venue\">Sc\u00e8ne Hydro-Qu\u00e9bec &#8211; Place de l&#8217;Assembl\u00e9e-Nationale<\/td>\n\t\t\n\t\t\n\t<\/tr>\n\t\n\t<tr class=\"gigpress-info active\">\n\t\n\t\t<td class=\"gigpress-links-cell\">\n\t\t\t\t\t<\/td>\n\t\t\n\t\t<td colspan=\"3\">\n\t\t\n\t\t\t\t\t\t\t<span class=\"gigpress-info-item\"><span class=\"gigpress-info-label\">Time:<\/span> 11:00am.<\/span>\n\t\t\t\t\t\t\n\t\t\t\t\t\t\n\t\t\t\t\t\t\n\t\t\t\t\t\t\n\t\t\t \n\t\t\t\t<span class=\"gigpress-info-item\"><span class=\"gigpress-info-label\">Address:<\/span> <a href=\"http:\/\/maps.google.com\/maps?&amp;q=1086+Av.+Honor%C3%A9-Mercier+%231082,Qu%C3%A9bec,Qu%C3%A9bec,G1R+3P1,CA\" class=\"gigpress-address\">1086 Av. Honor\u00e9-Mercier #1082<\/a>.<\/span>\n\t\t\t\t\t\t\n\t\t\t\t\t\t\t\n\t\t\t\n\t\t\t\t\t\t\n\t\t\t\t\t\t\n\t\t\t\n\t\t\t\t\t\t\t\t\n\t\t\n\t\t<\/td>\n\t\n\t<\/tr>\n<\/tbody>\t\n\n<tbody>\n\t\n\t<tr class=\"gigpress-row active gigpress-alt\">\n\t\n\t\t<td class=\"gigpress-date\">07\/20\/26\t\t\t\t\t<\/td>\n\t\t\n\t\t\t<td class=\"gigpress-artist\">\n\t\t\tMaria dans La Mini-Raviolimanie\t\t<\/td>\n\t\t\n\t\t<td class=\"gigpress-city\">Rimouski, Qu\u00e9bec<\/td>\n\t\t\n\t\t<td class=\"gigpress-venue\">Parc Beaus\u00e9jour<\/td>\n\t\t\n\t\t\n\t<\/tr>\n\t\n\t<tr class=\"gigpress-info active gigpress-alt\">\n\t\n\t\t<td class=\"gigpress-links-cell\">\n\t\t\t\t\t<\/td>\n\t\t\n\t\t<td colspan=\"3\">\n\t\t\n\t\t\t\t\t\t\t<span class=\"gigpress-info-item\"><span class=\"gigpress-info-label\">Time:<\/span> 7:00pm.<\/span>\n\t\t\t\t\t\t\n\t\t\t\t\t\t\n\t\t\t\t\t\t\n\t\t\t\t\t\t\n\t\t\t \n\t\t\t\t<span class=\"gigpress-info-item\"><span class=\"gigpress-info-label\">Address:<\/span> <a href=\"http:\/\/maps.google.com\/maps?&amp;q=400+Bd+de+la+rivi%C3%A8re,Rimouski,Qu%C3%A9bec,G5L+4K1,CA\" class=\"gigpress-address\">400 Bd de la rivi\u00e8re<\/a>.<\/span>\n\t\t\t\t\t\t\n\t\t\t\t\t\t\t\n\t\t\t\n\t\t\t\t\t\t\n\t\t\t\t\t\t\n\t\t\t\n\t\t\t\t\t\t\t\t\n\t\t\n\t\t<\/td>\n\t\n\t<\/tr>\n<\/tbody>\t\n\n<\/table>\n<script type=\"application\/ld+json\">[\n    {\n        \"@context\": \"http:\/\/schema.org\",\n        \"@type\": \"Event\",\n        \"name\": \"Maria dans La Mini-Raviolimanie\",\n        \"startDate\": \"2026-07-18T11:00:00\",\n        \"performers\": {\n            \"@type\": \"Organization\",\n            \"name\": \"Maria dans La Mini-Raviolimanie\"\n        },\n        \"location\": {\n            \"@type\": \"Place\",\n            \"name\": \"Sc\\u00e8ne Hydro-Qu\\u00e9bec &#8211; Place de l&#8217;Assembl\\u00e9e-Nationale\",\n            \"address\": {\n                \"@type\": \"PostalAddress\",\n                \"streetAddress\": \"1086 Av. Honor\\u00e9-Mercier #1082\",\n                \"addressLocality\": \"Qu\\u00e9bec\",\n                \"addressRegion\": \"Qu\\u00e9bec\",\n                \"postalCode\": \"G1R 3P1\",\n                \"addressCountry\": \"CA\"\n            }\n        }\n    },\n    {\n        \"@context\": \"http:\/\/schema.org\",\n        \"@type\": \"Event\",\n        \"name\": \"Maria dans La Mini-Raviolimanie\",\n        \"startDate\": \"2026-07-20T19:00:00\",\n        \"performers\": {\n            \"@type\": \"Organization\",\n            \"name\": \"Maria dans La Mini-Raviolimanie\"\n        },\n        \"location\": {\n            \"@type\": \"Place\",\n            \"name\": \"Parc Beaus\\u00e9jour\",\n            \"address\": {\n                \"@type\": \"PostalAddress\",\n                \"streetAddress\": \"400 Bd de la rivi\\u00e8re\",\n                \"addressLocality\": \"Rimouski\",\n                \"addressRegion\": \"Qu\\u00e9bec\",\n                \"postalCode\": \"G5L 4K1\",\n                \"addressCountry\": \"CA\"\n            }\n        }\n    }\n]<\/script><!-- Generated by GigPress 2.3.26 -->\n\t\n<p>[\/et_pb_text][et_pb_text admin_label=&#8221;Plugin GIGPRESS&#8221; _builder_version=&#8221;4.16&#8243; background_size=&#8221;initial&#8221; background_position=&#8221;top_left&#8221; background_repeat=&#8221;repeat&#8221; use_border_color=&#8221;off&#8221; border_color=&#8221;#ffffff&#8221; border_style=&#8221;solid&#8221; global_colors_info=&#8221;{}&#8221;]<\/p>\n<p>&nbsp;<\/p>\n<h3 style=\"text-align: left;\">Past Shows<\/h3>\n\n\n<table class=\"gigpress-table past\" cellspacing=\"0\">\n\t<tbody>\n\t\t<tr class=\"gigpress-header\">\n\t\t\t<th scope=\"col\" class=\"gigpress-date\">Date<\/th>\n\t\t\t\t\t<th scope=\"col\" class=\"gigpress-artist\">Artiste <\/th>\n\t\t\t\t\t<th scope=\"col\" class=\"gigpress-city\">City<\/th>\n\t\t\t<th scope=\"col\" class=\"gigpress-venue\">Venue<\/th>\n\t\t\t\t<\/tr>\n\t<\/tbody>\n\t\n<tbody>\n\t\n\t<tr class=\"gigpress-row active\">\n\t\n\t\t<td class=\"gigpress-date\">03\/01\/26\t\t\t\t\t<\/td>\n\t\t\n\t\t\t<td class=\"gigpress-artist\">\n\t\t\tMaria Cannelloni\t\t<\/td>\n\t\t\n\t\t<td class=\"gigpress-city\">Saint-Agapit, Qu\u00e9bec<\/td>\n\t\t\n\t\t<td class=\"gigpress-venue\"><a href=\"http:\/\/complexedesseigneuries.com\">Complexe des Seigneuries<\/a><\/td>\n\t\t\n\t\t\n\t<\/tr>\n\t\n\t<tr class=\"gigpress-info active\">\n\t\n\t\t<td class=\"gigpress-links-cell\">\n\t\t\t\t\t<\/td>\n\t\t\n\t\t<td colspan=\"3\">\n\t\t\n\t\t\t\t\t\t\t<span class=\"gigpress-info-item\"><span class=\"gigpress-info-label\">Time:<\/span> 10:00am.<\/span>\n\t\t\t\t\t\t\n\t\t\t\t\t\t\n\t\t\t\t\t\t\n\t\t\t\t\t\t\n\t\t\t \n\t\t\t\t<span class=\"gigpress-info-item\"><span class=\"gigpress-info-label\">Address:<\/span> <a href=\"http:\/\/maps.google.com\/maps?&amp;q=1080+Av.+Bergeron,Saint-Agapit,Qu%C3%A9bec,G0S+1Z0,CA\" class=\"gigpress-address\">1080 Av. Bergeron<\/a>.<\/span>\n\t\t\t\t\t\t\n\t\t\t\t\t\t\t<span class=\"gigpress-info-item\"><span class=\"gigpress-info-label\">Venue phone:<\/span> 14188884620.<\/span>\n\t\t\t\t\t\t\t\n\t\t\t\n\t\t\t\t\t\t\n\t\t\t\t\t\t\t<span class=\"gigpress-info-item\"><a href=\"https:\/\/mariacannelloni.com\/maria-cannelloni-in-saint-agapit-on-te\/\">Article associ\u00e9 <\/a><\/span> \n\t\t\t\t\t\t\n\t\t\t\n\t\t\t\t\t\t\t\t\n\t\t\n\t\t<\/td>\n\t\n\t<\/tr>\n<\/tbody>\t\n\n<tbody>\n\t\n\t<tr class=\"gigpress-row active gigpress-alt\">\n\t\n\t\t<td class=\"gigpress-date\">02\/08\/26\t\t\t\t\t<\/td>\n\t\t\n\t\t\t<td class=\"gigpress-artist\">\n\t\t\tMaria et Romano dans &#8220;La Raviolimanie&#8221;\t\t<\/td>\n\t\t\n\t\t<td class=\"gigpress-city\">Jonqui\u00e8re<\/td>\n\t\t\n\t\t<td class=\"gigpress-venue\"><a href=\"https:\/\/saguenayenneige.com\">Pavillon Saint-Laurent<\/a><\/td>\n\t\t\n\t\t\n\t<\/tr>\n\t\n\t<tr class=\"gigpress-info active gigpress-alt\">\n\t\n\t\t<td class=\"gigpress-links-cell\">\n\t\t\t\t\t<\/td>\n\t\t\n\t\t<td colspan=\"3\">\n\t\t\n\t\t\t\t\t\t\t<span class=\"gigpress-info-item\"><span class=\"gigpress-info-label\">Time:<\/span> 11:00am.<\/span>\n\t\t\t\t\t\t\n\t\t\t\t\t\t\n\t\t\t\t\t\t\n\t\t\t\t\t\t\n\t\t\t \n\t\t\t\t<span class=\"gigpress-info-item\"><span class=\"gigpress-info-label\">Address:<\/span> <a href=\"http:\/\/maps.google.com\/maps?&amp;q=2250+rue+Saint-Dominique,Jonqui%C3%A8re,G7X+6M3,CA\" class=\"gigpress-address\">2250 rue Saint-Dominique<\/a>.<\/span>\n\t\t\t\t\t\t\n\t\t\t\t\t\t\t\n\t\t\t\n\t\t\t\t\t\t\n\t\t\t\t\t\t\n\t\t\t\n\t\t\t\t\t\t\t\t\n\t\t\n\t\t<\/td>\n\t\n\t<\/tr>\n<\/tbody>\t\n\n<tbody>\n\t\n\t<tr class=\"gigpress-row active\">\n\t\n\t\t<td class=\"gigpress-date\">02\/07\/26\t\t\t\t\t<\/td>\n\t\t\n\t\t\t<td class=\"gigpress-artist\">\n\t\t\tMaria et Romano dans &#8220;La Raviolimanie&#8221;\t\t<\/td>\n\t\t\n\t\t<td class=\"gigpress-city\">Jonqui\u00e8re<\/td>\n\t\t\n\t\t<td class=\"gigpress-venue\"><a href=\"https:\/\/saguenayenneige.com\">Pavillon Saint-Laurent<\/a><\/td>\n\t\t\n\t\t\n\t<\/tr>\n\t\n\t<tr class=\"gigpress-info active\">\n\t\n\t\t<td class=\"gigpress-links-cell\">\n\t\t\t\t\t<\/td>\n\t\t\n\t\t<td colspan=\"3\">\n\t\t\n\t\t\t\t\t\t\t<span class=\"gigpress-info-item\"><span class=\"gigpress-info-label\">Time:<\/span> 11:00am.<\/span>\n\t\t\t\t\t\t\n\t\t\t\t\t\t\n\t\t\t\t\t\t\n\t\t\t\t\t\t\n\t\t\t \n\t\t\t\t<span class=\"gigpress-info-item\"><span class=\"gigpress-info-label\">Address:<\/span> <a href=\"http:\/\/maps.google.com\/maps?&amp;q=2250+rue+Saint-Dominique,Jonqui%C3%A8re,G7X+6M3,CA\" class=\"gigpress-address\">2250 rue Saint-Dominique<\/a>.<\/span>\n\t\t\t\t\t\t\n\t\t\t\t\t\t\t\n\t\t\t\n\t\t\t\t\t\t\n\t\t\t\t\t\t\n\t\t\t\n\t\t\t\t\t\t\t\t\n\t\t\n\t\t<\/td>\n\t\n\t<\/tr>\n<\/tbody>\t\n\n<tbody>\n\t\n\t<tr class=\"gigpress-row active gigpress-alt\">\n\t\n\t\t<td class=\"gigpress-date\">01\/24\/26\t\t\t\t\t<\/td>\n\t\t\n\t\t\t<td class=\"gigpress-artist\">\n\t\t\tMaria et Romano dans &#8220;La Raviolimanie&#8221;\t\t<\/td>\n\t\t\n\t\t<td class=\"gigpress-city\">Qu\u00e9bec<\/td>\n\t\t\n\t\t<td class=\"gigpress-venue\"><a href=\"https:\/\/grandtheatre.qc.ca\">Grand Th\u00e9\u00e2tre de Qu\u00e9bec<\/a><\/td>\n\t\t\n\t\t\n\t<\/tr>\n\t\n\t<tr class=\"gigpress-info active gigpress-alt\">\n\t\n\t\t<td class=\"gigpress-links-cell\">\n\t\t\t\t\t<\/td>\n\t\t\n\t\t<td colspan=\"3\">\n\t\t\n\t\t\t\t\t\t\t<span class=\"gigpress-info-item\"><span class=\"gigpress-info-label\">Time:<\/span> 1:00pm.<\/span>\n\t\t\t\t\t\t\n\t\t\t\t\t\t\n\t\t\t\t\t\t\n\t\t\t\t\t\t\n\t\t\t \n\t\t\t\t<span class=\"gigpress-info-item\"><span class=\"gigpress-info-label\">Address:<\/span> <a href=\"http:\/\/maps.google.com\/maps?&amp;q=269+Bd+Ren%C3%A9-L%C3%A9vesque+E,Qu%C3%A9bec,G1R+2B3,CA\" class=\"gigpress-address\">269 Bd Ren\u00e9-L\u00e9vesque E<\/a>.<\/span>\n\t\t\t\t\t\t\n\t\t\t\t\t\t\t\n\t\t\t\n\t\t\t\t\t\t\n\t\t\t\t\t\t\n\t\t\t\n\t\t\t\t\t\t\t\t\n\t\t\n\t\t<\/td>\n\t\n\t<\/tr>\n<\/tbody>\t\n\n<tbody>\n\t\n\t<tr class=\"gigpress-row active\">\n\t\n\t\t<td class=\"gigpress-date\">01\/24\/26\t\t\t\t\t<\/td>\n\t\t\n\t\t\t<td class=\"gigpress-artist\">\n\t\t\tMaria et Romano dans &#8220;La Raviolimanie&#8221;\t\t<\/td>\n\t\t\n\t\t<td class=\"gigpress-city\">Qu\u00e9bec<\/td>\n\t\t\n\t\t<td class=\"gigpress-venue\"><a href=\"https:\/\/grandtheatre.qc.ca\">Grand Th\u00e9\u00e2tre de Qu\u00e9bec<\/a><\/td>\n\t\t\n\t\t\n\t<\/tr>\n\t\n\t<tr class=\"gigpress-info active\">\n\t\n\t\t<td class=\"gigpress-links-cell\">\n\t\t\t\t\t<\/td>\n\t\t\n\t\t<td colspan=\"3\">\n\t\t\n\t\t\t\t\t\t\t<span class=\"gigpress-info-item\"><span class=\"gigpress-info-label\">Time:<\/span> 10:00am.<\/span>\n\t\t\t\t\t\t\n\t\t\t\t\t\t\n\t\t\t\t\t\t\n\t\t\t\t\t\t\n\t\t\t \n\t\t\t\t<span class=\"gigpress-info-item\"><span class=\"gigpress-info-label\">Address:<\/span> <a href=\"http:\/\/maps.google.com\/maps?&amp;q=269+Bd+Ren%C3%A9-L%C3%A9vesque+E,Qu%C3%A9bec,G1R+2B3,CA\" class=\"gigpress-address\">269 Bd Ren\u00e9-L\u00e9vesque E<\/a>.<\/span>\n\t\t\t\t\t\t\n\t\t\t\t\t\t\t\n\t\t\t\n\t\t\t\t\t\t\n\t\t\t\t\t\t\n\t\t\t\n\t\t\t\t\t\t\t\t\n\t\t\n\t\t<\/td>\n\t\n\t<\/tr>\n<\/tbody>\t\n\n<tbody>\n\t\n\t<tr class=\"gigpress-row active gigpress-alt\">\n\t\n\t\t<td class=\"gigpress-date\">12\/14\/25\t\t\t\t\t<\/td>\n\t\t\n\t\t\t<td class=\"gigpress-artist\">\n\t\t\tMaria et Octave dans &#8220;\u00c0 la rescousse de No\u00ebl&#8221;\t\t<\/td>\n\t\t\n\t\t<td class=\"gigpress-city\">Chertsey, QC<\/td>\n\t\t\n\t\t<td class=\"gigpress-venue\">Municipalit\u00e9 de Chertsey<\/td>\n\t\t\n\t\t\n\t<\/tr>\n\t\n\t<tr class=\"gigpress-info active gigpress-alt\">\n\t\n\t\t<td class=\"gigpress-links-cell\">\n\t\t\t\t\t<\/td>\n\t\t\n\t\t<td colspan=\"3\">\n\t\t\n\t\t\t\t\t\t\t<span class=\"gigpress-info-item\"><span class=\"gigpress-info-label\">Time:<\/span> 2:30pm.<\/span>\n\t\t\t\t\t\t\n\t\t\t\t\t\t\n\t\t\t\t\t\t\n\t\t\t\t\t\t\n\t\t\t \n\t\t\t\t<span class=\"gigpress-info-item\"><span class=\"gigpress-info-label\">Address:<\/span> <a href=\"http:\/\/maps.google.com\/maps?&amp;q=543%2C+chemin+de+l%27%C3%89glise,Chertsey,QC,J0K+3K0,CA\" class=\"gigpress-address\">543, chemin de l&#8217;\u00c9glise<\/a>.<\/span>\n\t\t\t\t\t\t\n\t\t\t\t\t\t\t\n\t\t\t\n\t\t\t\t\t\t\n\t\t\t\t\t\t\n\t\t\t\n\t\t\t\t\t\t\t\t\n\t\t\n\t\t<\/td>\n\t\n\t<\/tr>\n<\/tbody>\t\n\n<tbody>\n\t\n\t<tr class=\"gigpress-row active\">\n\t\n\t\t<td class=\"gigpress-date\">12\/13\/25\t\t\t\t\t<\/td>\n\t\t\n\t\t\t<td class=\"gigpress-artist\">\n\t\t\tMaria et Octave dans &#8220;\u00c0 la rescousse de No\u00ebl&#8221;\t\t<\/td>\n\t\t\n\t\t<td class=\"gigpress-city\">Saint-Michel-des-Saints, QC<\/td>\n\t\t\n\t\t<td class=\"gigpress-venue\">Salle J.M.-Bellerose<\/td>\n\t\t\n\t\t\n\t<\/tr>\n\t\n\t<tr class=\"gigpress-info active\">\n\t\n\t\t<td class=\"gigpress-links-cell\">\n\t\t\t\t\t<\/td>\n\t\t\n\t\t<td colspan=\"3\">\n\t\t\n\t\t\t\t\t\t\t<span class=\"gigpress-info-item\"><span class=\"gigpress-info-label\">Time:<\/span> 1:00pm.<\/span>\n\t\t\t\t\t\t\n\t\t\t\t\t\t\n\t\t\t\t\t\t\n\t\t\t\t\t\t\n\t\t\t \n\t\t\t\t<span class=\"gigpress-info-item\"><span class=\"gigpress-info-label\">Address:<\/span> <a href=\"http:\/\/maps.google.com\/maps?&amp;q=140+Rue+Saint-Jacques,Saint-Michel-des-Saints,QC,J0K+3B0,CA\" class=\"gigpress-address\">140 Rue Saint-Jacques<\/a>.<\/span>\n\t\t\t\t\t\t\n\t\t\t\t\t\t\t\n\t\t\t\n\t\t\t\t\t\t\n\t\t\t\t\t\t\n\t\t\t\n\t\t\t\t\t\t\t\t\n\t\t\n\t\t<\/td>\n\t\n\t<\/tr>\n<\/tbody>\t\n\n<tbody>\n\t\n\t<tr class=\"gigpress-row active gigpress-alt\">\n\t\n\t\t<td class=\"gigpress-date\">12\/10\/25\t\t\t\t\t<\/td>\n\t\t\n\t\t\t<td class=\"gigpress-artist\">\n\t\t\t\u00c0 la rescousse de No\u00ebl (formule solo)\t\t<\/td>\n\t\t\n\t\t<td class=\"gigpress-city\">Saint-Jean-sur-Richelieu, QC<\/td>\n\t\t\n\t\t<td class=\"gigpress-venue\">Garderie Alakazou<\/td>\n\t\t\n\t\t\n\t<\/tr>\n\t\n\t<tr class=\"gigpress-info active gigpress-alt\">\n\t\n\t\t<td class=\"gigpress-links-cell\">\n\t\t\t\t\t<\/td>\n\t\t\n\t\t<td colspan=\"3\">\n\t\t\n\t\t\t\t\t\t\t<span class=\"gigpress-info-item\"><span class=\"gigpress-info-label\">Time:<\/span> 10:00am.<\/span>\n\t\t\t\t\t\t\n\t\t\t\t\t\t\n\t\t\t\t\t\t\n\t\t\t\t\t\t\n\t\t\t \n\t\t\t\t<span class=\"gigpress-info-item\"><span class=\"gigpress-info-label\">Address:<\/span> <a href=\"http:\/\/maps.google.com\/maps?&amp;q=472+2+e+avenue,Saint-Jean-sur-Richelieu,QC,J2X+5H9,CA\" class=\"gigpress-address\">472 2 e avenue<\/a>.<\/span>\n\t\t\t\t\t\t\n\t\t\t\t\t\t\t\n\t\t\t\n\t\t\t\t\t\t\n\t\t\t\t\t\t\n\t\t\t\n\t\t\t\t\t\t\t\t\n\t\t\n\t\t<\/td>\n\t\n\t<\/tr>\n<\/tbody>\t\n\n<tbody>\n\t\n\t<tr class=\"gigpress-row active\">\n\t\n\t\t<td class=\"gigpress-date\">12\/07\/25\t\t\t\t\t<\/td>\n\t\t\n\t\t\t<td class=\"gigpress-artist\">\n\t\t\tMaria et Octave dans &#8220;\u00c0 la rescousse de No\u00ebl&#8221;\t\t<\/td>\n\t\t\n\t\t<td class=\"gigpress-city\">Saint-Lambert, QC<\/td>\n\t\t\n\t\t<td class=\"gigpress-venue\">Centre Multifonctionnel<\/td>\n\t\t\n\t\t\n\t<\/tr>\n\t\n\t<tr class=\"gigpress-info active\">\n\t\n\t\t<td class=\"gigpress-links-cell\">\n\t\t\t\t\t<\/td>\n\t\t\n\t\t<td colspan=\"3\">\n\t\t\n\t\t\t\t\t\t\t<span class=\"gigpress-info-item\"><span class=\"gigpress-info-label\">Time:<\/span> 3:00pm.<\/span>\n\t\t\t\t\t\t\n\t\t\t\t\t\t\n\t\t\t\t\t\t\n\t\t\t\t\t\t\n\t\t\t \n\t\t\t\t<span class=\"gigpress-info-item\"><span class=\"gigpress-info-label\">Address:<\/span> <a href=\"http:\/\/maps.google.com\/maps?&amp;q=81+Av.+Hooper,Saint-Lambert,QC,J4P+2L6,CA\" class=\"gigpress-address\">81 Av. Hooper<\/a>.<\/span>\n\t\t\t\t\t\t\n\t\t\t\t\t\t\t\n\t\t\t\n\t\t\t\t\t\t\n\t\t\t\t\t\t\n\t\t\t\n\t\t\t\t\t\t\t\t\n\t\t\n\t\t<\/td>\n\t\n\t<\/tr>\n<\/tbody>\t\n\n<tbody>\n\t\n\t<tr class=\"gigpress-row active gigpress-alt\">\n\t\n\t\t<td class=\"gigpress-date\">11\/30\/25\t\t\t\t\t<\/td>\n\t\t\n\t\t\t<td class=\"gigpress-artist\">\n\t\t\tMaria et Octave dans &#8220;\u00c0 la rescousse de No\u00ebl&#8221;\t\t<\/td>\n\t\t\n\t\t<td class=\"gigpress-city\">Timmins, Ontario<\/td>\n\t\t\n\t\t<td class=\"gigpress-venue\">Centre culturel La Ronde<\/td>\n\t\t\n\t\t\n\t<\/tr>\n\t\n\t<tr class=\"gigpress-info active gigpress-alt\">\n\t\n\t\t<td class=\"gigpress-links-cell\">\n\t\t\t\t\t<\/td>\n\t\t\n\t\t<td colspan=\"3\">\n\t\t\n\t\t\t\t\t\t\t<span class=\"gigpress-info-item\"><span class=\"gigpress-info-label\">Time:<\/span> 11:00am.<\/span>\n\t\t\t\t\t\t\n\t\t\t\t\t\t\n\t\t\t\t\t\t\n\t\t\t\t\t\t\n\t\t\t \n\t\t\t\t<span class=\"gigpress-info-item\"><span class=\"gigpress-info-label\">Address:<\/span> <a href=\"http:\/\/maps.google.com\/maps?&amp;q=32%2C+rue+Mountjoy+Nord,Timmins,Ontario,P4N+4V6,CA\" class=\"gigpress-address\">32, rue Mountjoy Nord<\/a>.<\/span>\n\t\t\t\t\t\t\n\t\t\t\t\t\t\t\n\t\t\t\n\t\t\t\t\t\t\n\t\t\t\t\t\t\n\t\t\t\n\t\t\t\t\t\t\t\t\n\t\t\n\t\t<\/td>\n\t\n\t<\/tr>\n<\/tbody>\t\n\n<tbody>\n\t<tr>\n\t\t<th colspan=\"4\" class=\"gigpress-heading\">\n\t\t\tTour: Maria et Octave dans le Nord de l&#8217;Ontario\t\t<\/th>\n\t<\/tr>\t\n<\/tbody>\n\n<tbody>\n\t\n\t<tr class=\"gigpress-row active gigpress-tour\">\n\t\n\t\t<td class=\"gigpress-date\">11\/29\/25\t\t\t\t\t<\/td>\n\t\t\n\t\t\t<td class=\"gigpress-artist\">\n\t\t\t\u00c0 la rescousse de No\u00ebl (formule solo)\t\t<\/td>\n\t\t\n\t\t<td class=\"gigpress-city\">Barrie, Ontario<\/td>\n\t\t\n\t\t<td class=\"gigpress-venue\">\u00c9cole \u00e9l\u00e9mentaire La Source<\/td>\n\t\t\n\t\t\n\t<\/tr>\n\t\n\t<tr class=\"gigpress-info active gigpress-tour\">\n\t\n\t\t<td class=\"gigpress-links-cell\">\n\t\t\t\t\t<\/td>\n\t\t\n\t\t<td colspan=\"3\">\n\t\t\n\t\t\t\t\t\t\t<span class=\"gigpress-info-item\"><span class=\"gigpress-info-label\">Time:<\/span> 1:30pm.<\/span>\n\t\t\t\t\t\t\n\t\t\t\t\t\t\n\t\t\t\t\t\t\n\t\t\t\t\t\t\n\t\t\t \n\t\t\t\t<span class=\"gigpress-info-item\"><span class=\"gigpress-info-label\">Address:<\/span> <a href=\"http:\/\/maps.google.com\/maps?&amp;q=70%2C+promenade+Madelaine,Barrie,Ontario,L4N+9T2,CA\" class=\"gigpress-address\">70, promenade Madelaine<\/a>.<\/span>\n\t\t\t\t\t\t\n\t\t\t\t\t\t\t\n\t\t\t\n\t\t\t\t\t\t\n\t\t\t\t\t\t\n\t\t\t\n\t\t\t\t\t\t\t\t\n\t\t\n\t\t<\/td>\n\t\n\t<\/tr>\n<\/tbody>\t\n\n<tbody>\n\t\n\t<tr class=\"gigpress-row active gigpress-alt gigpress-tour\">\n\t\n\t\t<td class=\"gigpress-date\">11\/29\/25\t\t\t\t\t<\/td>\n\t\t\n\t\t\t<td class=\"gigpress-artist\">\n\t\t\t\u00c0 la rescousse de No\u00ebl (formule solo)\t\t<\/td>\n\t\t\n\t\t<td class=\"gigpress-city\">Tiny, Ontario<\/td>\n\t\t\n\t\t<td class=\"gigpress-venue\">\u00c9cole \u00e9l\u00e9mentaire catholique Sainte-Croix<\/td>\n\t\t\n\t\t\n\t<\/tr>\n\t\n\t<tr class=\"gigpress-info active gigpress-alt gigpress-tour\">\n\t\n\t\t<td class=\"gigpress-links-cell\">\n\t\t\t\t\t<\/td>\n\t\t\n\t\t<td colspan=\"3\">\n\t\t\n\t\t\t\t\t\t\t<span class=\"gigpress-info-item\"><span class=\"gigpress-info-label\">Time:<\/span> 10:30am.<\/span>\n\t\t\t\t\t\t\n\t\t\t\t\t\t\n\t\t\t\t\t\t\n\t\t\t\t\t\t\n\t\t\t \n\t\t\t\t<span class=\"gigpress-info-item\"><span class=\"gigpress-info-label\">Address:<\/span> <a href=\"http:\/\/maps.google.com\/maps?&amp;q=351%2C+chemin+Lafontaine+Ouest,Tiny,Ontario,l9M+0H1,CA\" class=\"gigpress-address\">351, chemin Lafontaine Ouest<\/a>.<\/span>\n\t\t\t\t\t\t\n\t\t\t\t\t\t\t\n\t\t\t\n\t\t\t\t\t\t\n\t\t\t\t\t\t\n\t\t\t\n\t\t\t\t\t\t\t\t\n\t\t\n\t\t<\/td>\n\t\n\t<\/tr>\n<\/tbody>\t\n\n<tbody>\n\t\n\t<tr class=\"gigpress-row active gigpress-divider\">\n\t\n\t\t<td class=\"gigpress-date\">11\/23\/25\t\t\t\t\t<\/td>\n\t\t\n\t\t\t<td class=\"gigpress-artist\">\n\t\t\tMaria et Octave dans &#8220;\u00c0 la rescousse de No\u00ebl&#8221;\t\t<\/td>\n\t\t\n\t\t<td class=\"gigpress-city\">Mirabel, Qu\u00e9bec<\/td>\n\t\t\n\t\t<td class=\"gigpress-venue\">Centre culturel du domaine vert<\/td>\n\t\t\n\t\t\n\t<\/tr>\n\t\n\t<tr class=\"gigpress-info active gigpress-divider\">\n\t\n\t\t<td class=\"gigpress-links-cell\">\n\t\t\t\t\t<\/td>\n\t\t\n\t\t<td colspan=\"3\">\n\t\t\n\t\t\t\t\t\t\t<span class=\"gigpress-info-item\"><span class=\"gigpress-info-label\">Time:<\/span> 10:30am.<\/span>\n\t\t\t\t\t\t\n\t\t\t\t\t\t\n\t\t\t\t\t\t\n\t\t\t\t\t\t\n\t\t\t \n\t\t\t\t<span class=\"gigpress-info-item\"><span class=\"gigpress-info-label\">Address:<\/span> <a href=\"http:\/\/maps.google.com\/maps?&amp;q=17530+Rue+Jacques+Cartier,Mirabel,Qu%C3%A9bec,J7J+2A9,CA\" class=\"gigpress-address\">17530 Rue Jacques Cartier<\/a>.<\/span>\n\t\t\t\t\t\t\n\t\t\t\t\t\t\t\n\t\t\t\n\t\t\t\t\t\t\n\t\t\t\t\t\t\n\t\t\t\n\t\t\t\t\t\t\t\t\n\t\t\n\t\t<\/td>\n\t\n\t<\/tr>\n<\/tbody>\t\n\n<tbody>\n\t<tr>\n\t\t<th colspan=\"4\" class=\"gigpress-heading\">\n\t\t\tTour: Maria Cannelloni en Ontario\t\t<\/th>\n\t<\/tr>\t\n<\/tbody>\n\n<tbody>\n\t\n\t<tr class=\"gigpress-row active gigpress-alt gigpress-tour\">\n\t\n\t\t<td class=\"gigpress-date\">10\/10\/25\t\t\t\t\t<\/td>\n\t\t\n\t\t\t<td class=\"gigpress-artist\">\n\t\t\tMaria et Romano dans &#8220;La Raviolimanie&#8221;\t\t<\/td>\n\t\t\n\t\t<td class=\"gigpress-city\">North Bay, Ontario<\/td>\n\t\t\n\t\t<td class=\"gigpress-venue\">\u00c9cole secondaire publique Odyss\u00e9e<\/td>\n\t\t\n\t\t\n\t<\/tr>\n\t\n\t<tr class=\"gigpress-info active gigpress-alt gigpress-tour\">\n\t\n\t\t<td class=\"gigpress-links-cell\">\n\t\t\t\t\t<\/td>\n\t\t\n\t\t<td colspan=\"3\">\n\t\t\n\t\t\t\t\t\t\t<span class=\"gigpress-info-item\"><span class=\"gigpress-info-label\">Time:<\/span> 1:30pm.<\/span>\n\t\t\t\t\t\t\n\t\t\t\t\t\t\n\t\t\t\t\t\t\n\t\t\t\t\t\t\n\t\t\t \n\t\t\t\t<span class=\"gigpress-info-item\"><span class=\"gigpress-info-label\">Address:<\/span> <a href=\"http:\/\/maps.google.com\/maps?&amp;q=2345+avenue+Connaught,North+Bay,Ontario,P1B+0A3,CA\" class=\"gigpress-address\">2345 avenue Connaught<\/a>.<\/span>\n\t\t\t\t\t\t\n\t\t\t\t\t\t\t\n\t\t\t\n\t\t\t\t\t\t\n\t\t\t\t\t\t\n\t\t\t\n\t\t\t\t\t\t\t\t\n\t\t\n\t\t<\/td>\n\t\n\t<\/tr>\n<\/tbody>\t\n\n<tbody>\n\t\n\t<tr class=\"gigpress-row active gigpress-tour\">\n\t\n\t\t<td class=\"gigpress-date\">10\/10\/25\t\t\t\t\t<\/td>\n\t\t\n\t\t\t<td class=\"gigpress-artist\">\n\t\t\tMaria et Romano dans &#8220;La Raviolimanie&#8221;\t\t<\/td>\n\t\t\n\t\t<td class=\"gigpress-city\">North Bay, Ontario<\/td>\n\t\t\n\t\t<td class=\"gigpress-venue\">\u00c9cole secondaire publique Odyss\u00e9e<\/td>\n\t\t\n\t\t\n\t<\/tr>\n\t\n\t<tr class=\"gigpress-info active gigpress-tour\">\n\t\n\t\t<td class=\"gigpress-links-cell\">\n\t\t\t\t\t<\/td>\n\t\t\n\t\t<td colspan=\"3\">\n\t\t\n\t\t\t\t\t\t\t<span class=\"gigpress-info-item\"><span class=\"gigpress-info-label\">Time:<\/span> 1:30pm.<\/span>\n\t\t\t\t\t\t\n\t\t\t\t\t\t\n\t\t\t\t\t\t\n\t\t\t\t\t\t\n\t\t\t \n\t\t\t\t<span class=\"gigpress-info-item\"><span class=\"gigpress-info-label\">Address:<\/span> <a href=\"http:\/\/maps.google.com\/maps?&amp;q=2345+avenue+Connaught,North+Bay,Ontario,P1B+0A3,CA\" class=\"gigpress-address\">2345 avenue Connaught<\/a>.<\/span>\n\t\t\t\t\t\t\n\t\t\t\t\t\t\t\n\t\t\t\n\t\t\t\t\t\t\n\t\t\t\t\t\t\n\t\t\t\n\t\t\t\t\t\t\t\t\n\t\t\n\t\t<\/td>\n\t\n\t<\/tr>\n<\/tbody>\t\n\n<tbody>\n\t\n\t<tr class=\"gigpress-row active gigpress-alt gigpress-tour\">\n\t\n\t\t<td class=\"gigpress-date\">10\/09\/25\t\t\t\t\t<\/td>\n\t\t\n\t\t\t<td class=\"gigpress-artist\">\n\t\t\tMaria et Romano dans &#8220;La Raviolimanie&#8221;\t\t<\/td>\n\t\t\n\t\t<td class=\"gigpress-city\">North York, Ontario<\/td>\n\t\t\n\t\t<td class=\"gigpress-venue\">\u00c9cole \u00e9l\u00e9mentaire Sainte-Madeleine<\/td>\n\t\t\n\t\t\n\t<\/tr>\n\t\n\t<tr class=\"gigpress-info active gigpress-alt gigpress-tour\">\n\t\n\t\t<td class=\"gigpress-links-cell\">\n\t\t\t\t\t<\/td>\n\t\t\n\t\t<td colspan=\"3\">\n\t\t\n\t\t\t\t\t\t\t<span class=\"gigpress-info-item\"><span class=\"gigpress-info-label\">Time:<\/span> 1:45pm.<\/span>\n\t\t\t\t\t\t\n\t\t\t\t\t\t\n\t\t\t\t\t\t\n\t\t\t\t\t\t\n\t\t\t \n\t\t\t\t<span class=\"gigpress-info-item\"><span class=\"gigpress-info-label\">Address:<\/span> <a href=\"http:\/\/maps.google.com\/maps?&amp;q=1+Ness+Dr.,North+York,Ontario,M3A+1Z6,CA\" class=\"gigpress-address\">1 Ness Dr.<\/a>.<\/span>\n\t\t\t\t\t\t\n\t\t\t\t\t\t\t\n\t\t\t\n\t\t\t\t\t\t\n\t\t\t\t\t\t\n\t\t\t\n\t\t\t\t\t\t\t\t\n\t\t\n\t\t<\/td>\n\t\n\t<\/tr>\n<\/tbody>\t\n\n<tbody>\n\t\n\t<tr class=\"gigpress-row active gigpress-tour\">\n\t\n\t\t<td class=\"gigpress-date\">10\/09\/25\t\t\t\t\t<\/td>\n\t\t\n\t\t\t<td class=\"gigpress-artist\">\n\t\t\tMaria et Romano dans &#8220;La Raviolimanie&#8221;\t\t<\/td>\n\t\t\n\t\t<td class=\"gigpress-city\">Pickering, Ontario<\/td>\n\t\t\n\t\t<td class=\"gigpress-venue\">Ronald-Marion French Public School<\/td>\n\t\t\n\t\t\n\t<\/tr>\n\t\n\t<tr class=\"gigpress-info active gigpress-tour\">\n\t\n\t\t<td class=\"gigpress-links-cell\">\n\t\t\t\t\t<\/td>\n\t\t\n\t\t<td colspan=\"3\">\n\t\t\n\t\t\t\t\t\t\t<span class=\"gigpress-info-item\"><span class=\"gigpress-info-label\">Time:<\/span> 9:30am.<\/span>\n\t\t\t\t\t\t\n\t\t\t\t\t\t\n\t\t\t\t\t\t\n\t\t\t\t\t\t\n\t\t\t \n\t\t\t\t<span class=\"gigpress-info-item\"><span class=\"gigpress-info-label\">Address:<\/span> <a href=\"http:\/\/maps.google.com\/maps?&amp;q=2235+Brock+Rd.,Pickering,Ontario,L1X+0K2,CA\" class=\"gigpress-address\">2235 Brock Rd.<\/a>.<\/span>\n\t\t\t\t\t\t\n\t\t\t\t\t\t\t\n\t\t\t\n\t\t\t\t\t\t\n\t\t\t\t\t\t\n\t\t\t\n\t\t\t\t\t\t\t\t\n\t\t\n\t\t<\/td>\n\t\n\t<\/tr>\n<\/tbody>\t\n\n<tbody>\n\t\n\t<tr class=\"gigpress-row active gigpress-alt gigpress-tour\">\n\t\n\t\t<td class=\"gigpress-date\">10\/08\/25\t\t\t\t\t<\/td>\n\t\t\n\t\t\t<td class=\"gigpress-artist\">\n\t\t\tMaria et Romano dans &#8220;La Raviolimanie&#8221;\t\t<\/td>\n\t\t\n\t\t<td class=\"gigpress-city\">Toronto, Ontario<\/td>\n\t\t\n\t\t<td class=\"gigpress-venue\">Acad\u00e9mie Alexandre-Dumas<\/td>\n\t\t\n\t\t\n\t<\/tr>\n\t\n\t<tr class=\"gigpress-info active gigpress-alt gigpress-tour\">\n\t\n\t\t<td class=\"gigpress-links-cell\">\n\t\t\t\t\t<\/td>\n\t\t\n\t\t<td colspan=\"3\">\n\t\t\n\t\t\t\t\t\t\t<span class=\"gigpress-info-item\"><span class=\"gigpress-info-label\">Time:<\/span> 2:30pm.<\/span>\n\t\t\t\t\t\t\n\t\t\t\t\t\t\n\t\t\t\t\t\t\n\t\t\t\t\t\t\n\t\t\t \n\t\t\t\t<span class=\"gigpress-info-item\"><span class=\"gigpress-info-label\">Address:<\/span> <a href=\"http:\/\/maps.google.com\/maps?&amp;q=255+Coronation+Dr,Toronto,Ontario,M1E+2J3,CA\" class=\"gigpress-address\">255 Coronation Dr<\/a>.<\/span>\n\t\t\t\t\t\t\n\t\t\t\t\t\t\t\n\t\t\t\n\t\t\t\t\t\t\n\t\t\t\t\t\t\n\t\t\t\n\t\t\t\t\t\t\t\t\n\t\t\n\t\t<\/td>\n\t\n\t<\/tr>\n<\/tbody>\t\n\n<tbody>\n\t\n\t<tr class=\"gigpress-row active gigpress-tour\">\n\t\n\t\t<td class=\"gigpress-date\">10\/08\/25\t\t\t\t\t<\/td>\n\t\t\n\t\t\t<td class=\"gigpress-artist\">\n\t\t\tMaria et Romano dans &#8220;La Raviolimanie&#8221;\t\t<\/td>\n\t\t\n\t\t<td class=\"gigpress-city\">Brampton, Ontario<\/td>\n\t\t\n\t\t<td class=\"gigpress-venue\">\u00c9cole \u00e9l\u00e9mentaire Carrefour des jeunes<\/td>\n\t\t\n\t\t\n\t<\/tr>\n\t\n\t<tr class=\"gigpress-info active gigpress-tour\">\n\t\n\t\t<td class=\"gigpress-links-cell\">\n\t\t\t\t\t<\/td>\n\t\t\n\t\t<td colspan=\"3\">\n\t\t\n\t\t\t\t\t\t\t<span class=\"gigpress-info-item\"><span class=\"gigpress-info-label\">Time:<\/span> 9:00am.<\/span>\n\t\t\t\t\t\t\n\t\t\t\t\t\t\n\t\t\t\t\t\t\n\t\t\t\t\t\t\n\t\t\t \n\t\t\t\t<span class=\"gigpress-info-item\"><span class=\"gigpress-info-label\">Address:<\/span> <a href=\"http:\/\/maps.google.com\/maps?&amp;q=375+Center+St+N,Brampton,Ontario,L6V+4N4,CA\" class=\"gigpress-address\">375 Center St N<\/a>.<\/span>\n\t\t\t\t\t\t\n\t\t\t\t\t\t\t\n\t\t\t\n\t\t\t\t\t\t\n\t\t\t\t\t\t\n\t\t\t\n\t\t\t\t\t\t\t\t\n\t\t\n\t\t<\/td>\n\t\n\t<\/tr>\n<\/tbody>\t\n\n<tbody>\n\t\n\t<tr class=\"gigpress-row active gigpress-alt gigpress-tour\">\n\t\n\t\t<td class=\"gigpress-date\">10\/08\/25\t\t\t\t\t<\/td>\n\t\t\n\t\t\t<td class=\"gigpress-artist\">\n\t\t\tMaria et Romano dans &#8220;La Raviolimanie&#8221;\t\t<\/td>\n\t\t\n\t\t<td class=\"gigpress-city\">Etobicoke, Ontario<\/td>\n\t\t\n\t\t<td class=\"gigpress-venue\">\u00c9cole \u00e9l\u00e9mentaire F\u00e9lix-Leclerc<\/td>\n\t\t\n\t\t\n\t<\/tr>\n\t\n\t<tr class=\"gigpress-info active gigpress-alt gigpress-tour\">\n\t\n\t\t<td class=\"gigpress-links-cell\">\n\t\t\t\t\t<\/td>\n\t\t\n\t\t<td colspan=\"3\">\n\t\t\n\t\t\t\t\t\t\t<span class=\"gigpress-info-item\"><span class=\"gigpress-info-label\">Time:<\/span> 9:00am.<\/span>\n\t\t\t\t\t\t\n\t\t\t\t\t\t\n\t\t\t\t\t\t\n\t\t\t\t\t\t\n\t\t\t \n\t\t\t\t<span class=\"gigpress-info-item\"><span class=\"gigpress-info-label\">Address:<\/span> <a href=\"http:\/\/maps.google.com\/maps?&amp;q=50+Celestine+Dr.,Etobicoke,Ontario,M9R+3N3,CA\" class=\"gigpress-address\">50 Celestine Dr.<\/a>.<\/span>\n\t\t\t\t\t\t\n\t\t\t\t\t\t\t\n\t\t\t\n\t\t\t\t\t\t\n\t\t\t\t\t\t\n\t\t\t\n\t\t\t\t\t\t\t\t\n\t\t\n\t\t<\/td>\n\t\n\t<\/tr>\n<\/tbody>\t\n\n<tbody>\n\t\n\t<tr class=\"gigpress-row active gigpress-tour\">\n\t\n\t\t<td class=\"gigpress-date\">10\/07\/25\t\t\t\t\t<\/td>\n\t\t\n\t\t\t<td class=\"gigpress-artist\">\n\t\t\tMaria et Romano dans &#8220;La Raviolimanie&#8221;\t\t<\/td>\n\t\t\n\t\t<td class=\"gigpress-city\">Brampton, Ontario<\/td>\n\t\t\n\t\t<td class=\"gigpress-venue\">\u00c9cole \u00e9l\u00e9mentaire Carrefour des jeunes<\/td>\n\t\t\n\t\t\n\t<\/tr>\n\t\n\t<tr class=\"gigpress-info active gigpress-tour\">\n\t\n\t\t<td class=\"gigpress-links-cell\">\n\t\t\t\t\t<\/td>\n\t\t\n\t\t<td colspan=\"3\">\n\t\t\n\t\t\t\t\t\t\t<span class=\"gigpress-info-item\"><span class=\"gigpress-info-label\">Time:<\/span> 2:30pm.<\/span>\n\t\t\t\t\t\t\n\t\t\t\t\t\t\n\t\t\t\t\t\t\n\t\t\t\t\t\t\n\t\t\t \n\t\t\t\t<span class=\"gigpress-info-item\"><span class=\"gigpress-info-label\">Address:<\/span> <a href=\"http:\/\/maps.google.com\/maps?&amp;q=375+Center+St+N,Brampton,Ontario,L6V+4N4,CA\" class=\"gigpress-address\">375 Center St N<\/a>.<\/span>\n\t\t\t\t\t\t\n\t\t\t\t\t\t\t\n\t\t\t\n\t\t\t\t\t\t\n\t\t\t\t\t\t\n\t\t\t\n\t\t\t\t\t\t\t\t\n\t\t\n\t\t<\/td>\n\t\n\t<\/tr>\n<\/tbody>\t\n\n<tbody>\n\t\n\t<tr class=\"gigpress-row active gigpress-alt gigpress-tour\">\n\t\n\t\t<td class=\"gigpress-date\">10\/07\/25\t\t\t\t\t<\/td>\n\t\t\n\t\t\t<td class=\"gigpress-artist\">\n\t\t\tMaria et Romano dans &#8220;La Raviolimanie&#8221;\t\t<\/td>\n\t\t\n\t\t<td class=\"gigpress-city\">Oakville, Ontario<\/td>\n\t\t\n\t\t<td class=\"gigpress-venue\">\u00c9cole \u00e9l\u00e9mentaire catholique Sainte-Marie<\/td>\n\t\t\n\t\t\n\t<\/tr>\n\t\n\t<tr class=\"gigpress-info active gigpress-alt gigpress-tour\">\n\t\n\t\t<td class=\"gigpress-links-cell\">\n\t\t\t\t\t<\/td>\n\t\t\n\t\t<td colspan=\"3\">\n\t\t\n\t\t\t\t\t\t\t<span class=\"gigpress-info-item\"><span class=\"gigpress-info-label\">Time:<\/span> 9:30am.<\/span>\n\t\t\t\t\t\t\n\t\t\t\t\t\t\n\t\t\t\t\t\t\n\t\t\t\t\t\t\n\t\t\t \n\t\t\t\t<span class=\"gigpress-info-item\"><span class=\"gigpress-info-label\">Address:<\/span> <a href=\"http:\/\/maps.google.com\/maps?&amp;q=336+Maurice+Dr.,Oakville,Ontario,L6K+2X4,CA\" class=\"gigpress-address\">336 Maurice Dr.<\/a>.<\/span>\n\t\t\t\t\t\t\n\t\t\t\t\t\t\t\n\t\t\t\n\t\t\t\t\t\t\n\t\t\t\t\t\t\n\t\t\t\n\t\t\t\t\t\t\t\t\n\t\t\n\t\t<\/td>\n\t\n\t<\/tr>\n<\/tbody>\t\n\n<tbody>\n\t\n\t<tr class=\"gigpress-row active gigpress-tour\">\n\t\n\t\t<td class=\"gigpress-date\">10\/06\/25\t\t\t\t\t<\/td>\n\t\t\n\t\t\t<td class=\"gigpress-artist\">\n\t\t\tMaria et Romano dans &#8220;La Raviolimanie&#8221;\t\t<\/td>\n\t\t\n\t\t<td class=\"gigpress-city\">Ottawa, Ontario<\/td>\n\t\t\n\t\t<td class=\"gigpress-venue\">\u00c9cole \u00e9l\u00e9mentaire publique Francojeunesse<\/td>\n\t\t\n\t\t\n\t<\/tr>\n\t\n\t<tr class=\"gigpress-info active gigpress-tour\">\n\t\n\t\t<td class=\"gigpress-links-cell\">\n\t\t\t\t\t<\/td>\n\t\t\n\t\t<td colspan=\"3\">\n\t\t\n\t\t\t\t\t\t\t<span class=\"gigpress-info-item\"><span class=\"gigpress-info-label\">Time:<\/span> 1:45pm.<\/span>\n\t\t\t\t\t\t\n\t\t\t\t\t\t\n\t\t\t\t\t\t\n\t\t\t\t\t\t\n\t\t\t \n\t\t\t\t<span class=\"gigpress-info-item\"><span class=\"gigpress-info-label\">Address:<\/span> <a href=\"http:\/\/maps.google.com\/maps?&amp;q=119+Osgoode+St.,Ottawa,Ontario,K1N+6S3,CA\" class=\"gigpress-address\">119 Osgoode St.<\/a>.<\/span>\n\t\t\t\t\t\t\n\t\t\t\t\t\t\t\n\t\t\t\n\t\t\t\t\t\t\n\t\t\t\t\t\t\n\t\t\t\n\t\t\t\t\t\t\t\t\n\t\t\n\t\t<\/td>\n\t\n\t<\/tr>\n<\/tbody>\t\n\n<tbody>\n\t\n\t<tr class=\"gigpress-row active gigpress-alt gigpress-tour\">\n\t\n\t\t<td class=\"gigpress-date\">10\/06\/25\t\t\t\t\t<\/td>\n\t\t\n\t\t\t<td class=\"gigpress-artist\">\n\t\t\tMaria et Romano dans &#8220;La Raviolimanie&#8221;\t\t<\/td>\n\t\t\n\t\t<td class=\"gigpress-city\">Ottawa, Ontario<\/td>\n\t\t\n\t\t<td class=\"gigpress-venue\">\u00c9cole \u00e9l\u00e9mentaire catholique Sainte-Genevi\u00e8ve<\/td>\n\t\t\n\t\t\n\t<\/tr>\n\t\n\t<tr class=\"gigpress-info active gigpress-alt gigpress-tour\">\n\t\n\t\t<td class=\"gigpress-links-cell\">\n\t\t\t\t\t<\/td>\n\t\t\n\t\t<td colspan=\"3\">\n\t\t\n\t\t\t\t\t\t\t<span class=\"gigpress-info-item\"><span class=\"gigpress-info-label\">Time:<\/span> 9:00am.<\/span>\n\t\t\t\t\t\t\n\t\t\t\t\t\t\n\t\t\t\t\t\t\n\t\t\t\t\t\t\n\t\t\t \n\t\t\t\t<span class=\"gigpress-info-item\"><span class=\"gigpress-info-label\">Address:<\/span> <a href=\"http:\/\/maps.google.com\/maps?&amp;q=2198+Arch+Street,Ottawa,Ontario,K1G+2H7,CA\" class=\"gigpress-address\">2198 Arch Street<\/a>.<\/span>\n\t\t\t\t\t\t\n\t\t\t\t\t\t\t\n\t\t\t\n\t\t\t\t\t\t\n\t\t\t\t\t\t\n\t\t\t\n\t\t\t\t\t\t\t\t\n\t\t\n\t\t<\/td>\n\t\n\t<\/tr>\n<\/tbody>\t\n\n<tbody>\n\t\n\t<tr class=\"gigpress-row active gigpress-tour\">\n\t\n\t\t<td class=\"gigpress-date\">09\/19\/25\t\t\t\t\t<\/td>\n\t\t\n\t\t\t<td class=\"gigpress-artist\">\n\t\t\tMaria et Romano dans &#8220;La Raviolimanie&#8221;\t\t<\/td>\n\t\t\n\t\t<td class=\"gigpress-city\">Hamilton, Ontario<\/td>\n\t\t\n\t\t<td class=\"gigpress-venue\">\u00c9cole \u00e9l\u00e9mentaire Pavillon de la jeunesse<\/td>\n\t\t\n\t\t\n\t<\/tr>\n\t\n\t<tr class=\"gigpress-info active gigpress-tour\">\n\t\n\t\t<td class=\"gigpress-links-cell\">\n\t\t\t\t\t<\/td>\n\t\t\n\t\t<td colspan=\"3\">\n\t\t\n\t\t\t\t\t\t\t<span class=\"gigpress-info-item\"><span class=\"gigpress-info-label\">Time:<\/span> 9:30am.<\/span>\n\t\t\t\t\t\t\n\t\t\t\t\t\t\n\t\t\t\t\t\t\n\t\t\t\t\t\t\n\t\t\t \n\t\t\t\t<span class=\"gigpress-info-item\"><span class=\"gigpress-info-label\">Address:<\/span> <a href=\"http:\/\/maps.google.com\/maps?&amp;q=105+High+St,Hamilton,Ontario,CA\" class=\"gigpress-address\">105 High St<\/a>.<\/span>\n\t\t\t\t\t\t\n\t\t\t\t\t\t\t\n\t\t\t\n\t\t\t\t\t\t\n\t\t\t\t\t\t\n\t\t\t\n\t\t\t\t\t\t\t\t\n\t\t\n\t\t<\/td>\n\t\n\t<\/tr>\n<\/tbody>\t\n\n<tbody>\n\t\n\t<tr class=\"gigpress-row active gigpress-alt gigpress-tour\">\n\t\n\t\t<td class=\"gigpress-date\">09\/18\/25\t\t\t\t\t<\/td>\n\t\t\n\t\t\t<td class=\"gigpress-artist\">\n\t\t\tMaria et Romano dans &#8220;La Raviolimanie&#8221;\t\t<\/td>\n\t\t\n\t\t<td class=\"gigpress-city\">Burlington, Ontario<\/td>\n\t\t\n\t\t<td class=\"gigpress-venue\">\u00c9cole \u00e9l\u00e9mentaire Renaissance<\/td>\n\t\t\n\t\t\n\t<\/tr>\n\t\n\t<tr class=\"gigpress-info active gigpress-alt gigpress-tour\">\n\t\n\t\t<td class=\"gigpress-links-cell\">\n\t\t\t\t\t<\/td>\n\t\t\n\t\t<td colspan=\"3\">\n\t\t\n\t\t\t\t\t\t\t<span class=\"gigpress-info-item\"><span class=\"gigpress-info-label\">Time:<\/span> 2:30pm.<\/span>\n\t\t\t\t\t\t\n\t\t\t\t\t\t\n\t\t\t\t\t\t\n\t\t\t\t\t\t\n\t\t\t \n\t\t\t\t<span class=\"gigpress-info-item\"><span class=\"gigpress-info-label\">Address:<\/span> <a href=\"http:\/\/maps.google.com\/maps?&amp;q=1226+Lockhart+Rd,Burlington,Ontario,L7S+1H1,CA\" class=\"gigpress-address\">1226 Lockhart Rd<\/a>.<\/span>\n\t\t\t\t\t\t\n\t\t\t\t\t\t\t\n\t\t\t\n\t\t\t\t\t\t\n\t\t\t\t\t\t\n\t\t\t\n\t\t\t\t\t\t\t\t\n\t\t\n\t\t<\/td>\n\t\n\t<\/tr>\n<\/tbody>\t\n\n<tbody>\n\t\n\t<tr class=\"gigpress-row active gigpress-tour\">\n\t\n\t\t<td class=\"gigpress-date\">09\/18\/25\t\t\t\t\t<\/td>\n\t\t\n\t\t\t<td class=\"gigpress-artist\">\n\t\t\tMaria et Romano dans &#8220;La Raviolimanie&#8221;\t\t<\/td>\n\t\t\n\t\t<td class=\"gigpress-city\">Guelph, Ontario<\/td>\n\t\t\n\t\t<td class=\"gigpress-venue\">\u00c9cole \u00e9l\u00e9mentaire l&#8217;Odyss\u00e9e<\/td>\n\t\t\n\t\t\n\t<\/tr>\n\t\n\t<tr class=\"gigpress-info active gigpress-tour\">\n\t\n\t\t<td class=\"gigpress-links-cell\">\n\t\t\t\t\t<\/td>\n\t\t\n\t\t<td colspan=\"3\">\n\t\t\n\t\t\t\t\t\t\t<span class=\"gigpress-info-item\"><span class=\"gigpress-info-label\">Time:<\/span> 9:00am.<\/span>\n\t\t\t\t\t\t\n\t\t\t\t\t\t\n\t\t\t\t\t\t\n\t\t\t\t\t\t\n\t\t\t \n\t\t\t\t<span class=\"gigpress-info-item\"><span class=\"gigpress-info-label\">Address:<\/span> <a href=\"http:\/\/maps.google.com\/maps?&amp;q=30+Brighton+Street,Guelph,Ontario,N1E+3S9,CA\" class=\"gigpress-address\">30 Brighton Street<\/a>.<\/span>\n\t\t\t\t\t\t\n\t\t\t\t\t\t\t\n\t\t\t\n\t\t\t\t\t\t\n\t\t\t\t\t\t\n\t\t\t\n\t\t\t\t\t\t\t\t\n\t\t\n\t\t<\/td>\n\t\n\t<\/tr>\n<\/tbody>\t\n\n<tbody>\n\t\n\t<tr class=\"gigpress-row active gigpress-alt gigpress-tour\">\n\t\n\t\t<td class=\"gigpress-date\">09\/17\/25\t\t\t\t\t<\/td>\n\t\t\n\t\t\t<td class=\"gigpress-artist\">\n\t\t\tMaria et Romano dans &#8220;La Raviolimanie&#8221;\t\t<\/td>\n\t\t\n\t\t<td class=\"gigpress-city\">Mississauga, Ontario<\/td>\n\t\t\n\t\t<td class=\"gigpress-venue\">\u00c9cole \u00e9l\u00e9mentaire Le Flambeau<\/td>\n\t\t\n\t\t\n\t<\/tr>\n\t\n\t<tr class=\"gigpress-info active gigpress-alt gigpress-tour\">\n\t\n\t\t<td class=\"gigpress-links-cell\">\n\t\t\t\t\t<\/td>\n\t\t\n\t\t<td colspan=\"3\">\n\t\t\n\t\t\t\t\t\t\t<span class=\"gigpress-info-item\"><span class=\"gigpress-info-label\">Time:<\/span> 2:30pm.<\/span>\n\t\t\t\t\t\t\n\t\t\t\t\t\t\n\t\t\t\t\t\t\n\t\t\t\t\t\t\n\t\t\t \n\t\t\t\t<span class=\"gigpress-info-item\"><span class=\"gigpress-info-label\">Address:<\/span> <a href=\"http:\/\/maps.google.com\/maps?&amp;q=600+Novo+Star+Dr.,Mississauga,Ontario,L5W+1G4,CA\" class=\"gigpress-address\">600 Novo Star Dr.<\/a>.<\/span>\n\t\t\t\t\t\t\n\t\t\t\t\t\t\t\n\t\t\t\n\t\t\t\t\t\t\n\t\t\t\t\t\t\n\t\t\t\n\t\t\t\t\t\t\t\t\n\t\t\n\t\t<\/td>\n\t\n\t<\/tr>\n<\/tbody>\t\n\n<tbody>\n\t\n\t<tr class=\"gigpress-row active gigpress-tour\">\n\t\n\t\t<td class=\"gigpress-date\">09\/17\/25\t\t\t\t\t<\/td>\n\t\t\n\t\t\t<td class=\"gigpress-artist\">\n\t\t\tMaria et Romano dans &#8220;La Raviolimanie&#8221;\t\t<\/td>\n\t\t\n\t\t<td class=\"gigpress-city\">Mississauga, Ontario<\/td>\n\t\t\n\t\t<td class=\"gigpress-venue\">\u00c9cole \u00e9l\u00e9mentaire Le Flambeau<\/td>\n\t\t\n\t\t\n\t<\/tr>\n\t\n\t<tr class=\"gigpress-info active gigpress-tour\">\n\t\n\t\t<td class=\"gigpress-links-cell\">\n\t\t\t\t\t<\/td>\n\t\t\n\t\t<td colspan=\"3\">\n\t\t\n\t\t\t\t\t\t\t<span class=\"gigpress-info-item\"><span class=\"gigpress-info-label\">Time:<\/span> 2:30pm.<\/span>\n\t\t\t\t\t\t\n\t\t\t\t\t\t\n\t\t\t\t\t\t\n\t\t\t\t\t\t\n\t\t\t \n\t\t\t\t<span class=\"gigpress-info-item\"><span class=\"gigpress-info-label\">Address:<\/span> <a href=\"http:\/\/maps.google.com\/maps?&amp;q=600+Novo+Star+Dr.,Mississauga,Ontario,L5W+1G4,CA\" class=\"gigpress-address\">600 Novo Star Dr.<\/a>.<\/span>\n\t\t\t\t\t\t\n\t\t\t\t\t\t\t\n\t\t\t\n\t\t\t\t\t\t\n\t\t\t\t\t\t\n\t\t\t\n\t\t\t\t\t\t\t\t\n\t\t\n\t\t<\/td>\n\t\n\t<\/tr>\n<\/tbody>\t\n\n<tbody>\n\t\n\t<tr class=\"gigpress-row active gigpress-alt gigpress-tour\">\n\t\n\t\t<td class=\"gigpress-date\">09\/17\/25\t\t\t\t\t<\/td>\n\t\t\n\t\t\t<td class=\"gigpress-artist\">\n\t\t\tMaria et Romano dans &#8220;La Raviolimanie&#8221;\t\t<\/td>\n\t\t\n\t\t<td class=\"gigpress-city\">Richmond Hill, Ontario<\/td>\n\t\t\n\t\t<td class=\"gigpress-venue\">Acad\u00e9mie de la Moraine<\/td>\n\t\t\n\t\t\n\t<\/tr>\n\t\n\t<tr class=\"gigpress-info active gigpress-alt gigpress-tour\">\n\t\n\t\t<td class=\"gigpress-links-cell\">\n\t\t\t\t\t<\/td>\n\t\t\n\t\t<td colspan=\"3\">\n\t\t\n\t\t\t\t\t\t\t<span class=\"gigpress-info-item\"><span class=\"gigpress-info-label\">Time:<\/span> 9:00am.<\/span>\n\t\t\t\t\t\t\n\t\t\t\t\t\t\n\t\t\t\t\t\t\n\t\t\t\t\t\t\n\t\t\t \n\t\t\t\t<span class=\"gigpress-info-item\"><span class=\"gigpress-info-label\">Address:<\/span> <a href=\"http:\/\/maps.google.com\/maps?&amp;q=13200+Yonge+St.,Richmond+Hill,Ontario,L4E+2T2,CA\" class=\"gigpress-address\">13200 Yonge St.<\/a>.<\/span>\n\t\t\t\t\t\t\n\t\t\t\t\t\t\t\n\t\t\t\n\t\t\t\t\t\t\n\t\t\t\t\t\t\n\t\t\t\n\t\t\t\t\t\t\t\t\n\t\t\n\t\t<\/td>\n\t\n\t<\/tr>\n<\/tbody>\t\n\n<tbody>\n\t\n\t<tr class=\"gigpress-row active gigpress-tour\">\n\t\n\t\t<td class=\"gigpress-date\">09\/16\/25\t\t\t\t\t<\/td>\n\t\t\n\t\t\t<td class=\"gigpress-artist\">\n\t\t\tMaria et Romano dans &#8220;La Raviolimanie&#8221;\t\t<\/td>\n\t\t\n\t\t<td class=\"gigpress-city\">Oshawa, Ontario<\/td>\n\t\t\n\t\t<td class=\"gigpress-venue\">\u00c9cole \u00e9l\u00e9mentaire Antonine-Maillet<\/td>\n\t\t\n\t\t\n\t<\/tr>\n\t\n\t<tr class=\"gigpress-info active gigpress-tour\">\n\t\n\t\t<td class=\"gigpress-links-cell\">\n\t\t\t\t\t<\/td>\n\t\t\n\t\t<td colspan=\"3\">\n\t\t\n\t\t\t\t\t\t\t<span class=\"gigpress-info-item\"><span class=\"gigpress-info-label\">Time:<\/span> 1:45pm.<\/span>\n\t\t\t\t\t\t\n\t\t\t\t\t\t\n\t\t\t\t\t\t\n\t\t\t\t\t\t\n\t\t\t \n\t\t\t\t<span class=\"gigpress-info-item\"><span class=\"gigpress-info-label\">Address:<\/span> <a href=\"http:\/\/maps.google.com\/maps?&amp;q=615+Ridgeway+Ave,Oshawa,Ontario,L1J+2W3,CA\" class=\"gigpress-address\">615 Ridgeway Ave<\/a>.<\/span>\n\t\t\t\t\t\t\n\t\t\t\t\t\t\t\n\t\t\t\n\t\t\t\t\t\t\n\t\t\t\t\t\t\n\t\t\t\n\t\t\t\t\t\t\t\t\n\t\t\n\t\t<\/td>\n\t\n\t<\/tr>\n<\/tbody>\t\n\n<tbody>\n\t\n\t<tr class=\"gigpress-row active gigpress-alt gigpress-tour\">\n\t\n\t\t<td class=\"gigpress-date\">09\/16\/25\t\t\t\t\t<\/td>\n\t\t\n\t\t\t<td class=\"gigpress-artist\">\n\t\t\tMaria et Romano dans &#8220;La Raviolimanie&#8221;\t\t<\/td>\n\t\t\n\t\t<td class=\"gigpress-city\">Bowmanville<\/td>\n\t\t\n\t\t<td class=\"gigpress-venue\">\u00c9cole \u00e9l\u00e9mnetaire Viola-L\u00e9ger<\/td>\n\t\t\n\t\t\n\t<\/tr>\n\t\n\t<tr class=\"gigpress-info active gigpress-alt gigpress-tour\">\n\t\n\t\t<td class=\"gigpress-links-cell\">\n\t\t\t\t\t<\/td>\n\t\t\n\t\t<td colspan=\"3\">\n\t\t\n\t\t\t\t\t\t\t<span class=\"gigpress-info-item\"><span class=\"gigpress-info-label\">Time:<\/span> 9:30am.<\/span>\n\t\t\t\t\t\t\n\t\t\t\t\t\t\n\t\t\t\t\t\t\n\t\t\t\t\t\t\n\t\t\t \n\t\t\t\t<span class=\"gigpress-info-item\"><span class=\"gigpress-info-label\">Address:<\/span> <a href=\"http:\/\/maps.google.com\/maps?&amp;q=116+Ontario+St,Bowmanville,L1C2T4,CA\" class=\"gigpress-address\">116 Ontario St<\/a>.<\/span>\n\t\t\t\t\t\t\n\t\t\t\t\t\t\t\n\t\t\t\n\t\t\t\t\t\t\n\t\t\t\t\t\t\n\t\t\t\n\t\t\t\t\t\t\t\t\n\t\t\n\t\t<\/td>\n\t\n\t<\/tr>\n<\/tbody>\t\n\n<tbody>\n\t\n\t<tr class=\"gigpress-row active gigpress-tour\">\n\t\n\t\t<td class=\"gigpress-date\">09\/15\/25\t\t\t\t\t<\/td>\n\t\t\n\t\t\t<td class=\"gigpress-artist\">\n\t\t\tMaria et Romano dans &#8220;La Raviolimanie&#8221;\t\t<\/td>\n\t\t\n\t\t<td class=\"gigpress-city\">Ottawa<\/td>\n\t\t\n\t\t<td class=\"gigpress-venue\">\u00c9cole primaire Pierre-Elliott-Trudeau<\/td>\n\t\t\n\t\t\n\t<\/tr>\n\t\n\t<tr class=\"gigpress-info active gigpress-tour\">\n\t\n\t\t<td class=\"gigpress-links-cell\">\n\t\t\t\t\t<\/td>\n\t\t\n\t\t<td colspan=\"3\">\n\t\t\n\t\t\t\t\t\t\t<span class=\"gigpress-info-item\"><span class=\"gigpress-info-label\">Time:<\/span> 2:15pm.<\/span>\n\t\t\t\t\t\t\n\t\t\t\t\t\t\n\t\t\t\t\t\t\n\t\t\t\t\t\t\n\t\t\t\t\t\t\n\t\t\t\t\t\t\t\n\t\t\t\n\t\t\t\t\t\t\n\t\t\t\t\t\t\n\t\t\t\n\t\t\t\t\t\t\t\t\n\t\t\n\t\t<\/td>\n\t\n\t<\/tr>\n<\/tbody>\t\n\n<tbody>\n\t\n\t<tr class=\"gigpress-row active gigpress-alt gigpress-tour\">\n\t\n\t\t<td class=\"gigpress-date\">09\/15\/25\t\t\t\t\t<\/td>\n\t\t\n\t\t\t<td class=\"gigpress-artist\">\n\t\t\tMaria et Romano dans &#8220;La Raviolimanie&#8221;\t\t<\/td>\n\t\t\n\t\t<td class=\"gigpress-city\">Gloucester, Ontario<\/td>\n\t\t\n\t\t<td class=\"gigpress-venue\">\u00c9cole primaire catholique La V\u00e9rendrie<\/td>\n\t\t\n\t\t\n\t<\/tr>\n\t\n\t<tr class=\"gigpress-info active gigpress-alt gigpress-tour\">\n\t\n\t\t<td class=\"gigpress-links-cell\">\n\t\t\t\t\t<\/td>\n\t\t\n\t\t<td colspan=\"3\">\n\t\t\n\t\t\t\t\t\t\t<span class=\"gigpress-info-item\"><span class=\"gigpress-info-label\">Time:<\/span> 9:00am.<\/span>\n\t\t\t\t\t\t\n\t\t\t\t\t\t\n\t\t\t\t\t\t\n\t\t\t\t\t\t\n\t\t\t \n\t\t\t\t<span class=\"gigpress-info-item\"><span class=\"gigpress-info-label\">Address:<\/span> <a href=\"http:\/\/maps.google.com\/maps?&amp;q=614+Promenade+Eastvale,Gloucester,Ontario,K1J+6Z6,CA\" class=\"gigpress-address\">614 Promenade Eastvale<\/a>.<\/span>\n\t\t\t\t\t\t\n\t\t\t\t\t\t\t\n\t\t\t\n\t\t\t\t\t\t\n\t\t\t\t\t\t\n\t\t\t\n\t\t\t\t\t\t\t\t\n\t\t\n\t\t<\/td>\n\t\n\t<\/tr>\n<\/tbody>\t\n\n<tbody>\n\t\n\t<tr class=\"gigpress-row active gigpress-divider\">\n\t\n\t\t<td class=\"gigpress-date\">09\/14\/25\t\t\t\t\t<\/td>\n\t\t\n\t\t\t<td class=\"gigpress-artist\">\n\t\t\tVoici Maria Cannelloni !\t\t<\/td>\n\t\t\n\t\t<td class=\"gigpress-city\">St-Amable, Qu\u00e9bec<\/td>\n\t\t\n\t\t<td class=\"gigpress-venue\">Parc Le Rocher<\/td>\n\t\t\n\t\t\n\t<\/tr>\n\t\n\t<tr class=\"gigpress-info active gigpress-divider\">\n\t\n\t\t<td class=\"gigpress-links-cell\">\n\t\t\t\t\t<\/td>\n\t\t\n\t\t<td colspan=\"3\">\n\t\t\n\t\t\t\t\t\t\t<span class=\"gigpress-info-item\"><span class=\"gigpress-info-label\">Time:<\/span> 12:05pm.<\/span>\n\t\t\t\t\t\t\n\t\t\t\t\t\t\n\t\t\t\t\t\t\n\t\t\t\t\t\t\n\t\t\t \n\t\t\t\t<span class=\"gigpress-info-item\"><span class=\"gigpress-info-label\">Address:<\/span> <a href=\"http:\/\/maps.google.com\/maps?&amp;q=215+Rue+Thomas,St-Amable,Qu%C3%A9bec,J0L+1N0,CA\" class=\"gigpress-address\">215 Rue Thomas<\/a>.<\/span>\n\t\t\t\t\t\t\n\t\t\t\t\t\t\t\n\t\t\t\n\t\t\t\t\t\t\n\t\t\t\t\t\t\n\t\t\t\n\t\t\t\t\t\t\t\t\n\t\t\n\t\t<\/td>\n\t\n\t<\/tr>\n<\/tbody>\t\n\n<tbody>\n\t\n\t<tr class=\"gigpress-row active gigpress-alt\">\n\t\n\t\t<td class=\"gigpress-date\">07\/12\/25\t\t\t\t\t<\/td>\n\t\t\n\t\t\t<td class=\"gigpress-artist\">\n\t\t\tVoici Maria Cannelloni !\t\t<\/td>\n\t\t\n\t\t<td class=\"gigpress-city\">Maple Grove, Quebec<\/td>\n\t\t\n\t\t<td class=\"gigpress-venue\">Parc MacDonald<\/td>\n\t\t\n\t\t\n\t<\/tr>\n\t\n\t<tr class=\"gigpress-info active gigpress-alt\">\n\t\n\t\t<td class=\"gigpress-links-cell\">\n\t\t\t\t\t<\/td>\n\t\t\n\t\t<td colspan=\"3\">\n\t\t\n\t\t\t\t\t\t\t<span class=\"gigpress-info-item\"><span class=\"gigpress-info-label\">Time:<\/span> 10:00am.<\/span>\n\t\t\t\t\t\t\n\t\t\t\t\t\t\n\t\t\t\t\t\t\n\t\t\t\t\t\t\n\t\t\t \n\t\t\t\t<span class=\"gigpress-info-item\"><span class=\"gigpress-info-label\">Address:<\/span> <a href=\"http:\/\/maps.google.com\/maps?&amp;q=5258+Rue+MacDonald,Maple+Grove,Quebec,J6N+1P3,CA\" class=\"gigpress-address\">5258 Rue MacDonald<\/a>.<\/span>\n\t\t\t\t\t\t\n\t\t\t\t\t\t\t\n\t\t\t\n\t\t\t\t\t\t\n\t\t\t\t\t\t\n\t\t\t\n\t\t\t\t\t\t\t\t\n\t\t\n\t\t<\/td>\n\t\n\t<\/tr>\n<\/tbody>\t\n\n<tbody>\n\t\n\t<tr class=\"gigpress-row active\">\n\t\n\t\t<td class=\"gigpress-date\">07\/08\/25\t\t\t\t\t<\/td>\n\t\t\n\t\t\t<td class=\"gigpress-artist\">\n\t\t\tRythmofolies avec Maria et le Macaroni Orchestra\t\t<\/td>\n\t\t\n\t\t<td class=\"gigpress-city\">Les Coteaux, Quebec<\/td>\n\t\t\n\t\t<td class=\"gigpress-venue\">Parc R\u00e9jean-Boisvenue<\/td>\n\t\t\n\t\t\n\t<\/tr>\n\t\n\t<tr class=\"gigpress-info active\">\n\t\n\t\t<td class=\"gigpress-links-cell\">\n\t\t\t\t\t<\/td>\n\t\t\n\t\t<td colspan=\"3\">\n\t\t\n\t\t\t\t\t\t\t<span class=\"gigpress-info-item\"><span class=\"gigpress-info-label\">Time:<\/span> 6:30pm.<\/span>\n\t\t\t\t\t\t\n\t\t\t\t\t\t\n\t\t\t\t\t\t\n\t\t\t\t\t\t\n\t\t\t \n\t\t\t\t<span class=\"gigpress-info-item\"><span class=\"gigpress-info-label\">Address:<\/span> <a href=\"http:\/\/maps.google.com\/maps?&amp;q=139%2C+rue+Adrien-Rouleau,Les+Coteaux,Quebec,J7X+1A2,CA\" class=\"gigpress-address\">139, rue Adrien-Rouleau<\/a>.<\/span>\n\t\t\t\t\t\t\n\t\t\t\t\t\t\t\n\t\t\t\n\t\t\t\t\t\t\n\t\t\t\t\t\t\n\t\t\t\n\t\t\t\t\t\t\t\t\n\t\t\n\t\t<\/td>\n\t\n\t<\/tr>\n<\/tbody>\t\n\n<tbody>\n\t\n\t<tr class=\"gigpress-row active gigpress-alt\">\n\t\n\t\t<td class=\"gigpress-date\">04\/12\/25\t\t\t\t\t<\/td>\n\t\t\n\t\t\t<td class=\"gigpress-artist\">\n\t\t\tMaria dans La Mini-Raviolimanie\t\t<\/td>\n\t\t\n\t\t<td class=\"gigpress-city\">Saint-Hyacinthe, Qu\u00e9bec<\/td>\n\t\t\n\t\t<td class=\"gigpress-venue\">Biblioth\u00e8que T.-A-St-Germain<\/td>\n\t\t\n\t\t\n\t<\/tr>\n\t\n\t<tr class=\"gigpress-info active gigpress-alt\">\n\t\n\t\t<td class=\"gigpress-links-cell\">\n\t\t\t\t\t<\/td>\n\t\t\n\t\t<td colspan=\"3\">\n\t\t\n\t\t\t\t\t\t\t<span class=\"gigpress-info-item\"><span class=\"gigpress-info-label\">Time:<\/span> 10:30am.<\/span>\n\t\t\t\t\t\t\n\t\t\t\t\t\t\n\t\t\t\t\t\t\n\t\t\t\t\t\t\n\t\t\t \n\t\t\t\t<span class=\"gigpress-info-item\"><span class=\"gigpress-info-label\">Address:<\/span> <a href=\"http:\/\/maps.google.com\/maps?&amp;q=2175%2C+rue+Girouard+Ouest,Saint-Hyacinthe,Qu%C3%A9bec,J6R+1G6,CA\" class=\"gigpress-address\">2175, rue Girouard Ouest<\/a>.<\/span>\n\t\t\t\t\t\t\n\t\t\t\t\t\t\t\n\t\t\t\n\t\t\t\t\t\t\n\t\t\t\t\t\t\n\t\t\t\n\t\t\t\t\t\t\t\t\n\t\t\n\t\t<\/td>\n\t\n\t<\/tr>\n<\/tbody>\t\n\n<tbody>\n\t\n\t<tr class=\"gigpress-row active\">\n\t\n\t\t<td class=\"gigpress-date\">12\/06\/24\t\t\t\t\t<\/td>\n\t\t\n\t\t\t<td class=\"gigpress-artist\">\n\t\t\tMaria et Octave dans &#8220;\u00c0 la rescousse de No\u00ebl&#8221;\t\t<\/td>\n\t\t\n\t\t<td class=\"gigpress-city\">Joliette, Qu\u00e9bec<\/td>\n\t\t\n\t\t<td class=\"gigpress-venue\">March\u00e9 de No\u00ebl de Joliette | La place Festive, Place Bourget<\/td>\n\t\t\n\t\t\n\t<\/tr>\n\t\n\t<tr class=\"gigpress-info active\">\n\t\n\t\t<td class=\"gigpress-links-cell\">\n\t\t\t\t\t<\/td>\n\t\t\n\t\t<td colspan=\"3\">\n\t\t\n\t\t\t\t\t\t\t<span class=\"gigpress-info-item\"><span class=\"gigpress-info-label\">Time:<\/span> 6:30pm.<\/span>\n\t\t\t\t\t\t\n\t\t\t\t\t\t\n\t\t\t\t\t\t\n\t\t\t\t\t\t\n\t\t\t \n\t\t\t\t<span class=\"gigpress-info-item\"><span class=\"gigpress-info-label\">Address:<\/span> <a href=\"http:\/\/maps.google.com\/maps?&amp;q=445%2C+rue+Notre-Dame,Joliette,Qu%C3%A9bec,J6E+3H5,CA\" class=\"gigpress-address\">445, rue Notre-Dame<\/a>.<\/span>\n\t\t\t\t\t\t\n\t\t\t\t\t\t\t\n\t\t\t\n\t\t\t\t\t\t\n\t\t\t\t\t\t\n\t\t\t\n\t\t\t\t\t\t\t\t\n\t\t\n\t\t<\/td>\n\t\n\t<\/tr>\n<\/tbody>\t\n\n<tbody>\n\t\n\t<tr class=\"gigpress-row active gigpress-alt\">\n\t\n\t\t<td class=\"gigpress-date\">12\/01\/24\t\t\t\t\t<\/td>\n\t\t\n\t\t\t<td class=\"gigpress-artist\">\n\t\t\tMaria et Octave dans &#8220;\u00c0 la rescousse de No\u00ebl&#8221;\t\t<\/td>\n\t\t\n\t\t<td class=\"gigpress-city\">Drummondville, Qu\u00e9bec<\/td>\n\t\t\n\t\t<td class=\"gigpress-venue\"><a href=\"http:\/\/espacemandeville.ca\">Espace Mandeville<\/a><\/td>\n\t\t\n\t\t\n\t<\/tr>\n\t\n\t<tr class=\"gigpress-info active gigpress-alt\">\n\t\n\t\t<td class=\"gigpress-links-cell\">\n\t\t\t\t\t<\/td>\n\t\t\n\t\t<td colspan=\"3\">\n\t\t\n\t\t\t\t\t\t\t<span class=\"gigpress-info-item\"><span class=\"gigpress-info-label\">Time:<\/span> 2:00pm.<\/span>\n\t\t\t\t\t\t\n\t\t\t\t\t\t\n\t\t\t\t\t\t\n\t\t\t\t\t\t\n\t\t\t \n\t\t\t\t<span class=\"gigpress-info-item\"><span class=\"gigpress-info-label\">Address:<\/span> <a href=\"http:\/\/maps.google.com\/maps?&amp;q=232%2C+rue+Dorion,Drummondville,Qu%C3%A9bec,J2B+6x1,CA\" class=\"gigpress-address\">232, rue Dorion<\/a>.<\/span>\n\t\t\t\t\t\t\n\t\t\t\t\t\t\t\n\t\t\t\n\t\t\t\t\t\t\n\t\t\t\t\t\t\n\t\t\t\n\t\t\t\t\t\t\t\t\n\t\t\n\t\t<\/td>\n\t\n\t<\/tr>\n<\/tbody>\t\n\n<tbody>\n\t\n\t<tr class=\"gigpress-row active\">\n\t\n\t\t<td class=\"gigpress-date\">11\/30\/24\t\t\t\t\t<\/td>\n\t\t\n\t\t\t<td class=\"gigpress-artist\">\n\t\t\tMaria et Octave dans &#8220;\u00c0 la rescousse de No\u00ebl&#8221;\t\t<\/td>\n\t\t\n\t\t<td class=\"gigpress-city\">Mercier, Qu\u00e9bec<\/td>\n\t\t\n\t\t<td class=\"gigpress-venue\">Centre communautaire Roger Tougas<\/td>\n\t\t\n\t\t\n\t<\/tr>\n\t\n\t<tr class=\"gigpress-info active\">\n\t\n\t\t<td class=\"gigpress-links-cell\">\n\t\t\t\t\t<\/td>\n\t\t\n\t\t<td colspan=\"3\">\n\t\t\n\t\t\t\t\t\t\t<span class=\"gigpress-info-item\"><span class=\"gigpress-info-label\">Time:<\/span> 10:00am.<\/span>\n\t\t\t\t\t\t\n\t\t\t\t\t\t\n\t\t\t\t\t\t\n\t\t\t\t\t\t\n\t\t\t \n\t\t\t\t<span class=\"gigpress-info-item\"><span class=\"gigpress-info-label\">Address:<\/span> <a href=\"http:\/\/maps.google.com\/maps?&amp;q=740+boulevard+St-Jean-Baptiste,Mercier,Qu%C3%A9bec,J6R+1G6,CA\" class=\"gigpress-address\">740 boulevard St-Jean-Baptiste<\/a>.<\/span>\n\t\t\t\t\t\t\n\t\t\t\t\t\t\t\n\t\t\t\n\t\t\t\t\t\t\n\t\t\t\t\t\t\n\t\t\t\n\t\t\t\t\t\t\t\t\n\t\t\n\t\t<\/td>\n\t\n\t<\/tr>\n<\/tbody>\t\n\n<tbody>\n\t\n\t<tr class=\"gigpress-row active gigpress-alt\">\n\t\n\t\t<td class=\"gigpress-date\">08\/17\/24\t\t\t\t\t<\/td>\n\t\t\n\t\t\t<td class=\"gigpress-artist\">\n\t\t\tVoici Maria Cannelloni !\t\t<\/td>\n\t\t\n\t\t<td class=\"gigpress-city\">Scott, Quebec<\/td>\n\t\t\n\t\t<td class=\"gigpress-venue\"><a href=\"http:\/\/www.festivaldelepi.com\">Festival de l&#8217;\u00e9pi<\/a><\/td>\n\t\t\n\t\t\n\t<\/tr>\n\t\n\t<tr class=\"gigpress-info active gigpress-alt\">\n\t\n\t\t<td class=\"gigpress-links-cell\">\n\t\t\t\t\t<\/td>\n\t\t\n\t\t<td colspan=\"3\">\n\t\t\n\t\t\t\t\t\t\t<span class=\"gigpress-info-item\"><span class=\"gigpress-info-label\">Time:<\/span> 11:00am.<\/span>\n\t\t\t\t\t\t\n\t\t\t\t\t\t\n\t\t\t\t\t\t\n\t\t\t\t\t\t\n\t\t\t \n\t\t\t\t<span class=\"gigpress-info-item\"><span class=\"gigpress-info-label\">Address:<\/span> <a href=\"http:\/\/maps.google.com\/maps?&amp;q=34%2C+6e+rue%2C+Scott%2C+Qc,Scott,Quebec,CA\" class=\"gigpress-address\">34, 6e rue, Scott, Qc<\/a>.<\/span>\n\t\t\t\t\t\t\n\t\t\t\t\t\t\t\n\t\t\t\n\t\t\t\t\t\t\n\t\t\t\t\t\t\n\t\t\t\n\t\t\t\t\t\t\t\t\n\t\t\n\t\t<\/td>\n\t\n\t<\/tr>\n<\/tbody>\t\n\n<tbody>\n\t\n\t<tr class=\"gigpress-row active\">\n\t\n\t\t<td class=\"gigpress-date\">06\/24\/24\t\t\t\t\t<\/td>\n\t\t\n\t\t\t<td class=\"gigpress-artist\">\n\t\t\tMaria et Romano dans &#8220;La Raviolimanie&#8221;\t\t<\/td>\n\t\t\n\t\t<td class=\"gigpress-city\">Mercier<\/td>\n\t\t\n\t\t<td class=\"gigpress-venue\">Parc Hirondelle, Mercier<\/td>\n\t\t\n\t\t\n\t<\/tr>\n\t\n\t<tr class=\"gigpress-info active\">\n\t\n\t\t<td class=\"gigpress-links-cell\">\n\t\t\t\t\t<\/td>\n\t\t\n\t\t<td colspan=\"3\">\n\t\t\n\t\t\t\t\t\t\t<span class=\"gigpress-info-item\"><span class=\"gigpress-info-label\">Time:<\/span> 1:30pm.<\/span>\n\t\t\t\t\t\t\n\t\t\t\t\t\t\n\t\t\t\t\t\t\n\t\t\t\t\t\t\n\t\t\t \n\t\t\t\t<span class=\"gigpress-info-item\"><span class=\"gigpress-info-label\">Address:<\/span> <a href=\"http:\/\/maps.google.com\/maps?&amp;q=8+rue+des+Plaines%2C+Mercier,Mercier,CA\" class=\"gigpress-address\">8 rue des Plaines, Mercier<\/a>.<\/span>\n\t\t\t\t\t\t\n\t\t\t\t\t\t\t\n\t\t\t\n\t\t\t\t\t\t\n\t\t\t\t\t\t\n\t\t\t\n\t\t\t\t\t\t\t\t\n\t\t\n\t\t<\/td>\n\t\n\t<\/tr>\n<\/tbody>\t\n\n<tbody>\n\t\n\t<tr class=\"gigpress-row active gigpress-alt\">\n\t\n\t\t<td class=\"gigpress-date\">06\/24\/24\t\t\t\t\t<\/td>\n\t\t\n\t\t\t<td class=\"gigpress-artist\">\n\t\t\tVoici Maria Cannelloni !\t\t<\/td>\n\t\t\n\t\t<td class=\"gigpress-city\">St-J\u00e9r\u00f4me<\/td>\n\t\t\n\t\t<td class=\"gigpress-venue\">Place des Festivit\u00e9s<\/td>\n\t\t\n\t\t\n\t<\/tr>\n\t\n\t<tr class=\"gigpress-info active gigpress-alt\">\n\t\n\t\t<td class=\"gigpress-links-cell\">\n\t\t\t\t\t<\/td>\n\t\t\n\t\t<td colspan=\"3\">\n\t\t\n\t\t\t\t\t\t\t<span class=\"gigpress-info-item\"><span class=\"gigpress-info-label\">Time:<\/span> 1:00pm.<\/span>\n\t\t\t\t\t\t\n\t\t\t\t\t\t\n\t\t\t\t\t\t\n\t\t\t\t\t\t\n\t\t\t \n\t\t\t\t<span class=\"gigpress-info-item\"><span class=\"gigpress-info-label\">Address:<\/span> <a href=\"http:\/\/maps.google.com\/maps?&amp;q=131+Rue+de+la+Gare%2C+Saint-J%C3%A9r%C3%B4me%2C+QC,St-J%C3%A9r%C3%B4me,J7Z+2B9,CA\" class=\"gigpress-address\">131 Rue de la Gare, Saint-J\u00e9r\u00f4me, QC<\/a>.<\/span>\n\t\t\t\t\t\t\n\t\t\t\t\t\t\t\n\t\t\t\n\t\t\t\t\t\t\n\t\t\t\t\t\t\n\t\t\t\n\t\t\t\t\t\t\t\t\n\t\t\n\t\t<\/td>\n\t\n\t<\/tr>\n<\/tbody>\t\n\n<tbody>\n\t\n\t<tr class=\"gigpress-row active\">\n\t\n\t\t<td class=\"gigpress-date\">03\/09\/24\t\t\t\t\t<\/td>\n\t\t\n\t\t\t<td class=\"gigpress-artist\">\n\t\t\tMaria Cannelloni et le Macaroni Orchestra\t\t<\/td>\n\t\t\n\t\t<td class=\"gigpress-city\">Sherbrooke, Qu\u00e9bec<\/td>\n\t\t\n\t\t<td class=\"gigpress-venue\">Pavillon Armand-Nadeau<\/td>\n\t\t\n\t\t\n\t<\/tr>\n\t\n\t<tr class=\"gigpress-info active\">\n\t\n\t\t<td class=\"gigpress-links-cell\">\n\t\t\t\t\t<\/td>\n\t\t\n\t\t<td colspan=\"3\">\n\t\t\n\t\t\t\t\t\t\t<span class=\"gigpress-info-item\"><span class=\"gigpress-info-label\">Time:<\/span> 11:00am.<\/span>\n\t\t\t\t\t\t\n\t\t\t\t\t\t\n\t\t\t\t\t\t\n\t\t\t\t\t\t\n\t\t\t \n\t\t\t\t<span class=\"gigpress-info-item\"><span class=\"gigpress-info-label\">Address:<\/span> <a href=\"http:\/\/maps.google.com\/maps?&amp;q=Parc+Jacques-Cartier,Sherbrooke,Qu%C3%A9bec,J1J+2Z7,CA\" class=\"gigpress-address\">Parc Jacques-Cartier<\/a>.<\/span>\n\t\t\t\t\t\t\n\t\t\t\t\t\t\t\n\t\t\t\n\t\t\t\t\t\t\t<span class=\"gigpress-info-item\">Jeux du Qu\u00e9bec<\/span>\n\t\t\t\t\t\t\n\t\t\t\t\t\t\n\t\t\t\n\t\t\t\t\t\t\t\t\n\t\t\n\t\t<\/td>\n\t\n\t<\/tr>\n<\/tbody>\t\n\n<tbody>\n\t\n\t<tr class=\"gigpress-row active gigpress-alt\">\n\t\n\t\t<td class=\"gigpress-date\">12\/15\/23\t\t\t\t\t<\/td>\n\t\t\n\t\t\t<td class=\"gigpress-artist\">\n\t\t\t\u00c0 la rescousse de No\u00ebl (formule solo)\t\t<\/td>\n\t\t\n\t\t<td class=\"gigpress-city\">Lachute, Qu\u00e9bec<\/td>\n\t\t\n\t\t<td class=\"gigpress-venue\">Salle Kevin-Lowe-Pag\u00e9<\/td>\n\t\t\n\t\t\n\t<\/tr>\n\t\n\t<tr class=\"gigpress-info active gigpress-alt\">\n\t\n\t\t<td class=\"gigpress-links-cell\">\n\t\t\t\t\t<\/td>\n\t\t\n\t\t<td colspan=\"3\">\n\t\t\n\t\t\t\t\t\t\t<span class=\"gigpress-info-item\"><span class=\"gigpress-info-label\">Time:<\/span> 10:00am.<\/span>\n\t\t\t\t\t\t\n\t\t\t\t\t\t\n\t\t\t\t\t\t\n\t\t\t\t\t\t\n\t\t\t \n\t\t\t\t<span class=\"gigpress-info-item\"><span class=\"gigpress-info-label\">Address:<\/span> <a href=\"http:\/\/maps.google.com\/maps?&amp;q=80+Av.+Hamford,Lachute,Qu%C3%A9bec,J8H+4P1,CA\" class=\"gigpress-address\">80 Av. Hamford<\/a>.<\/span>\n\t\t\t\t\t\t\n\t\t\t\t\t\t\t\n\t\t\t\n\t\t\t\t\t\t\n\t\t\t\t\t\t\n\t\t\t\n\t\t\t\t\t\t\t\t\n\t\t\n\t\t<\/td>\n\t\n\t<\/tr>\n<\/tbody>\t\n\n<tbody>\n\t\n\t<tr class=\"gigpress-row active\">\n\t\n\t\t<td class=\"gigpress-date\">12\/10\/23\t\t\t\t\t<\/td>\n\t\t\n\t\t\t<td class=\"gigpress-artist\">\n\t\t\tMaria et Octave dans &#8220;\u00c0 la rescousse de No\u00ebl&#8221;\t\t<\/td>\n\t\t\n\t\t<td class=\"gigpress-city\">Saint-Eustache, Qu\u00e9bec<\/td>\n\t\t\n\t\t<td class=\"gigpress-venue\">Centre d&#8217;art la petite \u00e9glise<\/td>\n\t\t\n\t\t\n\t<\/tr>\n\t\n\t<tr class=\"gigpress-info active\">\n\t\n\t\t<td class=\"gigpress-links-cell\">\n\t\t\t\t\t<\/td>\n\t\t\n\t\t<td colspan=\"3\">\n\t\t\n\t\t\t\t\t\t\t<span class=\"gigpress-info-item\"><span class=\"gigpress-info-label\">Time:<\/span> 2:00pm.<\/span>\n\t\t\t\t\t\t\n\t\t\t\t\t\t\n\t\t\t\t\t\t\n\t\t\t\t\t\t\n\t\t\t \n\t\t\t\t<span class=\"gigpress-info-item\"><span class=\"gigpress-info-label\">Address:<\/span> <a href=\"http:\/\/maps.google.com\/maps?&amp;q=271+Rue+Saint-Eustache,Saint-Eustache,Qu%C3%A9bec,J7R+2L9,CA\" class=\"gigpress-address\">271 Rue Saint-Eustache<\/a>.<\/span>\n\t\t\t\t\t\t\n\t\t\t\t\t\t\t\n\t\t\t\n\t\t\t\t\t\t\n\t\t\t\t\t\t\n\t\t\t\n\t\t\t\t\t\t\t\t\n\t\t\n\t\t<\/td>\n\t\n\t<\/tr>\n<\/tbody>\t\n\n<tbody>\n\t\n\t<tr class=\"gigpress-row active gigpress-alt\">\n\t\n\t\t<td class=\"gigpress-date\">12\/09\/23\t\t\t\t\t<\/td>\n\t\t\n\t\t\t<td class=\"gigpress-artist\">\n\t\t\t\u00c0 la rescousse de No\u00ebl (formule solo)\t\t<\/td>\n\t\t\n\t\t<td class=\"gigpress-city\">Beloeil<\/td>\n\t\t\n\t\t<td class=\"gigpress-venue\">Biblioth\u00e8que de Beloeil<\/td>\n\t\t\n\t\t\n\t<\/tr>\n\t\n\t<tr class=\"gigpress-info active gigpress-alt\">\n\t\n\t\t<td class=\"gigpress-links-cell\">\n\t\t\t\t\t<\/td>\n\t\t\n\t\t<td colspan=\"3\">\n\t\t\n\t\t\t\t\t\t\t<span class=\"gigpress-info-item\"><span class=\"gigpress-info-label\">Time:<\/span> 10:30am.<\/span>\n\t\t\t\t\t\t\n\t\t\t\t\t\t\n\t\t\t\t\t\t\n\t\t\t\t\t\t\n\t\t\t \n\t\t\t\t<span class=\"gigpress-info-item\"><span class=\"gigpress-info-label\">Address:<\/span> <a href=\"http:\/\/maps.google.com\/maps?&amp;q=620+rue+Richelieu,Beloeil,J3G+5E8,CA\" class=\"gigpress-address\">620 rue Richelieu<\/a>.<\/span>\n\t\t\t\t\t\t\n\t\t\t\t\t\t\t\n\t\t\t\n\t\t\t\t\t\t\n\t\t\t\t\t\t\n\t\t\t\n\t\t\t\t\t\t\t\t\n\t\t\n\t\t<\/td>\n\t\n\t<\/tr>\n<\/tbody>\t\n\n<tbody>\n\t\n\t<tr class=\"gigpress-row active\">\n\t\n\t\t<td class=\"gigpress-date\">10\/04\/23\t\t\t\t\t<\/td>\n\t\t\n\t\t\t<td class=\"gigpress-artist\">\n\t\t\tMaria et Romano dans &#8220;La Raviolimanie&#8221;\t\t<\/td>\n\t\t\n\t\t<td class=\"gigpress-city\">Thetford Mines, Qu\u00e9bec<\/td>\n\t\t\n\t\t<td class=\"gigpress-venue\"><a href=\"http:\/\/www.diffusiontram.ca\">Salle Dussault<\/a><\/td>\n\t\t\n\t\t\n\t<\/tr>\n\t\n\t<tr class=\"gigpress-info active\">\n\t\n\t\t<td class=\"gigpress-links-cell\">\n\t\t\t\t\t<\/td>\n\t\t\n\t\t<td colspan=\"3\">\n\t\t\n\t\t\t\t\t\t\t<span class=\"gigpress-info-item\"><span class=\"gigpress-info-label\">Time:<\/span> 1:30pm.<\/span>\n\t\t\t\t\t\t\n\t\t\t\t\t\t\n\t\t\t\t\t\t\n\t\t\t\t\t\t\n\t\t\t \n\t\t\t\t<span class=\"gigpress-info-item\"><span class=\"gigpress-info-label\">Address:<\/span> <a href=\"http:\/\/maps.google.com\/maps?&amp;q=561+rue+St-Patrick,Thetford+Mines,Qu%C3%A9bec,G6G+5W1,CA\" class=\"gigpress-address\">561 rue St-Patrick<\/a>.<\/span>\n\t\t\t\t\t\t\n\t\t\t\t\t\t\t\n\t\t\t\n\t\t\t\t\t\t\n\t\t\t\t\t\t\n\t\t\t\n\t\t\t\t\t\t\t\t\n\t\t\n\t\t<\/td>\n\t\n\t<\/tr>\n<\/tbody>\t\n\n<tbody>\n\t\n\t<tr class=\"gigpress-row active gigpress-alt\">\n\t\n\t\t<td class=\"gigpress-date\">10\/04\/23\t\t\t\t\t<\/td>\n\t\t\n\t\t\t<td class=\"gigpress-artist\">\n\t\t\tMaria et Romano dans &#8220;La Raviolimanie&#8221;\t\t<\/td>\n\t\t\n\t\t<td class=\"gigpress-city\">Thetford Mines, Qu\u00e9bec<\/td>\n\t\t\n\t\t<td class=\"gigpress-venue\"><a href=\"http:\/\/www.diffusiontram.ca\">Salle Dussault<\/a><\/td>\n\t\t\n\t\t\n\t<\/tr>\n\t\n\t<tr class=\"gigpress-info active gigpress-alt\">\n\t\n\t\t<td class=\"gigpress-links-cell\">\n\t\t\t\t\t<\/td>\n\t\t\n\t\t<td colspan=\"3\">\n\t\t\n\t\t\t\t\t\t\t<span class=\"gigpress-info-item\"><span class=\"gigpress-info-label\">Time:<\/span> 1:30pm.<\/span>\n\t\t\t\t\t\t\n\t\t\t\t\t\t\n\t\t\t\t\t\t\n\t\t\t\t\t\t\n\t\t\t \n\t\t\t\t<span class=\"gigpress-info-item\"><span class=\"gigpress-info-label\">Address:<\/span> <a href=\"http:\/\/maps.google.com\/maps?&amp;q=561+rue+St-Patrick,Thetford+Mines,Qu%C3%A9bec,G6G+5W1,CA\" class=\"gigpress-address\">561 rue St-Patrick<\/a>.<\/span>\n\t\t\t\t\t\t\n\t\t\t\t\t\t\t\n\t\t\t\n\t\t\t\t\t\t\n\t\t\t\t\t\t\n\t\t\t\n\t\t\t\t\t\t\t\t\n\t\t\n\t\t<\/td>\n\t\n\t<\/tr>\n<\/tbody>\t\n\n<tbody>\n\t\n\t<tr class=\"gigpress-row active\">\n\t\n\t\t<td class=\"gigpress-date\">10\/03\/23\t\t\t\t\t<\/td>\n\t\t\n\t\t\t<td class=\"gigpress-artist\">\n\t\t\tMaria et Romano dans &#8220;La Raviolimanie&#8221;\t\t<\/td>\n\t\t\n\t\t<td class=\"gigpress-city\">Thetford Mines, Qu\u00e9bec<\/td>\n\t\t\n\t\t<td class=\"gigpress-venue\"><a href=\"http:\/\/www.diffusiontram.ca\">Salle Dussault<\/a><\/td>\n\t\t\n\t\t\n\t<\/tr>\n\t\n\t<tr class=\"gigpress-info active\">\n\t\n\t\t<td class=\"gigpress-links-cell\">\n\t\t\t\t\t<\/td>\n\t\t\n\t\t<td colspan=\"3\">\n\t\t\n\t\t\t\t\t\t\t<span class=\"gigpress-info-item\"><span class=\"gigpress-info-label\">Time:<\/span> 1:30pm.<\/span>\n\t\t\t\t\t\t\n\t\t\t\t\t\t\n\t\t\t\t\t\t\n\t\t\t\t\t\t\n\t\t\t \n\t\t\t\t<span class=\"gigpress-info-item\"><span class=\"gigpress-info-label\">Address:<\/span> <a href=\"http:\/\/maps.google.com\/maps?&amp;q=561+rue+St-Patrick,Thetford+Mines,Qu%C3%A9bec,G6G+5W1,CA\" class=\"gigpress-address\">561 rue St-Patrick<\/a>.<\/span>\n\t\t\t\t\t\t\n\t\t\t\t\t\t\t\n\t\t\t\n\t\t\t\t\t\t\n\t\t\t\t\t\t\n\t\t\t\n\t\t\t\t\t\t\t\t\n\t\t\n\t\t<\/td>\n\t\n\t<\/tr>\n<\/tbody>\t\n\n<tbody>\n\t\n\t<tr class=\"gigpress-row active gigpress-alt\">\n\t\n\t\t<td class=\"gigpress-date\">10\/03\/23\t\t\t\t\t<\/td>\n\t\t\n\t\t\t<td class=\"gigpress-artist\">\n\t\t\tMaria et Romano dans &#8220;La Raviolimanie&#8221;\t\t<\/td>\n\t\t\n\t\t<td class=\"gigpress-city\">Thetford Mines, Qu\u00e9bec<\/td>\n\t\t\n\t\t<td class=\"gigpress-venue\"><a href=\"http:\/\/www.diffusiontram.ca\">Salle Dussault<\/a><\/td>\n\t\t\n\t\t\n\t<\/tr>\n\t\n\t<tr class=\"gigpress-info active gigpress-alt\">\n\t\n\t\t<td class=\"gigpress-links-cell\">\n\t\t\t\t\t<\/td>\n\t\t\n\t\t<td colspan=\"3\">\n\t\t\n\t\t\t\t\t\t\t<span class=\"gigpress-info-item\"><span class=\"gigpress-info-label\">Time:<\/span> 9:45am.<\/span>\n\t\t\t\t\t\t\n\t\t\t\t\t\t\n\t\t\t\t\t\t\n\t\t\t\t\t\t\n\t\t\t \n\t\t\t\t<span class=\"gigpress-info-item\"><span class=\"gigpress-info-label\">Address:<\/span> <a href=\"http:\/\/maps.google.com\/maps?&amp;q=561+rue+St-Patrick,Thetford+Mines,Qu%C3%A9bec,G6G+5W1,CA\" class=\"gigpress-address\">561 rue St-Patrick<\/a>.<\/span>\n\t\t\t\t\t\t\n\t\t\t\t\t\t\t\n\t\t\t\n\t\t\t\t\t\t\n\t\t\t\t\t\t\n\t\t\t\n\t\t\t\t\t\t\t\t\n\t\t\n\t\t<\/td>\n\t\n\t<\/tr>\n<\/tbody>\t\n\n<tbody>\n\t\n\t<tr class=\"gigpress-row active\">\n\t\n\t\t<td class=\"gigpress-date\">08\/02\/23\t\t\t\t\t<\/td>\n\t\t\n\t\t\t<td class=\"gigpress-artist\">\n\t\t\tVoici Maria Cannelloni !\t\t<\/td>\n\t\t\n\t\t<td class=\"gigpress-city\">Sainte-Agathe des Monts, Qu\u00e9bec<\/td>\n\t\t\n\t\t<td class=\"gigpress-venue\">Parc Aur\u00e8le L\u00e9gar\u00e9<\/td>\n\t\t\n\t\t\n\t<\/tr>\n\t\n\t<tr class=\"gigpress-info active\">\n\t\n\t\t<td class=\"gigpress-links-cell\">\n\t\t\t\t\t<\/td>\n\t\t\n\t\t<td colspan=\"3\">\n\t\t\n\t\t\t\t\t\t\t<span class=\"gigpress-info-item\"><span class=\"gigpress-info-label\">Time:<\/span> 10:00am.<\/span>\n\t\t\t\t\t\t\n\t\t\t\t\t\t\n\t\t\t\t\t\t\n\t\t\t\t\t\t\n\t\t\t \n\t\t\t\t<span class=\"gigpress-info-item\"><span class=\"gigpress-info-label\">Address:<\/span> <a href=\"http:\/\/maps.google.com\/maps?&amp;q=118+rue+Demontigny,Sainte-Agathe+des+Monts,Qu%C3%A9bec,J8C+2T3,CA\" class=\"gigpress-address\">118 rue Demontigny<\/a>.<\/span>\n\t\t\t\t\t\t\n\t\t\t\t\t\t\t\n\t\t\t\n\t\t\t\t\t\t\n\t\t\t\t\t\t\n\t\t\t\n\t\t\t\t\t\t\t\t\n\t\t\n\t\t<\/td>\n\t\n\t<\/tr>\n<\/tbody>\t\n\n<tbody>\n\t\n\t<tr class=\"gigpress-row active gigpress-alt\">\n\t\n\t\t<td class=\"gigpress-date\">07\/30\/23\t\t\t\t\t<\/td>\n\t\t\n\t\t\t<td class=\"gigpress-artist\">\n\t\t\tVoici Maria Cannelloni !\t\t<\/td>\n\t\t\n\t\t<td class=\"gigpress-city\">Saint-Hyacinthe<\/td>\n\t\t\n\t\t<td class=\"gigpress-venue\"><a href=\"http:\/\/www.expo-agricole.com\">Exposition agricole de Saint-Hyacinthe<\/a><\/td>\n\t\t\n\t\t\n\t<\/tr>\n\t\n\t<tr class=\"gigpress-info active gigpress-alt\">\n\t\n\t\t<td class=\"gigpress-links-cell\">\n\t\t\t\t\t<\/td>\n\t\t\n\t\t<td colspan=\"3\">\n\t\t\n\t\t\t\t\t\t\t<span class=\"gigpress-info-item\"><span class=\"gigpress-info-label\">Time:<\/span> 11:00am.<\/span>\n\t\t\t\t\t\t\n\t\t\t\t\t\t\n\t\t\t\t\t\t\n\t\t\t\t\t\t\n\t\t\t \n\t\t\t\t<span class=\"gigpress-info-item\"><span class=\"gigpress-info-label\">Address:<\/span> <a href=\"http:\/\/maps.google.com\/maps?&amp;q=Sc%C3%A8ne+ext%C3%A9rieure+pr%C3%A8s+de+l%27ar%C3%A9na+-+2670+rue+Beauparlant,Saint-Hyacinthe,J2S+4M8,CA\" class=\"gigpress-address\">Sc\u00e8ne ext\u00e9rieure pr\u00e8s de l&#8217;ar\u00e9na &#8211; 2670 rue Beauparlant<\/a>.<\/span>\n\t\t\t\t\t\t\n\t\t\t\t\t\t\t\n\t\t\t\n\t\t\t\t\t\t\n\t\t\t\t\t\t\n\t\t\t\n\t\t\t\t\t\t\t\t\n\t\t\n\t\t<\/td>\n\t\n\t<\/tr>\n<\/tbody>\t\n\n<tbody>\n\t\n\t<tr class=\"gigpress-row active\">\n\t\n\t\t<td class=\"gigpress-date\">07\/09\/23\t\t\t\t\t<\/td>\n\t\t\n\t\t\t<td class=\"gigpress-artist\">\n\t\t\tMaria et Romano dans &#8220;La Raviolimanie&#8221;\t\t<\/td>\n\t\t\n\t\t<td class=\"gigpress-city\">Blainville, Qu\u00e9bec<\/td>\n\t\t\n\t\t<td class=\"gigpress-venue\">Place des spectacles &#8211; Blainville<\/td>\n\t\t\n\t\t\n\t<\/tr>\n\t\n\t<tr class=\"gigpress-info active\">\n\t\n\t\t<td class=\"gigpress-links-cell\">\n\t\t\t\t\t<\/td>\n\t\t\n\t\t<td colspan=\"3\">\n\t\t\n\t\t\t\t\t\t\t<span class=\"gigpress-info-item\"><span class=\"gigpress-info-label\">Time:<\/span> 11:00am.<\/span>\n\t\t\t\t\t\t\n\t\t\t\t\t\t\n\t\t\t\t\t\t\n\t\t\t\t\t\t\n\t\t\t \n\t\t\t\t<span class=\"gigpress-info-item\"><span class=\"gigpress-info-label\">Address:<\/span> <a href=\"http:\/\/maps.google.com\/maps?&amp;q=1003+rue+de+la+Mairie,Blainville,Qu%C3%A9bec,J7C+3C7,CA\" class=\"gigpress-address\">1003 rue de la Mairie<\/a>.<\/span>\n\t\t\t\t\t\t\n\t\t\t\t\t\t\t\n\t\t\t\n\t\t\t\t\t\t\n\t\t\t\t\t\t\n\t\t\t\n\t\t\t\t\t\t\t\t\n\t\t\n\t\t<\/td>\n\t\n\t<\/tr>\n<\/tbody>\t\n\n<tbody>\n\t\n\t<tr class=\"gigpress-row active gigpress-alt\">\n\t\n\t\t<td class=\"gigpress-date\">06\/03\/23\t\t\t\t\t<\/td>\n\t\t\n\t\t\t<td class=\"gigpress-artist\">\n\t\t\tMaria Cannelloni et le Macaroni Orchestra\t\t<\/td>\n\t\t\n\t\t<td class=\"gigpress-city\">Laval, Qu\u00e9bec<\/td>\n\t\t\n\t\t<td class=\"gigpress-venue\">La Grande F\u00eate des pompiers de Laval 2023<\/td>\n\t\t\n\t\t\n\t<\/tr>\n\t\n\t<tr class=\"gigpress-info active gigpress-alt\">\n\t\n\t\t<td class=\"gigpress-links-cell\">\n\t\t\t\t\t<\/td>\n\t\t\n\t\t<td colspan=\"3\">\n\t\t\n\t\t\t\t\t\t\t<span class=\"gigpress-info-item\"><span class=\"gigpress-info-label\">Time:<\/span> 11:00am.<\/span>\n\t\t\t\t\t\t\n\t\t\t\t\t\t\n\t\t\t\t\t\t\n\t\t\t\t\t\t\n\t\t\t \n\t\t\t\t<span class=\"gigpress-info-item\"><span class=\"gigpress-info-label\">Address:<\/span> <a href=\"http:\/\/maps.google.com\/maps?&amp;q=Coin+de+l%27Avenir+et+Concorde,Laval,Qu%C3%A9bec,H7N+5H9,CA\" class=\"gigpress-address\">Coin de l&#8217;Avenir et Concorde<\/a>.<\/span>\n\t\t\t\t\t\t\n\t\t\t\t\t\t\t\n\t\t\t\n\t\t\t\t\t\t\n\t\t\t\t\t\t\n\t\t\t\n\t\t\t\t\t\t\t\t\n\t\t\n\t\t<\/td>\n\t\n\t<\/tr>\n<\/tbody>\t\n\n<tbody>\n\t\n\t<tr class=\"gigpress-row active\">\n\t\n\t\t<td class=\"gigpress-date\">05\/21\/23\t\t\t\t\t<\/td>\n\t\t\n\t\t\t<td class=\"gigpress-artist\">\n\t\t\tMaria dans La Mini-Raviolimanie\t\t<\/td>\n\t\t\n\t\t<td class=\"gigpress-city\">Kirkland, Qu\u00e9bec<\/td>\n\t\t\n\t\t<td class=\"gigpress-venue\">Complexe sportif de Kirkland<\/td>\n\t\t\n\t\t\n\t<\/tr>\n\t\n\t<tr class=\"gigpress-info active\">\n\t\n\t\t<td class=\"gigpress-links-cell\">\n\t\t\t\t\t<\/td>\n\t\t\n\t\t<td colspan=\"3\">\n\t\t\n\t\t\t\t\t\t\t<span class=\"gigpress-info-item\"><span class=\"gigpress-info-label\">Time:<\/span> 11:30am.<\/span>\n\t\t\t\t\t\t\n\t\t\t\t\t\t\n\t\t\t\t\t\t\n\t\t\t\t\t\t\n\t\t\t \n\t\t\t\t<span class=\"gigpress-info-item\"><span class=\"gigpress-info-label\">Address:<\/span> <a href=\"http:\/\/maps.google.com\/maps?&amp;q=16950+boul+Hymus,Kirkland,Qu%C3%A9bec,H9H+3W7,CA\" class=\"gigpress-address\">16950 boul Hymus<\/a>.<\/span>\n\t\t\t\t\t\t\n\t\t\t\t\t\t\t\n\t\t\t\n\t\t\t\t\t\t\n\t\t\t\t\t\t\n\t\t\t\n\t\t\t\t\t\t\t\t\n\t\t\n\t\t<\/td>\n\t\n\t<\/tr>\n<\/tbody>\t\n\n<tbody>\n\t\n\t<tr class=\"gigpress-row active gigpress-alt\">\n\t\n\t\t<td class=\"gigpress-date\">01\/22\/23\t\t\t\t\t<\/td>\n\t\t\n\t\t\t<td class=\"gigpress-artist\">\n\t\t\tMaria dans La Mini-Raviolimanie\t\t<\/td>\n\t\t\n\t\t<td class=\"gigpress-city\">Sainte-Julie, Qu\u00e9bec<\/td>\n\t\t\n\t\t<td class=\"gigpress-venue\">Biblioth\u00e8que de Sainte-Julie<\/td>\n\t\t\n\t\t\n\t<\/tr>\n\t\n\t<tr class=\"gigpress-info active gigpress-alt\">\n\t\n\t\t<td class=\"gigpress-links-cell\">\n\t\t\t\t\t<\/td>\n\t\t\n\t\t<td colspan=\"3\">\n\t\t\n\t\t\t\t\t\t\t<span class=\"gigpress-info-item\"><span class=\"gigpress-info-label\">Time:<\/span> 2:00pm.<\/span>\n\t\t\t\t\t\t\n\t\t\t\t\t\t\n\t\t\t\t\t\t\n\t\t\t\t\t\t\n\t\t\t \n\t\t\t\t<span class=\"gigpress-info-item\"><span class=\"gigpress-info-label\">Address:<\/span> <a href=\"http:\/\/maps.google.com\/maps?&amp;q=1600+Chemin+du+Fer-%C3%A0-Cheval,Sainte-Julie,Qu%C3%A9bec,J3E+2M1,CA\" class=\"gigpress-address\">1600 Chemin du Fer-\u00e0-Cheval<\/a>.<\/span>\n\t\t\t\t\t\t\n\t\t\t\t\t\t\t\n\t\t\t\n\t\t\t\t\t\t\n\t\t\t\t\t\t\n\t\t\t\n\t\t\t\t\t\t\t\t\n\t\t\n\t\t<\/td>\n\t\n\t<\/tr>\n<\/tbody>\t\n\n<tbody>\n\t<tr>\n\t\t<th colspan=\"4\" class=\"gigpress-heading\">\n\t\t\tTour: Maria \u00e0 Gatineau !\t\t<\/th>\n\t<\/tr>\t\n<\/tbody>\n\n<tbody>\n\t\n\t<tr class=\"gigpress-row active gigpress-tour\">\n\t\n\t\t<td class=\"gigpress-date\">12\/12\/22\t\t\t\t\t<\/td>\n\t\t\n\t\t\t<td class=\"gigpress-artist\">\n\t\t\t\u00c0 la rescousse de No\u00ebl (formule solo)\t\t<\/td>\n\t\t\n\t\t<td class=\"gigpress-city\">Gatineau, Qu\u00e9bec<\/td>\n\t\t\n\t\t<td class=\"gigpress-venue\">Cabaret La Basoche \/ Centre culturel du Vieux- Aylmer<\/td>\n\t\t\n\t\t\n\t<\/tr>\n\t\n\t<tr class=\"gigpress-info active gigpress-tour\">\n\t\n\t\t<td class=\"gigpress-links-cell\">\n\t\t\t\t\t<\/td>\n\t\t\n\t\t<td colspan=\"3\">\n\t\t\n\t\t\t\t\t\t\t<span class=\"gigpress-info-item\"><span class=\"gigpress-info-label\">Time:<\/span> 1:30pm.<\/span>\n\t\t\t\t\t\t\n\t\t\t\t\t\t\n\t\t\t\t\t\t\n\t\t\t\t\t\t\n\t\t\t \n\t\t\t\t<span class=\"gigpress-info-item\"><span class=\"gigpress-info-label\">Address:<\/span> <a href=\"http:\/\/maps.google.com\/maps?&amp;q=120+rue+Principale,Gatineau,Qu%C3%A9bec,CA\" class=\"gigpress-address\">120 rue Principale<\/a>.<\/span>\n\t\t\t\t\t\t\n\t\t\t\t\t\t\t\n\t\t\t\n\t\t\t\t\t\t\t<span class=\"gigpress-info-item\">Repr\u00e9sentation scolaire<\/span>\n\t\t\t\t\t\t\n\t\t\t\t\t\t\n\t\t\t\n\t\t\t\t\t\t\t\t\n\t\t\n\t\t<\/td>\n\t\n\t<\/tr>\n<\/tbody>\t\n\n<tbody>\n\t\n\t<tr class=\"gigpress-row active gigpress-alt gigpress-tour\">\n\t\n\t\t<td class=\"gigpress-date\">12\/12\/22\t\t\t\t\t<\/td>\n\t\t\n\t\t\t<td class=\"gigpress-artist\">\n\t\t\t\u00c0 la rescousse de No\u00ebl (formule solo)\t\t<\/td>\n\t\t\n\t\t<td class=\"gigpress-city\">Gatineau, Qu\u00e9bec<\/td>\n\t\t\n\t\t<td class=\"gigpress-venue\">Cabaret La Basoche \/ Centre culturel du Vieux- Aylmer<\/td>\n\t\t\n\t\t\n\t<\/tr>\n\t\n\t<tr class=\"gigpress-info active gigpress-alt gigpress-tour\">\n\t\n\t\t<td class=\"gigpress-links-cell\">\n\t\t\t\t\t<\/td>\n\t\t\n\t\t<td colspan=\"3\">\n\t\t\n\t\t\t\t\t\t\t<span class=\"gigpress-info-item\"><span class=\"gigpress-info-label\">Time:<\/span> 9:30am.<\/span>\n\t\t\t\t\t\t\n\t\t\t\t\t\t\n\t\t\t\t\t\t\n\t\t\t\t\t\t\n\t\t\t \n\t\t\t\t<span class=\"gigpress-info-item\"><span class=\"gigpress-info-label\">Address:<\/span> <a href=\"http:\/\/maps.google.com\/maps?&amp;q=120+rue+Principale,Gatineau,Qu%C3%A9bec,CA\" class=\"gigpress-address\">120 rue Principale<\/a>.<\/span>\n\t\t\t\t\t\t\n\t\t\t\t\t\t\t\n\t\t\t\n\t\t\t\t\t\t\t<span class=\"gigpress-info-item\">Repr\u00e9sentation scolaire<\/span>\n\t\t\t\t\t\t\n\t\t\t\t\t\t\n\t\t\t\n\t\t\t\t\t\t\t\t\n\t\t\n\t\t<\/td>\n\t\n\t<\/tr>\n<\/tbody>\t\n\n<tbody>\n\t\n\t<tr class=\"gigpress-row active gigpress-tour\">\n\t\n\t\t<td class=\"gigpress-date\">12\/11\/22\t\t\t\t\t<\/td>\n\t\t\n\t\t\t<td class=\"gigpress-artist\">\n\t\t\t\u00c0 la rescousse de No\u00ebl (formule solo)\t\t<\/td>\n\t\t\n\t\t<td class=\"gigpress-city\">Gatineau, Qu\u00e9bec<\/td>\n\t\t\n\t\t<td class=\"gigpress-venue\">Cabaret La Basoche \/ Centre culturel du Vieux- Aylmer<\/td>\n\t\t\n\t\t\n\t<\/tr>\n\t\n\t<tr class=\"gigpress-info active gigpress-tour\">\n\t\n\t\t<td class=\"gigpress-links-cell\">\n\t\t\t\t\t<\/td>\n\t\t\n\t\t<td colspan=\"3\">\n\t\t\n\t\t\t\t\t\t\t<span class=\"gigpress-info-item\"><span class=\"gigpress-info-label\">Time:<\/span> 11:00am.<\/span>\n\t\t\t\t\t\t\n\t\t\t\t\t\t\n\t\t\t\t\t\t\n\t\t\t\t\t\t\n\t\t\t \n\t\t\t\t<span class=\"gigpress-info-item\"><span class=\"gigpress-info-label\">Address:<\/span> <a href=\"http:\/\/maps.google.com\/maps?&amp;q=120+rue+Principale,Gatineau,Qu%C3%A9bec,CA\" class=\"gigpress-address\">120 rue Principale<\/a>.<\/span>\n\t\t\t\t\t\t\n\t\t\t\t\t\t\t\n\t\t\t\n\t\t\t\t\t\t\n\t\t\t\t\t\t\n\t\t\t\n\t\t\t\t\t\t\t\t\n\t\t\n\t\t<\/td>\n\t\n\t<\/tr>\n<\/tbody>\t\n\n<tbody>\n\t\n\t<tr class=\"gigpress-row active gigpress-alt gigpress-divider\">\n\t\n\t\t<td class=\"gigpress-date\">11\/20\/22\t\t\t\t\t<\/td>\n\t\t\n\t\t\t<td class=\"gigpress-artist\">\n\t\t\tMaria dans La Mini-Raviolimanie\t\t<\/td>\n\t\t\n\t\t<td class=\"gigpress-city\">Saint-Agathe-des-Monts, Qu\u00e9bec<\/td>\n\t\t\n\t\t<td class=\"gigpress-venue\">Biblioth\u00e8que Gaston Miron<\/td>\n\t\t\n\t\t\n\t<\/tr>\n\t\n\t<tr class=\"gigpress-info active gigpress-alt gigpress-divider\">\n\t\n\t\t<td class=\"gigpress-links-cell\">\n\t\t\t\t\t<\/td>\n\t\t\n\t\t<td colspan=\"3\">\n\t\t\n\t\t\t\t\t\t\t<span class=\"gigpress-info-item\"><span class=\"gigpress-info-label\">Time:<\/span> 10:00am.<\/span>\n\t\t\t\t\t\t\n\t\t\t\t\t\t\n\t\t\t\t\t\t\n\t\t\t\t\t\t\n\t\t\t \n\t\t\t\t<span class=\"gigpress-info-item\"><span class=\"gigpress-info-label\">Address:<\/span> <a href=\"http:\/\/maps.google.com\/maps?&amp;q=83+rue+Vincent,Saint-Agathe-des-Monts,Qu%C3%A9bec,J8C+2A8,CA\" class=\"gigpress-address\">83 rue Vincent<\/a>.<\/span>\n\t\t\t\t\t\t\n\t\t\t\t\t\t\t\n\t\t\t\n\t\t\t\t\t\t\n\t\t\t\t\t\t\n\t\t\t\n\t\t\t\t\t\t\t\t\n\t\t\n\t\t<\/td>\n\t\n\t<\/tr>\n<\/tbody>\t\n\n<tbody>\n\t\n\t<tr class=\"gigpress-row active\">\n\t\n\t\t<td class=\"gigpress-date\">11\/12\/22\t\t\t\t\t<\/td>\n\t\t\n\t\t\t<td class=\"gigpress-artist\">\n\t\t\tVoici Maria Cannelloni !\t\t<\/td>\n\t\t\n\t\t<td class=\"gigpress-city\">Saint-Sauveur, Qu\u00e9bec<\/td>\n\t\t\n\t\t<td class=\"gigpress-venue\">Chalet Pauline Vanier<\/td>\n\t\t\n\t\t\n\t<\/tr>\n\t\n\t<tr class=\"gigpress-info active\">\n\t\n\t\t<td class=\"gigpress-links-cell\">\n\t\t\t\t\t<\/td>\n\t\t\n\t\t<td colspan=\"3\">\n\t\t\n\t\t\t\t\t\t\t<span class=\"gigpress-info-item\"><span class=\"gigpress-info-label\">Time:<\/span> 10:00am.<\/span>\n\t\t\t\t\t\t\n\t\t\t\t\t\t\n\t\t\t\t\t\t\n\t\t\t\t\t\t\n\t\t\t \n\t\t\t\t<span class=\"gigpress-info-item\"><span class=\"gigpress-info-label\">Address:<\/span> <a href=\"http:\/\/maps.google.com\/maps?&amp;q=33%2C+avenue+de+l%27%C3%89glise,Saint-Sauveur,Qu%C3%A9bec,J0R+1R0,CA\" class=\"gigpress-address\">33, avenue de l&#8217;\u00c9glise<\/a>.<\/span>\n\t\t\t\t\t\t\n\t\t\t\t\t\t\t\n\t\t\t\n\t\t\t\t\t\t\n\t\t\t\t\t\t\n\t\t\t\n\t\t\t\t\t\t\t\t\n\t\t\n\t\t<\/td>\n\t\n\t<\/tr>\n<\/tbody>\t\n\n<tbody>\n\t<tr>\n\t\t<th colspan=\"4\" class=\"gigpress-heading\">\n\t\t\tTour: Viens c\u00e9l\u00e9brer l&#8217;automne avec Maria \u00e0 Val-Saint-C\u00f4me\t\t<\/th>\n\t<\/tr>\t\n<\/tbody>\n\n<tbody>\n\t\n\t<tr class=\"gigpress-row active gigpress-alt gigpress-tour\">\n\t\n\t\t<td class=\"gigpress-date\">10\/10\/22\t\t\t\t\t<\/td>\n\t\t\n\t\t\t<td class=\"gigpress-artist\">\n\t\t\tVoici Maria Cannelloni !\t\t<\/td>\n\t\t\n\t\t<td class=\"gigpress-city\">Val-Saint-C\u00f4me<\/td>\n\t\t\n\t\t<td class=\"gigpress-venue\"><a href=\"http:\/\/www.valsaintcome.com\/fr\">Festival des couleurs de Val Saint-C\u00f4me<\/a><\/td>\n\t\t\n\t\t\n\t<\/tr>\n\t\n\t<tr class=\"gigpress-info active gigpress-alt gigpress-tour\">\n\t\n\t\t<td class=\"gigpress-links-cell\">\n\t\t\t\t\t<\/td>\n\t\t\n\t\t<td colspan=\"3\">\n\t\t\n\t\t\t\t\t\t\t<span class=\"gigpress-info-item\"><span class=\"gigpress-info-label\">Time:<\/span> 11:00am.<\/span>\n\t\t\t\t\t\t\n\t\t\t\t\t\t\n\t\t\t\t\t\t\n\t\t\t\t\t\t\n\t\t\t \n\t\t\t\t<span class=\"gigpress-info-item\"><span class=\"gigpress-info-label\">Address:<\/span> <a href=\"http:\/\/maps.google.com\/maps?&amp;q=501%2C+rue+Val-Saint-C%C3%B4me,Val-Saint-C%C3%B4me,J0K+2B0,CA\" class=\"gigpress-address\">501, rue Val-Saint-C\u00f4me<\/a>.<\/span>\n\t\t\t\t\t\t\n\t\t\t\t\t\t\t\n\t\t\t\n\t\t\t\t\t\t\n\t\t\t\t\t\t\n\t\t\t\n\t\t\t\t\t\t\t\t\n\t\t\n\t\t<\/td>\n\t\n\t<\/tr>\n<\/tbody>\t\n\n<tbody>\n\t\n\t<tr class=\"gigpress-row active gigpress-tour\">\n\t\n\t\t<td class=\"gigpress-date\">10\/10\/22\t\t\t\t\t<\/td>\n\t\t\n\t\t\t<td class=\"gigpress-artist\">\n\t\t\tVoici Maria Cannelloni !\t\t<\/td>\n\t\t\n\t\t<td class=\"gigpress-city\">Val-Saint-C\u00f4me<\/td>\n\t\t\n\t\t<td class=\"gigpress-venue\"><a href=\"http:\/\/www.valsaintcome.com\/fr\">Festival des couleurs de Val Saint-C\u00f4me<\/a><\/td>\n\t\t\n\t\t\n\t<\/tr>\n\t\n\t<tr class=\"gigpress-info active gigpress-tour\">\n\t\n\t\t<td class=\"gigpress-links-cell\">\n\t\t\t\t\t<\/td>\n\t\t\n\t\t<td colspan=\"3\">\n\t\t\n\t\t\t\t\t\t\t<span class=\"gigpress-info-item\"><span class=\"gigpress-info-label\">Time:<\/span> 11:00am.<\/span>\n\t\t\t\t\t\t\n\t\t\t\t\t\t\n\t\t\t\t\t\t\n\t\t\t\t\t\t\n\t\t\t \n\t\t\t\t<span class=\"gigpress-info-item\"><span class=\"gigpress-info-label\">Address:<\/span> <a href=\"http:\/\/maps.google.com\/maps?&amp;q=501%2C+rue+Val-Saint-C%C3%B4me,Val-Saint-C%C3%B4me,J0K+2B0,CA\" class=\"gigpress-address\">501, rue Val-Saint-C\u00f4me<\/a>.<\/span>\n\t\t\t\t\t\t\n\t\t\t\t\t\t\t\n\t\t\t\n\t\t\t\t\t\t\n\t\t\t\t\t\t\n\t\t\t\n\t\t\t\t\t\t\t\t\n\t\t\n\t\t<\/td>\n\t\n\t<\/tr>\n<\/tbody>\t\n\n<tbody>\n\t\n\t<tr class=\"gigpress-row active gigpress-alt gigpress-divider\">\n\t\n\t\t<td class=\"gigpress-date\">10\/09\/22\t\t\t\t\t<\/td>\n\t\t\n\t\t\t<td class=\"gigpress-artist\">\n\t\t\tVoici Maria Cannelloni !\t\t<\/td>\n\t\t\n\t\t<td class=\"gigpress-city\">Val-Saint-C\u00f4me<\/td>\n\t\t\n\t\t<td class=\"gigpress-venue\"><a href=\"http:\/\/www.valsaintcome.com\/fr\">Festival des couleurs de Val Saint-C\u00f4me<\/a><\/td>\n\t\t\n\t\t\n\t<\/tr>\n\t\n\t<tr class=\"gigpress-info active gigpress-alt gigpress-divider\">\n\t\n\t\t<td class=\"gigpress-links-cell\">\n\t\t\t\t\t<\/td>\n\t\t\n\t\t<td colspan=\"3\">\n\t\t\n\t\t\t\t\t\t\t<span class=\"gigpress-info-item\"><span class=\"gigpress-info-label\">Time:<\/span> 11:00am.<\/span>\n\t\t\t\t\t\t\n\t\t\t\t\t\t\n\t\t\t\t\t\t\n\t\t\t\t\t\t\n\t\t\t \n\t\t\t\t<span class=\"gigpress-info-item\"><span class=\"gigpress-info-label\">Address:<\/span> <a href=\"http:\/\/maps.google.com\/maps?&amp;q=501%2C+rue+Val-Saint-C%C3%B4me,Val-Saint-C%C3%B4me,J0K+2B0,CA\" class=\"gigpress-address\">501, rue Val-Saint-C\u00f4me<\/a>.<\/span>\n\t\t\t\t\t\t\n\t\t\t\t\t\t\t\n\t\t\t\n\t\t\t\t\t\t\n\t\t\t\t\t\t\n\t\t\t\n\t\t\t\t\t\t\t\t\n\t\t\n\t\t<\/td>\n\t\n\t<\/tr>\n<\/tbody>\t\n\n<tbody>\n\t\n\t<tr class=\"gigpress-row active\">\n\t\n\t\t<td class=\"gigpress-date\">10\/09\/22\t\t\t\t\t<\/td>\n\t\t\n\t\t\t<td class=\"gigpress-artist\">\n\t\t\tMaria et Romano dans &#8220;La Raviolimanie&#8221;\t\t<\/td>\n\t\t\n\t\t<td class=\"gigpress-city\">La Prairie, Qu\u00e9bec<\/td>\n\t\t\n\t\t<td class=\"gigpress-venue\"><a href=\"http:\/\/spectaclleslaprairie.tuxedobillet.com\">Th\u00e9\u00e2tre du Vieux La Prairie<\/a><\/td>\n\t\t\n\t\t\n\t<\/tr>\n\t\n\t<tr class=\"gigpress-info active\">\n\t\n\t\t<td class=\"gigpress-links-cell\">\n\t\t\t\t\t<\/td>\n\t\t\n\t\t<td colspan=\"3\">\n\t\t\n\t\t\t\t\t\t\t<span class=\"gigpress-info-item\"><span class=\"gigpress-info-label\">Time:<\/span> 10:30am.<\/span>\n\t\t\t\t\t\t\n\t\t\t\t\t\t\n\t\t\t\t\t\t\n\t\t\t\t\t\t\n\t\t\t \n\t\t\t\t<span class=\"gigpress-info-item\"><span class=\"gigpress-info-label\">Address:<\/span> <a href=\"http:\/\/maps.google.com\/maps?&amp;q=247+rue+Sainte-Marie,La+Prairie,Qu%C3%A9bec,J5R+1G1,CA\" class=\"gigpress-address\">247 rue Sainte-Marie<\/a>.<\/span>\n\t\t\t\t\t\t\n\t\t\t\t\t\t\t<span class=\"gigpress-info-item\"><span class=\"gigpress-info-label\">Venue phone:<\/span> 450-444-6733.<\/span>\n\t\t\t\t\t\t\t\n\t\t\t\n\t\t\t\t\t\t\n\t\t\t\t\t\t\n\t\t\t\n\t\t\t\t\t\t\t\t\n\t\t\n\t\t<\/td>\n\t\n\t<\/tr>\n<\/tbody>\t\n\n<tbody>\n\t<tr>\n\t\t<th colspan=\"4\" class=\"gigpress-heading\">\n\t\t\tTour: Viens c\u00e9l\u00e9brer l&#8217;automne avec Maria \u00e0 Val-Saint-C\u00f4me\t\t<\/th>\n\t<\/tr>\t\n<\/tbody>\n\n<tbody>\n\t\n\t<tr class=\"gigpress-row active gigpress-alt gigpress-tour\">\n\t\n\t\t<td class=\"gigpress-date\">10\/08\/22\t\t\t\t\t<\/td>\n\t\t\n\t\t\t<td class=\"gigpress-artist\">\n\t\t\tVoici Maria Cannelloni !\t\t<\/td>\n\t\t\n\t\t<td class=\"gigpress-city\">Val-Saint-C\u00f4me<\/td>\n\t\t\n\t\t<td class=\"gigpress-venue\"><a href=\"http:\/\/www.valsaintcome.com\/fr\">Festival des couleurs de Val Saint-C\u00f4me<\/a><\/td>\n\t\t\n\t\t\n\t<\/tr>\n\t\n\t<tr class=\"gigpress-info active gigpress-alt gigpress-tour\">\n\t\n\t\t<td class=\"gigpress-links-cell\">\n\t\t\t\t\t<\/td>\n\t\t\n\t\t<td colspan=\"3\">\n\t\t\n\t\t\t\t\t\t\t<span class=\"gigpress-info-item\"><span class=\"gigpress-info-label\">Time:<\/span> 11:00am.<\/span>\n\t\t\t\t\t\t\n\t\t\t\t\t\t\n\t\t\t\t\t\t\n\t\t\t\t\t\t\n\t\t\t \n\t\t\t\t<span class=\"gigpress-info-item\"><span class=\"gigpress-info-label\">Address:<\/span> <a href=\"http:\/\/maps.google.com\/maps?&amp;q=501%2C+rue+Val-Saint-C%C3%B4me,Val-Saint-C%C3%B4me,J0K+2B0,CA\" class=\"gigpress-address\">501, rue Val-Saint-C\u00f4me<\/a>.<\/span>\n\t\t\t\t\t\t\n\t\t\t\t\t\t\t\n\t\t\t\n\t\t\t\t\t\t\n\t\t\t\t\t\t\n\t\t\t\n\t\t\t\t\t\t\t\t\n\t\t\n\t\t<\/td>\n\t\n\t<\/tr>\n<\/tbody>\t\n\n<tbody>\n\t\n\t<tr class=\"gigpress-row active gigpress-tour\">\n\t\n\t\t<td class=\"gigpress-date\">10\/02\/22\t\t\t\t\t<\/td>\n\t\t\n\t\t\t<td class=\"gigpress-artist\">\n\t\t\tVoici Maria Cannelloni !\t\t<\/td>\n\t\t\n\t\t<td class=\"gigpress-city\">Val-Saint-C\u00f4me<\/td>\n\t\t\n\t\t<td class=\"gigpress-venue\"><a href=\"http:\/\/www.valsaintcome.com\/fr\">Festival des couleurs de Val Saint-C\u00f4me<\/a><\/td>\n\t\t\n\t\t\n\t<\/tr>\n\t\n\t<tr class=\"gigpress-info active gigpress-tour\">\n\t\n\t\t<td class=\"gigpress-links-cell\">\n\t\t\t\t\t<\/td>\n\t\t\n\t\t<td colspan=\"3\">\n\t\t\n\t\t\t\t\t\t\t<span class=\"gigpress-info-item\"><span class=\"gigpress-info-label\">Time:<\/span> 11:00am.<\/span>\n\t\t\t\t\t\t\n\t\t\t\t\t\t\n\t\t\t\t\t\t\n\t\t\t\t\t\t\n\t\t\t \n\t\t\t\t<span class=\"gigpress-info-item\"><span class=\"gigpress-info-label\">Address:<\/span> <a href=\"http:\/\/maps.google.com\/maps?&amp;q=501%2C+rue+Val-Saint-C%C3%B4me,Val-Saint-C%C3%B4me,J0K+2B0,CA\" class=\"gigpress-address\">501, rue Val-Saint-C\u00f4me<\/a>.<\/span>\n\t\t\t\t\t\t\n\t\t\t\t\t\t\t\n\t\t\t\n\t\t\t\t\t\t\n\t\t\t\t\t\t\n\t\t\t\n\t\t\t\t\t\t\t\t\n\t\t\n\t\t<\/td>\n\t\n\t<\/tr>\n<\/tbody>\t\n\n<tbody>\n\t\n\t<tr class=\"gigpress-row active gigpress-alt gigpress-tour\">\n\t\n\t\t<td class=\"gigpress-date\">10\/01\/22\t\t\t\t\t<\/td>\n\t\t\n\t\t\t<td class=\"gigpress-artist\">\n\t\t\tVoici Maria Cannelloni !\t\t<\/td>\n\t\t\n\t\t<td class=\"gigpress-city\">Val-Saint-C\u00f4me<\/td>\n\t\t\n\t\t<td class=\"gigpress-venue\"><a href=\"http:\/\/www.valsaintcome.com\/fr\">Festival des couleurs de Val Saint-C\u00f4me<\/a><\/td>\n\t\t\n\t\t\n\t<\/tr>\n\t\n\t<tr class=\"gigpress-info active gigpress-alt gigpress-tour\">\n\t\n\t\t<td class=\"gigpress-links-cell\">\n\t\t\t\t\t<\/td>\n\t\t\n\t\t<td colspan=\"3\">\n\t\t\n\t\t\t\t\t\t\t<span class=\"gigpress-info-item\"><span class=\"gigpress-info-label\">Time:<\/span> 11:00am.<\/span>\n\t\t\t\t\t\t\n\t\t\t\t\t\t\n\t\t\t\t\t\t\n\t\t\t\t\t\t\n\t\t\t \n\t\t\t\t<span class=\"gigpress-info-item\"><span class=\"gigpress-info-label\">Address:<\/span> <a href=\"http:\/\/maps.google.com\/maps?&amp;q=501%2C+rue+Val-Saint-C%C3%B4me,Val-Saint-C%C3%B4me,J0K+2B0,CA\" class=\"gigpress-address\">501, rue Val-Saint-C\u00f4me<\/a>.<\/span>\n\t\t\t\t\t\t\n\t\t\t\t\t\t\t\n\t\t\t\n\t\t\t\t\t\t\n\t\t\t\t\t\t\n\t\t\t\n\t\t\t\t\t\t\t\t\n\t\t\n\t\t<\/td>\n\t\n\t<\/tr>\n<\/tbody>\t\n\n<tbody>\n\t\n\t<tr class=\"gigpress-row active gigpress-tour\">\n\t\n\t\t<td class=\"gigpress-date\">09\/25\/22\t\t\t\t\t<\/td>\n\t\t\n\t\t\t<td class=\"gigpress-artist\">\n\t\t\tVoici Maria Cannelloni !\t\t<\/td>\n\t\t\n\t\t<td class=\"gigpress-city\">Val-Saint-C\u00f4me<\/td>\n\t\t\n\t\t<td class=\"gigpress-venue\"><a href=\"http:\/\/www.valsaintcome.com\/fr\">Festival des couleurs de Val Saint-C\u00f4me<\/a><\/td>\n\t\t\n\t\t\n\t<\/tr>\n\t\n\t<tr class=\"gigpress-info active gigpress-tour\">\n\t\n\t\t<td class=\"gigpress-links-cell\">\n\t\t\t\t\t<\/td>\n\t\t\n\t\t<td colspan=\"3\">\n\t\t\n\t\t\t\t\t\t\t<span class=\"gigpress-info-item\"><span class=\"gigpress-info-label\">Time:<\/span> 11:00am.<\/span>\n\t\t\t\t\t\t\n\t\t\t\t\t\t\n\t\t\t\t\t\t\n\t\t\t\t\t\t\n\t\t\t \n\t\t\t\t<span class=\"gigpress-info-item\"><span class=\"gigpress-info-label\">Address:<\/span> <a href=\"http:\/\/maps.google.com\/maps?&amp;q=501%2C+rue+Val-Saint-C%C3%B4me,Val-Saint-C%C3%B4me,J0K+2B0,CA\" class=\"gigpress-address\">501, rue Val-Saint-C\u00f4me<\/a>.<\/span>\n\t\t\t\t\t\t\n\t\t\t\t\t\t\t\n\t\t\t\n\t\t\t\t\t\t\n\t\t\t\t\t\t\n\t\t\t\n\t\t\t\t\t\t\t\t\n\t\t\n\t\t<\/td>\n\t\n\t<\/tr>\n<\/tbody>\t\n\n<tbody>\n\t\n\t<tr class=\"gigpress-row active gigpress-alt gigpress-tour\">\n\t\n\t\t<td class=\"gigpress-date\">09\/24\/22\t\t\t\t\t<\/td>\n\t\t\n\t\t\t<td class=\"gigpress-artist\">\n\t\t\tVoici Maria Cannelloni !\t\t<\/td>\n\t\t\n\t\t<td class=\"gigpress-city\">Val-Saint-C\u00f4me<\/td>\n\t\t\n\t\t<td class=\"gigpress-venue\"><a href=\"http:\/\/www.valsaintcome.com\/fr\">Festival des couleurs de Val Saint-C\u00f4me<\/a><\/td>\n\t\t\n\t\t\n\t<\/tr>\n\t\n\t<tr class=\"gigpress-info active gigpress-alt gigpress-tour\">\n\t\n\t\t<td class=\"gigpress-links-cell\">\n\t\t\t\t\t<\/td>\n\t\t\n\t\t<td colspan=\"3\">\n\t\t\n\t\t\t\t\t\t\t<span class=\"gigpress-info-item\"><span class=\"gigpress-info-label\">Time:<\/span> 11:00am.<\/span>\n\t\t\t\t\t\t\n\t\t\t\t\t\t\n\t\t\t\t\t\t\n\t\t\t\t\t\t\n\t\t\t \n\t\t\t\t<span class=\"gigpress-info-item\"><span class=\"gigpress-info-label\">Address:<\/span> <a href=\"http:\/\/maps.google.com\/maps?&amp;q=501%2C+rue+Val-Saint-C%C3%B4me,Val-Saint-C%C3%B4me,J0K+2B0,CA\" class=\"gigpress-address\">501, rue Val-Saint-C\u00f4me<\/a>.<\/span>\n\t\t\t\t\t\t\n\t\t\t\t\t\t\t\n\t\t\t\n\t\t\t\t\t\t\n\t\t\t\t\t\t\n\t\t\t\n\t\t\t\t\t\t\t\t\n\t\t\n\t\t<\/td>\n\t\n\t<\/tr>\n<\/tbody>\t\n\n<tbody>\n\t\n\t<tr class=\"gigpress-row active gigpress-divider\">\n\t\n\t\t<td class=\"gigpress-date\">09\/04\/22\t\t\t\t\t<\/td>\n\t\t\n\t\t\t<td class=\"gigpress-artist\">\n\t\t\tMaria et Romano dans &#8220;La Raviolimanie&#8221;\t\t<\/td>\n\t\t\n\t\t<td class=\"gigpress-city\">Laval<\/td>\n\t\t\n\t\t<td class=\"gigpress-venue\"><a href=\"http:\/\/www.laval.ca\">Centre de la nature \/ La f\u00eate de la famille de Laval<\/a><\/td>\n\t\t\n\t\t\n\t<\/tr>\n\t\n\t<tr class=\"gigpress-info active gigpress-divider\">\n\t\n\t\t<td class=\"gigpress-links-cell\">\n\t\t\t\t\t<\/td>\n\t\t\n\t\t<td colspan=\"3\">\n\t\t\n\t\t\t\t\t\t\t<span class=\"gigpress-info-item\"><span class=\"gigpress-info-label\">Time:<\/span> 11:45am.<\/span>\n\t\t\t\t\t\t\n\t\t\t\t\t\t\n\t\t\t\t\t\t\n\t\t\t\t\t\t\n\t\t\t \n\t\t\t\t<span class=\"gigpress-info-item\"><span class=\"gigpress-info-label\">Address:<\/span> <a href=\"http:\/\/maps.google.com\/maps?&amp;q=901+avenue+du+Parc,Laval,H7E+2T7,CA\" class=\"gigpress-address\">901 avenue du Parc<\/a>.<\/span>\n\t\t\t\t\t\t\n\t\t\t\t\t\t\t\n\t\t\t\n\t\t\t\t\t\t\n\t\t\t\t\t\t\n\t\t\t\n\t\t\t\t\t\t\t\t\n\t\t\n\t\t<\/td>\n\t\n\t<\/tr>\n<\/tbody>\t\n\n<tbody>\n\t\n\t<tr class=\"gigpress-row active gigpress-alt\">\n\t\n\t\t<td class=\"gigpress-date\">08\/21\/22\t\t\t\t\t<\/td>\n\t\t\n\t\t\t<td class=\"gigpress-artist\">\n\t\t\tVoici Maria Cannelloni !\t\t<\/td>\n\t\t\n\t\t<td class=\"gigpress-city\">Kirkland<\/td>\n\t\t\n\t\t<td class=\"gigpress-venue\">Parc H\u00e9ritage<\/td>\n\t\t\n\t\t\n\t<\/tr>\n\t\n\t<tr class=\"gigpress-info active gigpress-alt\">\n\t\n\t\t<td class=\"gigpress-links-cell\">\n\t\t\t\t\t<\/td>\n\t\t\n\t\t<td colspan=\"3\">\n\t\t\n\t\t\t\t\t\t\t<span class=\"gigpress-info-item\"><span class=\"gigpress-info-label\">Time:<\/span> 11:00am.<\/span>\n\t\t\t\t\t\t\n\t\t\t\t\t\t\n\t\t\t\t\t\t\n\t\t\t\t\t\t\n\t\t\t \n\t\t\t\t<span class=\"gigpress-info-item\"><span class=\"gigpress-info-label\">Address:<\/span> <a href=\"http:\/\/maps.google.com\/maps?&amp;q=Chemin+Lanthier%2C+Kirkland,Kirkland,CA\" class=\"gigpress-address\">Chemin Lanthier, Kirkland<\/a>.<\/span>\n\t\t\t\t\t\t\n\t\t\t\t\t\t\t\n\t\t\t\n\t\t\t\t\t\t\n\t\t\t\t\t\t\n\t\t\t\n\t\t\t\t\t\t\t\t\n\t\t\n\t\t<\/td>\n\t\n\t<\/tr>\n<\/tbody>\t\n\n<tbody>\n\t<tr>\n\t\t<th colspan=\"4\" class=\"gigpress-heading\">\n\t\t\tTour: Maria Cannelloni en route vers Caraquet !\t\t<\/th>\n\t<\/tr>\t\n<\/tbody>\n\n<tbody>\n\t\n\t<tr class=\"gigpress-row active gigpress-tour\">\n\t\n\t\t<td class=\"gigpress-date\">08\/10\/22\t\t\t\t\t<\/td>\n\t\t\n\t\t\t<td class=\"gigpress-artist\">\n\t\t\tVoici Maria Cannelloni !\t\t<\/td>\n\t\t\n\t\t<td class=\"gigpress-city\">Caraquet, Nouveau-Brunswick<\/td>\n\t\t\n\t\t<td class=\"gigpress-venue\"><a href=\"http:\/\/www.centrevillecaraquet.com\">Sc\u00e8ne du Vieux Couvent<\/a><\/td>\n\t\t\n\t\t\n\t<\/tr>\n\t\n\t<tr class=\"gigpress-info active gigpress-tour\">\n\t\n\t\t<td class=\"gigpress-links-cell\">\n\t\t\t\t\t<\/td>\n\t\t\n\t\t<td colspan=\"3\">\n\t\t\n\t\t\t\t\t\t\t<span class=\"gigpress-info-item\"><span class=\"gigpress-info-label\">Time:<\/span> 6:00pm.<\/span>\n\t\t\t\t\t\t\n\t\t\t\t\t\t\n\t\t\t\t\t\t\n\t\t\t\t\t\t\n\t\t\t \n\t\t\t\t<span class=\"gigpress-info-item\"><span class=\"gigpress-info-label\">Address:<\/span> <a href=\"http:\/\/maps.google.com\/maps?&amp;q=213+boul+Saint-Pierre+O,Caraquet,Nouveau-Brunswick,E1W1A5,CA\" class=\"gigpress-address\">213 boul Saint-Pierre O<\/a>.<\/span>\n\t\t\t\t\t\t\n\t\t\t\t\t\t\t<span class=\"gigpress-info-item\"><span class=\"gigpress-info-label\">Venue phone:<\/span> 506-727-1597.<\/span>\n\t\t\t\t\t\t\t\n\t\t\t\n\t\t\t\t\t\t\n\t\t\t\t\t\t\n\t\t\t\n\t\t\t\t\t\t\t\t\n\t\t\n\t\t<\/td>\n\t\n\t<\/tr>\n<\/tbody>\t\n\n<tbody>\n\t\n\t<tr class=\"gigpress-row active gigpress-alt gigpress-tour\">\n\t\n\t\t<td class=\"gigpress-date\">08\/09\/22\t\t\t\t\t<\/td>\n\t\t\n\t\t\t<td class=\"gigpress-artist\">\n\t\t\tVoici Maria Cannelloni !\t\t<\/td>\n\t\t\n\t\t<td class=\"gigpress-city\">Rivi\u00e8re-du Loup<\/td>\n\t\t\n\t\t<td class=\"gigpress-venue\">Th\u00e9\u00e2tre de la Go\u00e9lette<\/td>\n\t\t\n\t\t\n\t<\/tr>\n\t\n\t<tr class=\"gigpress-info active gigpress-alt gigpress-tour\">\n\t\n\t\t<td class=\"gigpress-links-cell\">\n\t\t\t\t\t<\/td>\n\t\t\n\t\t<td colspan=\"3\">\n\t\t\n\t\t\t\t\t\t\t<span class=\"gigpress-info-item\"><span class=\"gigpress-info-label\">Time:<\/span> 7:00pm.<\/span>\n\t\t\t\t\t\t\n\t\t\t\t\t\t\n\t\t\t\t\t\t\n\t\t\t\t\t\t\n\t\t\t \n\t\t\t\t<span class=\"gigpress-info-item\"><span class=\"gigpress-info-label\">Address:<\/span> <a href=\"http:\/\/maps.google.com\/maps?&amp;q=67+rue+du+Rocher,Rivi%C3%A8re-du+Loup,CA\" class=\"gigpress-address\">67 rue du Rocher<\/a>.<\/span>\n\t\t\t\t\t\t\n\t\t\t\t\t\t\t\n\t\t\t\n\t\t\t\t\t\t\n\t\t\t\t\t\t\n\t\t\t\n\t\t\t\t\t\t\t\t\n\t\t\n\t\t<\/td>\n\t\n\t<\/tr>\n<\/tbody>\t\n\n<tbody>\n\t\n\t<tr class=\"gigpress-row active gigpress-tour\">\n\t\n\t\t<td class=\"gigpress-date\">08\/09\/22\t\t\t\t\t<\/td>\n\t\t\n\t\t\t<td class=\"gigpress-artist\">\n\t\t\tVoici Maria Cannelloni !\t\t<\/td>\n\t\t\n\t\t<td class=\"gigpress-city\">Mont-Joli, Qu\u00e9bec<\/td>\n\t\t\n\t\t<td class=\"gigpress-venue\"><a href=\"http:\/\/www.ville.mont-jolie.qc.ca\">Amphith\u00e9\u00e2tre Desjardins<\/a><\/td>\n\t\t\n\t\t\n\t<\/tr>\n\t\n\t<tr class=\"gigpress-info active gigpress-tour\">\n\t\n\t\t<td class=\"gigpress-links-cell\">\n\t\t\t\t\t<\/td>\n\t\t\n\t\t<td colspan=\"3\">\n\t\t\n\t\t\t\t\t\t\t<span class=\"gigpress-info-item\"><span class=\"gigpress-info-label\">Time:<\/span> 10:00am.<\/span>\n\t\t\t\t\t\t\n\t\t\t\t\t\t\n\t\t\t\t\t\t\n\t\t\t\t\t\t\n\t\t\t \n\t\t\t\t<span class=\"gigpress-info-item\"><span class=\"gigpress-info-label\">Address:<\/span> <a href=\"http:\/\/maps.google.com\/maps?&amp;q=275+avenue+Ross,Mont-Joli,Qu%C3%A9bec,G5H3M4,CA\" class=\"gigpress-address\">275 avenue Ross<\/a>.<\/span>\n\t\t\t\t\t\t\n\t\t\t\t\t\t\t\n\t\t\t\n\t\t\t\t\t\t\n\t\t\t\t\t\t\n\t\t\t\n\t\t\t\t\t\t\t\t\n\t\t\n\t\t<\/td>\n\t\n\t<\/tr>\n<\/tbody>\t\n\n<tbody>\n\t\n\t<tr class=\"gigpress-row active gigpress-alt gigpress-divider\">\n\t\n\t\t<td class=\"gigpress-date\">07\/28\/22\t\t\t\t\t<\/td>\n\t\t\n\t\t\t<td class=\"gigpress-artist\">\n\t\t\tVoici Maria Cannelloni !\t\t<\/td>\n\t\t\n\t\t<td class=\"gigpress-city\">St-Augustin de Desmaures<\/td>\n\t\t\n\t\t<td class=\"gigpress-venue\">Parc Le Bivouac<\/td>\n\t\t\n\t\t\n\t<\/tr>\n\t\n\t<tr class=\"gigpress-info active gigpress-alt gigpress-divider\">\n\t\n\t\t<td class=\"gigpress-links-cell\">\n\t\t\t\t\t<\/td>\n\t\t\n\t\t<td colspan=\"3\">\n\t\t\n\t\t\t\t\t\t\t<span class=\"gigpress-info-item\"><span class=\"gigpress-info-label\">Time:<\/span> 7:00pm.<\/span>\n\t\t\t\t\t\t\n\t\t\t\t\t\t\n\t\t\t\t\t\t\n\t\t\t\t\t\t\n\t\t\t \n\t\t\t\t<span class=\"gigpress-info-item\"><span class=\"gigpress-info-label\">Address:<\/span> <a href=\"http:\/\/maps.google.com\/maps?&amp;q=Rue+de+la+Riviera%2C+Marcel+Proust%2C+St-Augustin+de+Desmaures,St-Augustin+de+Desmaures,CA\" class=\"gigpress-address\">Rue de la Riviera, Marcel Proust, St-Augustin de Desmaures<\/a>.<\/span>\n\t\t\t\t\t\t\n\t\t\t\t\t\t\t\n\t\t\t\n\t\t\t\t\t\t\n\t\t\t\t\t\t\n\t\t\t\n\t\t\t\t\t\t\t\t\n\t\t\n\t\t<\/td>\n\t\n\t<\/tr>\n<\/tbody>\t\n\n<tbody>\n\t\n\t<tr class=\"gigpress-row active\">\n\t\n\t\t<td class=\"gigpress-date\">07\/28\/22\t\t\t\t\t<\/td>\n\t\t\n\t\t\t<td class=\"gigpress-artist\">\n\t\t\tVoici Maria Cannelloni !\t\t<\/td>\n\t\t\n\t\t<td class=\"gigpress-city\">St-Augustin de Desmaures<\/td>\n\t\t\n\t\t<td class=\"gigpress-venue\">Parc Le Bivouac<\/td>\n\t\t\n\t\t\n\t<\/tr>\n\t\n\t<tr class=\"gigpress-info active\">\n\t\n\t\t<td class=\"gigpress-links-cell\">\n\t\t\t\t\t<\/td>\n\t\t\n\t\t<td colspan=\"3\">\n\t\t\n\t\t\t\t\t\t\t<span class=\"gigpress-info-item\"><span class=\"gigpress-info-label\">Time:<\/span> 7:00pm.<\/span>\n\t\t\t\t\t\t\n\t\t\t\t\t\t\n\t\t\t\t\t\t\n\t\t\t\t\t\t\n\t\t\t \n\t\t\t\t<span class=\"gigpress-info-item\"><span class=\"gigpress-info-label\">Address:<\/span> <a href=\"http:\/\/maps.google.com\/maps?&amp;q=Rue+de+la+Riviera%2C+Marcel+Proust%2C+St-Augustin+de+Desmaures,St-Augustin+de+Desmaures,CA\" class=\"gigpress-address\">Rue de la Riviera, Marcel Proust, St-Augustin de Desmaures<\/a>.<\/span>\n\t\t\t\t\t\t\n\t\t\t\t\t\t\t\n\t\t\t\n\t\t\t\t\t\t\n\t\t\t\t\t\t\n\t\t\t\n\t\t\t\t\t\t\t\t\n\t\t\n\t\t<\/td>\n\t\n\t<\/tr>\n<\/tbody>\t\n\n<tbody>\n\t\n\t<tr class=\"gigpress-row active gigpress-alt\">\n\t\n\t\t<td class=\"gigpress-date\">07\/09\/22\t\t\t\t\t<\/td>\n\t\t\n\t\t\t<td class=\"gigpress-artist\">\n\t\t\tVoici Maria Cannelloni !\t\t<\/td>\n\t\t\n\t\t<td class=\"gigpress-city\">Qu\u00e9bec, Qu\u00e9bec<\/td>\n\t\t\n\t\t<td class=\"gigpress-venue\">Place \u00e9ph\u00e9m\u00e8re Racine<\/td>\n\t\t\n\t\t\n\t<\/tr>\n\t\n\t<tr class=\"gigpress-info active gigpress-alt\">\n\t\n\t\t<td class=\"gigpress-links-cell\">\n\t\t\t\t\t<\/td>\n\t\t\n\t\t<td colspan=\"3\">\n\t\t\n\t\t\t\t\t\t\t<span class=\"gigpress-info-item\"><span class=\"gigpress-info-label\">Time:<\/span> 3:00pm.<\/span>\n\t\t\t\t\t\t\n\t\t\t\t\t\t\n\t\t\t\t\t\t\n\t\t\t\t\t\t\n\t\t\t \n\t\t\t\t<span class=\"gigpress-info-item\"><span class=\"gigpress-info-label\">Address:<\/span> <a href=\"http:\/\/maps.google.com\/maps?&amp;q=305+rue+Racine,Qu%C3%A9bec,Qu%C3%A9bec,G2B1E7,CA\" class=\"gigpress-address\">305 rue Racine<\/a>.<\/span>\n\t\t\t\t\t\t\n\t\t\t\t\t\t\t\n\t\t\t\n\t\t\t\t\t\t\n\t\t\t\t\t\t\n\t\t\t\n\t\t\t\t\t\t\t\t\n\t\t\n\t\t<\/td>\n\t\n\t<\/tr>\n<\/tbody>\t\n\n<tbody>\n\t\n\t<tr class=\"gigpress-row active\">\n\t\n\t\t<td class=\"gigpress-date\">07\/09\/22\t\t\t\t\t<\/td>\n\t\t\n\t\t\t<td class=\"gigpress-artist\">\n\t\t\tVoici Maria Cannelloni !\t\t<\/td>\n\t\t\n\t\t<td class=\"gigpress-city\">Qu\u00e9bec, Qu\u00e9bec<\/td>\n\t\t\n\t\t<td class=\"gigpress-venue\">Place \u00e9ph\u00e9m\u00e8re Racine<\/td>\n\t\t\n\t\t\n\t<\/tr>\n\t\n\t<tr class=\"gigpress-info active\">\n\t\n\t\t<td class=\"gigpress-links-cell\">\n\t\t\t\t\t<\/td>\n\t\t\n\t\t<td colspan=\"3\">\n\t\t\n\t\t\t\t\t\t\t<span class=\"gigpress-info-item\"><span class=\"gigpress-info-label\">Time:<\/span> 3:00pm.<\/span>\n\t\t\t\t\t\t\n\t\t\t\t\t\t\n\t\t\t\t\t\t\n\t\t\t\t\t\t\n\t\t\t \n\t\t\t\t<span class=\"gigpress-info-item\"><span class=\"gigpress-info-label\">Address:<\/span> <a href=\"http:\/\/maps.google.com\/maps?&amp;q=305+rue+Racine,Qu%C3%A9bec,Qu%C3%A9bec,G2B1E7,CA\" class=\"gigpress-address\">305 rue Racine<\/a>.<\/span>\n\t\t\t\t\t\t\n\t\t\t\t\t\t\t\n\t\t\t\n\t\t\t\t\t\t\n\t\t\t\t\t\t\n\t\t\t\n\t\t\t\t\t\t\t\t\n\t\t\n\t\t<\/td>\n\t\n\t<\/tr>\n<\/tbody>\t\n\n<tbody>\n\t\n\t<tr class=\"gigpress-row active gigpress-alt\">\n\t\n\t\t<td class=\"gigpress-date\">06\/24\/22\t\t\t\t\t<\/td>\n\t\t\n\t\t\t<td class=\"gigpress-artist\">\n\t\t\tMaria en solo\t\t<\/td>\n\t\t\n\t\t<td class=\"gigpress-city\">La Tuque, Qu\u00e9bec<\/td>\n\t\t\n\t\t<td class=\"gigpress-venue\">La F\u00eate Nationale\/Sc\u00e8ne du Lac Saint-Louis<\/td>\n\t\t\n\t\t\n\t<\/tr>\n\t\n\t<tr class=\"gigpress-info active gigpress-alt\">\n\t\n\t\t<td class=\"gigpress-links-cell\">\n\t\t\t\t\t<\/td>\n\t\t\n\t\t<td colspan=\"3\">\n\t\t\n\t\t\t\t\t\t\t<span class=\"gigpress-info-item\"><span class=\"gigpress-info-label\">Time:<\/span> 3:00pm.<\/span>\n\t\t\t\t\t\t\n\t\t\t\t\t\t\n\t\t\t\t\t\t\n\t\t\t\t\t\t\n\t\t\t \n\t\t\t\t<span class=\"gigpress-info-item\"><span class=\"gigpress-info-label\">Address:<\/span> <a href=\"http:\/\/maps.google.com\/maps?&amp;q=425%2Crue+Scott,La+Tuque,Qu%C3%A9bec,G9X+2X1,CA\" class=\"gigpress-address\">425,rue Scott<\/a>.<\/span>\n\t\t\t\t\t\t\n\t\t\t\t\t\t\t\n\t\t\t\n\t\t\t\t\t\t\n\t\t\t\t\t\t\n\t\t\t\n\t\t\t\t\t\t\t\t\n\t\t\n\t\t<\/td>\n\t\n\t<\/tr>\n<\/tbody>\t\n\n<tbody>\n\t\n\t<tr class=\"gigpress-row active\">\n\t\n\t\t<td class=\"gigpress-date\">06\/23\/22\t\t\t\t\t<\/td>\n\t\t\n\t\t\t<td class=\"gigpress-artist\">\n\t\t\tMaria en solo\t\t<\/td>\n\t\t\n\t\t<td class=\"gigpress-city\">Qu\u00e9bec<\/td>\n\t\t\n\t\t<td class=\"gigpress-venue\">Fetival l&#8217;Outaouais en f\u00eate\/Parc des C\u00e8dres<\/td>\n\t\t\n\t\t\n\t<\/tr>\n\t\n\t<tr class=\"gigpress-info active\">\n\t\n\t\t<td class=\"gigpress-links-cell\">\n\t\t\t\t\t<\/td>\n\t\t\n\t\t<td colspan=\"3\">\n\t\t\n\t\t\t\t\t\t\t<span class=\"gigpress-info-item\"><span class=\"gigpress-info-label\">Time:<\/span> 5:00pm.<\/span>\n\t\t\t\t\t\t\n\t\t\t\t\t\t\n\t\t\t\t\t\t\n\t\t\t\t\t\t\n\t\t\t \n\t\t\t\t<span class=\"gigpress-info-item\"><span class=\"gigpress-info-label\">Address:<\/span> <a href=\"http:\/\/maps.google.com\/maps?&amp;q=15+rue+Raoul+Roy%2C+Gatineau,Qu%C3%A9bec,J9H+6J2,CA\" class=\"gigpress-address\">15 rue Raoul Roy, Gatineau<\/a>.<\/span>\n\t\t\t\t\t\t\n\t\t\t\t\t\t\t\n\t\t\t\n\t\t\t\t\t\t\n\t\t\t\t\t\t\n\t\t\t\n\t\t\t\t\t\t\t\t\n\t\t\n\t\t<\/td>\n\t\n\t<\/tr>\n<\/tbody>\t\n\n<tbody>\n\t<tr>\n\t\t<th colspan=\"4\" class=\"gigpress-heading\">\n\t\t\tTour: Maria Cannelloni \u00e0 Vancouver\t\t<\/th>\n\t<\/tr>\t\n<\/tbody>\n\n<tbody>\n\t\n\t<tr class=\"gigpress-row active gigpress-alt gigpress-tour\">\n\t\n\t\t<td class=\"gigpress-date\">06\/20\/22\t\t\t\t\t<\/td>\n\t\t\n\t\t\t<td class=\"gigpress-artist\">\n\t\t\tMaria en solo\t\t<\/td>\n\t\t\n\t\t<td class=\"gigpress-city\">Vancouver, Colombie-Britannique<\/td>\n\t\t\n\t\t<td class=\"gigpress-venue\">Th\u00e9\u00e2tre Norman Rothstein<\/td>\n\t\t\n\t\t\n\t<\/tr>\n\t\n\t<tr class=\"gigpress-info active gigpress-alt gigpress-tour\">\n\t\n\t\t<td class=\"gigpress-links-cell\">\n\t\t\t\t\t<\/td>\n\t\t\n\t\t<td colspan=\"3\">\n\t\t\n\t\t\t\t\t\t\t<span class=\"gigpress-info-item\"><span class=\"gigpress-info-label\">Time:<\/span> 10:00am.<\/span>\n\t\t\t\t\t\t\n\t\t\t\t\t\t\n\t\t\t\t\t\t\n\t\t\t\t\t\t\n\t\t\t \n\t\t\t\t<span class=\"gigpress-info-item\"><span class=\"gigpress-info-label\">Address:<\/span> <a href=\"http:\/\/maps.google.com\/maps?&amp;q=950+41e+avenue+ouest,Vancouver,Colombie-Britannique,CA\" class=\"gigpress-address\">950 41e avenue ouest<\/a>.<\/span>\n\t\t\t\t\t\t\n\t\t\t\t\t\t\t\n\t\t\t\n\t\t\t\t\t\t\n\t\t\t\t\t\t\n\t\t\t\n\t\t\t\t\t\t\t\t\n\t\t\n\t\t<\/td>\n\t\n\t<\/tr>\n<\/tbody>\t\n\n<tbody>\n\t\n\t<tr class=\"gigpress-row active gigpress-tour\">\n\t\n\t\t<td class=\"gigpress-date\">06\/18\/22\t\t\t\t\t<\/td>\n\t\t\n\t\t\t<td class=\"gigpress-artist\">\n\t\t\tMaria en solo\t\t<\/td>\n\t\t\n\t\t<td class=\"gigpress-city\">Vancouver, Colombie-Britannique<\/td>\n\t\t\n\t\t<td class=\"gigpress-venue\">Studio 16<\/td>\n\t\t\n\t\t\n\t<\/tr>\n\t\n\t<tr class=\"gigpress-info active gigpress-tour\">\n\t\n\t\t<td class=\"gigpress-links-cell\">\n\t\t\t\t\t<\/td>\n\t\t\n\t\t<td colspan=\"3\">\n\t\t\n\t\t\t\t\t\t\t<span class=\"gigpress-info-item\"><span class=\"gigpress-info-label\">Time:<\/span> 3:00pm.<\/span>\n\t\t\t\t\t\t\n\t\t\t\t\t\t\n\t\t\t\t\t\t\n\t\t\t\t\t\t\n\t\t\t \n\t\t\t\t<span class=\"gigpress-info-item\"><span class=\"gigpress-info-label\">Address:<\/span> <a href=\"http:\/\/maps.google.com\/maps?&amp;q=227-1555+7e+avenue+ouest,Vancouver,Colombie-Britannique,CA\" class=\"gigpress-address\">227-1555 7e avenue ouest<\/a>.<\/span>\n\t\t\t\t\t\t\n\t\t\t\t\t\t\t\n\t\t\t\n\t\t\t\t\t\t\n\t\t\t\t\t\t\n\t\t\t\n\t\t\t\t\t\t\t\t\n\t\t\n\t\t<\/td>\n\t\n\t<\/tr>\n<\/tbody>\t\n\n<tbody>\n\t\n\t<tr class=\"gigpress-row active gigpress-alt gigpress-tour\">\n\t\n\t\t<td class=\"gigpress-date\">06\/18\/22\t\t\t\t\t<\/td>\n\t\t\n\t\t\t<td class=\"gigpress-artist\">\n\t\t\tMaria en solo\t\t<\/td>\n\t\t\n\t\t<td class=\"gigpress-city\">Vancouver, Colombie-Britannique<\/td>\n\t\t\n\t\t<td class=\"gigpress-venue\">Studio 16<\/td>\n\t\t\n\t\t\n\t<\/tr>\n\t\n\t<tr class=\"gigpress-info active gigpress-alt gigpress-tour\">\n\t\n\t\t<td class=\"gigpress-links-cell\">\n\t\t\t\t\t<\/td>\n\t\t\n\t\t<td colspan=\"3\">\n\t\t\n\t\t\t\t\t\t\t<span class=\"gigpress-info-item\"><span class=\"gigpress-info-label\">Time:<\/span> 1:00pm.<\/span>\n\t\t\t\t\t\t\n\t\t\t\t\t\t\n\t\t\t\t\t\t\n\t\t\t\t\t\t\n\t\t\t \n\t\t\t\t<span class=\"gigpress-info-item\"><span class=\"gigpress-info-label\">Address:<\/span> <a href=\"http:\/\/maps.google.com\/maps?&amp;q=227-1555+7e+avenue+ouest,Vancouver,Colombie-Britannique,CA\" class=\"gigpress-address\">227-1555 7e avenue ouest<\/a>.<\/span>\n\t\t\t\t\t\t\n\t\t\t\t\t\t\t\n\t\t\t\n\t\t\t\t\t\t\n\t\t\t\t\t\t\t<span class=\"gigpress-info-item\"><a href=\"https:\/\/mariacannelloni.com\/maria-en-tournee-tout-lete\/\">Article associ\u00e9 <\/a><\/span> \n\t\t\t\t\t\t\n\t\t\t\n\t\t\t\t\t\t\t\t\n\t\t\n\t\t<\/td>\n\t\n\t<\/tr>\n<\/tbody>\t\n\n<tbody>\n\t<tr>\n\t\t<th colspan=\"4\" class=\"gigpress-heading\">\n\t\t\tTour: Maria Cannelloni en Gasp\u00e9sie\t\t<\/th>\n\t<\/tr>\t\n<\/tbody>\n\n<tbody>\n\t\n\t<tr class=\"gigpress-row active gigpress-tour\">\n\t\n\t\t<td class=\"gigpress-date\">03\/06\/20\t\t\t\t\t<\/td>\n\t\t\n\t\t\t<td class=\"gigpress-artist\">\n\t\t\tMaria en solo\t\t<\/td>\n\t\t\n\t\t<td class=\"gigpress-city\">Pasb\u00e9biac, Qu\u00e9bec<\/td>\n\t\t\n\t\t<td class=\"gigpress-venue\"><a href=\"http:\/\/www.centreculturel.villepaspebiac.ca\">Centre culturel Pasp\u00e9biac<\/a><\/td>\n\t\t\n\t\t\n\t<\/tr>\n\t\n\t<tr class=\"gigpress-info active gigpress-tour\">\n\t\n\t\t<td class=\"gigpress-links-cell\">\n\t\t\t\t\t<\/td>\n\t\t\n\t\t<td colspan=\"3\">\n\t\t\n\t\t\t\t\t\t\t<span class=\"gigpress-info-item\"><span class=\"gigpress-info-label\">Time:<\/span> 10:30am.<\/span>\n\t\t\t\t\t\t\n\t\t\t\t\t\t\n\t\t\t\t\t\t\n\t\t\t\t\t\t\n\t\t\t \n\t\t\t\t<span class=\"gigpress-info-item\"><span class=\"gigpress-info-label\">Address:<\/span> <a href=\"http:\/\/maps.google.com\/maps?&amp;q=7+boul.G%C3%A9rard-D+L%C3%A9vesque+Est,Pasb%C3%A9biac,Qu%C3%A9bec,G0C+2K0,CA\" class=\"gigpress-address\">7 boul.G\u00e9rard-D L\u00e9vesque Est<\/a>.<\/span>\n\t\t\t\t\t\t\n\t\t\t\t\t\t\t\n\t\t\t\n\t\t\t\t\t\t\n\t\t\t\t\t\t\n\t\t\t\n\t\t\t\t\t\t\t\t\n\t\t\n\t\t<\/td>\n\t\n\t<\/tr>\n<\/tbody>\t\n\n<tbody>\n\t\n\t<tr class=\"gigpress-row active gigpress-alt gigpress-tour\">\n\t\n\t\t<td class=\"gigpress-date\">03\/05\/20\t\t\t\t\t<\/td>\n\t\t\n\t\t\t<td class=\"gigpress-artist\">\n\t\t\tMaria en solo\t\t<\/td>\n\t\t\n\t\t<td class=\"gigpress-city\">Chandler, Qu\u00e9bec<\/td>\n\t\t\n\t\t<td class=\"gigpress-venue\"><a href=\"http:\/\/www.sapinart.net\">Salle Thomas Morissey<\/a><\/td>\n\t\t\n\t\t\n\t<\/tr>\n\t\n\t<tr class=\"gigpress-info active gigpress-alt gigpress-tour\">\n\t\n\t\t<td class=\"gigpress-links-cell\">\n\t\t\t\t\t<\/td>\n\t\t\n\t\t<td colspan=\"3\">\n\t\t\n\t\t\t\t\t\t\t<span class=\"gigpress-info-item\"><span class=\"gigpress-info-label\">Time:<\/span> 1:30pm.<\/span>\n\t\t\t\t\t\t\n\t\t\t\t\t\t\n\t\t\t\t\t\t\n\t\t\t\t\t\t\n\t\t\t \n\t\t\t\t<span class=\"gigpress-info-item\"><span class=\"gigpress-info-label\">Address:<\/span> <a href=\"http:\/\/maps.google.com\/maps?&amp;q=155+Mgr+Ross,Chandler,Qu%C3%A9bec,G0C1K0,CA\" class=\"gigpress-address\">155 Mgr Ross<\/a>.<\/span>\n\t\t\t\t\t\t\n\t\t\t\t\t\t\t\n\t\t\t\n\t\t\t\t\t\t\n\t\t\t\t\t\t\n\t\t\t\n\t\t\t\t\t\t\t\t\n\t\t\n\t\t<\/td>\n\t\n\t<\/tr>\n<\/tbody>\t\n\n<tbody>\n\t\n\t<tr class=\"gigpress-row active gigpress-tour\">\n\t\n\t\t<td class=\"gigpress-date\">03\/04\/20\t\t\t\t\t<\/td>\n\t\t\n\t\t\t<td class=\"gigpress-artist\">\n\t\t\tMaria en solo\t\t<\/td>\n\t\t\n\t\t<td class=\"gigpress-city\">Amqui, Qu\u00e9bec<\/td>\n\t\t\n\t\t<td class=\"gigpress-venue\"><a href=\"http:\/\/www.diffusionmordicus.ca\">Biblioth\u00e8que Madeleine Gagnon<\/a><\/td>\n\t\t\n\t\t\n\t<\/tr>\n\t\n\t<tr class=\"gigpress-info active gigpress-tour\">\n\t\n\t\t<td class=\"gigpress-links-cell\">\n\t\t\t\t\t<\/td>\n\t\t\n\t\t<td colspan=\"3\">\n\t\t\n\t\t\t\t\t\t\t<span class=\"gigpress-info-item\"><span class=\"gigpress-info-label\">Time:<\/span> 3:00pm.<\/span>\n\t\t\t\t\t\t\n\t\t\t\t\t\t\n\t\t\t\t\t\t\n\t\t\t\t\t\t\n\t\t\t \n\t\t\t\t<span class=\"gigpress-info-item\"><span class=\"gigpress-info-label\">Address:<\/span> <a href=\"http:\/\/maps.google.com\/maps?&amp;q=24+promenade+Marcel-Rioux,Amqui,Qu%C3%A9bec,G5J+3E1,CA\" class=\"gigpress-address\">24 promenade Marcel-Rioux<\/a>.<\/span>\n\t\t\t\t\t\t\n\t\t\t\t\t\t\t\n\t\t\t\n\t\t\t\t\t\t\n\t\t\t\t\t\t\n\t\t\t\n\t\t\t\t\t\t\t\t\n\t\t\n\t\t<\/td>\n\t\n\t<\/tr>\n<\/tbody>\t\n\n<tbody>\n\t\n\t<tr class=\"gigpress-row active gigpress-alt gigpress-divider\">\n\t\n\t\t<td class=\"gigpress-date\">02\/23\/20\t\t\t\t\t<\/td>\n\t\t\n\t\t\t<td class=\"gigpress-artist\">\n\t\t\tMaria dans ma Mini-Raviolimanie\t\t<\/td>\n\t\t\n\t\t<td class=\"gigpress-city\">Varennes<\/td>\n\t\t\n\t\t<td class=\"gigpress-venue\">La maison Saint-Louis<\/td>\n\t\t\n\t\t\n\t<\/tr>\n\t\n\t<tr class=\"gigpress-info active gigpress-alt gigpress-divider\">\n\t\n\t\t<td class=\"gigpress-links-cell\">\n\t\t\t\t\t<\/td>\n\t\t\n\t\t<td colspan=\"3\">\n\t\t\n\t\t\t\t\t\t\t<span class=\"gigpress-info-item\"><span class=\"gigpress-info-label\">Time:<\/span> 11:00am.<\/span>\n\t\t\t\t\t\t\n\t\t\t\t\t\t\n\t\t\t\t\t\t\n\t\t\t\t\t\t\n\t\t\t \n\t\t\t\t<span class=\"gigpress-info-item\"><span class=\"gigpress-info-label\">Address:<\/span> <a href=\"http:\/\/maps.google.com\/maps?&amp;q=35+rue+de+la+Fabrique,Varennes,J3X1R1,CA\" class=\"gigpress-address\">35 rue de la Fabrique<\/a>.<\/span>\n\t\t\t\t\t\t\n\t\t\t\t\t\t\t\n\t\t\t\n\t\t\t\t\t\t\t<span class=\"gigpress-info-item\">Les petits dimanches de la ville de Varennes<\/span>\n\t\t\t\t\t\t\n\t\t\t\t\t\t\n\t\t\t\n\t\t\t\t\t\t\t\t\n\t\t\n\t\t<\/td>\n\t\n\t<\/tr>\n<\/tbody>\t\n\n<tbody>\n\t\n\t<tr class=\"gigpress-row active\">\n\t\n\t\t<td class=\"gigpress-date\">02\/23\/20\t\t\t\t\t<\/td>\n\t\t\n\t\t\t<td class=\"gigpress-artist\">\n\t\t\tMaria dans ma Mini-Raviolimanie\t\t<\/td>\n\t\t\n\t\t<td class=\"gigpress-city\">Varennes<\/td>\n\t\t\n\t\t<td class=\"gigpress-venue\">La maison Saint-Louis<\/td>\n\t\t\n\t\t\n\t<\/tr>\n\t\n\t<tr class=\"gigpress-info active\">\n\t\n\t\t<td class=\"gigpress-links-cell\">\n\t\t\t\t\t<\/td>\n\t\t\n\t\t<td colspan=\"3\">\n\t\t\n\t\t\t\t\t\t\t<span class=\"gigpress-info-item\"><span class=\"gigpress-info-label\">Time:<\/span> 9:30am.<\/span>\n\t\t\t\t\t\t\n\t\t\t\t\t\t\n\t\t\t\t\t\t\n\t\t\t\t\t\t\n\t\t\t \n\t\t\t\t<span class=\"gigpress-info-item\"><span class=\"gigpress-info-label\">Address:<\/span> <a href=\"http:\/\/maps.google.com\/maps?&amp;q=35+rue+de+la+Fabrique,Varennes,J3X1R1,CA\" class=\"gigpress-address\">35 rue de la Fabrique<\/a>.<\/span>\n\t\t\t\t\t\t\n\t\t\t\t\t\t\t\n\t\t\t\n\t\t\t\t\t\t\t<span class=\"gigpress-info-item\">Les petits dimanches de la ville de Varennes<\/span>\n\t\t\t\t\t\t\n\t\t\t\t\t\t\n\t\t\t\n\t\t\t\t\t\t\t\t\n\t\t\n\t\t<\/td>\n\t\n\t<\/tr>\n<\/tbody>\t\n\n<tbody>\n\t\n\t<tr class=\"gigpress-row active gigpress-alt\">\n\t\n\t\t<td class=\"gigpress-date\">01\/19\/20\t\t\t\t\t<\/td>\n\t\t\n\t\t\t<td class=\"gigpress-artist\">\n\t\t\tMaria et Romano dans &#8220;La Raviolimanie&#8221;\t\t<\/td>\n\t\t\n\t\t<td class=\"gigpress-city\">Saint-Bruno-de-Montarville<\/td>\n\t\t\n\t\t<td class=\"gigpress-venue\">Centre Marcel Dulude<\/td>\n\t\t\n\t\t\n\t<\/tr>\n\t\n\t<tr class=\"gigpress-info active gigpress-alt\">\n\t\n\t\t<td class=\"gigpress-links-cell\">\n\t\t\t\t\t<\/td>\n\t\t\n\t\t<td colspan=\"3\">\n\t\t\n\t\t\t\t\t\t\t<span class=\"gigpress-info-item\"><span class=\"gigpress-info-label\">Time:<\/span> 1:30pm.<\/span>\n\t\t\t\t\t\t\n\t\t\t\t\t\t\n\t\t\t\t\t\t\n\t\t\t\t\t\t\n\t\t\t \n\t\t\t\t<span class=\"gigpress-info-item\"><span class=\"gigpress-info-label\">Address:<\/span> <a href=\"http:\/\/maps.google.com\/maps?&amp;q=539+boulevard+Clairevue+Ouest,Saint-Bruno-de-Montarville,CA\" class=\"gigpress-address\">539 boulevard Clairevue Ouest<\/a>.<\/span>\n\t\t\t\t\t\t\n\t\t\t\t\t\t\t\n\t\t\t\n\t\t\t\t\t\t\n\t\t\t\t\t\t\n\t\t\t\n\t\t\t\t\t\t\t\t\n\t\t\n\t\t<\/td>\n\t\n\t<\/tr>\n<\/tbody>\t\n\n<tbody>\n\t\n\t<tr class=\"gigpress-row active\">\n\t\n\t\t<td class=\"gigpress-date\">01\/18\/20\t\t\t\t\t<\/td>\n\t\t\n\t\t\t<td class=\"gigpress-artist\">\n\t\t\tMaria Cannelloni et le Macaroni Orchestra\t\t<\/td>\n\t\t\n\t\t<td class=\"gigpress-city\">Gatineau<\/td>\n\t\t\n\t\t<td class=\"gigpress-venue\">Port de plaisance d&#8217;Aylmer<\/td>\n\t\t\n\t\t\n\t<\/tr>\n\t\n\t<tr class=\"gigpress-info active\">\n\t\n\t\t<td class=\"gigpress-links-cell\">\n\t\t\t\t\t<\/td>\n\t\t\n\t\t<td colspan=\"3\">\n\t\t\n\t\t\t\t\t\t\t<span class=\"gigpress-info-item\"><span class=\"gigpress-info-label\">Time:<\/span> 2:30pm.<\/span>\n\t\t\t\t\t\t\n\t\t\t\t\t\t\n\t\t\t\t\t\t\n\t\t\t\t\t\t\n\t\t\t \n\t\t\t\t<span class=\"gigpress-info-item\"><span class=\"gigpress-info-label\">Address:<\/span> <a href=\"http:\/\/maps.google.com\/maps?&amp;q=1+rue+Front,Gatineau,CA\" class=\"gigpress-address\">1 rue Front<\/a>.<\/span>\n\t\t\t\t\t\t\n\t\t\t\t\t\t\t\n\t\t\t\n\t\t\t\t\t\t\n\t\t\t\t\t\t\n\t\t\t\n\t\t\t\t\t\t\t\t\n\t\t\n\t\t<\/td>\n\t\n\t<\/tr>\n<\/tbody>\t\n\n<tbody>\n\t\n\t<tr class=\"gigpress-row active gigpress-alt\">\n\t\n\t\t<td class=\"gigpress-date\">01\/18\/20\t\t\t\t\t<\/td>\n\t\t\n\t\t\t<td class=\"gigpress-artist\">\n\t\t\tMaria Cannelloni et le Macaroni Orchestra\t\t<\/td>\n\t\t\n\t\t<td class=\"gigpress-city\">Gatineau<\/td>\n\t\t\n\t\t<td class=\"gigpress-venue\">Port de plaisance d&#8217;Aylmer<\/td>\n\t\t\n\t\t\n\t<\/tr>\n\t\n\t<tr class=\"gigpress-info active gigpress-alt\">\n\t\n\t\t<td class=\"gigpress-links-cell\">\n\t\t\t\t\t<\/td>\n\t\t\n\t\t<td colspan=\"3\">\n\t\t\n\t\t\t\t\t\t\t<span class=\"gigpress-info-item\"><span class=\"gigpress-info-label\">Time:<\/span> 1:00pm.<\/span>\n\t\t\t\t\t\t\n\t\t\t\t\t\t\n\t\t\t\t\t\t\n\t\t\t\t\t\t\n\t\t\t \n\t\t\t\t<span class=\"gigpress-info-item\"><span class=\"gigpress-info-label\">Address:<\/span> <a href=\"http:\/\/maps.google.com\/maps?&amp;q=1+rue+Front,Gatineau,CA\" class=\"gigpress-address\">1 rue Front<\/a>.<\/span>\n\t\t\t\t\t\t\n\t\t\t\t\t\t\t\n\t\t\t\n\t\t\t\t\t\t\n\t\t\t\t\t\t\n\t\t\t\n\t\t\t\t\t\t\t\t\n\t\t\n\t\t<\/td>\n\t\n\t<\/tr>\n<\/tbody>\t\n\n<tbody>\n\t\n\t<tr class=\"gigpress-row active\">\n\t\n\t\t<td class=\"gigpress-date\">12\/15\/19\t\t\t\t\t<\/td>\n\t\t\n\t\t\t<td class=\"gigpress-artist\">\n\t\t\tMaria Cannelloni et le Tourne-f\u00eates\t\t<\/td>\n\t\t\n\t\t<td class=\"gigpress-city\">Montr\u00e9al<\/td>\n\t\t\n\t\t<td class=\"gigpress-venue\">Caf\u00e9 La Brass\u00e9e<\/td>\n\t\t\n\t\t\n\t<\/tr>\n\t\n\t<tr class=\"gigpress-info active\">\n\t\n\t\t<td class=\"gigpress-links-cell\">\n\t\t\t\t\t<\/td>\n\t\t\n\t\t<td colspan=\"3\">\n\t\t\n\t\t\t\t\t\t\t<span class=\"gigpress-info-item\"><span class=\"gigpress-info-label\">Time:<\/span> 11:00am.<\/span>\n\t\t\t\t\t\t\n\t\t\t\t\t\t\n\t\t\t\t\t\t\n\t\t\t\t\t\t\n\t\t\t \n\t\t\t\t<span class=\"gigpress-info-item\"><span class=\"gigpress-info-label\">Address:<\/span> <a href=\"http:\/\/maps.google.com\/maps?&amp;q=2522+rue+Beaubien+Est,Montr%C3%A9al,H1Y+1G2,CA\" class=\"gigpress-address\">2522 rue Beaubien Est<\/a>.<\/span>\n\t\t\t\t\t\t\n\t\t\t\t\t\t\t\n\t\t\t\n\t\t\t\t\t\t\t<span class=\"gigpress-info-item\">Lancement du Mini-Album de no\u00ebl &#8221; Le Tourne-F\u00eates&#8221; \r\nSurprises et sucreries pour tous \ud83d\ude42<\/span>\n\t\t\t\t\t\t\n\t\t\t\t\t\t\n\t\t\t\n\t\t\t\t\t\t\t\t\n\t\t\n\t\t<\/td>\n\t\n\t<\/tr>\n<\/tbody>\t\n\n<tbody>\n\t\n\t<tr class=\"gigpress-row active gigpress-alt\">\n\t\n\t\t<td class=\"gigpress-date\">12\/14\/19\t\t\t\t\t<\/td>\n\t\t\n\t\t\t<td class=\"gigpress-artist\">\n\t\t\tMaria Cannelloni et le Tourne-f\u00eates\t\t<\/td>\n\t\t\n\t\t<td class=\"gigpress-city\">Sainte-Anne des Plaines<\/td>\n\t\t\n\t\t<td class=\"gigpress-venue\">Biblioth\u00e8que de Sainte-Anne des Plaines<\/td>\n\t\t\n\t\t\n\t<\/tr>\n\t\n\t<tr class=\"gigpress-info active gigpress-alt\">\n\t\n\t\t<td class=\"gigpress-links-cell\">\n\t\t\t\t\t<\/td>\n\t\t\n\t\t<td colspan=\"3\">\n\t\t\n\t\t\t\t\t\t\t<span class=\"gigpress-info-item\"><span class=\"gigpress-info-label\">Time:<\/span> 10:15am.<\/span>\n\t\t\t\t\t\t\n\t\t\t\t\t\t\n\t\t\t\t\t\t\n\t\t\t\t\t\t\n\t\t\t \n\t\t\t\t<span class=\"gigpress-info-item\"><span class=\"gigpress-info-label\">Address:<\/span> <a href=\"http:\/\/maps.google.com\/maps?&amp;q=155+rue+des+C%C3%A8dres,Sainte-Anne+des+Plaines,J0N+1H0,CA\" class=\"gigpress-address\">155 rue des C\u00e8dres<\/a>.<\/span>\n\t\t\t\t\t\t\n\t\t\t\t\t\t\t\n\t\t\t\n\t\t\t\t\t\t\n\t\t\t\t\t\t\n\t\t\t\n\t\t\t\t\t\t\t\t\n\t\t\n\t\t<\/td>\n\t\n\t<\/tr>\n<\/tbody>\t\n\n<tbody>\n\t\n\t<tr class=\"gigpress-row active\">\n\t\n\t\t<td class=\"gigpress-date\">12\/08\/19\t\t\t\t\t<\/td>\n\t\t\n\t\t\t<td class=\"gigpress-artist\">\n\t\t\tMaria Cannelloni et le Tourne-f\u00eates\t\t<\/td>\n\t\t\n\t\t<td class=\"gigpress-city\">Notre-Dame du Mont-Carmel<\/td>\n\t\t\n\t\t<td class=\"gigpress-venue\">Salle paroissiale \u00e0 Notre-Dame du Mont-Carmel<\/td>\n\t\t\n\t\t\n\t<\/tr>\n\t\n\t<tr class=\"gigpress-info active\">\n\t\n\t\t<td class=\"gigpress-links-cell\">\n\t\t\t\t\t<\/td>\n\t\t\n\t\t<td colspan=\"3\">\n\t\t\n\t\t\t\t\t\t\t<span class=\"gigpress-info-item\"><span class=\"gigpress-info-label\">Time:<\/span> 1:30pm.<\/span>\n\t\t\t\t\t\t\n\t\t\t\t\t\t\n\t\t\t\t\t\t\n\t\t\t\t\t\t\n\t\t\t\t\t\t\n\t\t\t\t\t\t\t\n\t\t\t\n\t\t\t\t\t\t\n\t\t\t\t\t\t\n\t\t\t\n\t\t\t\t\t\t\t\t\n\t\t\n\t\t<\/td>\n\t\n\t<\/tr>\n<\/tbody>\t\n\n<tbody>\n\t\n\t<tr class=\"gigpress-row active gigpress-alt\">\n\t\n\t\t<td class=\"gigpress-date\">12\/01\/19\t\t\t\t\t<\/td>\n\t\t\n\t\t\t<td class=\"gigpress-artist\">\n\t\t\tMaria Cannelloni et le Tourne-f\u00eates\t\t<\/td>\n\t\t\n\t\t<td class=\"gigpress-city\">Montr\u00e9al<\/td>\n\t\t\n\t\t<td class=\"gigpress-venue\"><a href=\"http:\/\/www.noeldansleparc.com\">Parc des compagnons<\/a><\/td>\n\t\t\n\t\t\n\t<\/tr>\n\t\n\t<tr class=\"gigpress-info active gigpress-alt\">\n\t\n\t\t<td class=\"gigpress-links-cell\">\n\t\t\t\t\t<\/td>\n\t\t\n\t\t<td colspan=\"3\">\n\t\t\n\t\t\t\t\t\t\t<span class=\"gigpress-info-item\"><span class=\"gigpress-info-label\">Time:<\/span> 1:30pm.<\/span>\n\t\t\t\t\t\t\n\t\t\t\t\t\t\n\t\t\t\t\t\t\n\t\t\t\t\t\t\n\t\t\t \n\t\t\t\t<span class=\"gigpress-info-item\"><span class=\"gigpress-info-label\">Address:<\/span> <a href=\"http:\/\/maps.google.com\/maps?&amp;q=Angle+Mont-Royal+et+Cartier,Montr%C3%A9al,CA\" class=\"gigpress-address\">Angle Mont-Royal et Cartier<\/a>.<\/span>\n\t\t\t\t\t\t\n\t\t\t\t\t\t\t\n\t\t\t\n\t\t\t\t\t\t\n\t\t\t\t\t\t\n\t\t\t\n\t\t\t\t\t\t\t\t\n\t\t\n\t\t<\/td>\n\t\n\t<\/tr>\n<\/tbody>\t\n\n<tbody>\n\t\n\t<tr class=\"gigpress-row active\">\n\t\n\t\t<td class=\"gigpress-date\">11\/17\/19\t\t\t\t\t<\/td>\n\t\t\n\t\t\t<td class=\"gigpress-artist\">\n\t\t\tMaria et Romano dans &#8220;La Raviolimanie&#8221;\t\t<\/td>\n\t\t\n\t\t<td class=\"gigpress-city\">St-Lazare<\/td>\n\t\t\n\t\t<td class=\"gigpress-venue\">Centre communautaire St-Lazare de Vaudreuil<\/td>\n\t\t\n\t\t\n\t<\/tr>\n\t\n\t<tr class=\"gigpress-info active\">\n\t\n\t\t<td class=\"gigpress-links-cell\">\n\t\t\t\t\t<\/td>\n\t\t\n\t\t<td colspan=\"3\">\n\t\t\n\t\t\t\t\t\t\t<span class=\"gigpress-info-item\"><span class=\"gigpress-info-label\">Time:<\/span> 1:30pm.<\/span>\n\t\t\t\t\t\t\n\t\t\t\t\t\t\n\t\t\t\t\t\t\n\t\t\t\t\t\t\n\t\t\t\t\t\t\n\t\t\t\t\t\t\t\n\t\t\t\n\t\t\t\t\t\t\n\t\t\t\t\t\t\n\t\t\t\n\t\t\t\t\t\t\t\t\n\t\t\n\t\t<\/td>\n\t\n\t<\/tr>\n<\/tbody>\t\n\n<tbody>\n\t\n\t<tr class=\"gigpress-row active gigpress-alt\">\n\t\n\t\t<td class=\"gigpress-date\">10\/26\/19\t\t\t\t\t<\/td>\n\t\t\n\t\t\t<td class=\"gigpress-artist\">\n\t\t\tMaria Cannelloni et le Macaroni Orchestra\t\t<\/td>\n\t\t\n\t\t<td class=\"gigpress-city\">La Pocati\u00e8re<\/td>\n\t\t\n\t\t<td class=\"gigpress-venue\">Salle Bernard-Turmel du Centre Bombardier<\/td>\n\t\t\n\t\t\n\t<\/tr>\n\t\n\t<tr class=\"gigpress-info active gigpress-alt\">\n\t\n\t\t<td class=\"gigpress-links-cell\">\n\t\t\t\t\t<\/td>\n\t\t\n\t\t<td colspan=\"3\">\n\t\t\n\t\t\t\t\t\t\t<span class=\"gigpress-info-item\"><span class=\"gigpress-info-label\">Time:<\/span> 2:00pm.<\/span>\n\t\t\t\t\t\t\n\t\t\t\t\t\t\n\t\t\t\t\t\t\n\t\t\t\t\t\t\n\t\t\t \n\t\t\t\t<span class=\"gigpress-info-item\"><span class=\"gigpress-info-label\">Address:<\/span> <a href=\"http:\/\/maps.google.com\/maps?&amp;q=600+9i%C3%A8me+rue,La+Pocati%C3%A8re,GOR+1ZO,CA\" class=\"gigpress-address\">600 9i\u00e8me rue<\/a>.<\/span>\n\t\t\t\t\t\t\n\t\t\t\t\t\t\t\n\t\t\t\n\t\t\t\t\t\t\t<span class=\"gigpress-info-item\">Halloween \u00e0 La Pocati\u00e8re<\/span>\n\t\t\t\t\t\t\n\t\t\t\t\t\t\n\t\t\t\n\t\t\t\t\t\t\t\t\n\t\t\n\t\t<\/td>\n\t\n\t<\/tr>\n<\/tbody>\t\n\n<tbody>\n\t\n\t<tr class=\"gigpress-row active\">\n\t\n\t\t<td class=\"gigpress-date\">08\/21\/19\t\t\t\t\t<\/td>\n\t\t\n\t\t\t<td class=\"gigpress-artist\">\n\t\t\tMaria dans ma Mini-Raviolimanie\t\t<\/td>\n\t\t\n\t\t<td class=\"gigpress-city\">Nominingue<\/td>\n\t\t\n\t\t<td class=\"gigpress-venue\">Municipalit\u00e9 de Nominingue<\/td>\n\t\t\n\t\t\n\t<\/tr>\n\t\n\t<tr class=\"gigpress-info active\">\n\t\n\t\t<td class=\"gigpress-links-cell\">\n\t\t\t\t\t<\/td>\n\t\t\n\t\t<td colspan=\"3\">\n\t\t\n\t\t\t\t\t\t\t<span class=\"gigpress-info-item\"><span class=\"gigpress-info-label\">Time:<\/span> 1:00pm.<\/span>\n\t\t\t\t\t\t\n\t\t\t\t\t\t\n\t\t\t\t\t\t\n\t\t\t\t\t\t\n\t\t\t \n\t\t\t\t<span class=\"gigpress-info-item\"><span class=\"gigpress-info-label\">Address:<\/span> <a href=\"http:\/\/maps.google.com\/maps?&amp;q=Salle+JA+Ardouin,Nominingue,CA\" class=\"gigpress-address\">Salle JA Ardouin<\/a>.<\/span>\n\t\t\t\t\t\t\n\t\t\t\t\t\t\t\n\t\t\t\n\t\t\t\t\t\t\t<span class=\"gigpress-info-item\">Heure du conte<\/span>\n\t\t\t\t\t\t\n\t\t\t\t\t\t\n\t\t\t\n\t\t\t\t\t\t\t\t\n\t\t\n\t\t<\/td>\n\t\n\t<\/tr>\n<\/tbody>\t\n\n<tbody>\n\t\n\t<tr class=\"gigpress-row active gigpress-alt\">\n\t\n\t\t<td class=\"gigpress-date\">07\/28\/19\t\t\t\t\t<\/td>\n\t\t\n\t\t\t<td class=\"gigpress-artist\">\n\t\t\tMaria Cannelloni et le Macaroni Orchestra\t\t<\/td>\n\t\t\n\t\t<td class=\"gigpress-city\">Saint-Jean-sur-Richelieu<\/td>\n\t\t\n\t\t<td class=\"gigpress-venue\">Place publique du Vieux Saint-Jean<\/td>\n\t\t\n\t\t\n\t<\/tr>\n\t\n\t<tr class=\"gigpress-info active gigpress-alt\">\n\t\n\t\t<td class=\"gigpress-links-cell\">\n\t\t\t\t\t<\/td>\n\t\t\n\t\t<td colspan=\"3\">\n\t\t\n\t\t\t\t\t\t\t<span class=\"gigpress-info-item\"><span class=\"gigpress-info-label\">Time:<\/span> 2:00pm.<\/span>\n\t\t\t\t\t\t\n\t\t\t\t\t\t\n\t\t\t\t\t\t\n\t\t\t\t\t\t\n\t\t\t \n\t\t\t\t<span class=\"gigpress-info-item\"><span class=\"gigpress-info-label\">Address:<\/span> <a href=\"http:\/\/maps.google.com\/maps?&amp;q=Angle+Saint-Jean+%C3%A0+Saint-Jean-sur-Richelieu,Saint-Jean-sur-Richelieu,CA\" class=\"gigpress-address\">Angle Saint-Jean \u00e0 Saint-Jean-sur-Richelieu<\/a>.<\/span>\n\t\t\t\t\t\t\n\t\t\t\t\t\t\t\n\t\t\t\n\t\t\t\t\t\t\n\t\t\t\t\t\t\n\t\t\t\n\t\t\t\t\t\t\t\t\n\t\t\n\t\t<\/td>\n\t\n\t<\/tr>\n<\/tbody>\t\n\n<tbody>\n\t\n\t<tr class=\"gigpress-row active\">\n\t\n\t\t<td class=\"gigpress-date\">07\/23\/19\t\t\t\t\t<\/td>\n\t\t\n\t\t\t<td class=\"gigpress-artist\">\n\t\t\tMaria en solo\t\t<\/td>\n\t\t\n\t\t<td class=\"gigpress-city\">Rivi\u00e8re-du Loup<\/td>\n\t\t\n\t\t<td class=\"gigpress-venue\">Th\u00e9\u00e2tre de la Go\u00e9lette<\/td>\n\t\t\n\t\t\n\t<\/tr>\n\t\n\t<tr class=\"gigpress-info active\">\n\t\n\t\t<td class=\"gigpress-links-cell\">\n\t\t\t\t\t<\/td>\n\t\t\n\t\t<td colspan=\"3\">\n\t\t\n\t\t\t\t\t\t\t<span class=\"gigpress-info-item\"><span class=\"gigpress-info-label\">Time:<\/span> 7:00pm.<\/span>\n\t\t\t\t\t\t\n\t\t\t\t\t\t\n\t\t\t\t\t\t\n\t\t\t\t\t\t\n\t\t\t \n\t\t\t\t<span class=\"gigpress-info-item\"><span class=\"gigpress-info-label\">Address:<\/span> <a href=\"http:\/\/maps.google.com\/maps?&amp;q=67+rue+du+Rocher,Rivi%C3%A8re-du+Loup,CA\" class=\"gigpress-address\">67 rue du Rocher<\/a>.<\/span>\n\t\t\t\t\t\t\n\t\t\t\t\t\t\t\n\t\t\t\n\t\t\t\t\t\t\t<span class=\"gigpress-info-item\">\u00c9v\u00e9nement Mardis en famille<\/span>\n\t\t\t\t\t\t\n\t\t\t\t\t\t\n\t\t\t\n\t\t\t\t\t\t\t\t\n\t\t\n\t\t<\/td>\n\t\n\t<\/tr>\n<\/tbody>\t\n\n<tbody>\n\t\n\t<tr class=\"gigpress-row active gigpress-alt\">\n\t\n\t\t<td class=\"gigpress-date\">07\/23\/19\t\t\t\t\t<\/td>\n\t\t\n\t\t\t<td class=\"gigpress-artist\">\n\t\t\tMaria en solo\t\t<\/td>\n\t\t\n\t\t<td class=\"gigpress-city\">Mont-Joli, Qu\u00e9bec<\/td>\n\t\t\n\t\t<td class=\"gigpress-venue\">La sc\u00e8ne BSL<\/td>\n\t\t\n\t\t\n\t<\/tr>\n\t\n\t<tr class=\"gigpress-info active gigpress-alt\">\n\t\n\t\t<td class=\"gigpress-links-cell\">\n\t\t\t\t\t<\/td>\n\t\t\n\t\t<td colspan=\"3\">\n\t\t\n\t\t\t\t\t\t\t<span class=\"gigpress-info-item\"><span class=\"gigpress-info-label\">Time:<\/span> 10:00am.<\/span>\n\t\t\t\t\t\t\n\t\t\t\t\t\t\n\t\t\t\t\t\t\n\t\t\t\t\t\t\n\t\t\t \n\t\t\t\t<span class=\"gigpress-info-item\"><span class=\"gigpress-info-label\">Address:<\/span> <a href=\"http:\/\/maps.google.com\/maps?&amp;q=1588+Jacques+Cartier,Mont-Joli,Qu%C3%A9bec,CA\" class=\"gigpress-address\">1588 Jacques Cartier<\/a>.<\/span>\n\t\t\t\t\t\t\n\t\t\t\t\t\t\t\n\t\t\t\n\t\t\t\t\t\t\n\t\t\t\t\t\t\n\t\t\t\n\t\t\t\t\t\t\t\t\n\t\t\n\t\t<\/td>\n\t\n\t<\/tr>\n<\/tbody>\t\n\n<tbody>\n\t\n\t<tr class=\"gigpress-row active\">\n\t\n\t\t<td class=\"gigpress-date\">07\/22\/19\t\t\t\t\t<\/td>\n\t\t\n\t\t\t<td class=\"gigpress-artist\">\n\t\t\tMaria en solo\t\t<\/td>\n\t\t\n\t\t<td class=\"gigpress-city\">Rimouski<\/td>\n\t\t\n\t\t<td class=\"gigpress-venue\">Ville de Rimouski<\/td>\n\t\t\n\t\t\n\t<\/tr>\n\t\n\t<tr class=\"gigpress-info active\">\n\t\n\t\t<td class=\"gigpress-links-cell\">\n\t\t\t\t\t<\/td>\n\t\t\n\t\t<td colspan=\"3\">\n\t\t\n\t\t\t\t\t\t\t<span class=\"gigpress-info-item\"><span class=\"gigpress-info-label\">Time:<\/span> 7:00pm.<\/span>\n\t\t\t\t\t\t\n\t\t\t\t\t\t\n\t\t\t\t\t\t\n\t\t\t\t\t\t\n\t\t\t \n\t\t\t\t<span class=\"gigpress-info-item\"><span class=\"gigpress-info-label\">Address:<\/span> <a href=\"http:\/\/maps.google.com\/maps?&amp;q=Agora+du+Parc+Beaus%C3%A9jour%2C+400+boul+de+la+Rivi%C3%A8re,Rimouski,CA\" class=\"gigpress-address\">Agora du Parc Beaus\u00e9jour, 400 boul de la Rivi\u00e8re<\/a>.<\/span>\n\t\t\t\t\t\t\n\t\t\t\t\t\t\t\n\t\t\t\n\t\t\t\t\t\t\t<span class=\"gigpress-info-item\">Les rendez-vous culturels de Granby<\/span>\n\t\t\t\t\t\t\n\t\t\t\t\t\t\n\t\t\t\n\t\t\t\t\t\t\t\t\n\t\t\n\t\t<\/td>\n\t\n\t<\/tr>\n<\/tbody>\t\n\n<tbody>\n\t\n\t<tr class=\"gigpress-row active gigpress-alt\">\n\t\n\t\t<td class=\"gigpress-date\">07\/22\/19\t\t\t\t\t<\/td>\n\t\t\n\t\t\t<td class=\"gigpress-artist\">\n\t\t\tMaria en solo\t\t<\/td>\n\t\t\n\t\t<td class=\"gigpress-city\">Montmagny<\/td>\n\t\t\n\t\t<td class=\"gigpress-venue\">Place Montel<\/td>\n\t\t\n\t\t\n\t<\/tr>\n\t\n\t<tr class=\"gigpress-info active gigpress-alt\">\n\t\n\t\t<td class=\"gigpress-links-cell\">\n\t\t\t\t\t<\/td>\n\t\t\n\t\t<td colspan=\"3\">\n\t\t\n\t\t\t\t\t\t\t<span class=\"gigpress-info-item\"><span class=\"gigpress-info-label\">Time:<\/span> 1:00pm.<\/span>\n\t\t\t\t\t\t\n\t\t\t\t\t\t\n\t\t\t\t\t\t\n\t\t\t\t\t\t\n\t\t\t \n\t\t\t\t<span class=\"gigpress-info-item\"><span class=\"gigpress-info-label\">Address:<\/span> <a href=\"http:\/\/maps.google.com\/maps?&amp;q=101-A%2C+avenue+Sainte-Julie,Montmagny,CA\" class=\"gigpress-address\">101-A, avenue Sainte-Julie<\/a>.<\/span>\n\t\t\t\t\t\t\n\t\t\t\t\t\t\t\n\t\t\t\n\t\t\t\t\t\t\n\t\t\t\t\t\t\n\t\t\t\n\t\t\t\t\t\t\t\t\n\t\t\n\t\t<\/td>\n\t\n\t<\/tr>\n<\/tbody>\t\n\n<tbody>\n\t\n\t<tr class=\"gigpress-row active\">\n\t\n\t\t<td class=\"gigpress-date\">07\/21\/19\t\t\t\t\t<\/td>\n\t\t\n\t\t\t<td class=\"gigpress-artist\">\n\t\t\tMaria Cannelloni et le Macaroni Orchestra\t\t<\/td>\n\t\t\n\t\t<td class=\"gigpress-city\">Tremblant, Qu\u00e9bec<\/td>\n\t\t\n\t\t<td class=\"gigpress-venue\"><a href=\"https:\/\/www.tremblant.ca\/things-to-do\/events\/les-rythmes-tremblant\">Promenade Deslauriers<\/a><\/td>\n\t\t\n\t\t\n\t<\/tr>\n\t\n\t<tr class=\"gigpress-info active\">\n\t\n\t\t<td class=\"gigpress-links-cell\">\n\t\t\t\t\t<\/td>\n\t\t\n\t\t<td colspan=\"3\">\n\t\t\n\t\t\t\t\t\t\t<span class=\"gigpress-info-item\"><span class=\"gigpress-info-label\">Time:<\/span> 3:30pm.<\/span>\n\t\t\t\t\t\t\n\t\t\t\t\t\t\n\t\t\t\t\t\t\n\t\t\t\t\t\t\n\t\t\t \n\t\t\t\t<span class=\"gigpress-info-item\"><span class=\"gigpress-info-label\">Address:<\/span> <a href=\"http:\/\/maps.google.com\/maps?&amp;q=1000+chemin+des+Voyageurs,Tremblant,Qu%C3%A9bec,J8T+1T1,CA\" class=\"gigpress-address\">1000 chemin des Voyageurs<\/a>.<\/span>\n\t\t\t\t\t\t\n\t\t\t\t\t\t\t\n\t\t\t\n\t\t\t\t\t\t\n\t\t\t\t\t\t\n\t\t\t\n\t\t\t\t\t\t\t\t\n\t\t\n\t\t<\/td>\n\t\n\t<\/tr>\n<\/tbody>\t\n\n<tbody>\n\t\n\t<tr class=\"gigpress-row active gigpress-alt\">\n\t\n\t\t<td class=\"gigpress-date\">07\/11\/19\t\t\t\t\t<\/td>\n\t\t\n\t\t\t<td class=\"gigpress-artist\">\n\t\t\tMaria en solo\t\t<\/td>\n\t\t\n\t\t<td class=\"gigpress-city\">Notre-Dame de l&#8217;\u00eele Perrot<\/td>\n\t\t\n\t\t<td class=\"gigpress-venue\">Ville de Notre-Dame de l&#8217;\u00eele Perrot<\/td>\n\t\t\n\t\t\n\t<\/tr>\n\t\n\t<tr class=\"gigpress-info active gigpress-alt\">\n\t\n\t\t<td class=\"gigpress-links-cell\">\n\t\t\t\t\t<\/td>\n\t\t\n\t\t<td colspan=\"3\">\n\t\t\n\t\t\t\t\t\t\t<span class=\"gigpress-info-item\"><span class=\"gigpress-info-label\">Time:<\/span> 7:00pm.<\/span>\n\t\t\t\t\t\t\n\t\t\t\t\t\t\n\t\t\t\t\t\t\n\t\t\t\t\t\t\n\t\t\t \n\t\t\t\t<span class=\"gigpress-info-item\"><span class=\"gigpress-info-label\">Address:<\/span> <a href=\"http:\/\/maps.google.com\/maps?&amp;q=Parc+des+%C3%89perviers%2C+89+rue+Riverlaine,Notre-Dame+de+l%27%C3%AEle+Perrot,CA\" class=\"gigpress-address\">Parc des \u00c9perviers, 89 rue Riverlaine<\/a>.<\/span>\n\t\t\t\t\t\t\n\t\t\t\t\t\t\t\n\t\t\t\n\t\t\t\t\t\t\t<span class=\"gigpress-info-item\">\u00c9v\u00e9nement Pique-Nique en spectcale<\/span>\n\t\t\t\t\t\t\n\t\t\t\t\t\t\n\t\t\t\n\t\t\t\t\t\t\t\t\n\t\t\n\t\t<\/td>\n\t\n\t<\/tr>\n<\/tbody>\t\n\n<tbody>\n\t\n\t<tr class=\"gigpress-row active\">\n\t\n\t\t<td class=\"gigpress-date\">07\/10\/19\t\t\t\t\t<\/td>\n\t\t\n\t\t\t<td class=\"gigpress-artist\">\n\t\t\tMaria en solo\t\t<\/td>\n\t\t\n\t\t<td class=\"gigpress-city\">Sainte-Julienne<\/td>\n\t\t\n\t\t<td class=\"gigpress-venue\">Municipalit\u00e9 de Sainte-Julienne<\/td>\n\t\t\n\t\t\n\t<\/tr>\n\t\n\t<tr class=\"gigpress-info active\">\n\t\n\t\t<td class=\"gigpress-links-cell\">\n\t\t\t\t\t<\/td>\n\t\t\n\t\t<td colspan=\"3\">\n\t\t\n\t\t\t\t\t\t\t<span class=\"gigpress-info-item\"><span class=\"gigpress-info-label\">Time:<\/span> 7:00pm.<\/span>\n\t\t\t\t\t\t\n\t\t\t\t\t\t\n\t\t\t\t\t\t\n\t\t\t\t\t\t\n\t\t\t \n\t\t\t\t<span class=\"gigpress-info-item\"><span class=\"gigpress-info-label\">Address:<\/span> <a href=\"http:\/\/maps.google.com\/maps?&amp;q=Parc+Lionel+Ricard,Sainte-Julienne,CA\" class=\"gigpress-address\">Parc Lionel Ricard<\/a>.<\/span>\n\t\t\t\t\t\t\n\t\t\t\t\t\t\t\n\t\t\t\n\t\t\t\t\t\t\n\t\t\t\t\t\t\n\t\t\t\n\t\t\t\t\t\t\t\t\n\t\t\n\t\t<\/td>\n\t\n\t<\/tr>\n<\/tbody>\t\n\n<tbody>\n\t\n\t<tr class=\"gigpress-row active gigpress-alt\">\n\t\n\t\t<td class=\"gigpress-date\">07\/03\/19\t\t\t\t\t<\/td>\n\t\t\n\t\t\t<td class=\"gigpress-artist\">\n\t\t\tMaria et Romano dans &#8220;La Raviolimanie&#8221;\t\t<\/td>\n\t\t\n\t\t<td class=\"gigpress-city\">Rigaud<\/td>\n\t\t\n\t\t<td class=\"gigpress-venue\">Ville de Rigaud<\/td>\n\t\t\n\t\t\n\t<\/tr>\n\t\n\t<tr class=\"gigpress-info active gigpress-alt\">\n\t\n\t\t<td class=\"gigpress-links-cell\">\n\t\t\t\t\t<\/td>\n\t\t\n\t\t<td colspan=\"3\">\n\t\t\n\t\t\t\t\t\t\t<span class=\"gigpress-info-item\"><span class=\"gigpress-info-label\">Time:<\/span> 7:30pm.<\/span>\n\t\t\t\t\t\t\n\t\t\t\t\t\t\n\t\t\t\t\t\t\n\t\t\t\t\t\t\n\t\t\t \n\t\t\t\t<span class=\"gigpress-info-item\"><span class=\"gigpress-info-label\">Address:<\/span> <a href=\"http:\/\/maps.google.com\/maps?&amp;q=Parc+Charles+de+Lotbini%C3%A8re%2C+5+rue+Pag%C3%A9,Rigaud,CA\" class=\"gigpress-address\">Parc Charles de Lotbini\u00e8re, 5 rue Pag\u00e9<\/a>.<\/span>\n\t\t\t\t\t\t\n\t\t\t\t\t\t\t\n\t\t\t\n\t\t\t\t\t\t\t<span class=\"gigpress-info-item\">\u00c9v\u00e9nement \u00c9t\u00e9 Show<\/span>\n\t\t\t\t\t\t\n\t\t\t\t\t\t\n\t\t\t\n\t\t\t\t\t\t\t\t\n\t\t\n\t\t<\/td>\n\t\n\t<\/tr>\n<\/tbody>\t\n\n<tbody>\n\t\n\t<tr class=\"gigpress-row active\">\n\t\n\t\t<td class=\"gigpress-date\">07\/01\/19\t\t\t\t\t<\/td>\n\t\t\n\t\t\t<td class=\"gigpress-artist\">\n\t\t\tMaria Cannelloni et le Macaroni Orchestra\t\t<\/td>\n\t\t\n\t\t<td class=\"gigpress-city\">Rawdon<\/td>\n\t\t\n\t\t<td class=\"gigpress-venue\">Municipalit\u00e9 de Rawdon<\/td>\n\t\t\n\t\t\n\t<\/tr>\n\t\n\t<tr class=\"gigpress-info active\">\n\t\n\t\t<td class=\"gigpress-links-cell\">\n\t\t\t\t\t<\/td>\n\t\t\n\t\t<td colspan=\"3\">\n\t\t\n\t\t\t\t\t\t\t<span class=\"gigpress-info-item\"><span class=\"gigpress-info-label\">Time:<\/span> 5:00pm.<\/span>\n\t\t\t\t\t\t\n\t\t\t\t\t\t\n\t\t\t\t\t\t\n\t\t\t\t\t\t\n\t\t\t \n\t\t\t\t<span class=\"gigpress-info-item\"><span class=\"gigpress-info-label\">Address:<\/span> <a href=\"http:\/\/maps.google.com\/maps?&amp;q=3713+rue+Queen,Rawdon,CA\" class=\"gigpress-address\">3713 rue Queen<\/a>.<\/span>\n\t\t\t\t\t\t\n\t\t\t\t\t\t\t\n\t\t\t\n\t\t\t\t\t\t\t<span class=\"gigpress-info-item\">La f\u00eate du Canada<\/span>\n\t\t\t\t\t\t\n\t\t\t\t\t\t\n\t\t\t\n\t\t\t\t\t\t\t\t\n\t\t\n\t\t<\/td>\n\t\n\t<\/tr>\n<\/tbody>\t\n\n<tbody>\n\t\n\t<tr class=\"gigpress-row active gigpress-alt\">\n\t\n\t\t<td class=\"gigpress-date\">07\/01\/19\t\t\t\t\t<\/td>\n\t\t\n\t\t\t<td class=\"gigpress-artist\">\n\t\t\tMaria en solo\t\t<\/td>\n\t\t\n\t\t<td class=\"gigpress-city\">La Malbaie<\/td>\n\t\t\n\t\t<td class=\"gigpress-venue\">Ville de La Malbaie<\/td>\n\t\t\n\t\t\n\t<\/tr>\n\t\n\t<tr class=\"gigpress-info active gigpress-alt\">\n\t\n\t\t<td class=\"gigpress-links-cell\">\n\t\t\t\t\t<\/td>\n\t\t\n\t\t<td colspan=\"3\">\n\t\t\n\t\t\t\t\t\t\t<span class=\"gigpress-info-item\"><span class=\"gigpress-info-label\">Time:<\/span> 5:00pm.<\/span>\n\t\t\t\t\t\t\n\t\t\t\t\t\t\n\t\t\t\t\t\t\n\t\t\t\t\t\t\n\t\t\t\t\t\t\n\t\t\t\t\t\t\t\n\t\t\t\n\t\t\t\t\t\t\t<span class=\"gigpress-info-item\">La f\u00eate du Canada<\/span>\n\t\t\t\t\t\t\n\t\t\t\t\t\t\n\t\t\t\n\t\t\t\t\t\t\t\t\n\t\t\n\t\t<\/td>\n\t\n\t<\/tr>\n<\/tbody>\t\n\n<tbody>\n\t\n\t<tr class=\"gigpress-row active\">\n\t\n\t\t<td class=\"gigpress-date\">06\/30\/19\t\t\t\t\t<\/td>\n\t\t\n\t\t\t<td class=\"gigpress-artist\">\n\t\t\tMaria et Romano dans &#8220;La Raviolimanie&#8221;\t\t<\/td>\n\t\t\n\t\t<td class=\"gigpress-city\">Sainte-Ad\u00e8le<\/td>\n\t\t\n\t\t<td class=\"gigpress-venue\">Parc Claude Henri Grignon<\/td>\n\t\t\n\t\t\n\t<\/tr>\n\t\n\t<tr class=\"gigpress-info active\">\n\t\n\t\t<td class=\"gigpress-links-cell\">\n\t\t\t\t\t<\/td>\n\t\t\n\t\t<td colspan=\"3\">\n\t\t\n\t\t\t\t\t\t\t<span class=\"gigpress-info-item\"><span class=\"gigpress-info-label\">Time:<\/span> 11:00am.<\/span>\n\t\t\t\t\t\t\n\t\t\t\t\t\t\n\t\t\t\t\t\t\n\t\t\t\t\t\t\n\t\t\t \n\t\t\t\t<span class=\"gigpress-info-item\"><span class=\"gigpress-info-label\">Address:<\/span> <a href=\"http:\/\/maps.google.com\/maps?&amp;q=999+boulevard+de+Sainte-Ad%C3%A8le,Sainte-Ad%C3%A8le,CA\" class=\"gigpress-address\">999 boulevard de Sainte-Ad\u00e8le<\/a>.<\/span>\n\t\t\t\t\t\t\n\t\t\t\t\t\t\t\n\t\t\t\n\t\t\t\t\t\t\n\t\t\t\t\t\t\n\t\t\t\n\t\t\t\t\t\t\t\t\n\t\t\n\t\t<\/td>\n\t\n\t<\/tr>\n<\/tbody>\t\n\n<tbody>\n\t\n\t<tr class=\"gigpress-row active gigpress-alt\">\n\t\n\t\t<td class=\"gigpress-date\">06\/24\/19\t\t\t\t\t<\/td>\n\t\t\n\t\t\t<td class=\"gigpress-artist\">\n\t\t\tMaria Cannelloni et le Macaroni Orchestra\t\t<\/td>\n\t\t\n\t\t<td class=\"gigpress-city\">Mercier<\/td>\n\t\t\n\t\t<td class=\"gigpress-venue\">Parc Hirondelle, Mercier<\/td>\n\t\t\n\t\t\n\t<\/tr>\n\t\n\t<tr class=\"gigpress-info active gigpress-alt\">\n\t\n\t\t<td class=\"gigpress-links-cell\">\n\t\t\t\t\t<\/td>\n\t\t\n\t\t<td colspan=\"3\">\n\t\t\n\t\t\t\t\t\t\t<span class=\"gigpress-info-item\"><span class=\"gigpress-info-label\">Time:<\/span> 10:30am.<\/span>\n\t\t\t\t\t\t\n\t\t\t\t\t\t\n\t\t\t\t\t\t\n\t\t\t\t\t\t\n\t\t\t \n\t\t\t\t<span class=\"gigpress-info-item\"><span class=\"gigpress-info-label\">Address:<\/span> <a href=\"http:\/\/maps.google.com\/maps?&amp;q=8+rue+des+Plaines%2C+Mercier,Mercier,CA\" class=\"gigpress-address\">8 rue des Plaines, Mercier<\/a>.<\/span>\n\t\t\t\t\t\t\n\t\t\t\t\t\t\t\n\t\t\t\n\t\t\t\t\t\t\t<span class=\"gigpress-info-item\">F\u00eate Nationale Mercier<\/span>\n\t\t\t\t\t\t\n\t\t\t\t\t\t\n\t\t\t\n\t\t\t\t\t\t\t\t\n\t\t\n\t\t<\/td>\n\t\n\t<\/tr>\n<\/tbody>\t\n\n<tbody>\n\t\n\t<tr class=\"gigpress-row active\">\n\t\n\t\t<td class=\"gigpress-date\">06\/23\/19\t\t\t\t\t<\/td>\n\t\t\n\t\t\t<td class=\"gigpress-artist\">\n\t\t\tMaria et Romano dans &#8220;La Raviolimanie&#8221;\t\t<\/td>\n\t\t\n\t\t<td class=\"gigpress-city\">Saint-Philippe de Laprairie<\/td>\n\t\t\n\t\t<td class=\"gigpress-venue\">Parc G\u00e9rald Laframboise<\/td>\n\t\t\n\t\t\n\t<\/tr>\n\t\n\t<tr class=\"gigpress-info active\">\n\t\n\t\t<td class=\"gigpress-links-cell\">\n\t\t\t\t\t<\/td>\n\t\t\n\t\t<td colspan=\"3\">\n\t\t\n\t\t\t\t\t\t\t<span class=\"gigpress-info-item\"><span class=\"gigpress-info-label\">Time:<\/span> 7:30pm.<\/span>\n\t\t\t\t\t\t\n\t\t\t\t\t\t\n\t\t\t\t\t\t\n\t\t\t\t\t\t\n\t\t\t \n\t\t\t\t<span class=\"gigpress-info-item\"><span class=\"gigpress-info-label\">Address:<\/span> <a href=\"http:\/\/maps.google.com\/maps?&amp;q=2225+%C3%89douard+V11,Saint-Philippe+de+Laprairie,J0L+2K0,CA\" class=\"gigpress-address\">2225 \u00c9douard V11<\/a>.<\/span>\n\t\t\t\t\t\t\n\t\t\t\t\t\t\t\n\t\t\t\n\t\t\t\t\t\t\t<span class=\"gigpress-info-item\">F\u00eate Nationale, Saint-Philippe<\/span>\n\t\t\t\t\t\t\n\t\t\t\t\t\t\n\t\t\t\n\t\t\t\t\t\t\t\t\n\t\t\n\t\t<\/td>\n\t\n\t<\/tr>\n<\/tbody>\t\n\n<tbody>\n\t\n\t<tr class=\"gigpress-row active gigpress-alt\">\n\t\n\t\t<td class=\"gigpress-date\">06\/23\/19\t\t\t\t\t<\/td>\n\t\t\n\t\t\t<td class=\"gigpress-artist\">\n\t\t\tMaria et ses musiciens\t\t<\/td>\n\t\t\n\t\t<td class=\"gigpress-city\">Montr\u00e9al<\/td>\n\t\t\n\t\t<td class=\"gigpress-venue\">Parc du bonheur d&#8217;occasion<\/td>\n\t\t\n\t\t\n\t<\/tr>\n\t\n\t<tr class=\"gigpress-info active gigpress-alt\">\n\t\n\t\t<td class=\"gigpress-links-cell\">\n\t\t\t\t\t<\/td>\n\t\t\n\t\t<td colspan=\"3\">\n\t\t\n\t\t\t\t\t\t\t<span class=\"gigpress-info-item\"><span class=\"gigpress-info-label\">Time:<\/span> 1:30pm.<\/span>\n\t\t\t\t\t\t\n\t\t\t\t\t\t\n\t\t\t\t\t\t\n\t\t\t\t\t\t\n\t\t\t \n\t\t\t\t<span class=\"gigpress-info-item\"><span class=\"gigpress-info-label\">Address:<\/span> <a href=\"http:\/\/maps.google.com\/maps?&amp;q=Coin+Rose+de+LIma+et+Notre+Dame,Montr%C3%A9al,CA\" class=\"gigpress-address\">Coin Rose de LIma et Notre Dame<\/a>.<\/span>\n\t\t\t\t\t\t\n\t\t\t\t\t\t\t\n\t\t\t\n\t\t\t\t\t\t\t<span class=\"gigpress-info-item\">La f\u00eate Nationale\/Festival du solstice d&#8217;\u00e9t\u00e9 dans le Sud Ouest<\/span>\n\t\t\t\t\t\t\n\t\t\t\t\t\t\n\t\t\t\n\t\t\t\t\t\t\t\t\n\t\t\n\t\t<\/td>\n\t\n\t<\/tr>\n<\/tbody>\t\n\n<tbody>\n\t\n\t<tr class=\"gigpress-row active\">\n\t\n\t\t<td class=\"gigpress-date\">03\/21\/19\t\t\t\t\t<\/td>\n\t\t\n\t\t\t<td class=\"gigpress-artist\">\n\t\t\tMaria en solo\t\t<\/td>\n\t\t\n\t\t<td class=\"gigpress-city\">Lachute<\/td>\n\t\t\n\t\t<td class=\"gigpress-venue\">Biblioth\u00e8que de Lachute<\/td>\n\t\t\n\t\t\n\t<\/tr>\n\t\n\t<tr class=\"gigpress-info active\">\n\t\n\t\t<td class=\"gigpress-links-cell\">\n\t\t\t\t\t<\/td>\n\t\t\n\t\t<td colspan=\"3\">\n\t\t\n\t\t\t\t\t\t\t<span class=\"gigpress-info-item\"><span class=\"gigpress-info-label\">Time:<\/span> 6:30pm.<\/span>\n\t\t\t\t\t\t\n\t\t\t\t\t\t\n\t\t\t\t\t\t\n\t\t\t\t\t\t\n\t\t\t \n\t\t\t\t<span class=\"gigpress-info-item\"><span class=\"gigpress-info-label\">Address:<\/span> <a href=\"http:\/\/maps.google.com\/maps?&amp;q=378+rue+principale,Lachute,CA\" class=\"gigpress-address\">378 rue principale<\/a>.<\/span>\n\t\t\t\t\t\t\n\t\t\t\t\t\t\t\n\t\t\t\n\t\t\t\t\t\t\n\t\t\t\t\t\t\n\t\t\t\n\t\t\t\t\t\t\t\t\n\t\t\n\t\t<\/td>\n\t\n\t<\/tr>\n<\/tbody>\t\n\n<tbody>\n\t\n\t<tr class=\"gigpress-row active gigpress-alt\">\n\t\n\t\t<td class=\"gigpress-date\">01\/20\/19\t\t\t\t\t<\/td>\n\t\t\n\t\t\t<td class=\"gigpress-artist\">\n\t\t\tMaria et ses musiciens\t\t<\/td>\n\t\t\n\t\t<td class=\"gigpress-city\">Saint-Eustache, Qu\u00e9bec<\/td>\n\t\t\n\t\t<td class=\"gigpress-venue\">Centre d&#8217;art la petite \u00e9glise<\/td>\n\t\t\n\t\t\n\t<\/tr>\n\t\n\t<tr class=\"gigpress-info active gigpress-alt\">\n\t\n\t\t<td class=\"gigpress-links-cell\">\n\t\t\t\t\t<\/td>\n\t\t\n\t\t<td colspan=\"3\">\n\t\t\n\t\t\t\t\t\t\t<span class=\"gigpress-info-item\"><span class=\"gigpress-info-label\">Time:<\/span> 11:30am.<\/span>\n\t\t\t\t\t\t\n\t\t\t\t\t\t\n\t\t\t\t\t\t\n\t\t\t\t\t\t\n\t\t\t \n\t\t\t\t<span class=\"gigpress-info-item\"><span class=\"gigpress-info-label\">Address:<\/span> <a href=\"http:\/\/maps.google.com\/maps?&amp;q=271+Rue+Saint-Eustache,Saint-Eustache,Qu%C3%A9bec,J7R+2L9,CA\" class=\"gigpress-address\">271 Rue Saint-Eustache<\/a>.<\/span>\n\t\t\t\t\t\t\n\t\t\t\t\t\t\t\n\t\t\t\n\t\t\t\t\t\t\n\t\t\t\t\t\t\n\t\t\t\n\t\t\t\t\t\t\t\t\n\t\t\n\t\t<\/td>\n\t\n\t<\/tr>\n<\/tbody>\t\n\n<tbody>\n\t\n\t<tr class=\"gigpress-row active\">\n\t\n\t\t<td class=\"gigpress-date\">12\/02\/18\t\t\t\t\t<\/td>\n\t\t\n\t\t\t<td class=\"gigpress-artist\">\n\t\t\tMaria et ses musiciens\t\t<\/td>\n\t\t\n\t\t<td class=\"gigpress-city\">Montr\u00e9al<\/td>\n\t\t\n\t\t<td class=\"gigpress-venue\"><a href=\"http:\/\/www.noeldansleparc.com\">Parc des compagnons<\/a><\/td>\n\t\t\n\t\t\n\t<\/tr>\n\t\n\t<tr class=\"gigpress-info active\">\n\t\n\t\t<td class=\"gigpress-links-cell\">\n\t\t\t\t\t<\/td>\n\t\t\n\t\t<td colspan=\"3\">\n\t\t\n\t\t\t\t\t\t\t<span class=\"gigpress-info-item\"><span class=\"gigpress-info-label\">Time:<\/span> 2:00pm.<\/span>\n\t\t\t\t\t\t\n\t\t\t\t\t\t\n\t\t\t\t\t\t\n\t\t\t\t\t\t\n\t\t\t \n\t\t\t\t<span class=\"gigpress-info-item\"><span class=\"gigpress-info-label\">Address:<\/span> <a href=\"http:\/\/maps.google.com\/maps?&amp;q=Angle+Mont-Royal+et+Cartier,Montr%C3%A9al,CA\" class=\"gigpress-address\">Angle Mont-Royal et Cartier<\/a>.<\/span>\n\t\t\t\t\t\t\n\t\t\t\t\t\t\t\n\t\t\t\n\t\t\t\t\t\t\t<span class=\"gigpress-info-item\">Maria Cannelloni sur le Plateau dans le cadre de no\u00ebl dans le parc!<\/span>\n\t\t\t\t\t\t\n\t\t\t\t\t\t\n\t\t\t\n\t\t\t\t\t\t\t\t\n\t\t\n\t\t<\/td>\n\t\n\t<\/tr>\n<\/tbody>\t\n\n<tbody>\n\t\n\t<tr class=\"gigpress-row active gigpress-alt\">\n\t\n\t\t<td class=\"gigpress-date\">11\/20\/18\t\t\t\t\t<\/td>\n\t\t\n\t\t\t<td class=\"gigpress-artist\">\n\t\t\tMaria en solo\t\t<\/td>\n\t\t\n\t\t<td class=\"gigpress-city\">Blainville<\/td>\n\t\t\n\t\t<td class=\"gigpress-venue\">Biblioth\u00e8que de Blainville<\/td>\n\t\t\n\t\t\n\t<\/tr>\n\t\n\t<tr class=\"gigpress-info active gigpress-alt\">\n\t\n\t\t<td class=\"gigpress-links-cell\">\n\t\t\t\t\t<\/td>\n\t\t\n\t\t<td colspan=\"3\">\n\t\t\n\t\t\t\t\t\t\t<span class=\"gigpress-info-item\"><span class=\"gigpress-info-label\">Time:<\/span> 10:00am.<\/span>\n\t\t\t\t\t\t\n\t\t\t\t\t\t\n\t\t\t\t\t\t\n\t\t\t\t\t\t\n\t\t\t \n\t\t\t\t<span class=\"gigpress-info-item\"><span class=\"gigpress-info-label\">Address:<\/span> <a href=\"http:\/\/maps.google.com\/maps?&amp;q=1003+rue+de+la+Mairie,Blainville,CA\" class=\"gigpress-address\">1003 rue de la Mairie<\/a>.<\/span>\n\t\t\t\t\t\t\n\t\t\t\t\t\t\t\n\t\t\t\n\t\t\t\t\t\t\t<span class=\"gigpress-info-item\">Pour la journ\u00e9e internationale des enfants.<\/span>\n\t\t\t\t\t\t\n\t\t\t\t\t\t\n\t\t\t\n\t\t\t\t\t\t\t\t\n\t\t\n\t\t<\/td>\n\t\n\t<\/tr>\n<\/tbody>\t\n\n<tbody>\n\t\n\t<tr class=\"gigpress-row active\">\n\t\n\t\t<td class=\"gigpress-date\">10\/20\/18\t\t\t\t\t<\/td>\n\t\t\n\t\t\t<td class=\"gigpress-artist\">\n\t\t\tMaria et Romano dans &#8220;La Raviolimanie&#8221;\t\t<\/td>\n\t\t\n\t\t<td class=\"gigpress-city\">Montr\u00e9al, Qu\u00e9bec<\/td>\n\t\t\n\t\t<td class=\"gigpress-venue\">Centre communautaire d&#8217;Anjou<\/td>\n\t\t\n\t\t\n\t<\/tr>\n\t\n\t<tr class=\"gigpress-info active\">\n\t\n\t\t<td class=\"gigpress-links-cell\">\n\t\t\t\t\t<\/td>\n\t\t\n\t\t<td colspan=\"3\">\n\t\t\n\t\t\t\t\t\t\t<span class=\"gigpress-info-item\"><span class=\"gigpress-info-label\">Time:<\/span> 11:00am.<\/span>\n\t\t\t\t\t\t\n\t\t\t\t\t\t\n\t\t\t\t\t\t\n\t\t\t\t\t\t\n\t\t\t \n\t\t\t\t<span class=\"gigpress-info-item\"><span class=\"gigpress-info-label\">Address:<\/span> <a href=\"http:\/\/maps.google.com\/maps?&amp;q=7800+boul.+M%C3%A9tropolitain+est%2C+Montr%C3%A9al,Montr%C3%A9al,Qu%C3%A9bec,H1K1A1,CA\" class=\"gigpress-address\">7800 boul. M\u00e9tropolitain est, Montr\u00e9al<\/a>.<\/span>\n\t\t\t\t\t\t\n\t\t\t\t\t\t\t\n\t\t\t\n\t\t\t\t\t\t\t<span class=\"gigpress-info-item\">Billets disponibles sur accesculture.boxxo.ca<\/span>\n\t\t\t\t\t\t\n\t\t\t\t\t\t\n\t\t\t\n\t\t\t\t\t\t\t\t\n\t\t\n\t\t<\/td>\n\t\n\t<\/tr>\n<\/tbody>\t\n\n<tbody>\n\t\n\t<tr class=\"gigpress-row active gigpress-alt\">\n\t\n\t\t<td class=\"gigpress-date\">09\/29\/18\t\t\t\t\t<\/td>\n\t\t\n\t\t\t<td class=\"gigpress-artist\">\n\t\t\tMaria en solo\t\t<\/td>\n\t\t\n\t\t<td class=\"gigpress-city\">Bois-des-Filion, Qu\u00e9bec<\/td>\n\t\t\n\t\t<td class=\"gigpress-venue\">Chalet des citoyens<\/td>\n\t\t\n\t\t\n\t<\/tr>\n\t\n\t<tr class=\"gigpress-info active gigpress-alt\">\n\t\n\t\t<td class=\"gigpress-links-cell\">\n\t\t\t\t\t<\/td>\n\t\t\n\t\t<td colspan=\"3\">\n\t\t\n\t\t\t\t\t\t\t<span class=\"gigpress-info-item\"><span class=\"gigpress-info-label\">Time:<\/span> 10:00am.<\/span>\n\t\t\t\t\t\t\n\t\t\t\t\t\t\n\t\t\t\t\t\t\n\t\t\t\t\t\t\n\t\t\t \n\t\t\t\t<span class=\"gigpress-info-item\"><span class=\"gigpress-info-label\">Address:<\/span> <a href=\"http:\/\/maps.google.com\/maps?&amp;q=30+mont%C3%A9e+Gagnon,Bois-des-Filion,Qu%C3%A9bec,J6Z+1H1,CA\" class=\"gigpress-address\">30 mont\u00e9e Gagnon<\/a>.<\/span>\n\t\t\t\t\t\t\n\t\t\t\t\t\t\t\n\t\t\t\n\t\t\t\t\t\t\n\t\t\t\t\t\t\n\t\t\t\n\t\t\t\t\t\t\t\t\n\t\t\n\t\t<\/td>\n\t\n\t<\/tr>\n<\/tbody>\t\n\n<tbody>\n\t\n\t<tr class=\"gigpress-row active\">\n\t\n\t\t<td class=\"gigpress-date\">09\/13\/18\t\t\t\t\t<\/td>\n\t\t\n\t\t\t<td class=\"gigpress-artist\">\n\t\t\tMaria en solo\t\t<\/td>\n\t\t\n\t\t<td class=\"gigpress-city\">St-Tite<\/td>\n\t\t\n\t\t<td class=\"gigpress-venue\">Festival western de St-Tite<\/td>\n\t\t\n\t\t\n\t<\/tr>\n\t\n\t<tr class=\"gigpress-info active\">\n\t\n\t\t<td class=\"gigpress-links-cell\">\n\t\t\t\t\t<\/td>\n\t\t\n\t\t<td colspan=\"3\">\n\t\t\n\t\t\t\t\t\t\t<span class=\"gigpress-info-item\"><span class=\"gigpress-info-label\">Time:<\/span> 1:30pm.<\/span>\n\t\t\t\t\t\t\n\t\t\t\t\t\t\n\t\t\t\t\t\t\n\t\t\t\t\t\t\n\t\t\t\t\t\t\n\t\t\t\t\t\t\t\n\t\t\t\n\t\t\t\t\t\t\t<span class=\"gigpress-info-item\">Sur la place de la famille Le Lait.<\/span>\n\t\t\t\t\t\t\n\t\t\t\t\t\t\n\t\t\t\n\t\t\t\t\t\t\t\t\n\t\t\n\t\t<\/td>\n\t\n\t<\/tr>\n<\/tbody>\t\n\n<tbody>\n\t\n\t<tr class=\"gigpress-row active gigpress-alt\">\n\t\n\t\t<td class=\"gigpress-date\">09\/03\/18\t\t\t\t\t<\/td>\n\t\t\n\t\t\t<td class=\"gigpress-artist\">\n\t\t\tMaria et ses musiciens\t\t<\/td>\n\t\t\n\t\t<td class=\"gigpress-city\">Gatineau, Qu\u00e9bec<\/td>\n\t\t\n\t\t<td class=\"gigpress-venue\"><a href=\"https:\/\/www.montgolfieresgatineau.com\/fr\/activites\/scene-familiale\/\">Festival des Montgolfi\u00e8res de Gatineau<\/a><\/td>\n\t\t\n\t\t\n\t<\/tr>\n\t\n\t<tr class=\"gigpress-info active gigpress-alt\">\n\t\n\t\t<td class=\"gigpress-links-cell\">\n\t\t\t\t\t<\/td>\n\t\t\n\t\t<td colspan=\"3\">\n\t\t\n\t\t\t\t\t\t\t<span class=\"gigpress-info-item\"><span class=\"gigpress-info-label\">Time:<\/span> 1:45pm.<\/span>\n\t\t\t\t\t\t\n\t\t\t\t\t\t\n\t\t\t\t\t\t\n\t\t\t\t\t\t\n\t\t\t \n\t\t\t\t<span class=\"gigpress-info-item\"><span class=\"gigpress-info-label\">Address:<\/span> <a href=\"http:\/\/maps.google.com\/maps?&amp;q=Parc+de+la+Baie,Gatineau,Qu%C3%A9bec,J8T+2S4,CA\" class=\"gigpress-address\">Parc de la Baie<\/a>.<\/span>\n\t\t\t\t\t\t\n\t\t\t\t\t\t\t\n\t\t\t\n\t\t\t\t\t\t\n\t\t\t\t\t\t\n\t\t\t\n\t\t\t\t\t\t\t\t\n\t\t\n\t\t<\/td>\n\t\n\t<\/tr>\n<\/tbody>\t\n\n<tbody>\n\t\n\t<tr class=\"gigpress-row active\">\n\t\n\t\t<td class=\"gigpress-date\">09\/03\/18\t\t\t\t\t<\/td>\n\t\t\n\t\t\t<td class=\"gigpress-artist\">\n\t\t\tMaria et ses musiciens\t\t<\/td>\n\t\t\n\t\t<td class=\"gigpress-city\">Gatineau, Qu\u00e9bec<\/td>\n\t\t\n\t\t<td class=\"gigpress-venue\"><a href=\"https:\/\/www.montgolfieresgatineau.com\/fr\/activites\/scene-familiale\/\">Festival des Montgolfi\u00e8res de Gatineau<\/a><\/td>\n\t\t\n\t\t\n\t<\/tr>\n\t\n\t<tr class=\"gigpress-info active\">\n\t\n\t\t<td class=\"gigpress-links-cell\">\n\t\t\t\t\t<\/td>\n\t\t\n\t\t<td colspan=\"3\">\n\t\t\n\t\t\t\t\t\t\t<span class=\"gigpress-info-item\"><span class=\"gigpress-info-label\">Time:<\/span> 11:30am.<\/span>\n\t\t\t\t\t\t\n\t\t\t\t\t\t\n\t\t\t\t\t\t\n\t\t\t\t\t\t\n\t\t\t \n\t\t\t\t<span class=\"gigpress-info-item\"><span class=\"gigpress-info-label\">Address:<\/span> <a href=\"http:\/\/maps.google.com\/maps?&amp;q=Parc+de+la+Baie,Gatineau,Qu%C3%A9bec,J8T+2S4,CA\" class=\"gigpress-address\">Parc de la Baie<\/a>.<\/span>\n\t\t\t\t\t\t\n\t\t\t\t\t\t\t\n\t\t\t\n\t\t\t\t\t\t\n\t\t\t\t\t\t\n\t\t\t\n\t\t\t\t\t\t\t\t\n\t\t\n\t\t<\/td>\n\t\n\t<\/tr>\n<\/tbody>\t\n\n<tbody>\n\t\n\t<tr class=\"gigpress-row active gigpress-alt\">\n\t\n\t\t<td class=\"gigpress-date\">08\/24\/18\t\t\t\t\t<\/td>\n\t\t\n\t\t\t<td class=\"gigpress-artist\">\n\t\t\tMaria et ses musiciens\t\t<\/td>\n\t\t\n\t\t<td class=\"gigpress-city\">St-Pamphile<\/td>\n\t\t\n\t\t<td class=\"gigpress-venue\">Festival du b\u00fbcheux de St-Pamphile<\/td>\n\t\t\n\t\t\n\t<\/tr>\n\t\n\t<tr class=\"gigpress-info active gigpress-alt\">\n\t\n\t\t<td class=\"gigpress-links-cell\">\n\t\t\t\t\t<\/td>\n\t\t\n\t\t<td colspan=\"3\">\n\t\t\n\t\t\t\t\t\t\t<span class=\"gigpress-info-item\"><span class=\"gigpress-info-label\">Time:<\/span> 11:30am.<\/span>\n\t\t\t\t\t\t\n\t\t\t\t\t\t\n\t\t\t\t\t\t\n\t\t\t\t\t\t\n\t\t\t \n\t\t\t\t<span class=\"gigpress-info-item\"><span class=\"gigpress-info-label\">Address:<\/span> <a href=\"http:\/\/maps.google.com\/maps?&amp;q=240+rue+St-Pierre,St-Pamphile,G0R+3X0,CA\" class=\"gigpress-address\">240 rue St-Pierre<\/a>.<\/span>\n\t\t\t\t\t\t\n\t\t\t\t\t\t\t\n\t\t\t\n\t\t\t\t\t\t\n\t\t\t\t\t\t\n\t\t\t\n\t\t\t\t\t\t\t\t\n\t\t\n\t\t<\/td>\n\t\n\t<\/tr>\n<\/tbody>\t\n\n<tbody>\n\t\n\t<tr class=\"gigpress-row active\">\n\t\n\t\t<td class=\"gigpress-date\">08\/14\/18\t\t\t\t\t<\/td>\n\t\t\n\t\t\t<td class=\"gigpress-artist\">\n\t\t\tMaria et Romano dans &#8220;La Raviolimanie&#8221;\t\t<\/td>\n\t\t\n\t\t<td class=\"gigpress-city\">Blainville<\/td>\n\t\t\n\t\t<td class=\"gigpress-venue\">Parc Chante-Bois<\/td>\n\t\t\n\t\t\n\t<\/tr>\n\t\n\t<tr class=\"gigpress-info active\">\n\t\n\t\t<td class=\"gigpress-links-cell\">\n\t\t\t\t\t<\/td>\n\t\t\n\t\t<td colspan=\"3\">\n\t\t\n\t\t\t\t\t\t\t<span class=\"gigpress-info-item\"><span class=\"gigpress-info-label\">Time:<\/span> 11:00am.<\/span>\n\t\t\t\t\t\t\n\t\t\t\t\t\t\n\t\t\t\t\t\t\n\t\t\t\t\t\t\n\t\t\t \n\t\t\t\t<span class=\"gigpress-info-item\"><span class=\"gigpress-info-label\">Address:<\/span> <a href=\"http:\/\/maps.google.com\/maps?&amp;q=38%2C+84e+avenue,Blainville,CA\" class=\"gigpress-address\">38, 84e avenue<\/a>.<\/span>\n\t\t\t\t\t\t\n\t\t\t\t\t\t\t\n\t\t\t\n\t\t\t\t\t\t\n\t\t\t\t\t\t\n\t\t\t\n\t\t\t\t\t\t\t\t\n\t\t\n\t\t<\/td>\n\t\n\t<\/tr>\n<\/tbody>\t\n\n<tbody>\n\t<tr>\n\t\t<th colspan=\"4\" class=\"gigpress-heading\">\n\t\t\tTour: Maria Cannelloni et le Macaroni Orchestra au Festival Juste pour Rire\t\t<\/th>\n\t<\/tr>\t\n<\/tbody>\n\n<tbody>\n\t\n\t<tr class=\"gigpress-row active gigpress-alt gigpress-tour\">\n\t\n\t\t<td class=\"gigpress-date\">07\/24\/18\t\t\t - 07\/29\/18\t\t<\/td>\n\t\t\n\t\t\t<td class=\"gigpress-artist\">\n\t\t\tMaria et ses musiciens\t\t<\/td>\n\t\t\n\t\t<td class=\"gigpress-city\">Montr\u00e9al<\/td>\n\t\t\n\t\t<td class=\"gigpress-venue\">Festival Juste pour rire-Place de la famille le Lait<\/td>\n\t\t\n\t\t\n\t<\/tr>\n\t\n\t<tr class=\"gigpress-info active gigpress-alt gigpress-tour\">\n\t\n\t\t<td class=\"gigpress-links-cell\">\n\t\t\t\t\t<\/td>\n\t\t\n\t\t<td colspan=\"3\">\n\t\t\n\t\t\t\t\t\t\t<span class=\"gigpress-info-item\"><span class=\"gigpress-info-label\">Time:<\/span> 4:30pm.<\/span>\n\t\t\t\t\t\t\n\t\t\t\t\t\t\n\t\t\t\t\t\t\n\t\t\t\t\t\t\n\t\t\t\t\t\t\n\t\t\t\t\t\t\t\n\t\t\t\n\t\t\t\t\t\t\t<span class=\"gigpress-info-item\">24-25-26-27 \u00e0 16h30\r\n28 et 29 juillet \u00e0 20h00\r\nSur la Place de la famille Le Lait<\/span>\n\t\t\t\t\t\t\n\t\t\t\t\t\t\n\t\t\t\n\t\t\t\t\t\t\t\t\n\t\t\n\t\t<\/td>\n\t\n\t<\/tr>\n<\/tbody>\t\n\n<tbody>\n\t\n\t<tr class=\"gigpress-row active gigpress-divider\">\n\t\n\t\t<td class=\"gigpress-date\">07\/12\/18\t\t\t\t\t<\/td>\n\t\t\n\t\t\t<td class=\"gigpress-artist\">\n\t\t\tMaria et Romano dans &#8220;La Raviolimanie&#8221;\t\t<\/td>\n\t\t\n\t\t<td class=\"gigpress-city\">Mercier<\/td>\n\t\t\n\t\t<td class=\"gigpress-venue\">Parc Loiselle de Mercier<\/td>\n\t\t\n\t\t\n\t<\/tr>\n\t\n\t<tr class=\"gigpress-info active gigpress-divider\">\n\t\n\t\t<td class=\"gigpress-links-cell\">\n\t\t\t\t\t<\/td>\n\t\t\n\t\t<td colspan=\"3\">\n\t\t\n\t\t\t\t\t\t\t<span class=\"gigpress-info-item\"><span class=\"gigpress-info-label\">Time:<\/span> 7:00pm.<\/span>\n\t\t\t\t\t\t\n\t\t\t\t\t\t\n\t\t\t\t\t\t\n\t\t\t\t\t\t\n\t\t\t \n\t\t\t\t<span class=\"gigpress-info-item\"><span class=\"gigpress-info-label\">Address:<\/span> <a href=\"http:\/\/maps.google.com\/maps?&amp;q=Rue+Loiselle,Mercier,J6R+2L7,CA\" class=\"gigpress-address\">Rue Loiselle<\/a>.<\/span>\n\t\t\t\t\t\t\n\t\t\t\t\t\t\t\n\t\t\t\n\t\t\t\t\t\t\t<span class=\"gigpress-info-item\">Th\u00e9\u00e2tre ext\u00e9rieur.<\/span>\n\t\t\t\t\t\t\n\t\t\t\t\t\t\n\t\t\t\n\t\t\t\t\t\t\t\t\n\t\t\n\t\t<\/td>\n\t\n\t<\/tr>\n<\/tbody>\t\n\n<tbody>\n\t\n\t<tr class=\"gigpress-row active gigpress-alt\">\n\t\n\t\t<td class=\"gigpress-date\">07\/01\/18\t\t\t\t\t<\/td>\n\t\t\n\t\t\t<td class=\"gigpress-artist\">\n\t\t\tMaria en solo\t\t<\/td>\n\t\t\n\t\t<td class=\"gigpress-city\">Sherbrooke<\/td>\n\t\t\n\t\t<td class=\"gigpress-venue\">Parc Jacques Cartier de Sherbrooke<\/td>\n\t\t\n\t\t\n\t<\/tr>\n\t\n\t<tr class=\"gigpress-info active gigpress-alt\">\n\t\n\t\t<td class=\"gigpress-links-cell\">\n\t\t\t\t\t<\/td>\n\t\t\n\t\t<td colspan=\"3\">\n\t\t\n\t\t\t\t\t\t\t<span class=\"gigpress-info-item\"><span class=\"gigpress-info-label\">Time:<\/span> 2:00pm.<\/span>\n\t\t\t\t\t\t\n\t\t\t\t\t\t\n\t\t\t\t\t\t\n\t\t\t\t\t\t\n\t\t\t \n\t\t\t\t<span class=\"gigpress-info-item\"><span class=\"gigpress-info-label\">Address:<\/span> <a href=\"http:\/\/maps.google.com\/maps?&amp;q=220+rue+Marchant,Sherbrooke,J0B+1J0,CA\" class=\"gigpress-address\">220 rue Marchant<\/a>.<\/span>\n\t\t\t\t\t\t\n\t\t\t\t\t\t\t\n\t\t\t\n\t\t\t\t\t\t\t<span class=\"gigpress-info-item\">Pour la f\u00eate du Canada \u00e0 Sherbrooke.<\/span>\n\t\t\t\t\t\t\n\t\t\t\t\t\t\n\t\t\t\n\t\t\t\t\t\t\t\t\n\t\t\n\t\t<\/td>\n\t\n\t<\/tr>\n<\/tbody>\t\n\n<tbody>\n\t\n\t<tr class=\"gigpress-row active\">\n\t\n\t\t<td class=\"gigpress-date\">06\/23\/18\t\t\t\t\t<\/td>\n\t\t\n\t\t\t<td class=\"gigpress-artist\">\n\t\t\tMaria et Romano dans &#8220;La Raviolimanie&#8221;\t\t<\/td>\n\t\t\n\t\t<td class=\"gigpress-city\">Saint-Philippe de Laprairie<\/td>\n\t\t\n\t\t<td class=\"gigpress-venue\">Parc G\u00e9rald Laframboise<\/td>\n\t\t\n\t\t\n\t<\/tr>\n\t\n\t<tr class=\"gigpress-info active\">\n\t\n\t\t<td class=\"gigpress-links-cell\">\n\t\t\t\t\t<\/td>\n\t\t\n\t\t<td colspan=\"3\">\n\t\t\n\t\t\t\t\t\t\t<span class=\"gigpress-info-item\"><span class=\"gigpress-info-label\">Time:<\/span> 8:00pm.<\/span>\n\t\t\t\t\t\t\n\t\t\t\t\t\t\n\t\t\t\t\t\t\n\t\t\t\t\t\t\n\t\t\t \n\t\t\t\t<span class=\"gigpress-info-item\"><span class=\"gigpress-info-label\">Address:<\/span> <a href=\"http:\/\/maps.google.com\/maps?&amp;q=2225+%C3%89douard+V11,Saint-Philippe+de+Laprairie,J0L+2K0,CA\" class=\"gigpress-address\">2225 \u00c9douard V11<\/a>.<\/span>\n\t\t\t\t\t\t\n\t\t\t\t\t\t\t\n\t\t\t\n\t\t\t\t\t\t\t<span class=\"gigpress-info-item\">Pour la St-Jean Baptiste.<\/span>\n\t\t\t\t\t\t\n\t\t\t\t\t\t\n\t\t\t\n\t\t\t\t\t\t\t\t\n\t\t\n\t\t<\/td>\n\t\n\t<\/tr>\n<\/tbody>\t\n\n<tbody>\n\t\n\t<tr class=\"gigpress-row active gigpress-alt\">\n\t\n\t\t<td class=\"gigpress-date\">06\/23\/18\t\t\t\t\t<\/td>\n\t\t\n\t\t\t<td class=\"gigpress-artist\">\n\t\t\tMaria en solo\t\t<\/td>\n\t\t\n\t\t<td class=\"gigpress-city\">Montr\u00e9al<\/td>\n\t\t\n\t\t<td class=\"gigpress-venue\">Parc du bonheur d&#8217;occasion<\/td>\n\t\t\n\t\t\n\t<\/tr>\n\t\n\t<tr class=\"gigpress-info active gigpress-alt\">\n\t\n\t\t<td class=\"gigpress-links-cell\">\n\t\t\t\t\t<\/td>\n\t\t\n\t\t<td colspan=\"3\">\n\t\t\n\t\t\t\t\t\t\t<span class=\"gigpress-info-item\"><span class=\"gigpress-info-label\">Time:<\/span> 2:30pm.<\/span>\n\t\t\t\t\t\t\n\t\t\t\t\t\t\n\t\t\t\t\t\t\n\t\t\t\t\t\t\n\t\t\t \n\t\t\t\t<span class=\"gigpress-info-item\"><span class=\"gigpress-info-label\">Address:<\/span> <a href=\"http:\/\/maps.google.com\/maps?&amp;q=Coin+Rose+de+LIma+et+Notre+Dame,Montr%C3%A9al,CA\" class=\"gigpress-address\">Coin Rose de LIma et Notre Dame<\/a>.<\/span>\n\t\t\t\t\t\t\n\t\t\t\t\t\t\t\n\t\t\t\n\t\t\t\t\t\t\t<span class=\"gigpress-info-item\">La St-Jean dans le Sud Ouest<\/span>\n\t\t\t\t\t\t\n\t\t\t\t\t\t\n\t\t\t\n\t\t\t\t\t\t\t\t\n\t\t\n\t\t<\/td>\n\t\n\t<\/tr>\n<\/tbody>\t\n\n<tbody>\n\t\n\t<tr class=\"gigpress-row active\">\n\t\n\t\t<td class=\"gigpress-date\">02\/11\/18\t\t\t\t\t<\/td>\n\t\t\n\t\t\t<td class=\"gigpress-artist\">\n\t\t\tMaria et Romano dans &#8220;La Raviolimanie&#8221;\t\t<\/td>\n\t\t\n\t\t<td class=\"gigpress-city\">Longueuil<\/td>\n\t\t\n\t\t<td class=\"gigpress-venue\">Th\u00e9\u00e2tre de la Ville de Longueuil-Salle Jean- Louis Millette<\/td>\n\t\t\n\t\t\n\t<\/tr>\n\t\n\t<tr class=\"gigpress-info active\">\n\t\n\t\t<td class=\"gigpress-links-cell\">\n\t\t\t\t\t<\/td>\n\t\t\n\t\t<td colspan=\"3\">\n\t\t\n\t\t\t\t\t\t\t<span class=\"gigpress-info-item\"><span class=\"gigpress-info-label\">Time:<\/span> 10:30am.<\/span>\n\t\t\t\t\t\t\n\t\t\t\t\t\t\n\t\t\t\t\t\t\n\t\t\t\t\t\t\n\t\t\t \n\t\t\t\t<span class=\"gigpress-info-item\"><span class=\"gigpress-info-label\">Address:<\/span> <a href=\"http:\/\/maps.google.com\/maps?&amp;q=150+rue+de+Gentilly+est,Longueuil,J4H+4AE,CA\" class=\"gigpress-address\">150 rue de Gentilly est<\/a>.<\/span>\n\t\t\t\t\t\t\n\t\t\t\t\t\t\t\n\t\t\t\n\t\t\t\t\t\t\t<span class=\"gigpress-info-item\">Spectacle dans le cadre du Salon du livre jeunesse de Longueuil.<\/span>\n\t\t\t\t\t\t\n\t\t\t\t\t\t\n\t\t\t\n\t\t\t\t\t\t\t\t\n\t\t\n\t\t<\/td>\n\t\n\t<\/tr>\n<\/tbody>\t\n\n<tbody>\n\t\n\t<tr class=\"gigpress-row active gigpress-alt\">\n\t\n\t\t<td class=\"gigpress-date\">02\/04\/18\t\t\t\t\t<\/td>\n\t\t\n\t\t\t<td class=\"gigpress-artist\">\n\t\t\tMaria et Romano dans &#8220;La Raviolimanie&#8221;\t\t<\/td>\n\t\t\n\t\t<td class=\"gigpress-city\">Montr\u00e9al<\/td>\n\t\t\n\t\t<td class=\"gigpress-venue\">La f\u00eate des Neiges<\/td>\n\t\t\n\t\t\n\t<\/tr>\n\t\n\t<tr class=\"gigpress-info active gigpress-alt\">\n\t\n\t\t<td class=\"gigpress-links-cell\">\n\t\t\t\t\t<\/td>\n\t\t\n\t\t<td colspan=\"3\">\n\t\t\n\t\t\t\t\t\t\t<span class=\"gigpress-info-item\"><span class=\"gigpress-info-label\">Time:<\/span> 2:00pm.<\/span>\n\t\t\t\t\t\t\n\t\t\t\t\t\t\n\t\t\t\t\t\t\n\t\t\t\t\t\t\n\t\t\t \n\t\t\t\t<span class=\"gigpress-info-item\"><span class=\"gigpress-info-label\">Address:<\/span> <a href=\"http:\/\/maps.google.com\/maps?&amp;q=Parc+Jean-Drapeau%2C+Secteur+bois%C3%A9%2C+%C3%AEle+Sainte-H%C3%A9l%C3%A8ne,Montr%C3%A9al,CA\" class=\"gigpress-address\">Parc Jean-Drapeau, Secteur bois\u00e9, \u00eele Sainte-H\u00e9l\u00e8ne<\/a>.<\/span>\n\t\t\t\t\t\t\n\t\t\t\t\t\t\t\n\t\t\t\n\t\t\t\t\t\t\n\t\t\t\t\t\t\n\t\t\t\n\t\t\t\t\t\t\t\t\n\t\t\n\t\t<\/td>\n\t\n\t<\/tr>\n<\/tbody>\t\n\n<tbody>\n\t\n\t<tr class=\"gigpress-row active\">\n\t\n\t\t<td class=\"gigpress-date\">02\/04\/18\t\t\t\t\t<\/td>\n\t\t\n\t\t\t<td class=\"gigpress-artist\">\n\t\t\tMaria et Romano dans &#8220;La Raviolimanie&#8221;\t\t<\/td>\n\t\t\n\t\t<td class=\"gigpress-city\">Montr\u00e9al<\/td>\n\t\t\n\t\t<td class=\"gigpress-venue\">La f\u00eate des Neiges<\/td>\n\t\t\n\t\t\n\t<\/tr>\n\t\n\t<tr class=\"gigpress-info active\">\n\t\n\t\t<td class=\"gigpress-links-cell\">\n\t\t\t\t\t<\/td>\n\t\t\n\t\t<td colspan=\"3\">\n\t\t\n\t\t\t\t\t\t\t<span class=\"gigpress-info-item\"><span class=\"gigpress-info-label\">Time:<\/span> 11:00am.<\/span>\n\t\t\t\t\t\t\n\t\t\t\t\t\t\n\t\t\t\t\t\t\n\t\t\t\t\t\t\n\t\t\t \n\t\t\t\t<span class=\"gigpress-info-item\"><span class=\"gigpress-info-label\">Address:<\/span> <a href=\"http:\/\/maps.google.com\/maps?&amp;q=Parc+Jean-Drapeau%2C+Secteur+bois%C3%A9%2C+%C3%AEle+Sainte-H%C3%A9l%C3%A8ne,Montr%C3%A9al,CA\" class=\"gigpress-address\">Parc Jean-Drapeau, Secteur bois\u00e9, \u00eele Sainte-H\u00e9l\u00e8ne<\/a>.<\/span>\n\t\t\t\t\t\t\n\t\t\t\t\t\t\t\n\t\t\t\n\t\t\t\t\t\t\n\t\t\t\t\t\t\n\t\t\t\n\t\t\t\t\t\t\t\t\n\t\t\n\t\t<\/td>\n\t\n\t<\/tr>\n<\/tbody>\t\n\n<tbody>\n\t\n\t<tr class=\"gigpress-row active gigpress-alt\">\n\t\n\t\t<td class=\"gigpress-date\">11\/11\/17\t\t\t\t\t<\/td>\n\t\t\n\t\t\t<td class=\"gigpress-artist\">\n\t\t\tMaria et Romano dans &#8220;La Raviolimanie&#8221;\t\t<\/td>\n\t\t\n\t\t<td class=\"gigpress-city\">Montr\u00e9al<\/td>\n\t\t\n\t\t<td class=\"gigpress-venue\">Th\u00e9\u00e2tre de l&#8217;Esquisse<\/td>\n\t\t\n\t\t\n\t<\/tr>\n\t\n\t<tr class=\"gigpress-info active gigpress-alt\">\n\t\n\t\t<td class=\"gigpress-links-cell\">\n\t\t\t\t\t<\/td>\n\t\t\n\t\t<td colspan=\"3\">\n\t\t\n\t\t\t\t\t\t\t<span class=\"gigpress-info-item\"><span class=\"gigpress-info-label\">Time:<\/span> 4:30pm.<\/span>\n\t\t\t\t\t\t\n\t\t\t\t\t\t\n\t\t\t\t\t\t\n\t\t\t\t\t\t\n\t\t\t \n\t\t\t\t<span class=\"gigpress-info-item\"><span class=\"gigpress-info-label\">Address:<\/span> <a href=\"http:\/\/maps.google.com\/maps?&amp;q=1650+rue+Marie-Anne+Est,Montr%C3%A9al,H2J+2E1,CA\" class=\"gigpress-address\">1650 rue Marie-Anne Est<\/a>.<\/span>\n\t\t\t\t\t\t\n\t\t\t\t\t\t\t\n\t\t\t\n\t\t\t\t\t\t\t<span class=\"gigpress-info-item\">Lancement du 1 er album de Maria Cannelloni.<\/span>\n\t\t\t\t\t\t\n\t\t\t\t\t\t\n\t\t\t\n\t\t\t\t\t\t\t\t\n\t\t\n\t\t<\/td>\n\t\n\t<\/tr>\n<\/tbody>\t\n\n<tbody>\n\t\n\t<tr class=\"gigpress-row active\">\n\t\n\t\t<td class=\"gigpress-date\">09\/30\/17\t\t\t\t\t<\/td>\n\t\t\n\t\t\t<td class=\"gigpress-artist\">\n\t\t\tMaria et ses musiciens\t\t<\/td>\n\t\t\n\t\t<td class=\"gigpress-city\">Farnham, Qu\u00e9bec<\/td>\n\t\t\n\t\t<td class=\"gigpress-venue\">Parc Isra\u00ebl-Larochelle<\/td>\n\t\t\n\t\t\n\t<\/tr>\n\t\n\t<tr class=\"gigpress-info active\">\n\t\n\t\t<td class=\"gigpress-links-cell\">\n\t\t\t\t\t<\/td>\n\t\t\n\t\t<td colspan=\"3\">\n\t\t\n\t\t\t\t\t\t\t<span class=\"gigpress-info-item\"><span class=\"gigpress-info-label\">Time:<\/span> 4:00pm.<\/span>\n\t\t\t\t\t\t\n\t\t\t\t\t\t\n\t\t\t\t\t\t\n\t\t\t\t\t\t\n\t\t\t \n\t\t\t\t<span class=\"gigpress-info-item\"><span class=\"gigpress-info-label\">Address:<\/span> <a href=\"http:\/\/maps.google.com\/maps?&amp;q=Rue+Principale+Est,Farnham,Qu%C3%A9bec,J2M+1M9,CA\" class=\"gigpress-address\">Rue Principale Est<\/a>.<\/span>\n\t\t\t\t\t\t\n\t\t\t\t\t\t\t\n\t\t\t\n\t\t\t\t\t\t\t<span class=\"gigpress-info-item\">Journ\u00e9es de la Culture.<\/span>\n\t\t\t\t\t\t\n\t\t\t\t\t\t\n\t\t\t\n\t\t\t\t\t\t\t\t\n\t\t\n\t\t<\/td>\n\t\n\t<\/tr>\n<\/tbody>\t\n\n<tbody>\n\t\n\t<tr class=\"gigpress-row active gigpress-alt\">\n\t\n\t\t<td class=\"gigpress-date\">09\/30\/17\t\t\t\t\t<\/td>\n\t\t\n\t\t\t<td class=\"gigpress-artist\">\n\t\t\tMaria et ses musiciens\t\t<\/td>\n\t\t\n\t\t<td class=\"gigpress-city\">Piedmont<\/td>\n\t\t\n\t\t<td class=\"gigpress-venue\">Parc Gilbert Aubin<\/td>\n\t\t\n\t\t\n\t<\/tr>\n\t\n\t<tr class=\"gigpress-info active gigpress-alt\">\n\t\n\t\t<td class=\"gigpress-links-cell\">\n\t\t\t\t\t<\/td>\n\t\t\n\t\t<td colspan=\"3\">\n\t\t\n\t\t\t\t\t\t\t<span class=\"gigpress-info-item\"><span class=\"gigpress-info-label\">Time:<\/span> 10:45am.<\/span>\n\t\t\t\t\t\t\n\t\t\t\t\t\t\n\t\t\t\t\t\t\n\t\t\t\t\t\t\n\t\t\t \n\t\t\t\t<span class=\"gigpress-info-item\"><span class=\"gigpress-info-label\">Address:<\/span> <a href=\"http:\/\/maps.google.com\/maps?&amp;q=685+boul+des+Laurentides,Piedmont,J0R+1K0,CA\" class=\"gigpress-address\">685 boul des Laurentides<\/a>.<\/span>\n\t\t\t\t\t\t\n\t\t\t\t\t\t\t\n\t\t\t\n\t\t\t\t\t\t\t<span class=\"gigpress-info-item\">Journ\u00e9es de la Culture<\/span>\n\t\t\t\t\t\t\n\t\t\t\t\t\t\n\t\t\t\n\t\t\t\t\t\t\t\t\n\t\t\n\t\t<\/td>\n\t\n\t<\/tr>\n<\/tbody>\t\n\n<tbody>\n\t\n\t<tr class=\"gigpress-row active\">\n\t\n\t\t<td class=\"gigpress-date\">08\/26\/17\t\t\t\t\t<\/td>\n\t\t\n\t\t\t<td class=\"gigpress-artist\">\n\t\t\tMaria et ses musiciens\t\t<\/td>\n\t\t\n\t\t<td class=\"gigpress-city\">Beloeil<\/td>\n\t\t\n\t\t<td class=\"gigpress-venue\">Festival Kaput<\/td>\n\t\t\n\t\t\n\t<\/tr>\n\t\n\t<tr class=\"gigpress-info active\">\n\t\n\t\t<td class=\"gigpress-links-cell\">\n\t\t\t\t\t<\/td>\n\t\t\n\t\t<td colspan=\"3\">\n\t\t\n\t\t\t\t\t\t\t<span class=\"gigpress-info-item\"><span class=\"gigpress-info-label\">Time:<\/span> 2:00pm.<\/span>\n\t\t\t\t\t\t\n\t\t\t\t\t\t\n\t\t\t\t\t\t\n\t\t\t\t\t\t\n\t\t\t \n\t\t\t\t<span class=\"gigpress-info-item\"><span class=\"gigpress-info-label\">Address:<\/span> <a href=\"http:\/\/maps.google.com\/maps?&amp;q=Domaine+culturel+Aur%C3%A8le-Dubois+%28acc%C3%A8s+par+le+centre+culturel%29+600%2C+rue+Richelieu%2C+Beloeil,Beloeil,CA\" class=\"gigpress-address\">Domaine culturel Aur\u00e8le-Dubois (acc\u00e8s par le centre culturel) 600, rue Richelieu, Beloeil<\/a>.<\/span>\n\t\t\t\t\t\t\n\t\t\t\t\t\t\t\n\t\t\t\n\t\t\t\t\t\t\n\t\t\t\t\t\t\n\t\t\t\n\t\t\t\t\t\t\t\t\n\t\t\n\t\t<\/td>\n\t\n\t<\/tr>\n<\/tbody>\t\n\n<tbody>\n\t\n\t<tr class=\"gigpress-row active gigpress-alt\">\n\t\n\t\t<td class=\"gigpress-date\">08\/20\/17\t\t\t\t\t<\/td>\n\t\t\n\t\t\t<td class=\"gigpress-artist\">\n\t\t\tMaria Cannelloni\t\t<\/td>\n\t\t\n\t\t<td class=\"gigpress-city\">Bois-des-Filion, Qu\u00e9bec<\/td>\n\t\t\n\t\t<td class=\"gigpress-venue\">Chalet des citoyens<\/td>\n\t\t\n\t\t\n\t<\/tr>\n\t\n\t<tr class=\"gigpress-info active gigpress-alt\">\n\t\n\t\t<td class=\"gigpress-links-cell\">\n\t\t\t\t\t<\/td>\n\t\t\n\t\t<td colspan=\"3\">\n\t\t\n\t\t\t\t\t\t\t<span class=\"gigpress-info-item\"><span class=\"gigpress-info-label\">Time:<\/span> 11:00am.<\/span>\n\t\t\t\t\t\t\n\t\t\t\t\t\t\n\t\t\t\t\t\t\n\t\t\t\t\t\t\n\t\t\t \n\t\t\t\t<span class=\"gigpress-info-item\"><span class=\"gigpress-info-label\">Address:<\/span> <a href=\"http:\/\/maps.google.com\/maps?&amp;q=30+mont%C3%A9e+Gagnon,Bois-des-Filion,Qu%C3%A9bec,J6Z+1H1,CA\" class=\"gigpress-address\">30 mont\u00e9e Gagnon<\/a>.<\/span>\n\t\t\t\t\t\t\n\t\t\t\t\t\t\t\n\t\t\t\n\t\t\t\t\t\t\t<span class=\"gigpress-info-item\">\u00c9v\u00e9nement les arts en Bazart.<\/span>\n\t\t\t\t\t\t\n\t\t\t\t\t\t\n\t\t\t\n\t\t\t\t\t\t\t\t\n\t\t\n\t\t<\/td>\n\t\n\t<\/tr>\n<\/tbody>\t\n\n<tbody>\n\t\n\t<tr class=\"gigpress-row active\">\n\t\n\t\t<td class=\"gigpress-date\">08\/17\/17\t\t\t\t\t<\/td>\n\t\t\n\t\t\t<td class=\"gigpress-artist\">\n\t\t\tMaria Cannelloni\t\t<\/td>\n\t\t\n\t\t<td class=\"gigpress-city\">St-Jean sur Richelieu<\/td>\n\t\t\n\t\t<td class=\"gigpress-venue\"><a href=\"http:\/\/www.montgolfieres.com\">International de Montgolfi\u00e8res de St-Jean sur Richelieu<\/a><\/td>\n\t\t\n\t\t\n\t<\/tr>\n\t\n\t<tr class=\"gigpress-info active\">\n\t\n\t\t<td class=\"gigpress-links-cell\">\n\t\t\t\t\t<\/td>\n\t\t\n\t\t<td colspan=\"3\">\n\t\t\n\t\t\t\t\t\t\t<span class=\"gigpress-info-item\"><span class=\"gigpress-info-label\">Time:<\/span> 4:00pm.<\/span>\n\t\t\t\t\t\t\n\t\t\t\t\t\t\n\t\t\t\t\t\t\n\t\t\t\t\t\t\n\t\t\t \n\t\t\t\t<span class=\"gigpress-info-item\"><span class=\"gigpress-info-label\">Address:<\/span> <a href=\"http:\/\/maps.google.com\/maps?&amp;q=5+chemin+de+l%27a%C3%A9roport,St-Jean+sur+Richelieu,J3B+7B5,CA\" class=\"gigpress-address\">5 chemin de l&#8217;a\u00e9roport<\/a>.<\/span>\n\t\t\t\t\t\t\n\t\t\t\t\t\t\t\n\t\t\t\n\t\t\t\t\t\t\t<span class=\"gigpress-info-item\">1 er spectacle \u00e0 16h sur la sc\u00e8ne Tim Hortons\r\n2 \u00e8me spectacle \u00e0 17h20 sur la sc\u00e8ne Hydro-Qu\u00e9bec<\/span>\n\t\t\t\t\t\t\n\t\t\t\t\t\t\n\t\t\t\n\t\t\t\t\t\t\t\t\n\t\t\n\t\t<\/td>\n\t\n\t<\/tr>\n<\/tbody>\t\n\n<tbody>\n\t\n\t<tr class=\"gigpress-row active gigpress-alt\">\n\t\n\t\t<td class=\"gigpress-date\">08\/05\/17\t\t\t\t\t<\/td>\n\t\t\n\t\t\t<td class=\"gigpress-artist\">\n\t\t\tMaria et ses musiciens\t\t<\/td>\n\t\t\n\t\t<td class=\"gigpress-city\">Rosem\u00e8re, Qu\u00e9bec<\/td>\n\t\t\n\t\t<td class=\"gigpress-venue\">Municipalit\u00e9 de Rosem\u00e8re<\/td>\n\t\t\n\t\t\n\t<\/tr>\n\t\n\t<tr class=\"gigpress-info active gigpress-alt\">\n\t\n\t\t<td class=\"gigpress-links-cell\">\n\t\t\t\t\t<\/td>\n\t\t\n\t\t<td colspan=\"3\">\n\t\t\n\t\t\t\t\t\t\t<span class=\"gigpress-info-item\"><span class=\"gigpress-info-label\">Time:<\/span> 10:30am.<\/span>\n\t\t\t\t\t\t\n\t\t\t\t\t\t\n\t\t\t\t\t\t\n\t\t\t\t\t\t\n\t\t\t \n\t\t\t\t<span class=\"gigpress-info-item\"><span class=\"gigpress-info-label\">Address:<\/span> <a href=\"http:\/\/maps.google.com\/maps?&amp;q=325+chemin+Grande+C%C3%B4te,Rosem%C3%A8re,Qu%C3%A9bec,CA\" class=\"gigpress-address\">325 chemin Grande C\u00f4te<\/a>.<\/span>\n\t\t\t\t\t\t\n\t\t\t\t\t\t\t\n\t\t\t\n\t\t\t\t\t\t\n\t\t\t\t\t\t\n\t\t\t\n\t\t\t\t\t\t\t\t\n\t\t\n\t\t<\/td>\n\t\n\t<\/tr>\n<\/tbody>\t\n\n<tbody>\n\t\n\t<tr class=\"gigpress-row active\">\n\t\n\t\t<td class=\"gigpress-date\">08\/03\/17\t\t\t\t\t<\/td>\n\t\t\n\t\t\t<td class=\"gigpress-artist\">\n\t\t\tMaria en solo\t\t<\/td>\n\t\t\n\t\t<td class=\"gigpress-city\">Saint-Hyacinthe<\/td>\n\t\t\n\t\t<td class=\"gigpress-venue\"><a href=\"http:\/\/www.expo-agricole.com\">Exposition agricole de Saint-Hyacinthe<\/a><\/td>\n\t\t\n\t\t\n\t<\/tr>\n\t\n\t<tr class=\"gigpress-info active\">\n\t\n\t\t<td class=\"gigpress-links-cell\">\n\t\t\t\t\t<\/td>\n\t\t\n\t\t<td colspan=\"3\">\n\t\t\n\t\t\t\t\t\t\t<span class=\"gigpress-info-item\"><span class=\"gigpress-info-label\">Time:<\/span> 11:00am.<\/span>\n\t\t\t\t\t\t\n\t\t\t\t\t\t\n\t\t\t\t\t\t\n\t\t\t\t\t\t\n\t\t\t \n\t\t\t\t<span class=\"gigpress-info-item\"><span class=\"gigpress-info-label\">Address:<\/span> <a href=\"http:\/\/maps.google.com\/maps?&amp;q=Sc%C3%A8ne+ext%C3%A9rieure+pr%C3%A8s+de+l%27ar%C3%A9na+-+2670+rue+Beauparlant,Saint-Hyacinthe,J2S+4M8,CA\" class=\"gigpress-address\">Sc\u00e8ne ext\u00e9rieure pr\u00e8s de l&#8217;ar\u00e9na &#8211; 2670 rue Beauparlant<\/a>.<\/span>\n\t\t\t\t\t\t\n\t\t\t\t\t\t\t\n\t\t\t\n\t\t\t\t\t\t\t<span class=\"gigpress-info-item\">4 prestations durant la journ\u00e9e.\r\n11h-13h-15h-16h30<\/span>\n\t\t\t\t\t\t\n\t\t\t\t\t\t\n\t\t\t\n\t\t\t\t\t\t\t\t\n\t\t\n\t\t<\/td>\n\t\n\t<\/tr>\n<\/tbody>\t\n\n<tbody>\n\t\n\t<tr class=\"gigpress-row active gigpress-alt\">\n\t\n\t\t<td class=\"gigpress-date\">08\/01\/17\t\t\t\t\t<\/td>\n\t\t\n\t\t\t<td class=\"gigpress-artist\">\n\t\t\tMaria et ses musiciens\t\t<\/td>\n\t\t\n\t\t<td class=\"gigpress-city\">Repentigny<\/td>\n\t\t\n\t\t<td class=\"gigpress-venue\">Parc Larochelle<\/td>\n\t\t\n\t\t\n\t<\/tr>\n\t\n\t<tr class=\"gigpress-info active gigpress-alt\">\n\t\n\t\t<td class=\"gigpress-links-cell\">\n\t\t\t\t\t<\/td>\n\t\t\n\t\t<td colspan=\"3\">\n\t\t\n\t\t\t\t\t\t\t<span class=\"gigpress-info-item\"><span class=\"gigpress-info-label\">Time:<\/span> 7:00pm.<\/span>\n\t\t\t\t\t\t\n\t\t\t\t\t\t\n\t\t\t\t\t\t\n\t\t\t\t\t\t\n\t\t\t \n\t\t\t\t<span class=\"gigpress-info-item\"><span class=\"gigpress-info-label\">Address:<\/span> <a href=\"http:\/\/maps.google.com\/maps?&amp;q=366+rue+Marquis,Repentigny,CA\" class=\"gigpress-address\">366 rue Marquis<\/a>.<\/span>\n\t\t\t\t\t\t\n\t\t\t\t\t\t\t\n\t\t\t\n\t\t\t\t\t\t\n\t\t\t\t\t\t\n\t\t\t\n\t\t\t\t\t\t\t\t\n\t\t\n\t\t<\/td>\n\t\n\t<\/tr>\n<\/tbody>\t\n\n<tbody>\n\t\n\t<tr class=\"gigpress-row active\">\n\t\n\t\t<td class=\"gigpress-date\">07\/18\/17\t\t\t - 07\/23\/17\t\t<\/td>\n\t\t\n\t\t\t<td class=\"gigpress-artist\">\n\t\t\tMaria et Romano dans &#8220;La Raviolimanie&#8221;\t\t<\/td>\n\t\t\n\t\t<td class=\"gigpress-city\">Montr\u00e9al<\/td>\n\t\t\n\t\t<td class=\"gigpress-venue\"><a href=\"http:\/\/www.hahaha.com\">Festival Juste pour rire-Place de la famille le Lait<\/a><\/td>\n\t\t\n\t\t\n\t<\/tr>\n\t\n\t<tr class=\"gigpress-info active\">\n\t\n\t\t<td class=\"gigpress-links-cell\">\n\t\t\t\t\t<\/td>\n\t\t\n\t\t<td colspan=\"3\">\n\t\t\n\t\t\t\t\t\t\t<span class=\"gigpress-info-item\"><span class=\"gigpress-info-label\">Time:<\/span> 4:00pm.<\/span>\n\t\t\t\t\t\t\n\t\t\t\t\t\t\n\t\t\t\t\t\t\n\t\t\t\t\t\t\n\t\t\t\t\t\t\n\t\t\t\t\t\t\t\n\t\t\t\n\t\t\t\t\t\t\n\t\t\t\t\t\t\n\t\t\t\n\t\t\t\t\t\t\t<span class=\"gigpress-info-item\"><a href=\"http:\/\/www.hahaha.com\/fr\/show\/productions-cest-chouette-la-raviolimanie#.WVuS6KNra48.facebook\">Plus d'informations<\/a><\/span>\n\t\t\t\t\t\t\t\t\n\t\t\n\t\t<\/td>\n\t\n\t<\/tr>\n<\/tbody>\t\n\n<tbody>\n\t\n\t<tr class=\"gigpress-row active gigpress-alt\">\n\t\n\t\t<td class=\"gigpress-date\">07\/09\/17\t\t\t\t\t<\/td>\n\t\t\n\t\t\t<td class=\"gigpress-artist\">\n\t\t\tMaria et ses musiciens\t\t<\/td>\n\t\t\n\t\t<td class=\"gigpress-city\">Drummondville, Qu\u00e9bec<\/td>\n\t\t\n\t\t<td class=\"gigpress-venue\"><a href=\"http:\/\/www.mondialdescultures.com\/\">Mondial des cultures de Drummondville<\/a><\/td>\n\t\t\n\t\t\n\t<\/tr>\n\t\n\t<tr class=\"gigpress-info active gigpress-alt\">\n\t\n\t\t<td class=\"gigpress-links-cell\">\n\t\t\t\t\t<\/td>\n\t\t\n\t\t<td colspan=\"3\">\n\t\t\n\t\t\t\t\t\t\n\t\t\t\t\t\t\t<span class=\"gigpress-info-item\"><span class=\"gigpress-info-label\">Admission:<\/span> Voir le site web.<\/span>\n\t\t\t\t\t\t\n\t\t\t\t\t\t\n\t\t\t\t\t\t\n\t\t\t \n\t\t\t\t<span class=\"gigpress-info-item\"><span class=\"gigpress-info-label\">Address:<\/span> <a href=\"http:\/\/maps.google.com\/maps?&amp;q=Parc+Woodyatt+53%2C+rue+Du+Pont,Drummondville,Qu%C3%A9bec,J2B+6V6,CA\" class=\"gigpress-address\">Parc Woodyatt 53, rue Du Pont<\/a>.<\/span>\n\t\t\t\t\t\t\n\t\t\t\t\t\t\t\n\t\t\t\n\t\t\t\t\t\t\n\t\t\t\t\t\t\n\t\t\t\n\t\t\t\t\t\t\t\t\n\t\t\n\t\t<\/td>\n\t\n\t<\/tr>\n<\/tbody>\t\n\n<tbody>\n\t\n\t<tr class=\"gigpress-row active\">\n\t\n\t\t<td class=\"gigpress-date\">06\/03\/17\t\t\t\t\t<\/td>\n\t\t\n\t\t\t<td class=\"gigpress-artist\">\n\t\t\tMaria et ses musiciens\t\t<\/td>\n\t\t\n\t\t<td class=\"gigpress-city\">Mascouche<\/td>\n\t\t\n\t\t<td class=\"gigpress-venue\">Parc du Grand Coteau<\/td>\n\t\t\n\t\t\n\t<\/tr>\n\t\n\t<tr class=\"gigpress-info active\">\n\t\n\t\t<td class=\"gigpress-links-cell\">\n\t\t\t\t\t<\/td>\n\t\t\n\t\t<td colspan=\"3\">\n\t\t\n\t\t\t\t\t\t\t<span class=\"gigpress-info-item\"><span class=\"gigpress-info-label\">Time:<\/span> 11:00am.<\/span>\n\t\t\t\t\t\t\n\t\t\t\t\t\t\n\t\t\t\t\t\t\n\t\t\t\t\t\t\n\t\t\t \n\t\t\t\t<span class=\"gigpress-info-item\"><span class=\"gigpress-info-label\">Address:<\/span> <a href=\"http:\/\/maps.google.com\/maps?&amp;q=2600+boulevard+de+Mascouche,Mascouche,J7K+0H5,CA\" class=\"gigpress-address\">2600 boulevard de Mascouche<\/a>.<\/span>\n\t\t\t\t\t\t\n\t\t\t\t\t\t\t\n\t\t\t\n\t\t\t\t\t\t\n\t\t\t\t\t\t\n\t\t\t\n\t\t\t\t\t\t\t\t\n\t\t\n\t\t<\/td>\n\t\n\t<\/tr>\n<\/tbody>\t\n\n<tbody>\n\t\n\t<tr class=\"gigpress-row active gigpress-alt\">\n\t\n\t\t<td class=\"gigpress-date\">09\/06\/16\t\t\t\t\t<\/td>\n\t\t\n\t\t\t<td class=\"gigpress-artist\">\n\t\t\tMaria en solo\t\t<\/td>\n\t\t\n\t\t<td class=\"gigpress-city\">Scott, Quebec<\/td>\n\t\t\n\t\t<td class=\"gigpress-venue\"><a href=\"http:\/\/www.festivaldelepi.com\">Festival de l&#8217;\u00e9pi<\/a><\/td>\n\t\t\n\t\t\n\t<\/tr>\n\t\n\t<tr class=\"gigpress-info active gigpress-alt\">\n\t\n\t\t<td class=\"gigpress-links-cell\">\n\t\t\t\t\t<\/td>\n\t\t\n\t\t<td colspan=\"3\">\n\t\t\n\t\t\t\t\t\t\t<span class=\"gigpress-info-item\"><span class=\"gigpress-info-label\">Time:<\/span> 10:30am.<\/span>\n\t\t\t\t\t\t\n\t\t\t\t\t\t\n\t\t\t\t\t\t\n\t\t\t\t\t\t\n\t\t\t \n\t\t\t\t<span class=\"gigpress-info-item\"><span class=\"gigpress-info-label\">Address:<\/span> <a href=\"http:\/\/maps.google.com\/maps?&amp;q=34%2C+6e+rue%2C+Scott%2C+Qc,Scott,Quebec,CA\" class=\"gigpress-address\">34, 6e rue, Scott, Qc<\/a>.<\/span>\n\t\t\t\t\t\t\n\t\t\t\t\t\t\t\n\t\t\t\n\t\t\t\t\t\t\t<span class=\"gigpress-info-item\">Viens d\u00e9guster un bon \u00e9pi en ma compagnie!<\/span>\n\t\t\t\t\t\t\n\t\t\t\t\t\t\n\t\t\t\n\t\t\t\t\t\t\t\t\n\t\t\n\t\t<\/td>\n\t\n\t<\/tr>\n<\/tbody>\t\n\n<tbody>\n\t\n\t<tr class=\"gigpress-row active\">\n\t\n\t\t<td class=\"gigpress-date\">06\/02\/16\t\t\t\t\t<\/td>\n\t\t\n\t\t\t<td class=\"gigpress-artist\">\n\t\t\tMaria en solo\t\t<\/td>\n\t\t\n\t\t<td class=\"gigpress-city\">Montr\u00e9al, Qu\u00e9bec<\/td>\n\t\t\n\t\t<td class=\"gigpress-venue\">\u00c9cole St-Louis de Gonzague<\/td>\n\t\t\n\t\t\n\t<\/tr>\n\t\n\t<tr class=\"gigpress-info active\">\n\t\n\t\t<td class=\"gigpress-links-cell\">\n\t\t\t\t\t<\/td>\n\t\t\n\t\t<td colspan=\"3\">\n\t\t\n\t\t\t\t\t\t\t<span class=\"gigpress-info-item\"><span class=\"gigpress-info-label\">Time:<\/span> 4:30pm.<\/span>\n\t\t\t\t\t\t\n\t\t\t\t\t\t\t<span class=\"gigpress-info-item\"><span class=\"gigpress-info-label\">Admission:<\/span> Priv\u00e9.<\/span>\n\t\t\t\t\t\t\n\t\t\t\t\t\t\n\t\t\t\t\t\t\n\t\t\t\t\t\t\n\t\t\t\t\t\t\t\n\t\t\t\n\t\t\t\t\t\t\n\t\t\t\t\t\t\n\t\t\t\n\t\t\t\t\t\t\t\t\n\t\t\n\t\t<\/td>\n\t\n\t<\/tr>\n<\/tbody>\t\n\n<\/table>\n<script type=\"application\/ld+json\">[\n    {\n        \"@context\": \"http:\/\/schema.org\",\n        \"@type\": \"Event\",\n        \"name\": \"Maria Cannelloni\",\n        \"startDate\": \"2026-03-01T10:00:00\",\n        \"url\": \"https:\/\/mariacannelloni.com\/maria-cannelloni-in-saint-agapit-on-te\/\",\n        \"performers\": {\n            \"@type\": \"Organization\",\n            \"name\": \"Maria Cannelloni\"\n        },\n        \"location\": {\n            \"@type\": \"Place\",\n            \"name\": \"Complexe des Seigneuries\",\n            \"url\": \"http:\/\/complexedesseigneuries.com\",\n            \"telephone\": \"14188884620\",\n            \"address\": {\n                \"@type\": \"PostalAddress\",\n                \"streetAddress\": \"1080 Av. Bergeron\",\n                \"addressLocality\": \"Saint-Agapit\",\n                \"addressRegion\": \"Qu\\u00e9bec\",\n                \"postalCode\": \"G0S 1Z0\",\n                \"addressCountry\": \"CA\"\n            }\n        }\n    },\n    {\n        \"@context\": \"http:\/\/schema.org\",\n        \"@type\": \"Event\",\n        \"name\": \"Maria et Romano dans &#8220;La Raviolimanie&#8221;\",\n        \"startDate\": \"2026-02-08T11:00:00\",\n        \"performers\": {\n            \"@type\": \"Organization\",\n            \"name\": \"Maria et Romano dans &#8220;La Raviolimanie&#8221;\"\n        },\n        \"location\": {\n            \"@type\": \"Place\",\n            \"name\": \"Pavillon Saint-Laurent\",\n            \"url\": \"https:\/\/saguenayenneige.com\",\n            \"address\": {\n                \"@type\": \"PostalAddress\",\n                \"streetAddress\": \"2250 rue Saint-Dominique\",\n                \"addressLocality\": \"Jonqui\\u00e8re\",\n                \"postalCode\": \"G7X 6M3\",\n                \"addressCountry\": \"CA\"\n            }\n        }\n    },\n    {\n        \"@context\": \"http:\/\/schema.org\",\n        \"@type\": \"Event\",\n        \"name\": \"Maria et Romano dans &#8220;La Raviolimanie&#8221;\",\n        \"startDate\": \"2026-02-07T11:00:00\",\n        \"performers\": {\n            \"@type\": \"Organization\",\n            \"name\": \"Maria et Romano dans &#8220;La Raviolimanie&#8221;\"\n        },\n        \"location\": {\n            \"@type\": \"Place\",\n            \"name\": \"Pavillon Saint-Laurent\",\n            \"url\": \"https:\/\/saguenayenneige.com\",\n            \"address\": {\n                \"@type\": \"PostalAddress\",\n                \"streetAddress\": \"2250 rue Saint-Dominique\",\n                \"addressLocality\": \"Jonqui\\u00e8re\",\n                \"postalCode\": \"G7X 6M3\",\n                \"addressCountry\": \"CA\"\n            }\n        }\n    },\n    {\n        \"@context\": \"http:\/\/schema.org\",\n        \"@type\": \"Event\",\n        \"name\": \"Maria et Romano dans &#8220;La Raviolimanie&#8221;\",\n        \"startDate\": \"2026-01-24T13:00:00\",\n        \"performers\": {\n            \"@type\": \"Organization\",\n            \"name\": \"Maria et Romano dans &#8220;La Raviolimanie&#8221;\"\n        },\n        \"location\": {\n            \"@type\": \"Place\",\n            \"name\": \"Grand Th\\u00e9\\u00e2tre de Qu\\u00e9bec\",\n            \"url\": \"https:\/\/grandtheatre.qc.ca\",\n            \"address\": {\n                \"@type\": \"PostalAddress\",\n                \"streetAddress\": \"269 Bd Ren\\u00e9-L\\u00e9vesque E\",\n                \"addressLocality\": \"Qu\\u00e9bec\",\n                \"postalCode\": \"G1R 2B3\",\n                \"addressCountry\": \"CA\"\n            }\n        },\n        \"offers\": {\n            \"@type\": \"Offer\",\n            \"url\": \"https:\/\/am.ticketmaster.com\/grandtheatre\/fr-ca\/ism\/UzEyNjAxMDI%3D?_gl=1*12wzna6*_gcl_au*MTQwNTg1OTk0NS4xNzY3MTM5ODUy*_ga*MTUwMDU2NTYyNi4xNzY3MTM5ODUy*_ga_9QYZVEZ3ZT*czE3NjcxMzk4NTEkbzEkZzEkdDE3NjcxMzk4OTQkajE3JGwwJGgw\"\n        }\n    },\n    {\n        \"@context\": \"http:\/\/schema.org\",\n        \"@type\": \"Event\",\n        \"name\": \"Maria et Romano dans &#8220;La Raviolimanie&#8221;\",\n        \"startDate\": \"2026-01-24T10:00:00\",\n        \"performers\": {\n            \"@type\": \"Organization\",\n            \"name\": \"Maria et Romano dans &#8220;La Raviolimanie&#8221;\"\n        },\n        \"location\": {\n            \"@type\": \"Place\",\n            \"name\": \"Grand Th\\u00e9\\u00e2tre de Qu\\u00e9bec\",\n            \"url\": \"https:\/\/grandtheatre.qc.ca\",\n            \"address\": {\n                \"@type\": \"PostalAddress\",\n                \"streetAddress\": \"269 Bd Ren\\u00e9-L\\u00e9vesque E\",\n                \"addressLocality\": \"Qu\\u00e9bec\",\n                \"postalCode\": \"G1R 2B3\",\n                \"addressCountry\": \"CA\"\n            }\n        },\n        \"offers\": {\n            \"@type\": \"Offer\",\n            \"url\": \"https:\/\/am.ticketmaster.com\/grandtheatre\/fr-ca\/ism\/UzEyNjAxMDI%3D?_gl=1*12wzna6*_gcl_au*MTQwNTg1OTk0NS4xNzY3MTM5ODUy*_ga*MTUwMDU2NTYyNi4xNzY3MTM5ODUy*_ga_9QYZVEZ3ZT*czE3NjcxMzk4NTEkbzEkZzEkdDE3NjcxMzk4OTQkajE3JGwwJGgw\"\n        }\n    },\n    {\n        \"@context\": \"http:\/\/schema.org\",\n        \"@type\": \"Event\",\n        \"name\": \"Maria et Octave dans &#8220;\\u00c0 la rescousse de No\\u00ebl&#8221;\",\n        \"startDate\": \"2025-12-14T14:30:00\",\n        \"performers\": {\n            \"@type\": \"Organization\",\n            \"name\": \"Maria et Octave dans &#8220;\\u00c0 la rescousse de No\\u00ebl&#8221;\"\n        },\n        \"location\": {\n            \"@type\": \"Place\",\n            \"name\": \"Municipalit\\u00e9 de Chertsey\",\n            \"address\": {\n                \"@type\": \"PostalAddress\",\n                \"streetAddress\": \"543, chemin de l&#8217;\\u00c9glise\",\n                \"addressLocality\": \"Chertsey\",\n                \"addressRegion\": \"QC\",\n                \"postalCode\": \"J0K 3K0\",\n                \"addressCountry\": \"CA\"\n            }\n        }\n    },\n    {\n        \"@context\": \"http:\/\/schema.org\",\n        \"@type\": \"Event\",\n        \"name\": \"Maria et Octave dans &#8220;\\u00c0 la rescousse de No\\u00ebl&#8221;\",\n        \"startDate\": \"2025-12-13T13:00:00\",\n        \"performers\": {\n            \"@type\": \"Organization\",\n            \"name\": \"Maria et Octave dans &#8220;\\u00c0 la rescousse de No\\u00ebl&#8221;\"\n        },\n        \"location\": {\n            \"@type\": \"Place\",\n            \"name\": \"Salle J.M.-Bellerose\",\n            \"address\": {\n                \"@type\": \"PostalAddress\",\n                \"streetAddress\": \"140 Rue Saint-Jacques\",\n                \"addressLocality\": \"Saint-Michel-des-Saints\",\n                \"addressRegion\": \"QC\",\n                \"postalCode\": \"J0K 3B0\",\n                \"addressCountry\": \"CA\"\n            }\n        }\n    },\n    {\n        \"@context\": \"http:\/\/schema.org\",\n        \"@type\": \"Event\",\n        \"name\": \"\\u00c0 la rescousse de No\\u00ebl (formule solo)\",\n        \"startDate\": \"2025-12-10T10:00:00\",\n        \"performers\": {\n            \"@type\": \"Organization\",\n            \"name\": \"\\u00c0 la rescousse de No\\u00ebl (formule solo)\"\n        },\n        \"location\": {\n            \"@type\": \"Place\",\n            \"name\": \"Garderie Alakazou\",\n            \"address\": {\n                \"@type\": \"PostalAddress\",\n                \"streetAddress\": \"472 2 e avenue\",\n                \"addressLocality\": \"Saint-Jean-sur-Richelieu\",\n                \"addressRegion\": \"QC\",\n                \"postalCode\": \"J2X 5H9\",\n                \"addressCountry\": \"CA\"\n            }\n        }\n    },\n    {\n        \"@context\": \"http:\/\/schema.org\",\n        \"@type\": \"Event\",\n        \"name\": \"Maria et Octave dans &#8220;\\u00c0 la rescousse de No\\u00ebl&#8221;\",\n        \"startDate\": \"2025-12-07T15:00:00\",\n        \"performers\": {\n            \"@type\": \"Organization\",\n            \"name\": \"Maria et Octave dans &#8220;\\u00c0 la rescousse de No\\u00ebl&#8221;\"\n        },\n        \"location\": {\n            \"@type\": \"Place\",\n            \"name\": \"Centre Multifonctionnel\",\n            \"address\": {\n                \"@type\": \"PostalAddress\",\n                \"streetAddress\": \"81 Av. Hooper\",\n                \"addressLocality\": \"Saint-Lambert\",\n                \"addressRegion\": \"QC\",\n                \"postalCode\": \"J4P 2L6\",\n                \"addressCountry\": \"CA\"\n            }\n        }\n    },\n    {\n        \"@context\": \"http:\/\/schema.org\",\n        \"@type\": \"Event\",\n        \"name\": \"Maria et Octave dans &#8220;\\u00c0 la rescousse de No\\u00ebl&#8221;\",\n        \"startDate\": \"2025-11-30T11:00:00\",\n        \"performers\": {\n            \"@type\": \"Organization\",\n            \"name\": \"Maria et Octave dans &#8220;\\u00c0 la rescousse de No\\u00ebl&#8221;\"\n        },\n        \"location\": {\n            \"@type\": \"Place\",\n            \"name\": \"Centre culturel La Ronde\",\n            \"address\": {\n                \"@type\": \"PostalAddress\",\n                \"streetAddress\": \"32, rue Mountjoy Nord\",\n                \"addressLocality\": \"Timmins\",\n                \"addressRegion\": \"Ontario\",\n                \"postalCode\": \"P4N 4V6\",\n                \"addressCountry\": \"CA\"\n            }\n        }\n    },\n    {\n        \"@context\": \"http:\/\/schema.org\",\n        \"@type\": \"Event\",\n        \"name\": \"Maria et Octave dans le Nord de l&#8217;Ontario\",\n        \"startDate\": \"2025-11-29T13:30:00\",\n        \"performers\": {\n            \"@type\": \"Organization\",\n            \"name\": \"\\u00c0 la rescousse de No\\u00ebl (formule solo)\"\n        },\n        \"location\": {\n            \"@type\": \"Place\",\n            \"name\": \"\\u00c9cole \\u00e9l\\u00e9mentaire La Source\",\n            \"address\": {\n                \"@type\": \"PostalAddress\",\n                \"streetAddress\": \"70, promenade Madelaine\",\n                \"addressLocality\": \"Barrie\",\n                \"addressRegion\": \"Ontario\",\n                \"postalCode\": \"L4N 9T2\",\n                \"addressCountry\": \"CA\"\n            }\n        }\n    },\n    {\n        \"@context\": \"http:\/\/schema.org\",\n        \"@type\": \"Event\",\n        \"name\": \"Maria et Octave dans le Nord de l&#8217;Ontario\",\n        \"startDate\": \"2025-11-29T10:30:00\",\n        \"performers\": {\n            \"@type\": \"Organization\",\n            \"name\": \"\\u00c0 la rescousse de No\\u00ebl (formule solo)\"\n        },\n        \"location\": {\n            \"@type\": \"Place\",\n            \"name\": \"\\u00c9cole \\u00e9l\\u00e9mentaire catholique Sainte-Croix\",\n            \"address\": {\n                \"@type\": \"PostalAddress\",\n                \"streetAddress\": \"351, chemin Lafontaine Ouest\",\n                \"addressLocality\": \"Tiny\",\n                \"addressRegion\": \"Ontario\",\n                \"postalCode\": \"l9M 0H1\",\n                \"addressCountry\": \"CA\"\n            }\n        }\n    },\n    {\n        \"@context\": \"http:\/\/schema.org\",\n        \"@type\": \"Event\",\n        \"name\": \"Maria et Octave dans &#8220;\\u00c0 la rescousse de No\\u00ebl&#8221;\",\n        \"startDate\": \"2025-11-23T10:30:00\",\n        \"performers\": {\n            \"@type\": \"Organization\",\n            \"name\": \"Maria et Octave dans &#8220;\\u00c0 la rescousse de No\\u00ebl&#8221;\"\n        },\n        \"location\": {\n            \"@type\": \"Place\",\n            \"name\": \"Centre culturel du domaine vert\",\n            \"address\": {\n                \"@type\": \"PostalAddress\",\n                \"streetAddress\": \"17530 Rue Jacques Cartier\",\n                \"addressLocality\": \"Mirabel\",\n                \"addressRegion\": \"Qu\\u00e9bec\",\n                \"postalCode\": \"J7J 2A9\",\n                \"addressCountry\": \"CA\"\n            }\n        }\n    },\n    {\n        \"@context\": \"http:\/\/schema.org\",\n        \"@type\": \"Event\",\n        \"name\": \"Maria Cannelloni en Ontario\",\n        \"startDate\": \"2025-10-10T13:30:00\",\n        \"performers\": {\n            \"@type\": \"Organization\",\n            \"name\": \"Maria et Romano dans &#8220;La Raviolimanie&#8221;\"\n        },\n        \"location\": {\n            \"@type\": \"Place\",\n            \"name\": \"\\u00c9cole secondaire publique Odyss\\u00e9e\",\n            \"address\": {\n                \"@type\": \"PostalAddress\",\n                \"streetAddress\": \"2345 avenue Connaught\",\n                \"addressLocality\": \"North Bay\",\n                \"addressRegion\": \"Ontario\",\n                \"postalCode\": \"P1B 0A3\",\n                \"addressCountry\": \"CA\"\n            }\n        }\n    },\n    {\n        \"@context\": \"http:\/\/schema.org\",\n        \"@type\": \"Event\",\n        \"name\": \"Maria Cannelloni en Ontario\",\n        \"startDate\": \"2025-10-10T13:30:00\",\n        \"performers\": {\n            \"@type\": \"Organization\",\n            \"name\": \"Maria et Romano dans &#8220;La Raviolimanie&#8221;\"\n        },\n        \"location\": {\n            \"@type\": \"Place\",\n            \"name\": \"\\u00c9cole secondaire publique Odyss\\u00e9e\",\n            \"address\": {\n                \"@type\": \"PostalAddress\",\n                \"streetAddress\": \"2345 avenue Connaught\",\n                \"addressLocality\": \"North Bay\",\n                \"addressRegion\": \"Ontario\",\n                \"postalCode\": \"P1B 0A3\",\n                \"addressCountry\": \"CA\"\n            }\n        }\n    },\n    {\n        \"@context\": \"http:\/\/schema.org\",\n        \"@type\": \"Event\",\n        \"name\": \"Maria Cannelloni en Ontario\",\n        \"startDate\": \"2025-10-09T13:45:00\",\n        \"performers\": {\n            \"@type\": \"Organization\",\n            \"name\": \"Maria et Romano dans &#8220;La Raviolimanie&#8221;\"\n        },\n        \"location\": {\n            \"@type\": \"Place\",\n            \"name\": \"\\u00c9cole \\u00e9l\\u00e9mentaire Sainte-Madeleine\",\n            \"address\": {\n                \"@type\": \"PostalAddress\",\n                \"streetAddress\": \"1 Ness Dr.\",\n                \"addressLocality\": \"North York\",\n                \"addressRegion\": \"Ontario\",\n                \"postalCode\": \"M3A 1Z6\",\n                \"addressCountry\": \"CA\"\n            }\n        }\n    },\n    {\n        \"@context\": \"http:\/\/schema.org\",\n        \"@type\": \"Event\",\n        \"name\": \"Maria Cannelloni en Ontario\",\n        \"startDate\": \"2025-10-09T09:30:00\",\n        \"performers\": {\n            \"@type\": \"Organization\",\n            \"name\": \"Maria et Romano dans &#8220;La Raviolimanie&#8221;\"\n        },\n        \"location\": {\n            \"@type\": \"Place\",\n            \"name\": \"Ronald-Marion French Public School\",\n            \"address\": {\n                \"@type\": \"PostalAddress\",\n                \"streetAddress\": \"2235 Brock Rd.\",\n                \"addressLocality\": \"Pickering\",\n                \"addressRegion\": \"Ontario\",\n                \"postalCode\": \"L1X 0K2\",\n                \"addressCountry\": \"CA\"\n            }\n        }\n    },\n    {\n        \"@context\": \"http:\/\/schema.org\",\n        \"@type\": \"Event\",\n        \"name\": \"Maria Cannelloni en Ontario\",\n        \"startDate\": \"2025-10-08T14:30:00\",\n        \"performers\": {\n            \"@type\": \"Organization\",\n            \"name\": \"Maria et Romano dans &#8220;La Raviolimanie&#8221;\"\n        },\n        \"location\": {\n            \"@type\": \"Place\",\n            \"name\": \"Acad\\u00e9mie Alexandre-Dumas\",\n            \"address\": {\n                \"@type\": \"PostalAddress\",\n                \"streetAddress\": \"255 Coronation Dr\",\n                \"addressLocality\": \"Toronto\",\n                \"addressRegion\": \"Ontario\",\n                \"postalCode\": \"M1E 2J3\",\n                \"addressCountry\": \"CA\"\n            }\n        }\n    },\n    {\n        \"@context\": \"http:\/\/schema.org\",\n        \"@type\": \"Event\",\n        \"name\": \"Maria Cannelloni en Ontario\",\n        \"startDate\": \"2025-10-08T09:00:00\",\n        \"performers\": {\n            \"@type\": \"Organization\",\n            \"name\": \"Maria et Romano dans &#8220;La Raviolimanie&#8221;\"\n        },\n        \"location\": {\n            \"@type\": \"Place\",\n            \"name\": \"\\u00c9cole \\u00e9l\\u00e9mentaire Carrefour des jeunes\",\n            \"address\": {\n                \"@type\": \"PostalAddress\",\n                \"streetAddress\": \"375 Center St N\",\n                \"addressLocality\": \"Brampton\",\n                \"addressRegion\": \"Ontario\",\n                \"postalCode\": \"L6V 4N4\",\n                \"addressCountry\": \"CA\"\n            }\n        }\n    },\n    {\n        \"@context\": \"http:\/\/schema.org\",\n        \"@type\": \"Event\",\n        \"name\": \"Maria Cannelloni en Ontario\",\n        \"startDate\": \"2025-10-08T09:00:00\",\n        \"performers\": {\n            \"@type\": \"Organization\",\n            \"name\": \"Maria et Romano dans &#8220;La Raviolimanie&#8221;\"\n        },\n        \"location\": {\n            \"@type\": \"Place\",\n            \"name\": \"\\u00c9cole \\u00e9l\\u00e9mentaire F\\u00e9lix-Leclerc\",\n            \"address\": {\n                \"@type\": \"PostalAddress\",\n                \"streetAddress\": \"50 Celestine Dr.\",\n                \"addressLocality\": \"Etobicoke\",\n                \"addressRegion\": \"Ontario\",\n                \"postalCode\": \"M9R 3N3\",\n                \"addressCountry\": \"CA\"\n            }\n        }\n    },\n    {\n        \"@context\": \"http:\/\/schema.org\",\n        \"@type\": \"Event\",\n        \"name\": \"Maria Cannelloni en Ontario\",\n        \"startDate\": \"2025-10-07T14:30:00\",\n        \"performers\": {\n            \"@type\": \"Organization\",\n            \"name\": \"Maria et Romano dans &#8220;La Raviolimanie&#8221;\"\n        },\n        \"location\": {\n            \"@type\": \"Place\",\n            \"name\": \"\\u00c9cole \\u00e9l\\u00e9mentaire Carrefour des jeunes\",\n            \"address\": {\n                \"@type\": \"PostalAddress\",\n                \"streetAddress\": \"375 Center St N\",\n                \"addressLocality\": \"Brampton\",\n                \"addressRegion\": \"Ontario\",\n                \"postalCode\": \"L6V 4N4\",\n                \"addressCountry\": \"CA\"\n            }\n        }\n    },\n    {\n        \"@context\": \"http:\/\/schema.org\",\n        \"@type\": \"Event\",\n        \"name\": \"Maria Cannelloni en Ontario\",\n        \"startDate\": \"2025-10-07T09:30:00\",\n        \"performers\": {\n            \"@type\": \"Organization\",\n            \"name\": \"Maria et Romano dans &#8220;La Raviolimanie&#8221;\"\n        },\n        \"location\": {\n            \"@type\": \"Place\",\n            \"name\": \"\\u00c9cole \\u00e9l\\u00e9mentaire catholique Sainte-Marie\",\n            \"address\": {\n                \"@type\": \"PostalAddress\",\n                \"streetAddress\": \"336 Maurice Dr.\",\n                \"addressLocality\": \"Oakville\",\n                \"addressRegion\": \"Ontario\",\n                \"postalCode\": \"L6K 2X4\",\n                \"addressCountry\": \"CA\"\n            }\n        }\n    },\n    {\n        \"@context\": \"http:\/\/schema.org\",\n        \"@type\": \"Event\",\n        \"name\": \"Maria Cannelloni en Ontario\",\n        \"startDate\": \"2025-10-06T13:45:00\",\n        \"performers\": {\n            \"@type\": \"Organization\",\n            \"name\": \"Maria et Romano dans &#8220;La Raviolimanie&#8221;\"\n        },\n        \"location\": {\n            \"@type\": \"Place\",\n            \"name\": \"\\u00c9cole \\u00e9l\\u00e9mentaire publique Francojeunesse\",\n            \"address\": {\n                \"@type\": \"PostalAddress\",\n                \"streetAddress\": \"119 Osgoode St.\",\n                \"addressLocality\": \"Ottawa\",\n                \"addressRegion\": \"Ontario\",\n                \"postalCode\": \"K1N 6S3\",\n                \"addressCountry\": \"CA\"\n            }\n        }\n    },\n    {\n        \"@context\": \"http:\/\/schema.org\",\n        \"@type\": \"Event\",\n        \"name\": \"Maria Cannelloni en Ontario\",\n        \"startDate\": \"2025-10-06T09:00:00\",\n        \"performers\": {\n            \"@type\": \"Organization\",\n            \"name\": \"Maria et Romano dans &#8220;La Raviolimanie&#8221;\"\n        },\n        \"location\": {\n            \"@type\": \"Place\",\n            \"name\": \"\\u00c9cole \\u00e9l\\u00e9mentaire catholique Sainte-Genevi\\u00e8ve\",\n            \"address\": {\n                \"@type\": \"PostalAddress\",\n                \"streetAddress\": \"2198 Arch Street\",\n                \"addressLocality\": \"Ottawa\",\n                \"addressRegion\": \"Ontario\",\n                \"postalCode\": \"K1G 2H7\",\n                \"addressCountry\": \"CA\"\n            }\n        }\n    },\n    {\n        \"@context\": \"http:\/\/schema.org\",\n        \"@type\": \"Event\",\n        \"name\": \"Maria Cannelloni en Ontario\",\n        \"startDate\": \"2025-09-19T09:30:00\",\n        \"performers\": {\n            \"@type\": \"Organization\",\n            \"name\": \"Maria et Romano dans &#8220;La Raviolimanie&#8221;\"\n        },\n        \"location\": {\n            \"@type\": \"Place\",\n            \"name\": \"\\u00c9cole \\u00e9l\\u00e9mentaire Pavillon de la jeunesse\",\n            \"address\": {\n                \"@type\": \"PostalAddress\",\n                \"streetAddress\": \"105 High St\",\n                \"addressLocality\": \"Hamilton\",\n                \"addressRegion\": \"Ontario\",\n                \"addressCountry\": \"CA\"\n            }\n        }\n    },\n    {\n        \"@context\": \"http:\/\/schema.org\",\n        \"@type\": \"Event\",\n        \"name\": \"Maria Cannelloni en Ontario\",\n        \"startDate\": \"2025-09-18T14:30:00\",\n        \"performers\": {\n            \"@type\": \"Organization\",\n            \"name\": \"Maria et Romano dans &#8220;La Raviolimanie&#8221;\"\n        },\n        \"location\": {\n            \"@type\": \"Place\",\n            \"name\": \"\\u00c9cole \\u00e9l\\u00e9mentaire Renaissance\",\n            \"address\": {\n                \"@type\": \"PostalAddress\",\n                \"streetAddress\": \"1226 Lockhart Rd\",\n                \"addressLocality\": \"Burlington\",\n                \"addressRegion\": \"Ontario\",\n                \"postalCode\": \"L7S 1H1\",\n                \"addressCountry\": \"CA\"\n            }\n        }\n    },\n    {\n        \"@context\": \"http:\/\/schema.org\",\n        \"@type\": \"Event\",\n        \"name\": \"Maria Cannelloni en Ontario\",\n        \"startDate\": \"2025-09-18T09:00:00\",\n        \"performers\": {\n            \"@type\": \"Organization\",\n            \"name\": \"Maria et Romano dans &#8220;La Raviolimanie&#8221;\"\n        },\n        \"location\": {\n            \"@type\": \"Place\",\n            \"name\": \"\\u00c9cole \\u00e9l\\u00e9mentaire l&#8217;Odyss\\u00e9e\",\n            \"address\": {\n                \"@type\": \"PostalAddress\",\n                \"streetAddress\": \"30 Brighton Street\",\n                \"addressLocality\": \"Guelph\",\n                \"addressRegion\": \"Ontario\",\n                \"postalCode\": \"N1E 3S9\",\n                \"addressCountry\": \"CA\"\n            }\n        }\n    },\n    {\n        \"@context\": \"http:\/\/schema.org\",\n        \"@type\": \"Event\",\n        \"name\": \"Maria Cannelloni en Ontario\",\n        \"startDate\": \"2025-09-17T14:30:00\",\n        \"performers\": {\n            \"@type\": \"Organization\",\n            \"name\": \"Maria et Romano dans &#8220;La Raviolimanie&#8221;\"\n        },\n        \"location\": {\n            \"@type\": \"Place\",\n            \"name\": \"\\u00c9cole \\u00e9l\\u00e9mentaire Le Flambeau\",\n            \"address\": {\n                \"@type\": \"PostalAddress\",\n                \"streetAddress\": \"600 Novo Star Dr.\",\n                \"addressLocality\": \"Mississauga\",\n                \"addressRegion\": \"Ontario\",\n                \"postalCode\": \"L5W 1G4\",\n                \"addressCountry\": \"CA\"\n            }\n        }\n    },\n    {\n        \"@context\": \"http:\/\/schema.org\",\n        \"@type\": \"Event\",\n        \"name\": \"Maria Cannelloni en Ontario\",\n        \"startDate\": \"2025-09-17T14:30:00\",\n        \"performers\": {\n            \"@type\": \"Organization\",\n            \"name\": \"Maria et Romano dans &#8220;La Raviolimanie&#8221;\"\n        },\n        \"location\": {\n            \"@type\": \"Place\",\n            \"name\": \"\\u00c9cole \\u00e9l\\u00e9mentaire Le Flambeau\",\n            \"address\": {\n                \"@type\": \"PostalAddress\",\n                \"streetAddress\": \"600 Novo Star Dr.\",\n                \"addressLocality\": \"Mississauga\",\n                \"addressRegion\": \"Ontario\",\n                \"postalCode\": \"L5W 1G4\",\n                \"addressCountry\": \"CA\"\n            }\n        }\n    },\n    {\n        \"@context\": \"http:\/\/schema.org\",\n        \"@type\": \"Event\",\n        \"name\": \"Maria Cannelloni en Ontario\",\n        \"startDate\": \"2025-09-17T09:00:00\",\n        \"performers\": {\n            \"@type\": \"Organization\",\n            \"name\": \"Maria et Romano dans &#8220;La Raviolimanie&#8221;\"\n        },\n        \"location\": {\n            \"@type\": \"Place\",\n            \"name\": \"Acad\\u00e9mie de la Moraine\",\n            \"address\": {\n                \"@type\": \"PostalAddress\",\n                \"streetAddress\": \"13200 Yonge St.\",\n                \"addressLocality\": \"Richmond Hill\",\n                \"addressRegion\": \"Ontario\",\n                \"postalCode\": \"L4E 2T2\",\n                \"addressCountry\": \"CA\"\n            }\n        }\n    },\n    {\n        \"@context\": \"http:\/\/schema.org\",\n        \"@type\": \"Event\",\n        \"name\": \"Maria Cannelloni en Ontario\",\n        \"startDate\": \"2025-09-16T13:45:00\",\n        \"performers\": {\n            \"@type\": \"Organization\",\n            \"name\": \"Maria et Romano dans &#8220;La Raviolimanie&#8221;\"\n        },\n        \"location\": {\n            \"@type\": \"Place\",\n            \"name\": \"\\u00c9cole \\u00e9l\\u00e9mentaire Antonine-Maillet\",\n            \"address\": {\n                \"@type\": \"PostalAddress\",\n                \"streetAddress\": \"615 Ridgeway Ave\",\n                \"addressLocality\": \"Oshawa\",\n                \"addressRegion\": \"Ontario\",\n                \"postalCode\": \"L1J 2W3\",\n                \"addressCountry\": \"CA\"\n            }\n        }\n    },\n    {\n        \"@context\": \"http:\/\/schema.org\",\n        \"@type\": \"Event\",\n        \"name\": \"Maria Cannelloni en Ontario\",\n        \"startDate\": \"2025-09-16T09:30:00\",\n        \"performers\": {\n            \"@type\": \"Organization\",\n            \"name\": \"Maria et Romano dans &#8220;La Raviolimanie&#8221;\"\n        },\n        \"location\": {\n            \"@type\": \"Place\",\n            \"name\": \"\\u00c9cole \\u00e9l\\u00e9mnetaire Viola-L\\u00e9ger\",\n            \"address\": {\n                \"@type\": \"PostalAddress\",\n                \"streetAddress\": \"116 Ontario St\",\n                \"addressLocality\": \"Bowmanville\",\n                \"postalCode\": \"L1C2T4\",\n                \"addressCountry\": \"CA\"\n            }\n        }\n    },\n    {\n        \"@context\": \"http:\/\/schema.org\",\n        \"@type\": \"Event\",\n        \"name\": \"Maria Cannelloni en Ontario\",\n        \"startDate\": \"2025-09-15T14:15:00\",\n        \"performers\": {\n            \"@type\": \"Organization\",\n            \"name\": \"Maria et Romano dans &#8220;La Raviolimanie&#8221;\"\n        },\n        \"location\": {\n            \"@type\": \"Place\",\n            \"name\": \"\\u00c9cole primaire Pierre-Elliott-Trudeau\",\n            \"address\": {\n                \"@type\": \"PostalAddress\",\n                \"addressLocality\": \"Ottawa\",\n                \"addressCountry\": \"CA\"\n            }\n        }\n    },\n    {\n        \"@context\": \"http:\/\/schema.org\",\n        \"@type\": \"Event\",\n        \"name\": \"Maria Cannelloni en Ontario\",\n        \"startDate\": \"2025-09-15T09:00:00\",\n        \"performers\": {\n            \"@type\": \"Organization\",\n            \"name\": \"Maria et Romano dans &#8220;La Raviolimanie&#8221;\"\n        },\n        \"location\": {\n            \"@type\": \"Place\",\n            \"name\": \"\\u00c9cole primaire catholique La V\\u00e9rendrie\",\n            \"address\": {\n                \"@type\": \"PostalAddress\",\n                \"streetAddress\": \"614 Promenade Eastvale\",\n                \"addressLocality\": \"Gloucester\",\n                \"addressRegion\": \"Ontario\",\n                \"postalCode\": \"K1J 6Z6\",\n                \"addressCountry\": \"CA\"\n            }\n        }\n    },\n    {\n        \"@context\": \"http:\/\/schema.org\",\n        \"@type\": \"Event\",\n        \"name\": \"Voici Maria Cannelloni !\",\n        \"startDate\": \"2025-09-14T12:05:00\",\n        \"performers\": {\n            \"@type\": \"Organization\",\n            \"name\": \"Voici Maria Cannelloni !\"\n        },\n        \"location\": {\n            \"@type\": \"Place\",\n            \"name\": \"Parc Le Rocher\",\n            \"address\": {\n                \"@type\": \"PostalAddress\",\n                \"streetAddress\": \"215 Rue Thomas\",\n                \"addressLocality\": \"St-Amable\",\n                \"addressRegion\": \"Qu\\u00e9bec\",\n                \"postalCode\": \"J0L 1N0\",\n                \"addressCountry\": \"CA\"\n            }\n        }\n    },\n    {\n        \"@context\": \"http:\/\/schema.org\",\n        \"@type\": \"Event\",\n        \"name\": \"Voici Maria Cannelloni !\",\n        \"startDate\": \"2025-07-12T10:00:00\",\n        \"performers\": {\n            \"@type\": \"Organization\",\n            \"name\": \"Voici Maria Cannelloni !\"\n        },\n        \"location\": {\n            \"@type\": \"Place\",\n            \"name\": \"Parc MacDonald\",\n            \"address\": {\n                \"@type\": \"PostalAddress\",\n                \"streetAddress\": \"5258 Rue MacDonald\",\n                \"addressLocality\": \"Maple Grove\",\n                \"addressRegion\": \"Quebec\",\n                \"postalCode\": \"J6N 1P3\",\n                \"addressCountry\": \"CA\"\n            }\n        }\n    },\n    {\n        \"@context\": \"http:\/\/schema.org\",\n        \"@type\": \"Event\",\n        \"name\": \"Rythmofolies avec Maria et le Macaroni Orchestra\",\n        \"startDate\": \"2025-07-08T18:30:00\",\n        \"performers\": {\n            \"@type\": \"Organization\",\n            \"name\": \"Rythmofolies avec Maria et le Macaroni Orchestra\"\n        },\n        \"location\": {\n            \"@type\": \"Place\",\n            \"name\": \"Parc R\\u00e9jean-Boisvenue\",\n            \"address\": {\n                \"@type\": \"PostalAddress\",\n                \"streetAddress\": \"139, rue Adrien-Rouleau\",\n                \"addressLocality\": \"Les Coteaux\",\n                \"addressRegion\": \"Quebec\",\n                \"postalCode\": \"J7X 1A2\",\n                \"addressCountry\": \"CA\"\n            }\n        }\n    },\n    {\n        \"@context\": \"http:\/\/schema.org\",\n        \"@type\": \"Event\",\n        \"name\": \"Maria dans La Mini-Raviolimanie\",\n        \"startDate\": \"2025-04-12T10:30:00\",\n        \"performers\": {\n            \"@type\": \"Organization\",\n            \"name\": \"Maria dans La Mini-Raviolimanie\"\n        },\n        \"location\": {\n            \"@type\": \"Place\",\n            \"name\": \"Biblioth\\u00e8que T.-A-St-Germain\",\n            \"address\": {\n                \"@type\": \"PostalAddress\",\n                \"streetAddress\": \"2175, rue Girouard Ouest\",\n                \"addressLocality\": \"Saint-Hyacinthe\",\n                \"addressRegion\": \"Qu\\u00e9bec\",\n                \"postalCode\": \"J6R 1G6\",\n                \"addressCountry\": \"CA\"\n            }\n        }\n    },\n    {\n        \"@context\": \"http:\/\/schema.org\",\n        \"@type\": \"Event\",\n        \"name\": \"Maria et Octave dans &#8220;\\u00c0 la rescousse de No\\u00ebl&#8221;\",\n        \"startDate\": \"2024-12-06T18:30:00\",\n        \"performers\": {\n            \"@type\": \"Organization\",\n            \"name\": \"Maria et Octave dans &#8220;\\u00c0 la rescousse de No\\u00ebl&#8221;\"\n        },\n        \"location\": {\n            \"@type\": \"Place\",\n            \"name\": \"March\\u00e9 de No\\u00ebl de Joliette | La place Festive, Place Bourget\",\n            \"address\": {\n                \"@type\": \"PostalAddress\",\n                \"streetAddress\": \"445, rue Notre-Dame\",\n                \"addressLocality\": \"Joliette\",\n                \"addressRegion\": \"Qu\\u00e9bec\",\n                \"postalCode\": \"J6E 3H5\",\n                \"addressCountry\": \"CA\"\n            }\n        }\n    },\n    {\n        \"@context\": \"http:\/\/schema.org\",\n        \"@type\": \"Event\",\n        \"name\": \"Maria et Octave dans &#8220;\\u00c0 la rescousse de No\\u00ebl&#8221;\",\n        \"startDate\": \"2024-12-01T14:00:00\",\n        \"performers\": {\n            \"@type\": \"Organization\",\n            \"name\": \"Maria et Octave dans &#8220;\\u00c0 la rescousse de No\\u00ebl&#8221;\"\n        },\n        \"location\": {\n            \"@type\": \"Place\",\n            \"name\": \"Espace Mandeville\",\n            \"url\": \"http:\/\/espacemandeville.ca\",\n            \"address\": {\n                \"@type\": \"PostalAddress\",\n                \"streetAddress\": \"232, rue Dorion\",\n                \"addressLocality\": \"Drummondville\",\n                \"addressRegion\": \"Qu\\u00e9bec\",\n                \"postalCode\": \"J2B 6x1\",\n                \"addressCountry\": \"CA\"\n            }\n        }\n    },\n    {\n        \"@context\": \"http:\/\/schema.org\",\n        \"@type\": \"Event\",\n        \"name\": \"Maria et Octave dans &#8220;\\u00c0 la rescousse de No\\u00ebl&#8221;\",\n        \"startDate\": \"2024-11-30T10:00:00\",\n        \"performers\": {\n            \"@type\": \"Organization\",\n            \"name\": \"Maria et Octave dans &#8220;\\u00c0 la rescousse de No\\u00ebl&#8221;\"\n        },\n        \"location\": {\n            \"@type\": \"Place\",\n            \"name\": \"Centre communautaire Roger Tougas\",\n            \"address\": {\n                \"@type\": \"PostalAddress\",\n                \"streetAddress\": \"740 boulevard St-Jean-Baptiste\",\n                \"addressLocality\": \"Mercier\",\n                \"addressRegion\": \"Qu\\u00e9bec\",\n                \"postalCode\": \"J6R 1G6\",\n                \"addressCountry\": \"CA\"\n            }\n        }\n    },\n    {\n        \"@context\": \"http:\/\/schema.org\",\n        \"@type\": \"Event\",\n        \"name\": \"Voici Maria Cannelloni !\",\n        \"startDate\": \"2024-08-17T11:00:00\",\n        \"performers\": {\n            \"@type\": \"Organization\",\n            \"name\": \"Voici Maria Cannelloni !\"\n        },\n        \"location\": {\n            \"@type\": \"Place\",\n            \"name\": \"Festival de l&#8217;\\u00e9pi\",\n            \"url\": \"http:\/\/www.festivaldelepi.com\",\n            \"address\": {\n                \"@type\": \"PostalAddress\",\n                \"streetAddress\": \"34, 6e rue, Scott, Qc\",\n                \"addressLocality\": \"Scott\",\n                \"addressRegion\": \"Quebec\",\n                \"addressCountry\": \"CA\"\n            }\n        }\n    },\n    {\n        \"@context\": \"http:\/\/schema.org\",\n        \"@type\": \"Event\",\n        \"name\": \"Maria et Romano dans &#8220;La Raviolimanie&#8221;\",\n        \"startDate\": \"2024-06-24T13:30:00\",\n        \"performers\": {\n            \"@type\": \"Organization\",\n            \"name\": \"Maria et Romano dans &#8220;La Raviolimanie&#8221;\"\n        },\n        \"location\": {\n            \"@type\": \"Place\",\n            \"name\": \"Parc Hirondelle, Mercier\",\n            \"address\": {\n                \"@type\": \"PostalAddress\",\n                \"streetAddress\": \"8 rue des Plaines, Mercier\",\n                \"addressLocality\": \"Mercier\",\n                \"addressCountry\": \"CA\"\n            }\n        }\n    },\n    {\n        \"@context\": \"http:\/\/schema.org\",\n        \"@type\": \"Event\",\n        \"name\": \"Voici Maria Cannelloni !\",\n        \"startDate\": \"2024-06-24T13:00:00\",\n        \"performers\": {\n            \"@type\": \"Organization\",\n            \"name\": \"Voici Maria Cannelloni !\"\n        },\n        \"location\": {\n            \"@type\": \"Place\",\n            \"name\": \"Place des Festivit\\u00e9s\",\n            \"address\": {\n                \"@type\": \"PostalAddress\",\n                \"streetAddress\": \"131 Rue de la Gare, Saint-J\\u00e9r\\u00f4me, QC\",\n                \"addressLocality\": \"St-J\\u00e9r\\u00f4me\",\n                \"postalCode\": \"J7Z 2B9\",\n                \"addressCountry\": \"CA\"\n            }\n        }\n    },\n    {\n        \"@context\": \"http:\/\/schema.org\",\n        \"@type\": \"Event\",\n        \"name\": \"Maria Cannelloni et le Macaroni Orchestra\",\n        \"startDate\": \"2024-03-09T11:00:00\",\n        \"description\": \"Jeux du Qu\\u00e9bec\",\n        \"performers\": {\n            \"@type\": \"Organization\",\n            \"name\": \"Maria Cannelloni et le Macaroni Orchestra\"\n        },\n        \"location\": {\n            \"@type\": \"Place\",\n            \"name\": \"Pavillon Armand-Nadeau\",\n            \"address\": {\n                \"@type\": \"PostalAddress\",\n                \"streetAddress\": \"Parc Jacques-Cartier\",\n                \"addressLocality\": \"Sherbrooke\",\n                \"addressRegion\": \"Qu\\u00e9bec\",\n                \"postalCode\": \"J1J 2Z7\",\n                \"addressCountry\": \"CA\"\n            }\n        }\n    },\n    {\n        \"@context\": \"http:\/\/schema.org\",\n        \"@type\": \"Event\",\n        \"name\": \"\\u00c0 la rescousse de No\\u00ebl (formule solo)\",\n        \"startDate\": \"2023-12-15T10:00:00\",\n        \"performers\": {\n            \"@type\": \"Organization\",\n            \"name\": \"\\u00c0 la rescousse de No\\u00ebl (formule solo)\"\n        },\n        \"location\": {\n            \"@type\": \"Place\",\n            \"name\": \"Salle Kevin-Lowe-Pag\\u00e9\",\n            \"address\": {\n                \"@type\": \"PostalAddress\",\n                \"streetAddress\": \"80 Av. Hamford\",\n                \"addressLocality\": \"Lachute\",\n                \"addressRegion\": \"Qu\\u00e9bec\",\n                \"postalCode\": \"J8H 4P1\",\n                \"addressCountry\": \"CA\"\n            }\n        }\n    },\n    {\n        \"@context\": \"http:\/\/schema.org\",\n        \"@type\": \"Event\",\n        \"name\": \"Maria et Octave dans &#8220;\\u00c0 la rescousse de No\\u00ebl&#8221;\",\n        \"startDate\": \"2023-12-10T14:00:00\",\n        \"performers\": {\n            \"@type\": \"Organization\",\n            \"name\": \"Maria et Octave dans &#8220;\\u00c0 la rescousse de No\\u00ebl&#8221;\"\n        },\n        \"location\": {\n            \"@type\": \"Place\",\n            \"name\": \"Centre d&#8217;art la petite \\u00e9glise\",\n            \"address\": {\n                \"@type\": \"PostalAddress\",\n                \"streetAddress\": \"271 Rue Saint-Eustache\",\n                \"addressLocality\": \"Saint-Eustache\",\n                \"addressRegion\": \"Qu\\u00e9bec\",\n                \"postalCode\": \"J7R 2L9\",\n                \"addressCountry\": \"CA\"\n            }\n        }\n    },\n    {\n        \"@context\": \"http:\/\/schema.org\",\n        \"@type\": \"Event\",\n        \"name\": \"\\u00c0 la rescousse de No\\u00ebl (formule solo)\",\n        \"startDate\": \"2023-12-09T10:30:00\",\n        \"performers\": {\n            \"@type\": \"Organization\",\n            \"name\": \"\\u00c0 la rescousse de No\\u00ebl (formule solo)\"\n        },\n        \"location\": {\n            \"@type\": \"Place\",\n            \"name\": \"Biblioth\\u00e8que de Beloeil\",\n            \"address\": {\n                \"@type\": \"PostalAddress\",\n                \"streetAddress\": \"620 rue Richelieu\",\n                \"addressLocality\": \"Beloeil\",\n                \"postalCode\": \"J3G 5E8\",\n                \"addressCountry\": \"CA\"\n            }\n        }\n    },\n    {\n        \"@context\": \"http:\/\/schema.org\",\n        \"@type\": \"Event\",\n        \"name\": \"Maria et Romano dans &#8220;La Raviolimanie&#8221;\",\n        \"startDate\": \"2023-10-04T13:30:00\",\n        \"performers\": {\n            \"@type\": \"Organization\",\n            \"name\": \"Maria et Romano dans &#8220;La Raviolimanie&#8221;\"\n        },\n        \"location\": {\n            \"@type\": \"Place\",\n            \"name\": \"Salle Dussault\",\n            \"url\": \"http:\/\/www.diffusiontram.ca\",\n            \"address\": {\n                \"@type\": \"PostalAddress\",\n                \"streetAddress\": \"561 rue St-Patrick\",\n                \"addressLocality\": \"Thetford Mines\",\n                \"addressRegion\": \"Qu\\u00e9bec\",\n                \"postalCode\": \"G6G 5W1\",\n                \"addressCountry\": \"CA\"\n            }\n        }\n    },\n    {\n        \"@context\": \"http:\/\/schema.org\",\n        \"@type\": \"Event\",\n        \"name\": \"Maria et Romano dans &#8220;La Raviolimanie&#8221;\",\n        \"startDate\": \"2023-10-04T13:30:00\",\n        \"performers\": {\n            \"@type\": \"Organization\",\n            \"name\": \"Maria et Romano dans &#8220;La Raviolimanie&#8221;\"\n        },\n        \"location\": {\n            \"@type\": \"Place\",\n            \"name\": \"Salle Dussault\",\n            \"url\": \"http:\/\/www.diffusiontram.ca\",\n            \"address\": {\n                \"@type\": \"PostalAddress\",\n                \"streetAddress\": \"561 rue St-Patrick\",\n                \"addressLocality\": \"Thetford Mines\",\n                \"addressRegion\": \"Qu\\u00e9bec\",\n                \"postalCode\": \"G6G 5W1\",\n                \"addressCountry\": \"CA\"\n            }\n        }\n    },\n    {\n        \"@context\": \"http:\/\/schema.org\",\n        \"@type\": \"Event\",\n        \"name\": \"Maria et Romano dans &#8220;La Raviolimanie&#8221;\",\n        \"startDate\": \"2023-10-03T13:30:00\",\n        \"performers\": {\n            \"@type\": \"Organization\",\n            \"name\": \"Maria et Romano dans &#8220;La Raviolimanie&#8221;\"\n        },\n        \"location\": {\n            \"@type\": \"Place\",\n            \"name\": \"Salle Dussault\",\n            \"url\": \"http:\/\/www.diffusiontram.ca\",\n            \"address\": {\n                \"@type\": \"PostalAddress\",\n                \"streetAddress\": \"561 rue St-Patrick\",\n                \"addressLocality\": \"Thetford Mines\",\n                \"addressRegion\": \"Qu\\u00e9bec\",\n                \"postalCode\": \"G6G 5W1\",\n                \"addressCountry\": \"CA\"\n            }\n        }\n    },\n    {\n        \"@context\": \"http:\/\/schema.org\",\n        \"@type\": \"Event\",\n        \"name\": \"Maria et Romano dans &#8220;La Raviolimanie&#8221;\",\n        \"startDate\": \"2023-10-03T09:45:00\",\n        \"performers\": {\n            \"@type\": \"Organization\",\n            \"name\": \"Maria et Romano dans &#8220;La Raviolimanie&#8221;\"\n        },\n        \"location\": {\n            \"@type\": \"Place\",\n            \"name\": \"Salle Dussault\",\n            \"url\": \"http:\/\/www.diffusiontram.ca\",\n            \"address\": {\n                \"@type\": \"PostalAddress\",\n                \"streetAddress\": \"561 rue St-Patrick\",\n                \"addressLocality\": \"Thetford Mines\",\n                \"addressRegion\": \"Qu\\u00e9bec\",\n                \"postalCode\": \"G6G 5W1\",\n                \"addressCountry\": \"CA\"\n            }\n        }\n    },\n    {\n        \"@context\": \"http:\/\/schema.org\",\n        \"@type\": \"Event\",\n        \"name\": \"Voici Maria Cannelloni !\",\n        \"startDate\": \"2023-08-02T10:00:00\",\n        \"performers\": {\n            \"@type\": \"Organization\",\n            \"name\": \"Voici Maria Cannelloni !\"\n        },\n        \"location\": {\n            \"@type\": \"Place\",\n            \"name\": \"Parc Aur\\u00e8le L\\u00e9gar\\u00e9\",\n            \"address\": {\n                \"@type\": \"PostalAddress\",\n                \"streetAddress\": \"118 rue Demontigny\",\n                \"addressLocality\": \"Sainte-Agathe des Monts\",\n                \"addressRegion\": \"Qu\\u00e9bec\",\n                \"postalCode\": \"J8C 2T3\",\n                \"addressCountry\": \"CA\"\n            }\n        }\n    },\n    {\n        \"@context\": \"http:\/\/schema.org\",\n        \"@type\": \"Event\",\n        \"name\": \"Voici Maria Cannelloni !\",\n        \"startDate\": \"2023-07-30T11:00:00\",\n        \"performers\": {\n            \"@type\": \"Organization\",\n            \"name\": \"Voici Maria Cannelloni !\"\n        },\n        \"location\": {\n            \"@type\": \"Place\",\n            \"name\": \"Exposition agricole de Saint-Hyacinthe\",\n            \"url\": \"http:\/\/www.expo-agricole.com\",\n            \"address\": {\n                \"@type\": \"PostalAddress\",\n                \"streetAddress\": \"Sc\\u00e8ne ext\\u00e9rieure pr\\u00e8s de l&#8217;ar\\u00e9na &#8211; 2670 rue Beauparlant\",\n                \"addressLocality\": \"Saint-Hyacinthe\",\n                \"postalCode\": \"J2S 4M8\",\n                \"addressCountry\": \"CA\"\n            }\n        }\n    },\n    {\n        \"@context\": \"http:\/\/schema.org\",\n        \"@type\": \"Event\",\n        \"name\": \"Maria et Romano dans &#8220;La Raviolimanie&#8221;\",\n        \"startDate\": \"2023-07-09T11:00:00\",\n        \"performers\": {\n            \"@type\": \"Organization\",\n            \"name\": \"Maria et Romano dans &#8220;La Raviolimanie&#8221;\"\n        },\n        \"location\": {\n            \"@type\": \"Place\",\n            \"name\": \"Place des spectacles &#8211; Blainville\",\n            \"address\": {\n                \"@type\": \"PostalAddress\",\n                \"streetAddress\": \"1003 rue de la Mairie\",\n                \"addressLocality\": \"Blainville\",\n                \"addressRegion\": \"Qu\\u00e9bec\",\n                \"postalCode\": \"J7C 3C7\",\n                \"addressCountry\": \"CA\"\n            }\n        }\n    },\n    {\n        \"@context\": \"http:\/\/schema.org\",\n        \"@type\": \"Event\",\n        \"name\": \"Maria Cannelloni et le Macaroni Orchestra\",\n        \"startDate\": \"2023-06-03T11:00:00\",\n        \"performers\": {\n            \"@type\": \"Organization\",\n            \"name\": \"Maria Cannelloni et le Macaroni Orchestra\"\n        },\n        \"location\": {\n            \"@type\": \"Place\",\n            \"name\": \"La Grande F\\u00eate des pompiers de Laval 2023\",\n            \"address\": {\n                \"@type\": \"PostalAddress\",\n                \"streetAddress\": \"Coin de l&#8217;Avenir et Concorde\",\n                \"addressLocality\": \"Laval\",\n                \"addressRegion\": \"Qu\\u00e9bec\",\n                \"postalCode\": \"H7N 5H9\",\n                \"addressCountry\": \"CA\"\n            }\n        }\n    },\n    {\n        \"@context\": \"http:\/\/schema.org\",\n        \"@type\": \"Event\",\n        \"name\": \"Maria dans La Mini-Raviolimanie\",\n        \"startDate\": \"2023-05-21T11:30:00\",\n        \"performers\": {\n            \"@type\": \"Organization\",\n            \"name\": \"Maria dans La Mini-Raviolimanie\"\n        },\n        \"location\": {\n            \"@type\": \"Place\",\n            \"name\": \"Complexe sportif de Kirkland\",\n            \"address\": {\n                \"@type\": \"PostalAddress\",\n                \"streetAddress\": \"16950 boul Hymus\",\n                \"addressLocality\": \"Kirkland\",\n                \"addressRegion\": \"Qu\\u00e9bec\",\n                \"postalCode\": \"H9H 3W7\",\n                \"addressCountry\": \"CA\"\n            }\n        }\n    },\n    {\n        \"@context\": \"http:\/\/schema.org\",\n        \"@type\": \"Event\",\n        \"name\": \"Maria dans La Mini-Raviolimanie\",\n        \"startDate\": \"2023-01-22T14:00:00\",\n        \"performers\": {\n            \"@type\": \"Organization\",\n            \"name\": \"Maria dans La Mini-Raviolimanie\"\n        },\n        \"location\": {\n            \"@type\": \"Place\",\n            \"name\": \"Biblioth\\u00e8que de Sainte-Julie\",\n            \"address\": {\n                \"@type\": \"PostalAddress\",\n                \"streetAddress\": \"1600 Chemin du Fer-\\u00e0-Cheval\",\n                \"addressLocality\": \"Sainte-Julie\",\n                \"addressRegion\": \"Qu\\u00e9bec\",\n                \"postalCode\": \"J3E 2M1\",\n                \"addressCountry\": \"CA\"\n            }\n        }\n    },\n    {\n        \"@context\": \"http:\/\/schema.org\",\n        \"@type\": \"Event\",\n        \"name\": \"Maria \\u00e0 Gatineau !\",\n        \"startDate\": \"2022-12-12T13:30:00\",\n        \"description\": \"Repr\\u00e9sentation scolaire\",\n        \"performers\": {\n            \"@type\": \"Organization\",\n            \"name\": \"\\u00c0 la rescousse de No\\u00ebl (formule solo)\"\n        },\n        \"location\": {\n            \"@type\": \"Place\",\n            \"name\": \"Cabaret La Basoche \/ Centre culturel du Vieux- Aylmer\",\n            \"address\": {\n                \"@type\": \"PostalAddress\",\n                \"streetAddress\": \"120 rue Principale\",\n                \"addressLocality\": \"Gatineau\",\n                \"addressRegion\": \"Qu\\u00e9bec\",\n                \"addressCountry\": \"CA\"\n            }\n        }\n    },\n    {\n        \"@context\": \"http:\/\/schema.org\",\n        \"@type\": \"Event\",\n        \"name\": \"Maria \\u00e0 Gatineau !\",\n        \"startDate\": \"2022-12-12T09:30:00\",\n        \"description\": \"Repr\\u00e9sentation scolaire\",\n        \"performers\": {\n            \"@type\": \"Organization\",\n            \"name\": \"\\u00c0 la rescousse de No\\u00ebl (formule solo)\"\n        },\n        \"location\": {\n            \"@type\": \"Place\",\n            \"name\": \"Cabaret La Basoche \/ Centre culturel du Vieux- Aylmer\",\n            \"address\": {\n                \"@type\": \"PostalAddress\",\n                \"streetAddress\": \"120 rue Principale\",\n                \"addressLocality\": \"Gatineau\",\n                \"addressRegion\": \"Qu\\u00e9bec\",\n                \"addressCountry\": \"CA\"\n            }\n        }\n    },\n    {\n        \"@context\": \"http:\/\/schema.org\",\n        \"@type\": \"Event\",\n        \"name\": \"Maria \\u00e0 Gatineau !\",\n        \"startDate\": \"2022-12-11T11:00:00\",\n        \"performers\": {\n            \"@type\": \"Organization\",\n            \"name\": \"\\u00c0 la rescousse de No\\u00ebl (formule solo)\"\n        },\n        \"location\": {\n            \"@type\": \"Place\",\n            \"name\": \"Cabaret La Basoche \/ Centre culturel du Vieux- Aylmer\",\n            \"address\": {\n                \"@type\": \"PostalAddress\",\n                \"streetAddress\": \"120 rue Principale\",\n                \"addressLocality\": \"Gatineau\",\n                \"addressRegion\": \"Qu\\u00e9bec\",\n                \"addressCountry\": \"CA\"\n            }\n        }\n    },\n    {\n        \"@context\": \"http:\/\/schema.org\",\n        \"@type\": \"Event\",\n        \"name\": \"Maria dans La Mini-Raviolimanie\",\n        \"startDate\": \"2022-11-20T10:00:00\",\n        \"performers\": {\n            \"@type\": \"Organization\",\n            \"name\": \"Maria dans La Mini-Raviolimanie\"\n        },\n        \"location\": {\n            \"@type\": \"Place\",\n            \"name\": \"Biblioth\\u00e8que Gaston Miron\",\n            \"address\": {\n                \"@type\": \"PostalAddress\",\n                \"streetAddress\": \"83 rue Vincent\",\n                \"addressLocality\": \"Saint-Agathe-des-Monts\",\n                \"addressRegion\": \"Qu\\u00e9bec\",\n                \"postalCode\": \"J8C 2A8\",\n                \"addressCountry\": \"CA\"\n            }\n        }\n    },\n    {\n        \"@context\": \"http:\/\/schema.org\",\n        \"@type\": \"Event\",\n        \"name\": \"Voici Maria Cannelloni !\",\n        \"startDate\": \"2022-11-12T10:00:00\",\n        \"performers\": {\n            \"@type\": \"Organization\",\n            \"name\": \"Voici Maria Cannelloni !\"\n        },\n        \"location\": {\n            \"@type\": \"Place\",\n            \"name\": \"Chalet Pauline Vanier\",\n            \"address\": {\n                \"@type\": \"PostalAddress\",\n                \"streetAddress\": \"33, avenue de l&#8217;\\u00c9glise\",\n                \"addressLocality\": \"Saint-Sauveur\",\n                \"addressRegion\": \"Qu\\u00e9bec\",\n                \"postalCode\": \"J0R 1R0\",\n                \"addressCountry\": \"CA\"\n            }\n        }\n    },\n    {\n        \"@context\": \"http:\/\/schema.org\",\n        \"@type\": \"Event\",\n        \"name\": \"Viens c\\u00e9l\\u00e9brer l&#8217;automne avec Maria \\u00e0 Val-Saint-C\\u00f4me\",\n        \"startDate\": \"2022-10-10T11:00:00\",\n        \"performers\": {\n            \"@type\": \"Organization\",\n            \"name\": \"Voici Maria Cannelloni !\"\n        },\n        \"location\": {\n            \"@type\": \"Place\",\n            \"name\": \"Festival des couleurs de Val Saint-C\\u00f4me\",\n            \"url\": \"http:\/\/www.valsaintcome.com\/fr\",\n            \"address\": {\n                \"@type\": \"PostalAddress\",\n                \"streetAddress\": \"501, rue Val-Saint-C\\u00f4me\",\n                \"addressLocality\": \"Val-Saint-C\\u00f4me\",\n                \"postalCode\": \"J0K 2B0\",\n                \"addressCountry\": \"CA\"\n            }\n        }\n    },\n    {\n        \"@context\": \"http:\/\/schema.org\",\n        \"@type\": \"Event\",\n        \"name\": \"Viens c\\u00e9l\\u00e9brer l&#8217;automne avec Maria \\u00e0 Val-Saint-C\\u00f4me\",\n        \"startDate\": \"2022-10-10T11:00:00\",\n        \"performers\": {\n            \"@type\": \"Organization\",\n            \"name\": \"Voici Maria Cannelloni !\"\n        },\n        \"location\": {\n            \"@type\": \"Place\",\n            \"name\": \"Festival des couleurs de Val Saint-C\\u00f4me\",\n            \"url\": \"http:\/\/www.valsaintcome.com\/fr\",\n            \"address\": {\n                \"@type\": \"PostalAddress\",\n                \"streetAddress\": \"501, rue Val-Saint-C\\u00f4me\",\n                \"addressLocality\": \"Val-Saint-C\\u00f4me\",\n                \"postalCode\": \"J0K 2B0\",\n                \"addressCountry\": \"CA\"\n            }\n        }\n    },\n    {\n        \"@context\": \"http:\/\/schema.org\",\n        \"@type\": \"Event\",\n        \"name\": \"Voici Maria Cannelloni !\",\n        \"startDate\": \"2022-10-09T11:00:00\",\n        \"performers\": {\n            \"@type\": \"Organization\",\n            \"name\": \"Voici Maria Cannelloni !\"\n        },\n        \"location\": {\n            \"@type\": \"Place\",\n            \"name\": \"Festival des couleurs de Val Saint-C\\u00f4me\",\n            \"url\": \"http:\/\/www.valsaintcome.com\/fr\",\n            \"address\": {\n                \"@type\": \"PostalAddress\",\n                \"streetAddress\": \"501, rue Val-Saint-C\\u00f4me\",\n                \"addressLocality\": \"Val-Saint-C\\u00f4me\",\n                \"postalCode\": \"J0K 2B0\",\n                \"addressCountry\": \"CA\"\n            }\n        }\n    },\n    {\n        \"@context\": \"http:\/\/schema.org\",\n        \"@type\": \"Event\",\n        \"name\": \"Maria et Romano dans &#8220;La Raviolimanie&#8221;\",\n        \"startDate\": \"2022-10-09T10:30:00\",\n        \"performers\": {\n            \"@type\": \"Organization\",\n            \"name\": \"Maria et Romano dans &#8220;La Raviolimanie&#8221;\"\n        },\n        \"location\": {\n            \"@type\": \"Place\",\n            \"name\": \"Th\\u00e9\\u00e2tre du Vieux La Prairie\",\n            \"url\": \"http:\/\/spectaclleslaprairie.tuxedobillet.com\",\n            \"telephone\": \"450-444-6733\",\n            \"address\": {\n                \"@type\": \"PostalAddress\",\n                \"streetAddress\": \"247 rue Sainte-Marie\",\n                \"addressLocality\": \"La Prairie\",\n                \"addressRegion\": \"Qu\\u00e9bec\",\n                \"postalCode\": \"J5R 1G1\",\n                \"addressCountry\": \"CA\"\n            }\n        }\n    },\n    {\n        \"@context\": \"http:\/\/schema.org\",\n        \"@type\": \"Event\",\n        \"name\": \"Viens c\\u00e9l\\u00e9brer l&#8217;automne avec Maria \\u00e0 Val-Saint-C\\u00f4me\",\n        \"startDate\": \"2022-10-08T11:00:00\",\n        \"performers\": {\n            \"@type\": \"Organization\",\n            \"name\": \"Voici Maria Cannelloni !\"\n        },\n        \"location\": {\n            \"@type\": \"Place\",\n            \"name\": \"Festival des couleurs de Val Saint-C\\u00f4me\",\n            \"url\": \"http:\/\/www.valsaintcome.com\/fr\",\n            \"address\": {\n                \"@type\": \"PostalAddress\",\n                \"streetAddress\": \"501, rue Val-Saint-C\\u00f4me\",\n                \"addressLocality\": \"Val-Saint-C\\u00f4me\",\n                \"postalCode\": \"J0K 2B0\",\n                \"addressCountry\": \"CA\"\n            }\n        }\n    },\n    {\n        \"@context\": \"http:\/\/schema.org\",\n        \"@type\": \"Event\",\n        \"name\": \"Viens c\\u00e9l\\u00e9brer l&#8217;automne avec Maria \\u00e0 Val-Saint-C\\u00f4me\",\n        \"startDate\": \"2022-10-02T11:00:00\",\n        \"performers\": {\n            \"@type\": \"Organization\",\n            \"name\": \"Voici Maria Cannelloni !\"\n        },\n        \"location\": {\n            \"@type\": \"Place\",\n            \"name\": \"Festival des couleurs de Val Saint-C\\u00f4me\",\n            \"url\": \"http:\/\/www.valsaintcome.com\/fr\",\n            \"address\": {\n                \"@type\": \"PostalAddress\",\n                \"streetAddress\": \"501, rue Val-Saint-C\\u00f4me\",\n                \"addressLocality\": \"Val-Saint-C\\u00f4me\",\n                \"postalCode\": \"J0K 2B0\",\n                \"addressCountry\": \"CA\"\n            }\n        }\n    },\n    {\n        \"@context\": \"http:\/\/schema.org\",\n        \"@type\": \"Event\",\n        \"name\": \"Viens c\\u00e9l\\u00e9brer l&#8217;automne avec Maria \\u00e0 Val-Saint-C\\u00f4me\",\n        \"startDate\": \"2022-10-01T11:00:00\",\n        \"performers\": {\n            \"@type\": \"Organization\",\n            \"name\": \"Voici Maria Cannelloni !\"\n        },\n        \"location\": {\n            \"@type\": \"Place\",\n            \"name\": \"Festival des couleurs de Val Saint-C\\u00f4me\",\n            \"url\": \"http:\/\/www.valsaintcome.com\/fr\",\n            \"address\": {\n                \"@type\": \"PostalAddress\",\n                \"streetAddress\": \"501, rue Val-Saint-C\\u00f4me\",\n                \"addressLocality\": \"Val-Saint-C\\u00f4me\",\n                \"postalCode\": \"J0K 2B0\",\n                \"addressCountry\": \"CA\"\n            }\n        }\n    },\n    {\n        \"@context\": \"http:\/\/schema.org\",\n        \"@type\": \"Event\",\n        \"name\": \"Viens c\\u00e9l\\u00e9brer l&#8217;automne avec Maria \\u00e0 Val-Saint-C\\u00f4me\",\n        \"startDate\": \"2022-09-25T11:00:00\",\n        \"performers\": {\n            \"@type\": \"Organization\",\n            \"name\": \"Voici Maria Cannelloni !\"\n        },\n        \"location\": {\n            \"@type\": \"Place\",\n            \"name\": \"Festival des couleurs de Val Saint-C\\u00f4me\",\n            \"url\": \"http:\/\/www.valsaintcome.com\/fr\",\n            \"address\": {\n                \"@type\": \"PostalAddress\",\n                \"streetAddress\": \"501, rue Val-Saint-C\\u00f4me\",\n                \"addressLocality\": \"Val-Saint-C\\u00f4me\",\n                \"postalCode\": \"J0K 2B0\",\n                \"addressCountry\": \"CA\"\n            }\n        }\n    },\n    {\n        \"@context\": \"http:\/\/schema.org\",\n        \"@type\": \"Event\",\n        \"name\": \"Viens c\\u00e9l\\u00e9brer l&#8217;automne avec Maria \\u00e0 Val-Saint-C\\u00f4me\",\n        \"startDate\": \"2022-09-24T11:00:00\",\n        \"performers\": {\n            \"@type\": \"Organization\",\n            \"name\": \"Voici Maria Cannelloni !\"\n        },\n        \"location\": {\n            \"@type\": \"Place\",\n            \"name\": \"Festival des couleurs de Val Saint-C\\u00f4me\",\n            \"url\": \"http:\/\/www.valsaintcome.com\/fr\",\n            \"address\": {\n                \"@type\": \"PostalAddress\",\n                \"streetAddress\": \"501, rue Val-Saint-C\\u00f4me\",\n                \"addressLocality\": \"Val-Saint-C\\u00f4me\",\n                \"postalCode\": \"J0K 2B0\",\n                \"addressCountry\": \"CA\"\n            }\n        }\n    },\n    {\n        \"@context\": \"http:\/\/schema.org\",\n        \"@type\": \"Event\",\n        \"name\": \"Maria et Romano dans &#8220;La Raviolimanie&#8221;\",\n        \"startDate\": \"2022-09-04T11:45:00\",\n        \"performers\": {\n            \"@type\": \"Organization\",\n            \"name\": \"Maria et Romano dans &#8220;La Raviolimanie&#8221;\"\n        },\n        \"location\": {\n            \"@type\": \"Place\",\n            \"name\": \"Centre de la nature \/ La f\\u00eate de la famille de Laval\",\n            \"url\": \"http:\/\/www.laval.ca\",\n            \"address\": {\n                \"@type\": \"PostalAddress\",\n                \"streetAddress\": \"901 avenue du Parc\",\n                \"addressLocality\": \"Laval\",\n                \"postalCode\": \"H7E 2T7\",\n                \"addressCountry\": \"CA\"\n            }\n        }\n    },\n    {\n        \"@context\": \"http:\/\/schema.org\",\n        \"@type\": \"Event\",\n        \"name\": \"Voici Maria Cannelloni !\",\n        \"startDate\": \"2022-08-21T11:00:00\",\n        \"performers\": {\n            \"@type\": \"Organization\",\n            \"name\": \"Voici Maria Cannelloni !\"\n        },\n        \"location\": {\n            \"@type\": \"Place\",\n            \"name\": \"Parc H\\u00e9ritage\",\n            \"address\": {\n                \"@type\": \"PostalAddress\",\n                \"streetAddress\": \"Chemin Lanthier, Kirkland\",\n                \"addressLocality\": \"Kirkland\",\n                \"addressCountry\": \"CA\"\n            }\n        }\n    },\n    {\n        \"@context\": \"http:\/\/schema.org\",\n        \"@type\": \"Event\",\n        \"name\": \"Maria Cannelloni en route vers Caraquet !\",\n        \"startDate\": \"2022-08-10T18:00:00\",\n        \"performers\": {\n            \"@type\": \"Organization\",\n            \"name\": \"Voici Maria Cannelloni !\"\n        },\n        \"location\": {\n            \"@type\": \"Place\",\n            \"name\": \"Sc\\u00e8ne du Vieux Couvent\",\n            \"url\": \"http:\/\/www.centrevillecaraquet.com\",\n            \"telephone\": \"506-727-1597\",\n            \"address\": {\n                \"@type\": \"PostalAddress\",\n                \"streetAddress\": \"213 boul Saint-Pierre O\",\n                \"addressLocality\": \"Caraquet\",\n                \"addressRegion\": \"Nouveau-Brunswick\",\n                \"postalCode\": \"E1W1A5\",\n                \"addressCountry\": \"CA\"\n            }\n        }\n    },\n    {\n        \"@context\": \"http:\/\/schema.org\",\n        \"@type\": \"Event\",\n        \"name\": \"Maria Cannelloni en route vers Caraquet !\",\n        \"startDate\": \"2022-08-09T19:00:00\",\n        \"performers\": {\n            \"@type\": \"Organization\",\n            \"name\": \"Voici Maria Cannelloni !\"\n        },\n        \"location\": {\n            \"@type\": \"Place\",\n            \"name\": \"Th\\u00e9\\u00e2tre de la Go\\u00e9lette\",\n            \"address\": {\n                \"@type\": \"PostalAddress\",\n                \"streetAddress\": \"67 rue du Rocher\",\n                \"addressLocality\": \"Rivi\\u00e8re-du Loup\",\n                \"addressCountry\": \"CA\"\n            }\n        }\n    },\n    {\n        \"@context\": \"http:\/\/schema.org\",\n        \"@type\": \"Event\",\n        \"name\": \"Maria Cannelloni en route vers Caraquet !\",\n        \"startDate\": \"2022-08-09T10:00:00\",\n        \"performers\": {\n            \"@type\": \"Organization\",\n            \"name\": \"Voici Maria Cannelloni !\"\n        },\n        \"location\": {\n            \"@type\": \"Place\",\n            \"name\": \"Amphith\\u00e9\\u00e2tre Desjardins\",\n            \"url\": \"http:\/\/www.ville.mont-jolie.qc.ca\",\n            \"address\": {\n                \"@type\": \"PostalAddress\",\n                \"streetAddress\": \"275 avenue Ross\",\n                \"addressLocality\": \"Mont-Joli\",\n                \"addressRegion\": \"Qu\\u00e9bec\",\n                \"postalCode\": \"G5H3M4\",\n                \"addressCountry\": \"CA\"\n            }\n        }\n    },\n    {\n        \"@context\": \"http:\/\/schema.org\",\n        \"@type\": \"Event\",\n        \"name\": \"Voici Maria Cannelloni !\",\n        \"startDate\": \"2022-07-28T19:00:00\",\n        \"performers\": {\n            \"@type\": \"Organization\",\n            \"name\": \"Voici Maria Cannelloni !\"\n        },\n        \"location\": {\n            \"@type\": \"Place\",\n            \"name\": \"Parc Le Bivouac\",\n            \"address\": {\n                \"@type\": \"PostalAddress\",\n                \"streetAddress\": \"Rue de la Riviera, Marcel Proust, St-Augustin de Desmaures\",\n                \"addressLocality\": \"St-Augustin de Desmaures\",\n                \"addressCountry\": \"CA\"\n            }\n        }\n    },\n    {\n        \"@context\": \"http:\/\/schema.org\",\n        \"@type\": \"Event\",\n        \"name\": \"Voici Maria Cannelloni !\",\n        \"startDate\": \"2022-07-28T19:00:00\",\n        \"performers\": {\n            \"@type\": \"Organization\",\n            \"name\": \"Voici Maria Cannelloni !\"\n        },\n        \"location\": {\n            \"@type\": \"Place\",\n            \"name\": \"Parc Le Bivouac\",\n            \"address\": {\n                \"@type\": \"PostalAddress\",\n                \"streetAddress\": \"Rue de la Riviera, Marcel Proust, St-Augustin de Desmaures\",\n                \"addressLocality\": \"St-Augustin de Desmaures\",\n                \"addressCountry\": \"CA\"\n            }\n        }\n    },\n    {\n        \"@context\": \"http:\/\/schema.org\",\n        \"@type\": \"Event\",\n        \"name\": \"Voici Maria Cannelloni !\",\n        \"startDate\": \"2022-07-09T15:00:00\",\n        \"performers\": {\n            \"@type\": \"Organization\",\n            \"name\": \"Voici Maria Cannelloni !\"\n        },\n        \"location\": {\n            \"@type\": \"Place\",\n            \"name\": \"Place \\u00e9ph\\u00e9m\\u00e8re Racine\",\n            \"address\": {\n                \"@type\": \"PostalAddress\",\n                \"streetAddress\": \"305 rue Racine\",\n                \"addressLocality\": \"Qu\\u00e9bec\",\n                \"addressRegion\": \"Qu\\u00e9bec\",\n                \"postalCode\": \"G2B1E7\",\n                \"addressCountry\": \"CA\"\n            }\n        }\n    },\n    {\n        \"@context\": \"http:\/\/schema.org\",\n        \"@type\": \"Event\",\n        \"name\": \"Voici Maria Cannelloni !\",\n        \"startDate\": \"2022-07-09T15:00:00\",\n        \"performers\": {\n            \"@type\": \"Organization\",\n            \"name\": \"Voici Maria Cannelloni !\"\n        },\n        \"location\": {\n            \"@type\": \"Place\",\n            \"name\": \"Place \\u00e9ph\\u00e9m\\u00e8re Racine\",\n            \"address\": {\n                \"@type\": \"PostalAddress\",\n                \"streetAddress\": \"305 rue Racine\",\n                \"addressLocality\": \"Qu\\u00e9bec\",\n                \"addressRegion\": \"Qu\\u00e9bec\",\n                \"postalCode\": \"G2B1E7\",\n                \"addressCountry\": \"CA\"\n            }\n        }\n    },\n    {\n        \"@context\": \"http:\/\/schema.org\",\n        \"@type\": \"Event\",\n        \"name\": \"Maria en solo\",\n        \"startDate\": \"2022-06-24T15:00:00\",\n        \"performers\": {\n            \"@type\": \"Organization\",\n            \"name\": \"Maria en solo\"\n        },\n        \"location\": {\n            \"@type\": \"Place\",\n            \"name\": \"La F\\u00eate Nationale\/Sc\\u00e8ne du Lac Saint-Louis\",\n            \"address\": {\n                \"@type\": \"PostalAddress\",\n                \"streetAddress\": \"425,rue Scott\",\n                \"addressLocality\": \"La Tuque\",\n                \"addressRegion\": \"Qu\\u00e9bec\",\n                \"postalCode\": \"G9X 2X1\",\n                \"addressCountry\": \"CA\"\n            }\n        }\n    },\n    {\n        \"@context\": \"http:\/\/schema.org\",\n        \"@type\": \"Event\",\n        \"name\": \"Maria en solo\",\n        \"startDate\": \"2022-06-23T17:00:00\",\n        \"performers\": {\n            \"@type\": \"Organization\",\n            \"name\": \"Maria en solo\"\n        },\n        \"location\": {\n            \"@type\": \"Place\",\n            \"name\": \"Fetival l&#8217;Outaouais en f\\u00eate\/Parc des C\\u00e8dres\",\n            \"address\": {\n                \"@type\": \"PostalAddress\",\n                \"streetAddress\": \"15 rue Raoul Roy, Gatineau\",\n                \"addressLocality\": \"Qu\\u00e9bec\",\n                \"postalCode\": \"J9H 6J2\",\n                \"addressCountry\": \"CA\"\n            }\n        }\n    },\n    {\n        \"@context\": \"http:\/\/schema.org\",\n        \"@type\": \"Event\",\n        \"name\": \"Maria Cannelloni \\u00e0 Vancouver\",\n        \"startDate\": \"2022-06-20T10:00:00\",\n        \"performers\": {\n            \"@type\": \"Organization\",\n            \"name\": \"Maria en solo\"\n        },\n        \"location\": {\n            \"@type\": \"Place\",\n            \"name\": \"Th\\u00e9\\u00e2tre Norman Rothstein\",\n            \"address\": {\n                \"@type\": \"PostalAddress\",\n                \"streetAddress\": \"950 41e avenue ouest\",\n                \"addressLocality\": \"Vancouver\",\n                \"addressRegion\": \"Colombie-Britannique\",\n                \"addressCountry\": \"CA\"\n            }\n        }\n    },\n    {\n        \"@context\": \"http:\/\/schema.org\",\n        \"@type\": \"Event\",\n        \"name\": \"Maria Cannelloni \\u00e0 Vancouver\",\n        \"startDate\": \"2022-06-18T15:00:00\",\n        \"performers\": {\n            \"@type\": \"Organization\",\n            \"name\": \"Maria en solo\"\n        },\n        \"location\": {\n            \"@type\": \"Place\",\n            \"name\": \"Studio 16\",\n            \"address\": {\n                \"@type\": \"PostalAddress\",\n                \"streetAddress\": \"227-1555 7e avenue ouest\",\n                \"addressLocality\": \"Vancouver\",\n                \"addressRegion\": \"Colombie-Britannique\",\n                \"addressCountry\": \"CA\"\n            }\n        }\n    },\n    {\n        \"@context\": \"http:\/\/schema.org\",\n        \"@type\": \"Event\",\n        \"name\": \"Maria Cannelloni \\u00e0 Vancouver\",\n        \"startDate\": \"2022-06-18T13:00:00\",\n        \"url\": \"https:\/\/mariacannelloni.com\/maria-en-tournee-tout-lete\/\",\n        \"performers\": {\n            \"@type\": \"Organization\",\n            \"name\": \"Maria en solo\"\n        },\n        \"location\": {\n            \"@type\": \"Place\",\n            \"name\": \"Studio 16\",\n            \"address\": {\n                \"@type\": \"PostalAddress\",\n                \"streetAddress\": \"227-1555 7e avenue ouest\",\n                \"addressLocality\": \"Vancouver\",\n                \"addressRegion\": \"Colombie-Britannique\",\n                \"addressCountry\": \"CA\"\n            }\n        }\n    },\n    {\n        \"@context\": \"http:\/\/schema.org\",\n        \"@type\": \"Event\",\n        \"name\": \"Maria Cannelloni en Gasp\\u00e9sie\",\n        \"startDate\": \"2020-03-06T10:30:00\",\n        \"performers\": {\n            \"@type\": \"Organization\",\n            \"name\": \"Maria en solo\"\n        },\n        \"location\": {\n            \"@type\": \"Place\",\n            \"name\": \"Centre culturel Pasp\\u00e9biac\",\n            \"url\": \"http:\/\/www.centreculturel.villepaspebiac.ca\",\n            \"address\": {\n                \"@type\": \"PostalAddress\",\n                \"streetAddress\": \"7 boul.G\\u00e9rard-D L\\u00e9vesque Est\",\n                \"addressLocality\": \"Pasb\\u00e9biac\",\n                \"addressRegion\": \"Qu\\u00e9bec\",\n                \"postalCode\": \"G0C 2K0\",\n                \"addressCountry\": \"CA\"\n            }\n        }\n    },\n    {\n        \"@context\": \"http:\/\/schema.org\",\n        \"@type\": \"Event\",\n        \"name\": \"Maria Cannelloni en Gasp\\u00e9sie\",\n        \"startDate\": \"2020-03-05T13:30:00\",\n        \"performers\": {\n            \"@type\": \"Organization\",\n            \"name\": \"Maria en solo\"\n        },\n        \"location\": {\n            \"@type\": \"Place\",\n            \"name\": \"Salle Thomas Morissey\",\n            \"url\": \"http:\/\/www.sapinart.net\",\n            \"address\": {\n                \"@type\": \"PostalAddress\",\n                \"streetAddress\": \"155 Mgr Ross\",\n                \"addressLocality\": \"Chandler\",\n                \"addressRegion\": \"Qu\\u00e9bec\",\n                \"postalCode\": \"G0C1K0\",\n                \"addressCountry\": \"CA\"\n            }\n        }\n    },\n    {\n        \"@context\": \"http:\/\/schema.org\",\n        \"@type\": \"Event\",\n        \"name\": \"Maria Cannelloni en Gasp\\u00e9sie\",\n        \"startDate\": \"2020-03-04T15:00:00\",\n        \"performers\": {\n            \"@type\": \"Organization\",\n            \"name\": \"Maria en solo\"\n        },\n        \"location\": {\n            \"@type\": \"Place\",\n            \"name\": \"Biblioth\\u00e8que Madeleine Gagnon\",\n            \"url\": \"http:\/\/www.diffusionmordicus.ca\",\n            \"address\": {\n                \"@type\": \"PostalAddress\",\n                \"streetAddress\": \"24 promenade Marcel-Rioux\",\n                \"addressLocality\": \"Amqui\",\n                \"addressRegion\": \"Qu\\u00e9bec\",\n                \"postalCode\": \"G5J 3E1\",\n                \"addressCountry\": \"CA\"\n            }\n        }\n    },\n    {\n        \"@context\": \"http:\/\/schema.org\",\n        \"@type\": \"Event\",\n        \"name\": \"Maria dans ma Mini-Raviolimanie\",\n        \"startDate\": \"2020-02-23T11:00:00\",\n        \"description\": \"Les petits dimanches de la ville de Varennes\",\n        \"performers\": {\n            \"@type\": \"Organization\",\n            \"name\": \"Maria dans ma Mini-Raviolimanie\"\n        },\n        \"location\": {\n            \"@type\": \"Place\",\n            \"name\": \"La maison Saint-Louis\",\n            \"address\": {\n                \"@type\": \"PostalAddress\",\n                \"streetAddress\": \"35 rue de la Fabrique\",\n                \"addressLocality\": \"Varennes\",\n                \"postalCode\": \"J3X1R1\",\n                \"addressCountry\": \"CA\"\n            }\n        }\n    },\n    {\n        \"@context\": \"http:\/\/schema.org\",\n        \"@type\": \"Event\",\n        \"name\": \"Maria dans ma Mini-Raviolimanie\",\n        \"startDate\": \"2020-02-23T09:30:00\",\n        \"description\": \"Les petits dimanches de la ville de Varennes\",\n        \"performers\": {\n            \"@type\": \"Organization\",\n            \"name\": \"Maria dans ma Mini-Raviolimanie\"\n        },\n        \"location\": {\n            \"@type\": \"Place\",\n            \"name\": \"La maison Saint-Louis\",\n            \"address\": {\n                \"@type\": \"PostalAddress\",\n                \"streetAddress\": \"35 rue de la Fabrique\",\n                \"addressLocality\": \"Varennes\",\n                \"postalCode\": \"J3X1R1\",\n                \"addressCountry\": \"CA\"\n            }\n        }\n    },\n    {\n        \"@context\": \"http:\/\/schema.org\",\n        \"@type\": \"Event\",\n        \"name\": \"Maria et Romano dans &#8220;La Raviolimanie&#8221;\",\n        \"startDate\": \"2020-01-19T13:30:00\",\n        \"performers\": {\n            \"@type\": \"Organization\",\n            \"name\": \"Maria et Romano dans &#8220;La Raviolimanie&#8221;\"\n        },\n        \"location\": {\n            \"@type\": \"Place\",\n            \"name\": \"Centre Marcel Dulude\",\n            \"address\": {\n                \"@type\": \"PostalAddress\",\n                \"streetAddress\": \"539 boulevard Clairevue Ouest\",\n                \"addressLocality\": \"Saint-Bruno-de-Montarville\",\n                \"addressCountry\": \"CA\"\n            }\n        }\n    },\n    {\n        \"@context\": \"http:\/\/schema.org\",\n        \"@type\": \"Event\",\n        \"name\": \"Maria Cannelloni et le Macaroni Orchestra\",\n        \"startDate\": \"2020-01-18T14:30:00\",\n        \"performers\": {\n            \"@type\": \"Organization\",\n            \"name\": \"Maria Cannelloni et le Macaroni Orchestra\"\n        },\n        \"location\": {\n            \"@type\": \"Place\",\n            \"name\": \"Port de plaisance d&#8217;Aylmer\",\n            \"address\": {\n                \"@type\": \"PostalAddress\",\n                \"streetAddress\": \"1 rue Front\",\n                \"addressLocality\": \"Gatineau\",\n                \"addressCountry\": \"CA\"\n            }\n        }\n    },\n    {\n        \"@context\": \"http:\/\/schema.org\",\n        \"@type\": \"Event\",\n        \"name\": \"Maria Cannelloni et le Macaroni Orchestra\",\n        \"startDate\": \"2020-01-18T13:00:00\",\n        \"performers\": {\n            \"@type\": \"Organization\",\n            \"name\": \"Maria Cannelloni et le Macaroni Orchestra\"\n        },\n        \"location\": {\n            \"@type\": \"Place\",\n            \"name\": \"Port de plaisance d&#8217;Aylmer\",\n            \"address\": {\n                \"@type\": \"PostalAddress\",\n                \"streetAddress\": \"1 rue Front\",\n                \"addressLocality\": \"Gatineau\",\n                \"addressCountry\": \"CA\"\n            }\n        }\n    },\n    {\n        \"@context\": \"http:\/\/schema.org\",\n        \"@type\": \"Event\",\n        \"name\": \"Maria Cannelloni et le Tourne-f\\u00eates\",\n        \"startDate\": \"2019-12-15T11:00:00\",\n        \"description\": \"Lancement du Mini-Album de no\\u00ebl &#8221; Le Tourne-F\\u00eates&#8221; \\r\\nSurprises et sucreries pour tous :)\",\n        \"performers\": {\n            \"@type\": \"Organization\",\n            \"name\": \"Maria Cannelloni et le Tourne-f\\u00eates\"\n        },\n        \"location\": {\n            \"@type\": \"Place\",\n            \"name\": \"Caf\\u00e9 La Brass\\u00e9e\",\n            \"address\": {\n                \"@type\": \"PostalAddress\",\n                \"streetAddress\": \"2522 rue Beaubien Est\",\n                \"addressLocality\": \"Montr\\u00e9al\",\n                \"postalCode\": \"H1Y 1G2\",\n                \"addressCountry\": \"CA\"\n            }\n        }\n    },\n    {\n        \"@context\": \"http:\/\/schema.org\",\n        \"@type\": \"Event\",\n        \"name\": \"Maria Cannelloni et le Tourne-f\\u00eates\",\n        \"startDate\": \"2019-12-14T10:15:00\",\n        \"performers\": {\n            \"@type\": \"Organization\",\n            \"name\": \"Maria Cannelloni et le Tourne-f\\u00eates\"\n        },\n        \"location\": {\n            \"@type\": \"Place\",\n            \"name\": \"Biblioth\\u00e8que de Sainte-Anne des Plaines\",\n            \"address\": {\n                \"@type\": \"PostalAddress\",\n                \"streetAddress\": \"155 rue des C\\u00e8dres\",\n                \"addressLocality\": \"Sainte-Anne des Plaines\",\n                \"postalCode\": \"J0N 1H0\",\n                \"addressCountry\": \"CA\"\n            }\n        }\n    },\n    {\n        \"@context\": \"http:\/\/schema.org\",\n        \"@type\": \"Event\",\n        \"name\": \"Maria Cannelloni et le Tourne-f\\u00eates\",\n        \"startDate\": \"2019-12-08T13:30:00\",\n        \"performers\": {\n            \"@type\": \"Organization\",\n            \"name\": \"Maria Cannelloni et le Tourne-f\\u00eates\"\n        },\n        \"location\": {\n            \"@type\": \"Place\",\n            \"name\": \"Salle paroissiale \\u00e0 Notre-Dame du Mont-Carmel\",\n            \"address\": {\n                \"@type\": \"PostalAddress\",\n                \"addressLocality\": \"Notre-Dame du Mont-Carmel\",\n                \"postalCode\": \"G0X 3J0\",\n                \"addressCountry\": \"CA\"\n            }\n        }\n    },\n    {\n        \"@context\": \"http:\/\/schema.org\",\n        \"@type\": \"Event\",\n        \"name\": \"Maria Cannelloni et le Tourne-f\\u00eates\",\n        \"startDate\": \"2019-12-01T13:30:00\",\n        \"performers\": {\n            \"@type\": \"Organization\",\n            \"name\": \"Maria Cannelloni et le Tourne-f\\u00eates\"\n        },\n        \"location\": {\n            \"@type\": \"Place\",\n            \"name\": \"Parc des compagnons\",\n            \"url\": \"http:\/\/www.noeldansleparc.com\",\n            \"address\": {\n                \"@type\": \"PostalAddress\",\n                \"streetAddress\": \"Angle Mont-Royal et Cartier\",\n                \"addressLocality\": \"Montr\\u00e9al\",\n                \"addressCountry\": \"CA\"\n            }\n        }\n    },\n    {\n        \"@context\": \"http:\/\/schema.org\",\n        \"@type\": \"Event\",\n        \"name\": \"Maria et Romano dans &#8220;La Raviolimanie&#8221;\",\n        \"startDate\": \"2019-11-17T13:30:00\",\n        \"performers\": {\n            \"@type\": \"Organization\",\n            \"name\": \"Maria et Romano dans &#8220;La Raviolimanie&#8221;\"\n        },\n        \"location\": {\n            \"@type\": \"Place\",\n            \"name\": \"Centre communautaire St-Lazare de Vaudreuil\",\n            \"address\": {\n                \"@type\": \"PostalAddress\",\n                \"addressLocality\": \"St-Lazare\",\n                \"addressCountry\": \"CA\"\n            }\n        }\n    },\n    {\n        \"@context\": \"http:\/\/schema.org\",\n        \"@type\": \"Event\",\n        \"name\": \"Maria Cannelloni et le Macaroni Orchestra\",\n        \"startDate\": \"2019-10-26T14:00:00\",\n        \"description\": \"Halloween \\u00e0 La Pocati\\u00e8re\",\n        \"performers\": {\n            \"@type\": \"Organization\",\n            \"name\": \"Maria Cannelloni et le Macaroni Orchestra\"\n        },\n        \"location\": {\n            \"@type\": \"Place\",\n            \"name\": \"Salle Bernard-Turmel du Centre Bombardier\",\n            \"address\": {\n                \"@type\": \"PostalAddress\",\n                \"streetAddress\": \"600 9i\\u00e8me rue\",\n                \"addressLocality\": \"La Pocati\\u00e8re\",\n                \"postalCode\": \"GOR 1ZO\",\n                \"addressCountry\": \"CA\"\n            }\n        }\n    },\n    {\n        \"@context\": \"http:\/\/schema.org\",\n        \"@type\": \"Event\",\n        \"name\": \"Maria dans ma Mini-Raviolimanie\",\n        \"startDate\": \"2019-08-21T13:00:00\",\n        \"description\": \"Heure du conte\",\n        \"performers\": {\n            \"@type\": \"Organization\",\n            \"name\": \"Maria dans ma Mini-Raviolimanie\"\n        },\n        \"location\": {\n            \"@type\": \"Place\",\n            \"name\": \"Municipalit\\u00e9 de Nominingue\",\n            \"address\": {\n                \"@type\": \"PostalAddress\",\n                \"streetAddress\": \"Salle JA Ardouin\",\n                \"addressLocality\": \"Nominingue\",\n                \"addressCountry\": \"CA\"\n            }\n        }\n    },\n    {\n        \"@context\": \"http:\/\/schema.org\",\n        \"@type\": \"Event\",\n        \"name\": \"Maria Cannelloni et le Macaroni Orchestra\",\n        \"startDate\": \"2019-07-28T14:00:00\",\n        \"performers\": {\n            \"@type\": \"Organization\",\n            \"name\": \"Maria Cannelloni et le Macaroni Orchestra\"\n        },\n        \"location\": {\n            \"@type\": \"Place\",\n            \"name\": \"Place publique du Vieux Saint-Jean\",\n            \"address\": {\n                \"@type\": \"PostalAddress\",\n                \"streetAddress\": \"Angle Saint-Jean \\u00e0 Saint-Jean-sur-Richelieu\",\n                \"addressLocality\": \"Saint-Jean-sur-Richelieu\",\n                \"addressCountry\": \"CA\"\n            }\n        }\n    },\n    {\n        \"@context\": \"http:\/\/schema.org\",\n        \"@type\": \"Event\",\n        \"name\": \"Maria en solo\",\n        \"startDate\": \"2019-07-23T19:00:00\",\n        \"description\": \"\\u00c9v\\u00e9nement Mardis en famille\",\n        \"performers\": {\n            \"@type\": \"Organization\",\n            \"name\": \"Maria en solo\"\n        },\n        \"location\": {\n            \"@type\": \"Place\",\n            \"name\": \"Th\\u00e9\\u00e2tre de la Go\\u00e9lette\",\n            \"address\": {\n                \"@type\": \"PostalAddress\",\n                \"streetAddress\": \"67 rue du Rocher\",\n                \"addressLocality\": \"Rivi\\u00e8re-du Loup\",\n                \"addressCountry\": \"CA\"\n            }\n        }\n    },\n    {\n        \"@context\": \"http:\/\/schema.org\",\n        \"@type\": \"Event\",\n        \"name\": \"Maria en solo\",\n        \"startDate\": \"2019-07-23T10:00:00\",\n        \"performers\": {\n            \"@type\": \"Organization\",\n            \"name\": \"Maria en solo\"\n        },\n        \"location\": {\n            \"@type\": \"Place\",\n            \"name\": \"La sc\\u00e8ne BSL\",\n            \"address\": {\n                \"@type\": \"PostalAddress\",\n                \"streetAddress\": \"1588 Jacques Cartier\",\n                \"addressLocality\": \"Mont-Joli\",\n                \"addressRegion\": \"Qu\\u00e9bec\",\n                \"addressCountry\": \"CA\"\n            }\n        }\n    },\n    {\n        \"@context\": \"http:\/\/schema.org\",\n        \"@type\": \"Event\",\n        \"name\": \"Maria en solo\",\n        \"startDate\": \"2019-07-22T19:00:00\",\n        \"description\": \"Les rendez-vous culturels de Granby\",\n        \"performers\": {\n            \"@type\": \"Organization\",\n            \"name\": \"Maria en solo\"\n        },\n        \"location\": {\n            \"@type\": \"Place\",\n            \"name\": \"Ville de Rimouski\",\n            \"address\": {\n                \"@type\": \"PostalAddress\",\n                \"streetAddress\": \"Agora du Parc Beaus\\u00e9jour, 400 boul de la Rivi\\u00e8re\",\n                \"addressLocality\": \"Rimouski\",\n                \"addressCountry\": \"CA\"\n            }\n        }\n    },\n    {\n        \"@context\": \"http:\/\/schema.org\",\n        \"@type\": \"Event\",\n        \"name\": \"Maria en solo\",\n        \"startDate\": \"2019-07-22T13:00:00\",\n        \"performers\": {\n            \"@type\": \"Organization\",\n            \"name\": \"Maria en solo\"\n        },\n        \"location\": {\n            \"@type\": \"Place\",\n            \"name\": \"Place Montel\",\n            \"address\": {\n                \"@type\": \"PostalAddress\",\n                \"streetAddress\": \"101-A, avenue Sainte-Julie\",\n                \"addressLocality\": \"Montmagny\",\n                \"addressCountry\": \"CA\"\n            }\n        }\n    },\n    {\n        \"@context\": \"http:\/\/schema.org\",\n        \"@type\": \"Event\",\n        \"name\": \"Maria Cannelloni et le Macaroni Orchestra\",\n        \"startDate\": \"2019-07-21T15:30:00\",\n        \"performers\": {\n            \"@type\": \"Organization\",\n            \"name\": \"Maria Cannelloni et le Macaroni Orchestra\"\n        },\n        \"location\": {\n            \"@type\": \"Place\",\n            \"name\": \"Promenade Deslauriers\",\n            \"url\": \"https:\/\/www.tremblant.ca\/things-to-do\/events\/les-rythmes-tremblant\",\n            \"address\": {\n                \"@type\": \"PostalAddress\",\n                \"streetAddress\": \"1000 chemin des Voyageurs\",\n                \"addressLocality\": \"Tremblant\",\n                \"addressRegion\": \"Qu\\u00e9bec\",\n                \"postalCode\": \"J8T 1T1\",\n                \"addressCountry\": \"CA\"\n            }\n        }\n    },\n    {\n        \"@context\": \"http:\/\/schema.org\",\n        \"@type\": \"Event\",\n        \"name\": \"Maria en solo\",\n        \"startDate\": \"2019-07-11T19:00:00\",\n        \"description\": \"\\u00c9v\\u00e9nement Pique-Nique en spectcale\",\n        \"performers\": {\n            \"@type\": \"Organization\",\n            \"name\": \"Maria en solo\"\n        },\n        \"location\": {\n            \"@type\": \"Place\",\n            \"name\": \"Ville de Notre-Dame de l&#8217;\\u00eele Perrot\",\n            \"address\": {\n                \"@type\": \"PostalAddress\",\n                \"streetAddress\": \"Parc des \\u00c9perviers, 89 rue Riverlaine\",\n                \"addressLocality\": \"Notre-Dame de l&#8217;\\u00eele Perrot\",\n                \"addressCountry\": \"CA\"\n            }\n        }\n    },\n    {\n        \"@context\": \"http:\/\/schema.org\",\n        \"@type\": \"Event\",\n        \"name\": \"Maria en solo\",\n        \"startDate\": \"2019-07-10T19:00:00\",\n        \"performers\": {\n            \"@type\": \"Organization\",\n            \"name\": \"Maria en solo\"\n        },\n        \"location\": {\n            \"@type\": \"Place\",\n            \"name\": \"Municipalit\\u00e9 de Sainte-Julienne\",\n            \"address\": {\n                \"@type\": \"PostalAddress\",\n                \"streetAddress\": \"Parc Lionel Ricard\",\n                \"addressLocality\": \"Sainte-Julienne\",\n                \"addressCountry\": \"CA\"\n            }\n        }\n    },\n    {\n        \"@context\": \"http:\/\/schema.org\",\n        \"@type\": \"Event\",\n        \"name\": \"Maria et Romano dans &#8220;La Raviolimanie&#8221;\",\n        \"startDate\": \"2019-07-03T19:30:00\",\n        \"description\": \"\\u00c9v\\u00e9nement \\u00c9t\\u00e9 Show\",\n        \"performers\": {\n            \"@type\": \"Organization\",\n            \"name\": \"Maria et Romano dans &#8220;La Raviolimanie&#8221;\"\n        },\n        \"location\": {\n            \"@type\": \"Place\",\n            \"name\": \"Ville de Rigaud\",\n            \"address\": {\n                \"@type\": \"PostalAddress\",\n                \"streetAddress\": \"Parc Charles de Lotbini\\u00e8re, 5 rue Pag\\u00e9\",\n                \"addressLocality\": \"Rigaud\",\n                \"addressCountry\": \"CA\"\n            }\n        }\n    },\n    {\n        \"@context\": \"http:\/\/schema.org\",\n        \"@type\": \"Event\",\n        \"name\": \"Maria Cannelloni et le Macaroni Orchestra\",\n        \"startDate\": \"2019-07-01T17:00:00\",\n        \"description\": \"La f\\u00eate du Canada\",\n        \"performers\": {\n            \"@type\": \"Organization\",\n            \"name\": \"Maria Cannelloni et le Macaroni Orchestra\"\n        },\n        \"location\": {\n            \"@type\": \"Place\",\n            \"name\": \"Municipalit\\u00e9 de Rawdon\",\n            \"address\": {\n                \"@type\": \"PostalAddress\",\n                \"streetAddress\": \"3713 rue Queen\",\n                \"addressLocality\": \"Rawdon\",\n                \"addressCountry\": \"CA\"\n            }\n        }\n    },\n    {\n        \"@context\": \"http:\/\/schema.org\",\n        \"@type\": \"Event\",\n        \"name\": \"Maria en solo\",\n        \"startDate\": \"2019-07-01T17:00:00\",\n        \"description\": \"La f\\u00eate du Canada\",\n        \"performers\": {\n            \"@type\": \"Organization\",\n            \"name\": \"Maria en solo\"\n        },\n        \"location\": {\n            \"@type\": \"Place\",\n            \"name\": \"Ville de La Malbaie\",\n            \"address\": {\n                \"@type\": \"PostalAddress\",\n                \"addressLocality\": \"La Malbaie\",\n                \"addressCountry\": \"CA\"\n            }\n        }\n    },\n    {\n        \"@context\": \"http:\/\/schema.org\",\n        \"@type\": \"Event\",\n        \"name\": \"Maria et Romano dans &#8220;La Raviolimanie&#8221;\",\n        \"startDate\": \"2019-06-30T11:00:00\",\n        \"performers\": {\n            \"@type\": \"Organization\",\n            \"name\": \"Maria et Romano dans &#8220;La Raviolimanie&#8221;\"\n        },\n        \"location\": {\n            \"@type\": \"Place\",\n            \"name\": \"Parc Claude Henri Grignon\",\n            \"address\": {\n                \"@type\": \"PostalAddress\",\n                \"streetAddress\": \"999 boulevard de Sainte-Ad\\u00e8le\",\n                \"addressLocality\": \"Sainte-Ad\\u00e8le\",\n                \"addressCountry\": \"CA\"\n            }\n        }\n    },\n    {\n        \"@context\": \"http:\/\/schema.org\",\n        \"@type\": \"Event\",\n        \"name\": \"Maria Cannelloni et le Macaroni Orchestra\",\n        \"startDate\": \"2019-06-24T10:30:00\",\n        \"description\": \"F\\u00eate Nationale Mercier\",\n        \"performers\": {\n            \"@type\": \"Organization\",\n            \"name\": \"Maria Cannelloni et le Macaroni Orchestra\"\n        },\n        \"location\": {\n            \"@type\": \"Place\",\n            \"name\": \"Parc Hirondelle, Mercier\",\n            \"address\": {\n                \"@type\": \"PostalAddress\",\n                \"streetAddress\": \"8 rue des Plaines, Mercier\",\n                \"addressLocality\": \"Mercier\",\n                \"addressCountry\": \"CA\"\n            }\n        }\n    },\n    {\n        \"@context\": \"http:\/\/schema.org\",\n        \"@type\": \"Event\",\n        \"name\": \"Maria et Romano dans &#8220;La Raviolimanie&#8221;\",\n        \"startDate\": \"2019-06-23T19:30:00\",\n        \"description\": \"F\\u00eate Nationale, Saint-Philippe\",\n        \"performers\": {\n            \"@type\": \"Organization\",\n            \"name\": \"Maria et Romano dans &#8220;La Raviolimanie&#8221;\"\n        },\n        \"location\": {\n            \"@type\": \"Place\",\n            \"name\": \"Parc G\\u00e9rald Laframboise\",\n            \"address\": {\n                \"@type\": \"PostalAddress\",\n                \"streetAddress\": \"2225 \\u00c9douard V11\",\n                \"addressLocality\": \"Saint-Philippe de Laprairie\",\n                \"postalCode\": \"J0L 2K0\",\n                \"addressCountry\": \"CA\"\n            }\n        }\n    },\n    {\n        \"@context\": \"http:\/\/schema.org\",\n        \"@type\": \"Event\",\n        \"name\": \"Maria et ses musiciens\",\n        \"startDate\": \"2019-06-23T13:30:00\",\n        \"description\": \"La f\\u00eate Nationale\/Festival du solstice d&#8217;\\u00e9t\\u00e9 dans le Sud Ouest\",\n        \"performers\": {\n            \"@type\": \"Organization\",\n            \"name\": \"Maria et ses musiciens\"\n        },\n        \"location\": {\n            \"@type\": \"Place\",\n            \"name\": \"Parc du bonheur d&#8217;occasion\",\n            \"address\": {\n                \"@type\": \"PostalAddress\",\n                \"streetAddress\": \"Coin Rose de LIma et Notre Dame\",\n                \"addressLocality\": \"Montr\\u00e9al\",\n                \"addressCountry\": \"CA\"\n            }\n        }\n    },\n    {\n        \"@context\": \"http:\/\/schema.org\",\n        \"@type\": \"Event\",\n        \"name\": \"Maria en solo\",\n        \"startDate\": \"2019-03-21T18:30:00\",\n        \"performers\": {\n            \"@type\": \"Organization\",\n            \"name\": \"Maria en solo\"\n        },\n        \"location\": {\n            \"@type\": \"Place\",\n            \"name\": \"Biblioth\\u00e8que de Lachute\",\n            \"address\": {\n                \"@type\": \"PostalAddress\",\n                \"streetAddress\": \"378 rue principale\",\n                \"addressLocality\": \"Lachute\",\n                \"addressCountry\": \"CA\"\n            }\n        }\n    },\n    {\n        \"@context\": \"http:\/\/schema.org\",\n        \"@type\": \"Event\",\n        \"name\": \"Maria et ses musiciens\",\n        \"startDate\": \"2019-01-20T11:30:00\",\n        \"performers\": {\n            \"@type\": \"Organization\",\n            \"name\": \"Maria et ses musiciens\"\n        },\n        \"location\": {\n            \"@type\": \"Place\",\n            \"name\": \"Centre d&#8217;art la petite \\u00e9glise\",\n            \"address\": {\n                \"@type\": \"PostalAddress\",\n                \"streetAddress\": \"271 Rue Saint-Eustache\",\n                \"addressLocality\": \"Saint-Eustache\",\n                \"addressRegion\": \"Qu\\u00e9bec\",\n                \"postalCode\": \"J7R 2L9\",\n                \"addressCountry\": \"CA\"\n            }\n        }\n    },\n    {\n        \"@context\": \"http:\/\/schema.org\",\n        \"@type\": \"Event\",\n        \"name\": \"Maria et ses musiciens\",\n        \"startDate\": \"2018-12-02T14:00:00\",\n        \"description\": \"Maria Cannelloni sur le Plateau dans le cadre de no\\u00ebl dans le parc!\",\n        \"performers\": {\n            \"@type\": \"Organization\",\n            \"name\": \"Maria et ses musiciens\"\n        },\n        \"location\": {\n            \"@type\": \"Place\",\n            \"name\": \"Parc des compagnons\",\n            \"url\": \"http:\/\/www.noeldansleparc.com\",\n            \"address\": {\n                \"@type\": \"PostalAddress\",\n                \"streetAddress\": \"Angle Mont-Royal et Cartier\",\n                \"addressLocality\": \"Montr\\u00e9al\",\n                \"addressCountry\": \"CA\"\n            }\n        }\n    },\n    {\n        \"@context\": \"http:\/\/schema.org\",\n        \"@type\": \"Event\",\n        \"name\": \"Maria en solo\",\n        \"startDate\": \"2018-11-20T10:00:00\",\n        \"description\": \"Pour la journ\\u00e9e internationale des enfants.\",\n        \"performers\": {\n            \"@type\": \"Organization\",\n            \"name\": \"Maria en solo\"\n        },\n        \"location\": {\n            \"@type\": \"Place\",\n            \"name\": \"Biblioth\\u00e8que de Blainville\",\n            \"address\": {\n                \"@type\": \"PostalAddress\",\n                \"streetAddress\": \"1003 rue de la Mairie\",\n                \"addressLocality\": \"Blainville\",\n                \"addressCountry\": \"CA\"\n            }\n        }\n    },\n    {\n        \"@context\": \"http:\/\/schema.org\",\n        \"@type\": \"Event\",\n        \"name\": \"Maria et Romano dans &#8220;La Raviolimanie&#8221;\",\n        \"startDate\": \"2018-10-20T11:00:00\",\n        \"description\": \"Billets disponibles sur accesculture.boxxo.ca\",\n        \"performers\": {\n            \"@type\": \"Organization\",\n            \"name\": \"Maria et Romano dans &#8220;La Raviolimanie&#8221;\"\n        },\n        \"location\": {\n            \"@type\": \"Place\",\n            \"name\": \"Centre communautaire d&#8217;Anjou\",\n            \"address\": {\n                \"@type\": \"PostalAddress\",\n                \"streetAddress\": \"7800 boul. M\\u00e9tropolitain est, Montr\\u00e9al\",\n                \"addressLocality\": \"Montr\\u00e9al\",\n                \"addressRegion\": \"Qu\\u00e9bec\",\n                \"postalCode\": \"H1K1A1\",\n                \"addressCountry\": \"CA\"\n            }\n        }\n    },\n    {\n        \"@context\": \"http:\/\/schema.org\",\n        \"@type\": \"Event\",\n        \"name\": \"Maria en solo\",\n        \"startDate\": \"2018-09-29T10:00:00\",\n        \"performers\": {\n            \"@type\": \"Organization\",\n            \"name\": \"Maria en solo\"\n        },\n        \"location\": {\n            \"@type\": \"Place\",\n            \"name\": \"Chalet des citoyens\",\n            \"address\": {\n                \"@type\": \"PostalAddress\",\n                \"streetAddress\": \"30 mont\\u00e9e Gagnon\",\n                \"addressLocality\": \"Bois-des-Filion\",\n                \"addressRegion\": \"Qu\\u00e9bec\",\n                \"postalCode\": \"J6Z 1H1\",\n                \"addressCountry\": \"CA\"\n            }\n        }\n    },\n    {\n        \"@context\": \"http:\/\/schema.org\",\n        \"@type\": \"Event\",\n        \"name\": \"Maria en solo\",\n        \"startDate\": \"2018-09-13T13:30:00\",\n        \"description\": \"Sur la place de la famille Le Lait.\",\n        \"performers\": {\n            \"@type\": \"Organization\",\n            \"name\": \"Maria en solo\"\n        },\n        \"location\": {\n            \"@type\": \"Place\",\n            \"name\": \"Festival western de St-Tite\",\n            \"address\": {\n                \"@type\": \"PostalAddress\",\n                \"addressLocality\": \"St-Tite\",\n                \"addressCountry\": \"CA\"\n            }\n        }\n    },\n    {\n        \"@context\": \"http:\/\/schema.org\",\n        \"@type\": \"Event\",\n        \"name\": \"Maria et ses musiciens\",\n        \"startDate\": \"2018-09-03T13:45:00\",\n        \"performers\": {\n            \"@type\": \"Organization\",\n            \"name\": \"Maria et ses musiciens\"\n        },\n        \"location\": {\n            \"@type\": \"Place\",\n            \"name\": \"Festival des Montgolfi\\u00e8res de Gatineau\",\n            \"url\": \"https:\/\/www.montgolfieresgatineau.com\/fr\/activites\/scene-familiale\/\",\n            \"address\": {\n                \"@type\": \"PostalAddress\",\n                \"streetAddress\": \"Parc de la Baie\",\n                \"addressLocality\": \"Gatineau\",\n                \"addressRegion\": \"Qu\\u00e9bec\",\n                \"postalCode\": \"J8T 2S4\",\n                \"addressCountry\": \"CA\"\n            }\n        }\n    },\n    {\n        \"@context\": \"http:\/\/schema.org\",\n        \"@type\": \"Event\",\n        \"name\": \"Maria et ses musiciens\",\n        \"startDate\": \"2018-09-03T11:30:00\",\n        \"performers\": {\n            \"@type\": \"Organization\",\n            \"name\": \"Maria et ses musiciens\"\n        },\n        \"location\": {\n            \"@type\": \"Place\",\n            \"name\": \"Festival des Montgolfi\\u00e8res de Gatineau\",\n            \"url\": \"https:\/\/www.montgolfieresgatineau.com\/fr\/activites\/scene-familiale\/\",\n            \"address\": {\n                \"@type\": \"PostalAddress\",\n                \"streetAddress\": \"Parc de la Baie\",\n                \"addressLocality\": \"Gatineau\",\n                \"addressRegion\": \"Qu\\u00e9bec\",\n                \"postalCode\": \"J8T 2S4\",\n                \"addressCountry\": \"CA\"\n            }\n        }\n    },\n    {\n        \"@context\": \"http:\/\/schema.org\",\n        \"@type\": \"Event\",\n        \"name\": \"Maria et ses musiciens\",\n        \"startDate\": \"2018-08-24T11:30:00\",\n        \"performers\": {\n            \"@type\": \"Organization\",\n            \"name\": \"Maria et ses musiciens\"\n        },\n        \"location\": {\n            \"@type\": \"Place\",\n            \"name\": \"Festival du b\\u00fbcheux de St-Pamphile\",\n            \"address\": {\n                \"@type\": \"PostalAddress\",\n                \"streetAddress\": \"240 rue St-Pierre\",\n                \"addressLocality\": \"St-Pamphile\",\n                \"postalCode\": \"G0R 3X0\",\n                \"addressCountry\": \"CA\"\n            }\n        }\n    },\n    {\n        \"@context\": \"http:\/\/schema.org\",\n        \"@type\": \"Event\",\n        \"name\": \"Maria et Romano dans &#8220;La Raviolimanie&#8221;\",\n        \"startDate\": \"2018-08-14T11:00:00\",\n        \"performers\": {\n            \"@type\": \"Organization\",\n            \"name\": \"Maria et Romano dans &#8220;La Raviolimanie&#8221;\"\n        },\n        \"location\": {\n            \"@type\": \"Place\",\n            \"name\": \"Parc Chante-Bois\",\n            \"address\": {\n                \"@type\": \"PostalAddress\",\n                \"streetAddress\": \"38, 84e avenue\",\n                \"addressLocality\": \"Blainville\",\n                \"addressCountry\": \"CA\"\n            }\n        }\n    },\n    {\n        \"@context\": \"http:\/\/schema.org\",\n        \"@type\": \"Event\",\n        \"name\": \"Maria Cannelloni et le Macaroni Orchestra au Festival Juste pour Rire\",\n        \"startDate\": \"2018-07-24T16:30:00\",\n        \"endDate\": \"2018-07-29T16:30:00\",\n        \"description\": \"24-25-26-27 \\u00e0 16h30\\r\\n28 et 29 juillet \\u00e0 20h00\\r\\nSur la Place de la famille Le Lait\",\n        \"performers\": {\n            \"@type\": \"Organization\",\n            \"name\": \"Maria et ses musiciens\"\n        },\n        \"location\": {\n            \"@type\": \"Place\",\n            \"name\": \"Festival Juste pour rire-Place de la famille le Lait\",\n            \"address\": {\n                \"@type\": \"PostalAddress\",\n                \"addressLocality\": \"Montr\\u00e9al\",\n                \"addressCountry\": \"CA\"\n            }\n        }\n    },\n    {\n        \"@context\": \"http:\/\/schema.org\",\n        \"@type\": \"Event\",\n        \"name\": \"Maria et Romano dans &#8220;La Raviolimanie&#8221;\",\n        \"startDate\": \"2018-07-12T19:00:00\",\n        \"description\": \"Th\\u00e9\\u00e2tre ext\\u00e9rieur.\",\n        \"performers\": {\n            \"@type\": \"Organization\",\n            \"name\": \"Maria et Romano dans &#8220;La Raviolimanie&#8221;\"\n        },\n        \"location\": {\n            \"@type\": \"Place\",\n            \"name\": \"Parc Loiselle de Mercier\",\n            \"address\": {\n                \"@type\": \"PostalAddress\",\n                \"streetAddress\": \"Rue Loiselle\",\n                \"addressLocality\": \"Mercier\",\n                \"postalCode\": \"J6R 2L7\",\n                \"addressCountry\": \"CA\"\n            }\n        }\n    },\n    {\n        \"@context\": \"http:\/\/schema.org\",\n        \"@type\": \"Event\",\n        \"name\": \"Maria en solo\",\n        \"startDate\": \"2018-07-01T14:00:00\",\n        \"description\": \"Pour la f\\u00eate du Canada \\u00e0 Sherbrooke.\",\n        \"performers\": {\n            \"@type\": \"Organization\",\n            \"name\": \"Maria en solo\"\n        },\n        \"location\": {\n            \"@type\": \"Place\",\n            \"name\": \"Parc Jacques Cartier de Sherbrooke\",\n            \"address\": {\n                \"@type\": \"PostalAddress\",\n                \"streetAddress\": \"220 rue Marchant\",\n                \"addressLocality\": \"Sherbrooke\",\n                \"postalCode\": \"J0B 1J0\",\n                \"addressCountry\": \"CA\"\n            }\n        }\n    },\n    {\n        \"@context\": \"http:\/\/schema.org\",\n        \"@type\": \"Event\",\n        \"name\": \"Maria et Romano dans &#8220;La Raviolimanie&#8221;\",\n        \"startDate\": \"2018-06-23T20:00:00\",\n        \"description\": \"Pour la St-Jean Baptiste.\",\n        \"performers\": {\n            \"@type\": \"Organization\",\n            \"name\": \"Maria et Romano dans &#8220;La Raviolimanie&#8221;\"\n        },\n        \"location\": {\n            \"@type\": \"Place\",\n            \"name\": \"Parc G\\u00e9rald Laframboise\",\n            \"address\": {\n                \"@type\": \"PostalAddress\",\n                \"streetAddress\": \"2225 \\u00c9douard V11\",\n                \"addressLocality\": \"Saint-Philippe de Laprairie\",\n                \"postalCode\": \"J0L 2K0\",\n                \"addressCountry\": \"CA\"\n            }\n        }\n    },\n    {\n        \"@context\": \"http:\/\/schema.org\",\n        \"@type\": \"Event\",\n        \"name\": \"Maria en solo\",\n        \"startDate\": \"2018-06-23T14:30:00\",\n        \"description\": \"La St-Jean dans le Sud Ouest\",\n        \"performers\": {\n            \"@type\": \"Organization\",\n            \"name\": \"Maria en solo\"\n        },\n        \"location\": {\n            \"@type\": \"Place\",\n            \"name\": \"Parc du bonheur d&#8217;occasion\",\n            \"address\": {\n                \"@type\": \"PostalAddress\",\n                \"streetAddress\": \"Coin Rose de LIma et Notre Dame\",\n                \"addressLocality\": \"Montr\\u00e9al\",\n                \"addressCountry\": \"CA\"\n            }\n        }\n    },\n    {\n        \"@context\": \"http:\/\/schema.org\",\n        \"@type\": \"Event\",\n        \"name\": \"Maria et Romano dans &#8220;La Raviolimanie&#8221;\",\n        \"startDate\": \"2018-02-11T10:30:00\",\n        \"description\": \"Spectacle dans le cadre du Salon du livre jeunesse de Longueuil.\",\n        \"performers\": {\n            \"@type\": \"Organization\",\n            \"name\": \"Maria et Romano dans &#8220;La Raviolimanie&#8221;\"\n        },\n        \"location\": {\n            \"@type\": \"Place\",\n            \"name\": \"Th\\u00e9\\u00e2tre de la Ville de Longueuil-Salle Jean- Louis Millette\",\n            \"address\": {\n                \"@type\": \"PostalAddress\",\n                \"streetAddress\": \"150 rue de Gentilly est\",\n                \"addressLocality\": \"Longueuil\",\n                \"postalCode\": \"J4H 4AE\",\n                \"addressCountry\": \"CA\"\n            }\n        }\n    },\n    {\n        \"@context\": \"http:\/\/schema.org\",\n        \"@type\": \"Event\",\n        \"name\": \"Maria et Romano dans &#8220;La Raviolimanie&#8221;\",\n        \"startDate\": \"2018-02-04T14:00:00\",\n        \"performers\": {\n            \"@type\": \"Organization\",\n            \"name\": \"Maria et Romano dans &#8220;La Raviolimanie&#8221;\"\n        },\n        \"location\": {\n            \"@type\": \"Place\",\n            \"name\": \"La f\\u00eate des Neiges\",\n            \"address\": {\n                \"@type\": \"PostalAddress\",\n                \"streetAddress\": \"Parc Jean-Drapeau, Secteur bois\\u00e9, \\u00eele Sainte-H\\u00e9l\\u00e8ne\",\n                \"addressLocality\": \"Montr\\u00e9al\",\n                \"addressCountry\": \"CA\"\n            }\n        }\n    },\n    {\n        \"@context\": \"http:\/\/schema.org\",\n        \"@type\": \"Event\",\n        \"name\": \"Maria et Romano dans &#8220;La Raviolimanie&#8221;\",\n        \"startDate\": \"2018-02-04T11:00:00\",\n        \"performers\": {\n            \"@type\": \"Organization\",\n            \"name\": \"Maria et Romano dans &#8220;La Raviolimanie&#8221;\"\n        },\n        \"location\": {\n            \"@type\": \"Place\",\n            \"name\": \"La f\\u00eate des Neiges\",\n            \"address\": {\n                \"@type\": \"PostalAddress\",\n                \"streetAddress\": \"Parc Jean-Drapeau, Secteur bois\\u00e9, \\u00eele Sainte-H\\u00e9l\\u00e8ne\",\n                \"addressLocality\": \"Montr\\u00e9al\",\n                \"addressCountry\": \"CA\"\n            }\n        }\n    },\n    {\n        \"@context\": \"http:\/\/schema.org\",\n        \"@type\": \"Event\",\n        \"name\": \"Maria et Romano dans &#8220;La Raviolimanie&#8221;\",\n        \"startDate\": \"2017-11-11T16:30:00\",\n        \"description\": \"Lancement du 1 er album de Maria Cannelloni.\",\n        \"performers\": {\n            \"@type\": \"Organization\",\n            \"name\": \"Maria et Romano dans &#8220;La Raviolimanie&#8221;\"\n        },\n        \"location\": {\n            \"@type\": \"Place\",\n            \"name\": \"Th\\u00e9\\u00e2tre de l&#8217;Esquisse\",\n            \"address\": {\n                \"@type\": \"PostalAddress\",\n                \"streetAddress\": \"1650 rue Marie-Anne Est\",\n                \"addressLocality\": \"Montr\\u00e9al\",\n                \"postalCode\": \"H2J 2E1\",\n                \"addressCountry\": \"CA\"\n            }\n        }\n    },\n    {\n        \"@context\": \"http:\/\/schema.org\",\n        \"@type\": \"Event\",\n        \"name\": \"Maria et ses musiciens\",\n        \"startDate\": \"2017-09-30T16:00:00\",\n        \"description\": \"Journ\\u00e9es de la Culture.\",\n        \"performers\": {\n            \"@type\": \"Organization\",\n            \"name\": \"Maria et ses musiciens\"\n        },\n        \"location\": {\n            \"@type\": \"Place\",\n            \"name\": \"Parc Isra\\u00ebl-Larochelle\",\n            \"address\": {\n                \"@type\": \"PostalAddress\",\n                \"streetAddress\": \"Rue Principale Est\",\n                \"addressLocality\": \"Farnham\",\n                \"addressRegion\": \"Qu\\u00e9bec\",\n                \"postalCode\": \"J2M 1M9\",\n                \"addressCountry\": \"CA\"\n            }\n        }\n    },\n    {\n        \"@context\": \"http:\/\/schema.org\",\n        \"@type\": \"Event\",\n        \"name\": \"Maria et ses musiciens\",\n        \"startDate\": \"2017-09-30T10:45:00\",\n        \"description\": \"Journ\\u00e9es de la Culture\",\n        \"performers\": {\n            \"@type\": \"Organization\",\n            \"name\": \"Maria et ses musiciens\"\n        },\n        \"location\": {\n            \"@type\": \"Place\",\n            \"name\": \"Parc Gilbert Aubin\",\n            \"address\": {\n                \"@type\": \"PostalAddress\",\n                \"streetAddress\": \"685 boul des Laurentides\",\n                \"addressLocality\": \"Piedmont\",\n                \"postalCode\": \"J0R 1K0\",\n                \"addressCountry\": \"CA\"\n            }\n        }\n    },\n    {\n        \"@context\": \"http:\/\/schema.org\",\n        \"@type\": \"Event\",\n        \"name\": \"Maria et ses musiciens\",\n        \"startDate\": \"2017-08-26T14:00:00\",\n        \"performers\": {\n            \"@type\": \"Organization\",\n            \"name\": \"Maria et ses musiciens\"\n        },\n        \"location\": {\n            \"@type\": \"Place\",\n            \"name\": \"Festival Kaput\",\n            \"address\": {\n                \"@type\": \"PostalAddress\",\n                \"streetAddress\": \"Domaine culturel Aur\\u00e8le-Dubois (acc\\u00e8s par le centre culturel) 600, rue Richelieu, Beloeil\",\n                \"addressLocality\": \"Beloeil\",\n                \"addressCountry\": \"CA\"\n            }\n        }\n    },\n    {\n        \"@context\": \"http:\/\/schema.org\",\n        \"@type\": \"Event\",\n        \"name\": \"Maria Cannelloni\",\n        \"startDate\": \"2017-08-20T11:00:00\",\n        \"description\": \"\\u00c9v\\u00e9nement les arts en Bazart.\",\n        \"performers\": {\n            \"@type\": \"Organization\",\n            \"name\": \"Maria Cannelloni\"\n        },\n        \"location\": {\n            \"@type\": \"Place\",\n            \"name\": \"Chalet des citoyens\",\n            \"address\": {\n                \"@type\": \"PostalAddress\",\n                \"streetAddress\": \"30 mont\\u00e9e Gagnon\",\n                \"addressLocality\": \"Bois-des-Filion\",\n                \"addressRegion\": \"Qu\\u00e9bec\",\n                \"postalCode\": \"J6Z 1H1\",\n                \"addressCountry\": \"CA\"\n            }\n        }\n    },\n    {\n        \"@context\": \"http:\/\/schema.org\",\n        \"@type\": \"Event\",\n        \"name\": \"Maria Cannelloni\",\n        \"startDate\": \"2017-08-17T16:00:00\",\n        \"description\": \"1 er spectacle \\u00e0 16h sur la sc\\u00e8ne Tim Hortons\\r\\n2 \\u00e8me spectacle \\u00e0 17h20 sur la sc\\u00e8ne Hydro-Qu\\u00e9bec\",\n        \"performers\": {\n            \"@type\": \"Organization\",\n            \"name\": \"Maria Cannelloni\"\n        },\n        \"location\": {\n            \"@type\": \"Place\",\n            \"name\": \"International de Montgolfi\\u00e8res de St-Jean sur Richelieu\",\n            \"url\": \"http:\/\/www.montgolfieres.com\",\n            \"address\": {\n                \"@type\": \"PostalAddress\",\n                \"streetAddress\": \"5 chemin de l&#8217;a\\u00e9roport\",\n                \"addressLocality\": \"St-Jean sur Richelieu\",\n                \"postalCode\": \"J3B 7B5\",\n                \"addressCountry\": \"CA\"\n            }\n        }\n    },\n    {\n        \"@context\": \"http:\/\/schema.org\",\n        \"@type\": \"Event\",\n        \"name\": \"Maria et ses musiciens\",\n        \"startDate\": \"2017-08-05T10:30:00\",\n        \"performers\": {\n            \"@type\": \"Organization\",\n            \"name\": \"Maria et ses musiciens\"\n        },\n        \"location\": {\n            \"@type\": \"Place\",\n            \"name\": \"Municipalit\\u00e9 de Rosem\\u00e8re\",\n            \"address\": {\n                \"@type\": \"PostalAddress\",\n                \"streetAddress\": \"325 chemin Grande C\\u00f4te\",\n                \"addressLocality\": \"Rosem\\u00e8re\",\n                \"addressRegion\": \"Qu\\u00e9bec\",\n                \"addressCountry\": \"CA\"\n            }\n        }\n    },\n    {\n        \"@context\": \"http:\/\/schema.org\",\n        \"@type\": \"Event\",\n        \"name\": \"Maria en solo\",\n        \"startDate\": \"2017-08-03T11:00:00\",\n        \"description\": \"4 prestations durant la journ\\u00e9e.\\r\\n11h-13h-15h-16h30\",\n        \"performers\": {\n            \"@type\": \"Organization\",\n            \"name\": \"Maria en solo\"\n        },\n        \"location\": {\n            \"@type\": \"Place\",\n            \"name\": \"Exposition agricole de Saint-Hyacinthe\",\n            \"url\": \"http:\/\/www.expo-agricole.com\",\n            \"address\": {\n                \"@type\": \"PostalAddress\",\n                \"streetAddress\": \"Sc\\u00e8ne ext\\u00e9rieure pr\\u00e8s de l&#8217;ar\\u00e9na &#8211; 2670 rue Beauparlant\",\n                \"addressLocality\": \"Saint-Hyacinthe\",\n                \"postalCode\": \"J2S 4M8\",\n                \"addressCountry\": \"CA\"\n            }\n        }\n    },\n    {\n        \"@context\": \"http:\/\/schema.org\",\n        \"@type\": \"Event\",\n        \"name\": \"Maria et ses musiciens\",\n        \"startDate\": \"2017-08-01T19:00:00\",\n        \"performers\": {\n            \"@type\": \"Organization\",\n            \"name\": \"Maria et ses musiciens\"\n        },\n        \"location\": {\n            \"@type\": \"Place\",\n            \"name\": \"Parc Larochelle\",\n            \"address\": {\n                \"@type\": \"PostalAddress\",\n                \"streetAddress\": \"366 rue Marquis\",\n                \"addressLocality\": \"Repentigny\",\n                \"addressCountry\": \"CA\"\n            }\n        }\n    },\n    {\n        \"@context\": \"http:\/\/schema.org\",\n        \"@type\": \"Event\",\n        \"name\": \"Maria et Romano dans &#8220;La Raviolimanie&#8221;\",\n        \"startDate\": \"2017-07-18T16:00:00\",\n        \"url\": \"http:\/\/www.hahaha.com\/fr\/show\/productions-cest-chouette-la-raviolimanie#.WVuS6KNra48.facebook\",\n        \"endDate\": \"2017-07-23T16:00:00\",\n        \"performers\": {\n            \"@type\": \"Organization\",\n            \"name\": \"Maria et Romano dans &#8220;La Raviolimanie&#8221;\"\n        },\n        \"location\": {\n            \"@type\": \"Place\",\n            \"name\": \"Festival Juste pour rire-Place de la famille le Lait\",\n            \"url\": \"http:\/\/www.hahaha.com\",\n            \"address\": {\n                \"@type\": \"PostalAddress\",\n                \"addressLocality\": \"Montr\\u00e9al\",\n                \"addressCountry\": \"CA\"\n            }\n        }\n    },\n    {\n        \"@context\": \"http:\/\/schema.org\",\n        \"@type\": \"Event\",\n        \"name\": \"Maria et ses musiciens\",\n        \"startDate\": \"2017-07-09T00:00:01\",\n        \"performers\": {\n            \"@type\": \"Organization\",\n            \"name\": \"Maria et ses musiciens\"\n        },\n        \"location\": {\n            \"@type\": \"Place\",\n            \"name\": \"Mondial des cultures de Drummondville\",\n            \"url\": \"http:\/\/www.mondialdescultures.com\/\",\n            \"address\": {\n                \"@type\": \"PostalAddress\",\n                \"streetAddress\": \"Parc Woodyatt 53, rue Du Pont\",\n                \"addressLocality\": \"Drummondville\",\n                \"addressRegion\": \"Qu\\u00e9bec\",\n                \"postalCode\": \"J2B 6V6\",\n                \"addressCountry\": \"CA\"\n            }\n        },\n        \"offers\": {\n            \"@type\": \"Offer\",\n            \"price\": \"\"\n        }\n    },\n    {\n        \"@context\": \"http:\/\/schema.org\",\n        \"@type\": \"Event\",\n        \"name\": \"Maria et ses musiciens\",\n        \"startDate\": \"2017-06-03T11:00:00\",\n        \"performers\": {\n            \"@type\": \"Organization\",\n            \"name\": \"Maria et ses musiciens\"\n        },\n        \"location\": {\n            \"@type\": \"Place\",\n            \"name\": \"Parc du Grand Coteau\",\n            \"address\": {\n                \"@type\": \"PostalAddress\",\n                \"streetAddress\": \"2600 boulevard de Mascouche\",\n                \"addressLocality\": \"Mascouche\",\n                \"postalCode\": \"J7K 0H5\",\n                \"addressCountry\": \"CA\"\n            }\n        }\n    },\n    {\n        \"@context\": \"http:\/\/schema.org\",\n        \"@type\": \"Event\",\n        \"name\": \"Maria en solo\",\n        \"startDate\": \"2016-09-06T10:30:00\",\n        \"description\": \"Viens d\\u00e9guster un bon \\u00e9pi en ma compagnie!\",\n        \"performers\": {\n            \"@type\": \"Organization\",\n            \"name\": \"Maria en solo\"\n        },\n        \"location\": {\n            \"@type\": \"Place\",\n            \"name\": \"Festival de l&#8217;\\u00e9pi\",\n            \"url\": \"http:\/\/www.festivaldelepi.com\",\n            \"address\": {\n                \"@type\": \"PostalAddress\",\n                \"streetAddress\": \"34, 6e rue, Scott, Qc\",\n                \"addressLocality\": \"Scott\",\n                \"addressRegion\": \"Quebec\",\n                \"addressCountry\": \"CA\"\n            }\n        }\n    },\n    {\n        \"@context\": \"http:\/\/schema.org\",\n        \"@type\": \"Event\",\n        \"name\": \"Maria en solo\",\n        \"startDate\": \"2016-06-02T16:30:00\",\n        \"performers\": {\n            \"@type\": \"Organization\",\n            \"name\": \"Maria en solo\"\n        },\n        \"location\": {\n            \"@type\": \"Place\",\n            \"name\": \"\\u00c9cole St-Louis de Gonzague\",\n            \"address\": {\n                \"@type\": \"PostalAddress\",\n                \"addressLocality\": \"Montr\\u00e9al\",\n                \"addressRegion\": \"Qu\\u00e9bec\",\n                \"addressCountry\": \"CA\"\n            }\n        },\n        \"offers\": {\n            \"@type\": \"Offer\",\n            \"price\": \"\"\n        }\n    }\n]<\/script><!-- Generated by GigPress 2.3.26 -->\n\t\n<p>[\/et_pb_text][\/et_pb_column][\/et_pb_row][\/et_pb_section]<\/p>\n","protected":false},"excerpt":{"rendered":"<p>Maria&#8217;s Schedule Upcoming Shows \n\n<table class=\"gigpress-table upcoming\" cellspacing=\"0\">\n\t<tbody>\n\t\t<tr class=\"gigpress-header\">\n\t\t\t<th scope=\"col\" class=\"gigpress-date\">Date<\/th>\n\t\t\t\t\t<th scope=\"col\" class=\"gigpress-artist\">Artiste <\/th>\n\t\t\t\t\t<th scope=\"col\" class=\"gigpress-city\">City<\/th>\n\t\t\t<th scope=\"col\" class=\"gigpress-venue\">Venue<\/th>\n\t\t\t\t<\/tr>\n\t<\/tbody>\n\t\n<tbody>\n\t\n\t<tr class=\"gigpress-row active\">\n\t\n\t\t<td class=\"gigpress-date\">07\/18\/26\t\t\t\t\t<\/td>\n\t\t\n\t\t\t<td class=\"gigpress-artist\">\n\t\t\tMaria dans La Mini-Raviolimanie\t\t<\/td>\n\t\t\n\t\t<td class=\"gigpress-city\">Qu\u00e9bec, Qu\u00e9bec<\/td>\n\t\t\n\t\t<td class=\"gigpress-venue\">Sc\u00e8ne Hydro-Qu\u00e9bec &#8211; Place de l&#8217;Assembl\u00e9e-Nationale<\/td>\n\t\t\n\t\t\n\t<\/tr>\n\t\n\t<tr class=\"gigpress-info active\">\n\t\n\t\t<td class=\"gigpress-links-cell\">\n\t\t\t\t\t<\/td>\n\t\t\n\t\t<td colspan=\"3\">\n\t\t\n\t\t\t\t\t\t\t<span class=\"gigpress-info-item\"><span class=\"gigpress-info-label\">Time:<\/span> 11:00am.<\/span>\n\t\t\t\t\t\t\n\t\t\t\t\t\t\n\t\t\t\t\t\t\n\t\t\t\t\t\t\n\t\t\t \n\t\t\t\t<span class=\"gigpress-info-item\"><span class=\"gigpress-info-label\">Address:<\/span> <a href=\"http:\/\/maps.google.com\/maps?&amp;q=1086+Av.+Honor%C3%A9-Mercier+%231082,Qu%C3%A9bec,Qu%C3%A9bec,G1R+3P1,CA\" class=\"gigpress-address\">1086 Av. Honor\u00e9-Mercier #1082<\/a>.<\/span>\n\t\t\t\t\t\t\n\t\t\t\t\t\t\t\n\t\t\t\n\t\t\t\t\t\t\n\t\t\t\t\t\t\n\t\t\t\n\t\t\t\t\t\t\t\t\n\t\t\n\t\t<\/td>\n\t\n\t<\/tr>\n<\/tbody>\t\n\n<tbody>\n\t\n\t<tr class=\"gigpress-row active gigpress-alt\">\n\t\n\t\t<td class=\"gigpress-date\">07\/20\/26\t\t\t\t\t<\/td>\n\t\t\n\t\t\t<td class=\"gigpress-artist\">\n\t\t\tMaria dans La Mini-Raviolimanie\t\t<\/td>\n\t\t\n\t\t<td class=\"gigpress-city\">Rimouski, Qu\u00e9bec<\/td>\n\t\t\n\t\t<td class=\"gigpress-venue\">Parc Beaus\u00e9jour<\/td>\n\t\t\n\t\t\n\t<\/tr>\n\t\n\t<tr class=\"gigpress-info active gigpress-alt\">\n\t\n\t\t<td class=\"gigpress-links-cell\">\n\t\t\t\t\t<\/td>\n\t\t\n\t\t<td colspan=\"3\">\n\t\t\n\t\t\t\t\t\t\t<span class=\"gigpress-info-item\"><span class=\"gigpress-info-label\">Time:<\/span> 7:00pm.<\/span>\n\t\t\t\t\t\t\n\t\t\t\t\t\t\n\t\t\t\t\t\t\n\t\t\t\t\t\t\n\t\t\t \n\t\t\t\t<span class=\"gigpress-info-item\"><span class=\"gigpress-info-label\">Address:<\/span> <a href=\"http:\/\/maps.google.com\/maps?&amp;q=400+Bd+de+la+rivi%C3%A8re,Rimouski,Qu%C3%A9bec,G5L+4K1,CA\" class=\"gigpress-address\">400 Bd de la rivi\u00e8re<\/a>.<\/span>\n\t\t\t\t\t\t\n\t\t\t\t\t\t\t\n\t\t\t\n\t\t\t\t\t\t\n\t\t\t\t\t\t\n\t\t\t\n\t\t\t\t\t\t\t\t\n\t\t\n\t\t<\/td>\n\t\n\t<\/tr>\n<\/tbody>\t\n\n<\/table>\n<script type=\"application\/ld+json\">[\n    {\n        \"@context\": \"http:\/\/schema.org\",\n        \"@type\": \"Event\",\n        \"name\": \"Maria dans La Mini-Raviolimanie\",\n        \"startDate\": \"2026-07-18T11:00:00\",\n        \"performers\": {\n            \"@type\": \"Organization\",\n            \"name\": \"Maria dans La Mini-Raviolimanie\"\n        },\n        \"location\": {\n            \"@type\": \"Place\",\n            \"name\": \"Sc\\u00e8ne Hydro-Qu\\u00e9bec &#8211; Place de l&#8217;Assembl\\u00e9e-Nationale\",\n            \"address\": {\n                \"@type\": \"PostalAddress\",\n                \"streetAddress\": \"1086 Av. Honor\\u00e9-Mercier #1082\",\n                \"addressLocality\": \"Qu\\u00e9bec\",\n                \"addressRegion\": \"Qu\\u00e9bec\",\n                \"postalCode\": \"G1R 3P1\",\n                \"addressCountry\": \"CA\"\n            }\n        }\n    },\n    {\n        \"@context\": \"http:\/\/schema.org\",\n        \"@type\": \"Event\",\n        \"name\": \"Maria dans La Mini-Raviolimanie\",\n        \"startDate\": \"2026-07-20T19:00:00\",\n        \"performers\": {\n            \"@type\": \"Organization\",\n            \"name\": \"Maria dans La Mini-Raviolimanie\"\n        },\n        \"location\": {\n            \"@type\": \"Place\",\n            \"name\": \"Parc Beaus\\u00e9jour\",\n            \"address\": {\n                \"@type\": \"PostalAddress\",\n                \"streetAddress\": \"400 Bd de la rivi\\u00e8re\",\n                \"addressLocality\": \"Rimouski\",\n                \"addressRegion\": \"Qu\\u00e9bec\",\n                \"postalCode\": \"G5L 4K1\",\n                \"addressCountry\": \"CA\"\n            }\n        }\n    }\n]<\/script><!-- Generated by GigPress 2.3.26 -->\n\t&nbsp; Past Shows \n\n<table class=\"gigpress-table past\" cellspacing=\"0\">\n\t<tbody>\n\t\t<tr class=\"gigpress-header\">\n\t\t\t<th scope=\"col\" class=\"gigpress-date\">Date<\/th>\n\t\t\t\t\t<th scope=\"col\" class=\"gigpress-artist\">Artiste <\/th>\n\t\t\t\t\t<th scope=\"col\" class=\"gigpress-city\">City<\/th>\n\t\t\t<th scope=\"col\" class=\"gigpress-venue\">Venue<\/th>\n\t\t\t\t<\/tr>\n\t<\/tbody>\n\t\n<tbody>\n\t\n\t<tr class=\"gigpress-row active\">\n\t\n\t\t<td class=\"gigpress-date\">03\/01\/26\t\t\t\t\t<\/td>\n\t\t\n\t\t\t<td class=\"gigpress-artist\">\n\t\t\tMaria Cannelloni\t\t<\/td>\n\t\t\n\t\t<td class=\"gigpress-city\">Saint-Agapit, Qu\u00e9bec<\/td>\n\t\t\n\t\t<td class=\"gigpress-venue\"><a href=\"http:\/\/complexedesseigneuries.com\">Complexe des Seigneuries<\/a><\/td>\n\t\t\n\t\t\n\t<\/tr>\n\t\n\t<tr class=\"gigpress-info active\">\n\t\n\t\t<td class=\"gigpress-links-cell\">\n\t\t\t\t\t<\/td>\n\t\t\n\t\t<td colspan=\"3\">\n\t\t\n\t\t\t\t\t\t\t<span class=\"gigpress-info-item\"><span class=\"gigpress-info-label\">Time:<\/span> 10:00am.<\/span>\n\t\t\t\t\t\t\n\t\t\t\t\t\t\n\t\t\t\t\t\t\n\t\t\t\t\t\t\n\t\t\t \n\t\t\t\t<span class=\"gigpress-info-item\"><span class=\"gigpress-info-label\">Address:<\/span> <a href=\"http:\/\/maps.google.com\/maps?&amp;q=1080+Av.+Bergeron,Saint-Agapit,Qu%C3%A9bec,G0S+1Z0,CA\" class=\"gigpress-address\">1080 Av. Bergeron<\/a>.<\/span>\n\t\t\t\t\t\t\n\t\t\t\t\t\t\t<span class=\"gigpress-info-item\"><span class=\"gigpress-info-label\">Venue phone:<\/span> 14188884620.<\/span>\n\t\t\t\t\t\t\t\n\t\t\t\n\t\t\t\t\t\t\n\t\t\t\t\t\t\t<span class=\"gigpress-info-item\"><a href=\"https:\/\/mariacannelloni.com\/maria-cannelloni-in-saint-agapit-on-te\/\">Article associ\u00e9 <\/a><\/span> \n\t\t\t\t\t\t\n\t\t\t\n\t\t\t\t\t\t\t\t\n\t\t\n\t\t<\/td>\n\t\n\t<\/tr>\n<\/tbody>\t\n\n<tbody>\n\t\n\t<tr class=\"gigpress-row active gigpress-alt\">\n\t\n\t\t<td class=\"gigpress-date\">02\/08\/26\t\t\t\t\t<\/td>\n\t\t\n\t\t\t<td class=\"gigpress-artist\">\n\t\t\tMaria et Romano dans &#8220;La Raviolimanie&#8221;\t\t<\/td>\n\t\t\n\t\t<td class=\"gigpress-city\">Jonqui\u00e8re<\/td>\n\t\t\n\t\t<td class=\"gigpress-venue\"><a href=\"https:\/\/saguenayenneige.com\">Pavillon Saint-Laurent<\/a><\/td>\n\t\t\n\t\t\n\t<\/tr>\n\t\n\t<tr class=\"gigpress-info active gigpress-alt\">\n\t\n\t\t<td class=\"gigpress-links-cell\">\n\t\t\t\t\t<\/td>\n\t\t\n\t\t<td colspan=\"3\">\n\t\t\n\t\t\t\t\t\t\t<span class=\"gigpress-info-item\"><span class=\"gigpress-info-label\">Time:<\/span> 11:00am.<\/span>\n\t\t\t\t\t\t\n\t\t\t\t\t\t\n\t\t\t\t\t\t\n\t\t\t\t\t\t\n\t\t\t \n\t\t\t\t<span class=\"gigpress-info-item\"><span class=\"gigpress-info-label\">Address:<\/span> <a href=\"http:\/\/maps.google.com\/maps?&amp;q=2250+rue+Saint-Dominique,Jonqui%C3%A8re,G7X+6M3,CA\" class=\"gigpress-address\">2250 rue Saint-Dominique<\/a>.<\/span>\n\t\t\t\t\t\t\n\t\t\t\t\t\t\t\n\t\t\t\n\t\t\t\t\t\t\n\t\t\t\t\t\t\n\t\t\t\n\t\t\t\t\t\t\t\t\n\t\t\n\t\t<\/td>\n\t\n\t<\/tr>\n<\/tbody>\t\n\n<tbody>\n\t\n\t<tr class=\"gigpress-row active\">\n\t\n\t\t<td class=\"gigpress-date\">02\/07\/26\t\t\t\t\t<\/td>\n\t\t\n\t\t\t<td class=\"gigpress-artist\">\n\t\t\tMaria et Romano dans &#8220;La Raviolimanie&#8221;\t\t<\/td>\n\t\t\n\t\t<td class=\"gigpress-city\">Jonqui\u00e8re<\/td>\n\t\t\n\t\t<td class=\"gigpress-venue\"><a href=\"https:\/\/saguenayenneige.com\">Pavillon Saint-Laurent<\/a><\/td>\n\t\t\n\t\t\n\t<\/tr>\n\t\n\t<tr class=\"gigpress-info active\">\n\t\n\t\t<td class=\"gigpress-links-cell\">\n\t\t\t\t\t<\/td>\n\t\t\n\t\t<td colspan=\"3\">\n\t\t\n\t\t\t\t\t\t\t<span class=\"gigpress-info-item\"><span class=\"gigpress-info-label\">Time:<\/span> 11:00am.<\/span>\n\t\t\t\t\t\t\n\t\t\t\t\t\t\n\t\t\t\t\t\t\n\t\t\t\t\t\t\n\t\t\t \n\t\t\t\t<span class=\"gigpress-info-item\"><span class=\"gigpress-info-label\">Address:<\/span> <a href=\"http:\/\/maps.google.com\/maps?&amp;q=2250+rue+Saint-Dominique,Jonqui%C3%A8re,G7X+6M3,CA\" class=\"gigpress-address\">2250 rue Saint-Dominique<\/a>.<\/span>\n\t\t\t\t\t\t\n\t\t\t\t\t\t\t\n\t\t\t\n\t\t\t\t\t\t\n\t\t\t\t\t\t\n\t\t\t\n\t\t\t\t\t\t\t\t\n\t\t\n\t\t<\/td>\n\t\n\t<\/tr>\n<\/tbody>\t\n\n<tbody>\n\t\n\t<tr class=\"gigpress-row active gigpress-alt\">\n\t\n\t\t<td class=\"gigpress-date\">01\/24\/26\t\t\t\t\t<\/td>\n\t\t\n\t\t\t<td class=\"gigpress-artist\">\n\t\t\tMaria et Romano dans &#8220;La Raviolimanie&#8221;\t\t<\/td>\n\t\t\n\t\t<td class=\"gigpress-city\">Qu\u00e9bec<\/td>\n\t\t\n\t\t<td class=\"gigpress-venue\"><a href=\"https:\/\/grandtheatre.qc.ca\">Grand Th\u00e9\u00e2tre de Qu\u00e9bec<\/a><\/td>\n\t\t\n\t\t\n\t<\/tr>\n\t\n\t<tr class=\"gigpress-info active gigpress-alt\">\n\t\n\t\t<td class=\"gigpress-links-cell\">\n\t\t\t\t\t<\/td>\n\t\t\n\t\t<td colspan=\"3\">\n\t\t\n\t\t\t\t\t\t\t<span class=\"gigpress-info-item\"><span class=\"gigpress-info-label\">Time:<\/span> 1:00pm.<\/span>\n\t\t\t\t\t\t\n\t\t\t\t\t\t\n\t\t\t\t\t\t\n\t\t\t\t\t\t\n\t\t\t \n\t\t\t\t<span class=\"gigpress-info-item\"><span class=\"gigpress-info-label\">Address:<\/span> <a href=\"http:\/\/maps.google.com\/maps?&amp;q=269+Bd+Ren%C3%A9-L%C3%A9vesque+E,Qu%C3%A9bec,G1R+2B3,CA\" class=\"gigpress-address\">269 Bd Ren\u00e9-L\u00e9vesque E<\/a>.<\/span>\n\t\t\t\t\t\t\n\t\t\t\t\t\t\t\n\t\t\t\n\t\t\t\t\t\t\n\t\t\t\t\t\t\n\t\t\t\n\t\t\t\t\t\t\t\t\n\t\t\n\t\t<\/td>\n\t\n\t<\/tr>\n<\/tbody>\t\n\n<tbody>\n\t\n\t<tr class=\"gigpress-row active\">\n\t\n\t\t<td class=\"gigpress-date\">01\/24\/26\t\t\t\t\t<\/td>\n\t\t\n\t\t\t<td class=\"gigpress-artist\">\n\t\t\tMaria et Romano dans &#8220;La Raviolimanie&#8221;\t\t<\/td>\n\t\t\n\t\t<td class=\"gigpress-city\">Qu\u00e9bec<\/td>\n\t\t\n\t\t<td class=\"gigpress-venue\"><a href=\"https:\/\/grandtheatre.qc.ca\">Grand Th\u00e9\u00e2tre de Qu\u00e9bec<\/a><\/td>\n\t\t\n\t\t\n\t<\/tr>\n\t\n\t<tr class=\"gigpress-info active\">\n\t\n\t\t<td class=\"gigpress-links-cell\">\n\t\t\t\t\t<\/td>\n\t\t\n\t\t<td colspan=\"3\">\n\t\t\n\t\t\t\t\t\t\t<span class=\"gigpress-info-item\"><span class=\"gigpress-info-label\">Time:<\/span> 10:00am.<\/span>\n\t\t\t\t\t\t\n\t\t\t\t\t\t\n\t\t\t\t\t\t\n\t\t\t\t\t\t\n\t\t\t \n\t\t\t\t<span class=\"gigpress-info-item\"><span class=\"gigpress-info-label\">Address:<\/span> <a href=\"http:\/\/maps.google.com\/maps?&amp;q=269+Bd+Ren%C3%A9-L%C3%A9vesque+E,Qu%C3%A9bec,G1R+2B3,CA\" class=\"gigpress-address\">269 Bd Ren\u00e9-L\u00e9vesque E<\/a>.<\/span>\n\t\t\t\t\t\t\n\t\t\t\t\t\t\t\n\t\t\t\n\t\t\t\t\t\t\n\t\t\t\t\t\t\n\t\t\t\n\t\t\t\t\t\t\t\t\n\t\t\n\t\t<\/td>\n\t\n\t<\/tr>\n<\/tbody>\t\n\n<tbody>\n\t\n\t<tr class=\"gigpress-row active gigpress-alt\">\n\t\n\t\t<td class=\"gigpress-date\">12\/14\/25\t\t\t\t\t<\/td>\n\t\t\n\t\t\t<td class=\"gigpress-artist\">\n\t\t\tMaria et Octave dans &#8220;\u00c0 la rescousse de No\u00ebl&#8221;\t\t<\/td>\n\t\t\n\t\t<td class=\"gigpress-city\">Chertsey, QC<\/td>\n\t\t\n\t\t<td class=\"gigpress-venue\">Municipalit\u00e9 de Chertsey<\/td>\n\t\t\n\t\t\n\t<\/tr>\n\t\n\t<tr class=\"gigpress-info active gigpress-alt\">\n\t\n\t\t<td class=\"gigpress-links-cell\">\n\t\t\t\t\t<\/td>\n\t\t\n\t\t<td colspan=\"3\">\n\t\t\n\t\t\t\t\t\t\t<span class=\"gigpress-info-item\"><span class=\"gigpress-info-label\">Time:<\/span> 2:30pm.<\/span>\n\t\t\t\t\t\t\n\t\t\t\t\t\t\n\t\t\t\t\t\t\n\t\t\t\t\t\t\n\t\t\t \n\t\t\t\t<span class=\"gigpress-info-item\"><span class=\"gigpress-info-label\">Address:<\/span> <a href=\"http:\/\/maps.google.com\/maps?&amp;q=543%2C+chemin+de+l%27%C3%89glise,Chertsey,QC,J0K+3K0,CA\" class=\"gigpress-address\">543, chemin de l&#8217;\u00c9glise<\/a>.<\/span>\n\t\t\t\t\t\t\n\t\t\t\t\t\t\t\n\t\t\t\n\t\t\t\t\t\t\n\t\t\t\t\t\t\n\t\t\t\n\t\t\t\t\t\t\t\t\n\t\t\n\t\t<\/td>\n\t\n\t<\/tr>\n<\/tbody>\t\n\n<tbody>\n\t\n\t<tr class=\"gigpress-row active\">\n\t\n\t\t<td class=\"gigpress-date\">12\/13\/25\t\t\t\t\t<\/td>\n\t\t\n\t\t\t<td class=\"gigpress-artist\">\n\t\t\tMaria et Octave dans &#8220;\u00c0 la rescousse de No\u00ebl&#8221;\t\t<\/td>\n\t\t\n\t\t<td class=\"gigpress-city\">Saint-Michel-des-Saints, QC<\/td>\n\t\t\n\t\t<td class=\"gigpress-venue\">Salle J.M.-Bellerose<\/td>\n\t\t\n\t\t\n\t<\/tr>\n\t\n\t<tr class=\"gigpress-info active\">\n\t\n\t\t<td class=\"gigpress-links-cell\">\n\t\t\t\t\t<\/td>\n\t\t\n\t\t<td colspan=\"3\">\n\t\t\n\t\t\t\t\t\t\t<span class=\"gigpress-info-item\"><span class=\"gigpress-info-label\">Time:<\/span> 1:00pm.<\/span>\n\t\t\t\t\t\t\n\t\t\t\t\t\t\n\t\t\t\t\t\t\n\t\t\t\t\t\t\n\t\t\t \n\t\t\t\t<span class=\"gigpress-info-item\"><span class=\"gigpress-info-label\">Address:<\/span> <a href=\"http:\/\/maps.google.com\/maps?&amp;q=140+Rue+Saint-Jacques,Saint-Michel-des-Saints,QC,J0K+3B0,CA\" class=\"gigpress-address\">140 Rue Saint-Jacques<\/a>.<\/span>\n\t\t\t\t\t\t\n\t\t\t\t\t\t\t\n\t\t\t\n\t\t\t\t\t\t\n\t\t\t\t\t\t\n\t\t\t\n\t\t\t\t\t\t\t\t\n\t\t\n\t\t<\/td>\n\t\n\t<\/tr>\n<\/tbody>\t\n\n<tbody>\n\t\n\t<tr class=\"gigpress-row active gigpress-alt\">\n\t\n\t\t<td class=\"gigpress-date\">12\/10\/25\t\t\t\t\t<\/td>\n\t\t\n\t\t\t<td class=\"gigpress-artist\">\n\t\t\t\u00c0 la rescousse de No\u00ebl (formule solo)\t\t<\/td>\n\t\t\n\t\t<td class=\"gigpress-city\">Saint-Jean-sur-Richelieu, QC<\/td>\n\t\t\n\t\t<td class=\"gigpress-venue\">Garderie Alakazou<\/td>\n\t\t\n\t\t\n\t<\/tr>\n\t\n\t<tr class=\"gigpress-info active gigpress-alt\">\n\t\n\t\t<td class=\"gigpress-links-cell\">\n\t\t\t\t\t<\/td>\n\t\t\n\t\t<td colspan=\"3\">\n\t\t\n\t\t\t\t\t\t\t<span class=\"gigpress-info-item\"><span class=\"gigpress-info-label\">Time:<\/span> 10:00am.<\/span>\n\t\t\t\t\t\t\n\t\t\t\t\t\t\n\t\t\t\t\t\t\n\t\t\t\t\t\t\n\t\t\t \n\t\t\t\t<span class=\"gigpress-info-item\"><span class=\"gigpress-info-label\">Address:<\/span> <a href=\"http:\/\/maps.google.com\/maps?&amp;q=472+2+e+avenue,Saint-Jean-sur-Richelieu,QC,J2X+5H9,CA\" class=\"gigpress-address\">472 2 e avenue<\/a>.<\/span>\n\t\t\t\t\t\t\n\t\t\t\t\t\t\t\n\t\t\t\n\t\t\t\t\t\t\n\t\t\t\t\t\t\n\t\t\t\n\t\t\t\t\t\t\t\t\n\t\t\n\t\t<\/td>\n\t\n\t<\/tr>\n<\/tbody>\t\n\n<tbody>\n\t\n\t<tr class=\"gigpress-row active\">\n\t\n\t\t<td class=\"gigpress-date\">12\/07\/25\t\t\t\t\t<\/td>\n\t\t\n\t\t\t<td class=\"gigpress-artist\">\n\t\t\tMaria et Octave dans &#8220;\u00c0 la rescousse de No\u00ebl&#8221;\t\t<\/td>\n\t\t\n\t\t<td class=\"gigpress-city\">Saint-Lambert, QC<\/td>\n\t\t\n\t\t<td class=\"gigpress-venue\">Centre Multifonctionnel<\/td>\n\t\t\n\t\t\n\t<\/tr>\n\t\n\t<tr class=\"gigpress-info active\">\n\t\n\t\t<td class=\"gigpress-links-cell\">\n\t\t\t\t\t<\/td>\n\t\t\n\t\t<td colspan=\"3\">\n\t\t\n\t\t\t\t\t\t\t<span class=\"gigpress-info-item\"><span class=\"gigpress-info-label\">Time:<\/span> 3:00pm.<\/span>\n\t\t\t\t\t\t\n\t\t\t\t\t\t\n\t\t\t\t\t\t\n\t\t\t\t\t\t\n\t\t\t \n\t\t\t\t<span class=\"gigpress-info-item\"><span class=\"gigpress-info-label\">Address:<\/span> <a href=\"http:\/\/maps.google.com\/maps?&amp;q=81+Av.+Hooper,Saint-Lambert,QC,J4P+2L6,CA\" class=\"gigpress-address\">81 Av. Hooper<\/a>.<\/span>\n\t\t\t\t\t\t\n\t\t\t\t\t\t\t\n\t\t\t\n\t\t\t\t\t\t\n\t\t\t\t\t\t\n\t\t\t\n\t\t\t\t\t\t\t\t\n\t\t\n\t\t<\/td>\n\t\n\t<\/tr>\n<\/tbody>\t\n\n<tbody>\n\t\n\t<tr class=\"gigpress-row active gigpress-alt\">\n\t\n\t\t<td class=\"gigpress-date\">11\/30\/25\t\t\t\t\t<\/td>\n\t\t\n\t\t\t<td class=\"gigpress-artist\">\n\t\t\tMaria et Octave dans &#8220;\u00c0 la rescousse de No\u00ebl&#8221;\t\t<\/td>\n\t\t\n\t\t<td class=\"gigpress-city\">Timmins, Ontario<\/td>\n\t\t\n\t\t<td class=\"gigpress-venue\">Centre culturel La Ronde<\/td>\n\t\t\n\t\t\n\t<\/tr>\n\t\n\t<tr class=\"gigpress-info active gigpress-alt\">\n\t\n\t\t<td class=\"gigpress-links-cell\">\n\t\t\t\t\t<\/td>\n\t\t\n\t\t<td colspan=\"3\">\n\t\t\n\t\t\t\t\t\t\t<span class=\"gigpress-info-item\"><span class=\"gigpress-info-label\">Time:<\/span> 11:00am.<\/span>\n\t\t\t\t\t\t\n\t\t\t\t\t\t\n\t\t\t\t\t\t\n\t\t\t\t\t\t\n\t\t\t \n\t\t\t\t<span class=\"gigpress-info-item\"><span class=\"gigpress-info-label\">Address:<\/span> <a href=\"http:\/\/maps.google.com\/maps?&amp;q=32%2C+rue+Mountjoy+Nord,Timmins,Ontario,P4N+4V6,CA\" class=\"gigpress-address\">32, rue Mountjoy Nord<\/a>.<\/span>\n\t\t\t\t\t\t\n\t\t\t\t\t\t\t\n\t\t\t\n\t\t\t\t\t\t\n\t\t\t\t\t\t\n\t\t\t\n\t\t\t\t\t\t\t\t\n\t\t\n\t\t<\/td>\n\t\n\t<\/tr>\n<\/tbody>\t\n\n<tbody>\n\t<tr>\n\t\t<th colspan=\"4\" class=\"gigpress-heading\">\n\t\t\tTour: Maria et Octave dans le Nord de l&#8217;Ontario\t\t<\/th>\n\t<\/tr>\t\n<\/tbody>\n\n<tbody>\n\t\n\t<tr class=\"gigpress-row active gigpress-tour\">\n\t\n\t\t<td class=\"gigpress-date\">11\/29\/25\t\t\t\t\t<\/td>\n\t\t\n\t\t\t<td class=\"gigpress-artist\">\n\t\t\t\u00c0 la rescousse de No\u00ebl (formule solo)\t\t<\/td>\n\t\t\n\t\t<td class=\"gigpress-city\">Barrie, Ontario<\/td>\n\t\t\n\t\t<td class=\"gigpress-venue\">\u00c9cole \u00e9l\u00e9mentaire La Source<\/td>\n\t\t\n\t\t\n\t<\/tr>\n\t\n\t<tr class=\"gigpress-info active gigpress-tour\">\n\t\n\t\t<td class=\"gigpress-links-cell\">\n\t\t\t\t\t<\/td>\n\t\t\n\t\t<td colspan=\"3\">\n\t\t\n\t\t\t\t\t\t\t<span class=\"gigpress-info-item\"><span class=\"gigpress-info-label\">Time:<\/span> 1:30pm.<\/span>\n\t\t\t\t\t\t\n\t\t\t\t\t\t\n\t\t\t\t\t\t\n\t\t\t\t\t\t\n\t\t\t \n\t\t\t\t<span class=\"gigpress-info-item\"><span class=\"gigpress-info-label\">Address:<\/span> <a href=\"http:\/\/maps.google.com\/maps?&amp;q=70%2C+promenade+Madelaine,Barrie,Ontario,L4N+9T2,CA\" class=\"gigpress-address\">70, promenade Madelaine<\/a>.<\/span>\n\t\t\t\t\t\t\n\t\t\t\t\t\t\t\n\t\t\t\n\t\t\t\t\t\t\n\t\t\t\t\t\t\n\t\t\t\n\t\t\t\t\t\t\t\t\n\t\t\n\t\t<\/td>\n\t\n\t<\/tr>\n<\/tbody>\t\n\n<tbody>\n\t\n\t<tr class=\"gigpress-row active gigpress-alt gigpress-tour\">\n\t\n\t\t<td class=\"gigpress-date\">11\/29\/25\t\t\t\t\t<\/td>\n\t\t\n\t\t\t<td class=\"gigpress-artist\">\n\t\t\t\u00c0 la rescousse de No\u00ebl (formule solo)\t\t<\/td>\n\t\t\n\t\t<td class=\"gigpress-city\">Tiny, Ontario<\/td>\n\t\t\n\t\t<td class=\"gigpress-venue\">\u00c9cole \u00e9l\u00e9mentaire catholique Sainte-Croix<\/td>\n\t\t\n\t\t\n\t<\/tr>\n\t\n\t<tr class=\"gigpress-info active gigpress-alt gigpress-tour\">\n\t\n\t\t<td class=\"gigpress-links-cell\">\n\t\t\t\t\t<\/td>\n\t\t\n\t\t<td colspan=\"3\">\n\t\t\n\t\t\t\t\t\t\t<span class=\"gigpress-info-item\"><span class=\"gigpress-info-label\">Time:<\/span> 10:30am.<\/span>\n\t\t\t\t\t\t\n\t\t\t\t\t\t\n\t\t\t\t\t\t\n\t\t\t\t\t\t\n\t\t\t \n\t\t\t\t<span class=\"gigpress-info-item\"><span class=\"gigpress-info-label\">Address:<\/span> <a href=\"http:\/\/maps.google.com\/maps?&amp;q=351%2C+chemin+Lafontaine+Ouest,Tiny,Ontario,l9M+0H1,CA\" class=\"gigpress-address\">351, chemin Lafontaine Ouest<\/a>.<\/span>\n\t\t\t\t\t\t\n\t\t\t\t\t\t\t\n\t\t\t\n\t\t\t\t\t\t\n\t\t\t\t\t\t\n\t\t\t\n\t\t\t\t\t\t\t\t\n\t\t\n\t\t<\/td>\n\t\n\t<\/tr>\n<\/tbody>\t\n\n<tbody>\n\t\n\t<tr class=\"gigpress-row active gigpress-divider\">\n\t\n\t\t<td class=\"gigpress-date\">11\/23\/25\t\t\t\t\t<\/td>\n\t\t\n\t\t\t<td class=\"gigpress-artist\">\n\t\t\tMaria et Octave dans &#8220;\u00c0 la rescousse de No\u00ebl&#8221;\t\t<\/td>\n\t\t\n\t\t<td class=\"gigpress-city\">Mirabel, Qu\u00e9bec<\/td>\n\t\t\n\t\t<td class=\"gigpress-venue\">Centre culturel du domaine vert<\/td>\n\t\t\n\t\t\n\t<\/tr>\n\t\n\t<tr class=\"gigpress-info active gigpress-divider\">\n\t\n\t\t<td class=\"gigpress-links-cell\">\n\t\t\t\t\t<\/td>\n\t\t\n\t\t<td colspan=\"3\">\n\t\t\n\t\t\t\t\t\t\t<span class=\"gigpress-info-item\"><span class=\"gigpress-info-label\">Time:<\/span> 10:30am.<\/span>\n\t\t\t\t\t\t\n\t\t\t\t\t\t\n\t\t\t\t\t\t\n\t\t\t\t\t\t\n\t\t\t \n\t\t\t\t<span class=\"gigpress-info-item\"><span class=\"gigpress-info-label\">Address:<\/span> <a href=\"http:\/\/maps.google.com\/maps?&amp;q=17530+Rue+Jacques+Cartier,Mirabel,Qu%C3%A9bec,J7J+2A9,CA\" class=\"gigpress-address\">17530 Rue Jacques Cartier<\/a>.<\/span>\n\t\t\t\t\t\t\n\t\t\t\t\t\t\t\n\t\t\t\n\t\t\t\t\t\t\n\t\t\t\t\t\t\n\t\t\t\n\t\t\t\t\t\t\t\t\n\t\t\n\t\t<\/td>\n\t\n\t<\/tr>\n<\/tbody>\t\n\n<tbody>\n\t<tr>\n\t\t<th colspan=\"4\" class=\"gigpress-heading\">\n\t\t\tTour: Maria Cannelloni en Ontario\t\t<\/th>\n\t<\/tr>\t\n<\/tbody>\n\n<tbody>\n\t\n\t<tr class=\"gigpress-row active gigpress-alt gigpress-tour\">\n\t\n\t\t<td class=\"gigpress-date\">10\/10\/25\t\t\t\t\t<\/td>\n\t\t\n\t\t\t<td class=\"gigpress-artist\">\n\t\t\tMaria et Romano dans &#8220;La Raviolimanie&#8221;\t\t<\/td>\n\t\t\n\t\t<td class=\"gigpress-city\">North Bay, Ontario<\/td>\n\t\t\n\t\t<td class=\"gigpress-venue\">\u00c9cole secondaire publique Odyss\u00e9e<\/td>\n\t\t\n\t\t\n\t<\/tr>\n\t\n\t<tr class=\"gigpress-info active gigpress-alt gigpress-tour\">\n\t\n\t\t<td class=\"gigpress-links-cell\">\n\t\t\t\t\t<\/td>\n\t\t\n\t\t<td colspan=\"3\">\n\t\t\n\t\t\t\t\t\t\t<span class=\"gigpress-info-item\"><span class=\"gigpress-info-label\">Time:<\/span> 1:30pm.<\/span>\n\t\t\t\t\t\t\n\t\t\t\t\t\t\n\t\t\t\t\t\t\n\t\t\t\t\t\t\n\t\t\t \n\t\t\t\t<span class=\"gigpress-info-item\"><span class=\"gigpress-info-label\">Address:<\/span> <a href=\"http:\/\/maps.google.com\/maps?&amp;q=2345+avenue+Connaught,North+Bay,Ontario,P1B+0A3,CA\" class=\"gigpress-address\">2345 avenue Connaught<\/a>.<\/span>\n\t\t\t\t\t\t\n\t\t\t\t\t\t\t\n\t\t\t\n\t\t\t\t\t\t\n\t\t\t\t\t\t\n\t\t\t\n\t\t\t\t\t\t\t\t\n\t\t\n\t\t<\/td>\n\t\n\t<\/tr>\n<\/tbody>\t\n\n<tbody>\n\t\n\t<tr class=\"gigpress-row active gigpress-tour\">\n\t\n\t\t<td class=\"gigpress-date\">10\/10\/25\t\t\t\t\t<\/td>\n\t\t\n\t\t\t<td class=\"gigpress-artist\">\n\t\t\tMaria et Romano dans &#8220;La Raviolimanie&#8221;\t\t<\/td>\n\t\t\n\t\t<td class=\"gigpress-city\">North Bay, Ontario<\/td>\n\t\t\n\t\t<td class=\"gigpress-venue\">\u00c9cole secondaire publique Odyss\u00e9e<\/td>\n\t\t\n\t\t\n\t<\/tr>\n\t\n\t<tr class=\"gigpress-info active gigpress-tour\">\n\t\n\t\t<td class=\"gigpress-links-cell\">\n\t\t\t\t\t<\/td>\n\t\t\n\t\t<td colspan=\"3\">\n\t\t\n\t\t\t\t\t\t\t<span class=\"gigpress-info-item\"><span class=\"gigpress-info-label\">Time:<\/span> 1:30pm.<\/span>\n\t\t\t\t\t\t\n\t\t\t\t\t\t\n\t\t\t\t\t\t\n\t\t\t\t\t\t\n\t\t\t \n\t\t\t\t<span class=\"gigpress-info-item\"><span class=\"gigpress-info-label\">Address:<\/span> <a href=\"http:\/\/maps.google.com\/maps?&amp;q=2345+avenue+Connaught,North+Bay,Ontario,P1B+0A3,CA\" class=\"gigpress-address\">2345 avenue Connaught<\/a>.<\/span>\n\t\t\t\t\t\t\n\t\t\t\t\t\t\t\n\t\t\t\n\t\t\t\t\t\t\n\t\t\t\t\t\t\n\t\t\t\n\t\t\t\t\t\t\t\t\n\t\t\n\t\t<\/td>\n\t\n\t<\/tr>\n<\/tbody>\t\n\n<tbody>\n\t\n\t<tr class=\"gigpress-row active gigpress-alt gigpress-tour\">\n\t\n\t\t<td class=\"gigpress-date\">10\/09\/25\t\t\t\t\t<\/td>\n\t\t\n\t\t\t<td class=\"gigpress-artist\">\n\t\t\tMaria et Romano dans &#8220;La Raviolimanie&#8221;\t\t<\/td>\n\t\t\n\t\t<td class=\"gigpress-city\">North York, Ontario<\/td>\n\t\t\n\t\t<td class=\"gigpress-venue\">\u00c9cole \u00e9l\u00e9mentaire Sainte-Madeleine<\/td>\n\t\t\n\t\t\n\t<\/tr>\n\t\n\t<tr class=\"gigpress-info active gigpress-alt gigpress-tour\">\n\t\n\t\t<td class=\"gigpress-links-cell\">\n\t\t\t\t\t<\/td>\n\t\t\n\t\t<td colspan=\"3\">\n\t\t\n\t\t\t\t\t\t\t<span class=\"gigpress-info-item\"><span class=\"gigpress-info-label\">Time:<\/span> 1:45pm.<\/span>\n\t\t\t\t\t\t\n\t\t\t\t\t\t\n\t\t\t\t\t\t\n\t\t\t\t\t\t\n\t\t\t \n\t\t\t\t<span class=\"gigpress-info-item\"><span class=\"gigpress-info-label\">Address:<\/span> <a href=\"http:\/\/maps.google.com\/maps?&amp;q=1+Ness+Dr.,North+York,Ontario,M3A+1Z6,CA\" class=\"gigpress-address\">1 Ness Dr.<\/a>.<\/span>\n\t\t\t\t\t\t\n\t\t\t\t\t\t\t\n\t\t\t\n\t\t\t\t\t\t\n\t\t\t\t\t\t\n\t\t\t\n\t\t\t\t\t\t\t\t\n\t\t\n\t\t<\/td>\n\t\n\t<\/tr>\n<\/tbody>\t\n\n<tbody>\n\t\n\t<tr class=\"gigpress-row active gigpress-tour\">\n\t\n\t\t<td class=\"gigpress-date\">10\/09\/25\t\t\t\t\t<\/td>\n\t\t\n\t\t\t<td class=\"gigpress-artist\">\n\t\t\tMaria et Romano dans &#8220;La Raviolimanie&#8221;\t\t<\/td>\n\t\t\n\t\t<td class=\"gigpress-city\">Pickering, Ontario<\/td>\n\t\t\n\t\t<td class=\"gigpress-venue\">Ronald-Marion French Public School<\/td>\n\t\t\n\t\t\n\t<\/tr>\n\t\n\t<tr class=\"gigpress-info active gigpress-tour\">\n\t\n\t\t<td class=\"gigpress-links-cell\">\n\t\t\t\t\t<\/td>\n\t\t\n\t\t<td colspan=\"3\">\n\t\t\n\t\t\t\t\t\t\t<span class=\"gigpress-info-item\"><span class=\"gigpress-info-label\">Time:<\/span> 9:30am.<\/span>\n\t\t\t\t\t\t\n\t\t\t\t\t\t\n\t\t\t\t\t\t\n\t\t\t\t\t\t\n\t\t\t \n\t\t\t\t<span class=\"gigpress-info-item\"><span class=\"gigpress-info-label\">Address:<\/span> <a href=\"http:\/\/maps.google.com\/maps?&amp;q=2235+Brock+Rd.,Pickering,Ontario,L1X+0K2,CA\" class=\"gigpress-address\">2235 Brock Rd.<\/a>.<\/span>\n\t\t\t\t\t\t\n\t\t\t\t\t\t\t\n\t\t\t\n\t\t\t\t\t\t\n\t\t\t\t\t\t\n\t\t\t\n\t\t\t\t\t\t\t\t\n\t\t\n\t\t<\/td>\n\t\n\t<\/tr>\n<\/tbody>\t\n\n<tbody>\n\t\n\t<tr class=\"gigpress-row active gigpress-alt gigpress-tour\">\n\t\n\t\t<td class=\"gigpress-date\">10\/08\/25\t\t\t\t\t<\/td>\n\t\t\n\t\t\t<td class=\"gigpress-artist\">\n\t\t\tMaria et Romano dans &#8220;La Raviolimanie&#8221;\t\t<\/td>\n\t\t\n\t\t<td class=\"gigpress-city\">Toronto, Ontario<\/td>\n\t\t\n\t\t<td class=\"gigpress-venue\">Acad\u00e9mie Alexandre-Dumas<\/td>\n\t\t\n\t\t\n\t<\/tr>\n\t\n\t<tr class=\"gigpress-info active gigpress-alt gigpress-tour\">\n\t\n\t\t<td class=\"gigpress-links-cell\">\n\t\t\t\t\t<\/td>\n\t\t\n\t\t<td colspan=\"3\">\n\t\t\n\t\t\t\t\t\t\t<span class=\"gigpress-info-item\"><span class=\"gigpress-info-label\">Time:<\/span> 2:30pm.<\/span>\n\t\t\t\t\t\t\n\t\t\t\t\t\t\n\t\t\t\t\t\t\n\t\t\t\t\t\t\n\t\t\t \n\t\t\t\t<span class=\"gigpress-info-item\"><span class=\"gigpress-info-label\">Address:<\/span> <a href=\"http:\/\/maps.google.com\/maps?&amp;q=255+Coronation+Dr,Toronto,Ontario,M1E+2J3,CA\" class=\"gigpress-address\">255 Coronation Dr<\/a>.<\/span>\n\t\t\t\t\t\t\n\t\t\t\t\t\t\t\n\t\t\t\n\t\t\t\t\t\t\n\t\t\t\t\t\t\n\t\t\t\n\t\t\t\t\t\t\t\t\n\t\t\n\t\t<\/td>\n\t\n\t<\/tr>\n<\/tbody>\t\n\n<tbody>\n\t\n\t<tr class=\"gigpress-row active gigpress-tour\">\n\t\n\t\t<td class=\"gigpress-date\">10\/08\/25\t\t\t\t\t<\/td>\n\t\t\n\t\t\t<td class=\"gigpress-artist\">\n\t\t\tMaria et Romano dans &#8220;La Raviolimanie&#8221;\t\t<\/td>\n\t\t\n\t\t<td class=\"gigpress-city\">Brampton, Ontario<\/td>\n\t\t\n\t\t<td class=\"gigpress-venue\">\u00c9cole \u00e9l\u00e9mentaire Carrefour des jeunes<\/td>\n\t\t\n\t\t\n\t<\/tr>\n\t\n\t<tr class=\"gigpress-info active gigpress-tour\">\n\t\n\t\t<td class=\"gigpress-links-cell\">\n\t\t\t\t\t<\/td>\n\t\t\n\t\t<td colspan=\"3\">\n\t\t\n\t\t\t\t\t\t\t<span class=\"gigpress-info-item\"><span class=\"gigpress-info-label\">Time:<\/span> 9:00am.<\/span>\n\t\t\t\t\t\t\n\t\t\t\t\t\t\n\t\t\t\t\t\t\n\t\t\t\t\t\t\n\t\t\t \n\t\t\t\t<span class=\"gigpress-info-item\"><span class=\"gigpress-info-label\">Address:<\/span> <a href=\"http:\/\/maps.google.com\/maps?&amp;q=375+Center+St+N,Brampton,Ontario,L6V+4N4,CA\" class=\"gigpress-address\">375 Center St N<\/a>.<\/span>\n\t\t\t\t\t\t\n\t\t\t\t\t\t\t\n\t\t\t\n\t\t\t\t\t\t\n\t\t\t\t\t\t\n\t\t\t\n\t\t\t\t\t\t\t\t\n\t\t\n\t\t<\/td>\n\t\n\t<\/tr>\n<\/tbody>\t\n\n<tbody>\n\t\n\t<tr class=\"gigpress-row active gigpress-alt gigpress-tour\">\n\t\n\t\t<td class=\"gigpress-date\">10\/08\/25\t\t\t\t\t<\/td>\n\t\t\n\t\t\t<td class=\"gigpress-artist\">\n\t\t\tMaria et Romano dans &#8220;La Raviolimanie&#8221;\t\t<\/td>\n\t\t\n\t\t<td class=\"gigpress-city\">Etobicoke, Ontario<\/td>\n\t\t\n\t\t<td class=\"gigpress-venue\">\u00c9cole \u00e9l\u00e9mentaire F\u00e9lix-Leclerc<\/td>\n\t\t\n\t\t\n\t<\/tr>\n\t\n\t<tr class=\"gigpress-info active gigpress-alt gigpress-tour\">\n\t\n\t\t<td class=\"gigpress-links-cell\">\n\t\t\t\t\t<\/td>\n\t\t\n\t\t<td colspan=\"3\">\n\t\t\n\t\t\t\t\t\t\t<span class=\"gigpress-info-item\"><span class=\"gigpress-info-label\">Time:<\/span> 9:00am.<\/span>\n\t\t\t\t\t\t\n\t\t\t\t\t\t\n\t\t\t\t\t\t\n\t\t\t\t\t\t\n\t\t\t \n\t\t\t\t<span class=\"gigpress-info-item\"><span class=\"gigpress-info-label\">Address:<\/span> <a href=\"http:\/\/maps.google.com\/maps?&amp;q=50+Celestine+Dr.,Etobicoke,Ontario,M9R+3N3,CA\" class=\"gigpress-address\">50 Celestine Dr.<\/a>.<\/span>\n\t\t\t\t\t\t\n\t\t\t\t\t\t\t\n\t\t\t\n\t\t\t\t\t\t\n\t\t\t\t\t\t\n\t\t\t\n\t\t\t\t\t\t\t\t\n\t\t\n\t\t<\/td>\n\t\n\t<\/tr>\n<\/tbody>\t\n\n<tbody>\n\t\n\t<tr class=\"gigpress-row active gigpress-tour\">\n\t\n\t\t<td class=\"gigpress-date\">10\/07\/25\t\t\t\t\t<\/td>\n\t\t\n\t\t\t<td class=\"gigpress-artist\">\n\t\t\tMaria et Romano dans &#8220;La Raviolimanie&#8221;\t\t<\/td>\n\t\t\n\t\t<td class=\"gigpress-city\">Brampton, Ontario<\/td>\n\t\t\n\t\t<td class=\"gigpress-venue\">\u00c9cole \u00e9l\u00e9mentaire Carrefour des jeunes<\/td>\n\t\t\n\t\t\n\t<\/tr>\n\t\n\t<tr class=\"gigpress-info active gigpress-tour\">\n\t\n\t\t<td class=\"gigpress-links-cell\">\n\t\t\t\t\t<\/td>\n\t\t\n\t\t<td colspan=\"3\">\n\t\t\n\t\t\t\t\t\t\t<span class=\"gigpress-info-item\"><span class=\"gigpress-info-label\">Time:<\/span> 2:30pm.<\/span>\n\t\t\t\t\t\t\n\t\t\t\t\t\t\n\t\t\t\t\t\t\n\t\t\t\t\t\t\n\t\t\t \n\t\t\t\t<span class=\"gigpress-info-item\"><span class=\"gigpress-info-label\">Address:<\/span> <a href=\"http:\/\/maps.google.com\/maps?&amp;q=375+Center+St+N,Brampton,Ontario,L6V+4N4,CA\" class=\"gigpress-address\">375 Center St N<\/a>.<\/span>\n\t\t\t\t\t\t\n\t\t\t\t\t\t\t\n\t\t\t\n\t\t\t\t\t\t\n\t\t\t\t\t\t\n\t\t\t\n\t\t\t\t\t\t\t\t\n\t\t\n\t\t<\/td>\n\t\n\t<\/tr>\n<\/tbody>\t\n\n<tbody>\n\t\n\t<tr class=\"gigpress-row active gigpress-alt gigpress-tour\">\n\t\n\t\t<td class=\"gigpress-date\">10\/07\/25\t\t\t\t\t<\/td>\n\t\t\n\t\t\t<td class=\"gigpress-artist\">\n\t\t\tMaria et Romano dans &#8220;La Raviolimanie&#8221;\t\t<\/td>\n\t\t\n\t\t<td class=\"gigpress-city\">Oakville, Ontario<\/td>\n\t\t\n\t\t<td class=\"gigpress-venue\">\u00c9cole \u00e9l\u00e9mentaire catholique Sainte-Marie<\/td>\n\t\t\n\t\t\n\t<\/tr>\n\t\n\t<tr class=\"gigpress-info active gigpress-alt gigpress-tour\">\n\t\n\t\t<td class=\"gigpress-links-cell\">\n\t\t\t\t\t<\/td>\n\t\t\n\t\t<td colspan=\"3\">\n\t\t\n\t\t\t\t\t\t\t<span class=\"gigpress-info-item\"><span class=\"gigpress-info-label\">Time:<\/span> 9:30am.<\/span>\n\t\t\t\t\t\t\n\t\t\t\t\t\t\n\t\t\t\t\t\t\n\t\t\t\t\t\t\n\t\t\t \n\t\t\t\t<span class=\"gigpress-info-item\"><span class=\"gigpress-info-label\">Address:<\/span> <a href=\"http:\/\/maps.google.com\/maps?&amp;q=336+Maurice+Dr.,Oakville,Ontario,L6K+2X4,CA\" class=\"gigpress-address\">336 Maurice Dr.<\/a>.<\/span>\n\t\t\t\t\t\t\n\t\t\t\t\t\t\t\n\t\t\t\n\t\t\t\t\t\t\n\t\t\t\t\t\t\n\t\t\t\n\t\t\t\t\t\t\t\t\n\t\t\n\t\t<\/td>\n\t\n\t<\/tr>\n<\/tbody>\t\n\n<tbody>\n\t\n\t<tr class=\"gigpress-row active gigpress-tour\">\n\t\n\t\t<td class=\"gigpress-date\">10\/06\/25\t\t\t\t\t<\/td>\n\t\t\n\t\t\t<td class=\"gigpress-artist\">\n\t\t\tMaria et Romano dans &#8220;La Raviolimanie&#8221;\t\t<\/td>\n\t\t\n\t\t<td class=\"gigpress-city\">Ottawa, Ontario<\/td>\n\t\t\n\t\t<td class=\"gigpress-venue\">\u00c9cole \u00e9l\u00e9mentaire publique Francojeunesse<\/td>\n\t\t\n\t\t\n\t<\/tr>\n\t\n\t<tr class=\"gigpress-info active gigpress-tour\">\n\t\n\t\t<td class=\"gigpress-links-cell\">\n\t\t\t\t\t<\/td>\n\t\t\n\t\t<td colspan=\"3\">\n\t\t\n\t\t\t\t\t\t\t<span class=\"gigpress-info-item\"><span class=\"gigpress-info-label\">Time:<\/span> 1:45pm.<\/span>\n\t\t\t\t\t\t\n\t\t\t\t\t\t\n\t\t\t\t\t\t\n\t\t\t\t\t\t\n\t\t\t \n\t\t\t\t<span class=\"gigpress-info-item\"><span class=\"gigpress-info-label\">Address:<\/span> <a href=\"http:\/\/maps.google.com\/maps?&amp;q=119+Osgoode+St.,Ottawa,Ontario,K1N+6S3,CA\" class=\"gigpress-address\">119 Osgoode St.<\/a>.<\/span>\n\t\t\t\t\t\t\n\t\t\t\t\t\t\t\n\t\t\t\n\t\t\t\t\t\t\n\t\t\t\t\t\t\n\t\t\t\n\t\t\t\t\t\t\t\t\n\t\t\n\t\t<\/td>\n\t\n\t<\/tr>\n<\/tbody>\t\n\n<tbody>\n\t\n\t<tr class=\"gigpress-row active gigpress-alt gigpress-tour\">\n\t\n\t\t<td class=\"gigpress-date\">10\/06\/25\t\t\t\t\t<\/td>\n\t\t\n\t\t\t<td class=\"gigpress-artist\">\n\t\t\tMaria et Romano dans &#8220;La Raviolimanie&#8221;\t\t<\/td>\n\t\t\n\t\t<td class=\"gigpress-city\">Ottawa, Ontario<\/td>\n\t\t\n\t\t<td class=\"gigpress-venue\">\u00c9cole \u00e9l\u00e9mentaire catholique Sainte-Genevi\u00e8ve<\/td>\n\t\t\n\t\t\n\t<\/tr>\n\t\n\t<tr class=\"gigpress-info active gigpress-alt gigpress-tour\">\n\t\n\t\t<td class=\"gigpress-links-cell\">\n\t\t\t\t\t<\/td>\n\t\t\n\t\t<td colspan=\"3\">\n\t\t\n\t\t\t\t\t\t\t<span class=\"gigpress-info-item\"><span class=\"gigpress-info-label\">Time:<\/span> 9:00am.<\/span>\n\t\t\t\t\t\t\n\t\t\t\t\t\t\n\t\t\t\t\t\t\n\t\t\t\t\t\t\n\t\t\t \n\t\t\t\t<span class=\"gigpress-info-item\"><span class=\"gigpress-info-label\">Address:<\/span> <a href=\"http:\/\/maps.google.com\/maps?&amp;q=2198+Arch+Street,Ottawa,Ontario,K1G+2H7,CA\" class=\"gigpress-address\">2198 Arch Street<\/a>.<\/span>\n\t\t\t\t\t\t\n\t\t\t\t\t\t\t\n\t\t\t\n\t\t\t\t\t\t\n\t\t\t\t\t\t\n\t\t\t\n\t\t\t\t\t\t\t\t\n\t\t\n\t\t<\/td>\n\t\n\t<\/tr>\n<\/tbody>\t\n\n<tbody>\n\t\n\t<tr class=\"gigpress-row active gigpress-tour\">\n\t\n\t\t<td class=\"gigpress-date\">09\/19\/25\t\t\t\t\t<\/td>\n\t\t\n\t\t\t<td class=\"gigpress-artist\">\n\t\t\tMaria et Romano dans &#8220;La Raviolimanie&#8221;\t\t<\/td>\n\t\t\n\t\t<td class=\"gigpress-city\">Hamilton, Ontario<\/td>\n\t\t\n\t\t<td class=\"gigpress-venue\">\u00c9cole \u00e9l\u00e9mentaire Pavillon de la jeunesse<\/td>\n\t\t\n\t\t\n\t<\/tr>\n\t\n\t<tr class=\"gigpress-info active gigpress-tour\">\n\t\n\t\t<td class=\"gigpress-links-cell\">\n\t\t\t\t\t<\/td>\n\t\t\n\t\t<td colspan=\"3\">\n\t\t\n\t\t\t\t\t\t\t<span class=\"gigpress-info-item\"><span class=\"gigpress-info-label\">Time:<\/span> 9:30am.<\/span>\n\t\t\t\t\t\t\n\t\t\t\t\t\t\n\t\t\t\t\t\t\n\t\t\t\t\t\t\n\t\t\t \n\t\t\t\t<span class=\"gigpress-info-item\"><span class=\"gigpress-info-label\">Address:<\/span> <a href=\"http:\/\/maps.google.com\/maps?&amp;q=105+High+St,Hamilton,Ontario,CA\" class=\"gigpress-address\">105 High St<\/a>.<\/span>\n\t\t\t\t\t\t\n\t\t\t\t\t\t\t\n\t\t\t\n\t\t\t\t\t\t\n\t\t\t\t\t\t\n\t\t\t\n\t\t\t\t\t\t\t\t\n\t\t\n\t\t<\/td>\n\t\n\t<\/tr>\n<\/tbody>\t\n\n<tbody>\n\t\n\t<tr class=\"gigpress-row active gigpress-alt gigpress-tour\">\n\t\n\t\t<td class=\"gigpress-date\">09\/18\/25\t\t\t\t\t<\/td>\n\t\t\n\t\t\t<td class=\"gigpress-artist\">\n\t\t\tMaria et Romano dans &#8220;La Raviolimanie&#8221;\t\t<\/td>\n\t\t\n\t\t<td class=\"gigpress-city\">Burlington, Ontario<\/td>\n\t\t\n\t\t<td class=\"gigpress-venue\">\u00c9cole \u00e9l\u00e9mentaire Renaissance<\/td>\n\t\t\n\t\t\n\t<\/tr>\n\t\n\t<tr class=\"gigpress-info active gigpress-alt gigpress-tour\">\n\t\n\t\t<td class=\"gigpress-links-cell\">\n\t\t\t\t\t<\/td>\n\t\t\n\t\t<td colspan=\"3\">\n\t\t\n\t\t\t\t\t\t\t<span class=\"gigpress-info-item\"><span class=\"gigpress-info-label\">Time:<\/span> 2:30pm.<\/span>\n\t\t\t\t\t\t\n\t\t\t\t\t\t\n\t\t\t\t\t\t\n\t\t\t\t\t\t\n\t\t\t \n\t\t\t\t<span class=\"gigpress-info-item\"><span class=\"gigpress-info-label\">Address:<\/span> <a href=\"http:\/\/maps.google.com\/maps?&amp;q=1226+Lockhart+Rd,Burlington,Ontario,L7S+1H1,CA\" class=\"gigpress-address\">1226 Lockhart Rd<\/a>.<\/span>\n\t\t\t\t\t\t\n\t\t\t\t\t\t\t\n\t\t\t\n\t\t\t\t\t\t\n\t\t\t\t\t\t\n\t\t\t\n\t\t\t\t\t\t\t\t\n\t\t\n\t\t<\/td>\n\t\n\t<\/tr>\n<\/tbody>\t\n\n<tbody>\n\t\n\t<tr class=\"gigpress-row active gigpress-tour\">\n\t\n\t\t<td class=\"gigpress-date\">09\/18\/25\t\t\t\t\t<\/td>\n\t\t\n\t\t\t<td class=\"gigpress-artist\">\n\t\t\tMaria et Romano dans &#8220;La Raviolimanie&#8221;\t\t<\/td>\n\t\t\n\t\t<td class=\"gigpress-city\">Guelph, Ontario<\/td>\n\t\t\n\t\t<td class=\"gigpress-venue\">\u00c9cole \u00e9l\u00e9mentaire l&#8217;Odyss\u00e9e<\/td>\n\t\t\n\t\t\n\t<\/tr>\n\t\n\t<tr class=\"gigpress-info active gigpress-tour\">\n\t\n\t\t<td class=\"gigpress-links-cell\">\n\t\t\t\t\t<\/td>\n\t\t\n\t\t<td colspan=\"3\">\n\t\t\n\t\t\t\t\t\t\t<span class=\"gigpress-info-item\"><span class=\"gigpress-info-label\">Time:<\/span> 9:00am.<\/span>\n\t\t\t\t\t\t\n\t\t\t\t\t\t\n\t\t\t\t\t\t\n\t\t\t\t\t\t\n\t\t\t \n\t\t\t\t<span class=\"gigpress-info-item\"><span class=\"gigpress-info-label\">Address:<\/span> <a href=\"http:\/\/maps.google.com\/maps?&amp;q=30+Brighton+Street,Guelph,Ontario,N1E+3S9,CA\" class=\"gigpress-address\">30 Brighton Street<\/a>.<\/span>\n\t\t\t\t\t\t\n\t\t\t\t\t\t\t\n\t\t\t\n\t\t\t\t\t\t\n\t\t\t\t\t\t\n\t\t\t\n\t\t\t\t\t\t\t\t\n\t\t\n\t\t<\/td>\n\t\n\t<\/tr>\n<\/tbody>\t\n\n<tbody>\n\t\n\t<tr class=\"gigpress-row active gigpress-alt gigpress-tour\">\n\t\n\t\t<td class=\"gigpress-date\">09\/17\/25\t\t\t\t\t<\/td>\n\t\t\n\t\t\t<td class=\"gigpress-artist\">\n\t\t\tMaria et Romano dans &#8220;La Raviolimanie&#8221;\t\t<\/td>\n\t\t\n\t\t<td class=\"gigpress-city\">Mississauga, Ontario<\/td>\n\t\t\n\t\t<td class=\"gigpress-venue\">\u00c9cole \u00e9l\u00e9mentaire Le Flambeau<\/td>\n\t\t\n\t\t\n\t<\/tr>\n\t\n\t<tr class=\"gigpress-info active gigpress-alt gigpress-tour\">\n\t\n\t\t<td class=\"gigpress-links-cell\">\n\t\t\t\t\t<\/td>\n\t\t\n\t\t<td colspan=\"3\">\n\t\t\n\t\t\t\t\t\t\t<span class=\"gigpress-info-item\"><span class=\"gigpress-info-label\">Time:<\/span> 2:30pm.<\/span>\n\t\t\t\t\t\t\n\t\t\t\t\t\t\n\t\t\t\t\t\t\n\t\t\t\t\t\t\n\t\t\t \n\t\t\t\t<span class=\"gigpress-info-item\"><span class=\"gigpress-info-label\">Address:<\/span> <a href=\"http:\/\/maps.google.com\/maps?&amp;q=600+Novo+Star+Dr.,Mississauga,Ontario,L5W+1G4,CA\" class=\"gigpress-address\">600 Novo Star Dr.<\/a>.<\/span>\n\t\t\t\t\t\t\n\t\t\t\t\t\t\t\n\t\t\t\n\t\t\t\t\t\t\n\t\t\t\t\t\t\n\t\t\t\n\t\t\t\t\t\t\t\t\n\t\t\n\t\t<\/td>\n\t\n\t<\/tr>\n<\/tbody>\t\n\n<tbody>\n\t\n\t<tr class=\"gigpress-row active gigpress-tour\">\n\t\n\t\t<td class=\"gigpress-date\">09\/17\/25\t\t\t\t\t<\/td>\n\t\t\n\t\t\t<td class=\"gigpress-artist\">\n\t\t\tMaria et Romano dans &#8220;La Raviolimanie&#8221;\t\t<\/td>\n\t\t\n\t\t<td class=\"gigpress-city\">Mississauga, Ontario<\/td>\n\t\t\n\t\t<td class=\"gigpress-venue\">\u00c9cole \u00e9l\u00e9mentaire Le Flambeau<\/td>\n\t\t\n\t\t\n\t<\/tr>\n\t\n\t<tr class=\"gigpress-info active gigpress-tour\">\n\t\n\t\t<td class=\"gigpress-links-cell\">\n\t\t\t\t\t<\/td>\n\t\t\n\t\t<td colspan=\"3\">\n\t\t\n\t\t\t\t\t\t\t<span class=\"gigpress-info-item\"><span class=\"gigpress-info-label\">Time:<\/span> 2:30pm.<\/span>\n\t\t\t\t\t\t\n\t\t\t\t\t\t\n\t\t\t\t\t\t\n\t\t\t\t\t\t\n\t\t\t \n\t\t\t\t<span class=\"gigpress-info-item\"><span class=\"gigpress-info-label\">Address:<\/span> <a href=\"http:\/\/maps.google.com\/maps?&amp;q=600+Novo+Star+Dr.,Mississauga,Ontario,L5W+1G4,CA\" class=\"gigpress-address\">600 Novo Star Dr.<\/a>.<\/span>\n\t\t\t\t\t\t\n\t\t\t\t\t\t\t\n\t\t\t\n\t\t\t\t\t\t\n\t\t\t\t\t\t\n\t\t\t\n\t\t\t\t\t\t\t\t\n\t\t\n\t\t<\/td>\n\t\n\t<\/tr>\n<\/tbody>\t\n\n<tbody>\n\t\n\t<tr class=\"gigpress-row active gigpress-alt gigpress-tour\">\n\t\n\t\t<td class=\"gigpress-date\">09\/17\/25\t\t\t\t\t<\/td>\n\t\t\n\t\t\t<td class=\"gigpress-artist\">\n\t\t\tMaria et Romano dans &#8220;La Raviolimanie&#8221;\t\t<\/td>\n\t\t\n\t\t<td class=\"gigpress-city\">Richmond Hill, Ontario<\/td>\n\t\t\n\t\t<td class=\"gigpress-venue\">Acad\u00e9mie de la Moraine<\/td>\n\t\t\n\t\t\n\t<\/tr>\n\t\n\t<tr class=\"gigpress-info active gigpress-alt gigpress-tour\">\n\t\n\t\t<td class=\"gigpress-links-cell\">\n\t\t\t\t\t<\/td>\n\t\t\n\t\t<td colspan=\"3\">\n\t\t\n\t\t\t\t\t\t\t<span class=\"gigpress-info-item\"><span class=\"gigpress-info-label\">Time:<\/span> 9:00am.<\/span>\n\t\t\t\t\t\t\n\t\t\t\t\t\t\n\t\t\t\t\t\t\n\t\t\t\t\t\t\n\t\t\t \n\t\t\t\t<span class=\"gigpress-info-item\"><span class=\"gigpress-info-label\">Address:<\/span> <a href=\"http:\/\/maps.google.com\/maps?&amp;q=13200+Yonge+St.,Richmond+Hill,Ontario,L4E+2T2,CA\" class=\"gigpress-address\">13200 Yonge St.<\/a>.<\/span>\n\t\t\t\t\t\t\n\t\t\t\t\t\t\t\n\t\t\t\n\t\t\t\t\t\t\n\t\t\t\t\t\t\n\t\t\t\n\t\t\t\t\t\t\t\t\n\t\t\n\t\t<\/td>\n\t\n\t<\/tr>\n<\/tbody>\t\n\n<tbody>\n\t\n\t<tr class=\"gigpress-row active gigpress-tour\">\n\t\n\t\t<td class=\"gigpress-date\">09\/16\/25\t\t\t\t\t<\/td>\n\t\t\n\t\t\t<td class=\"gigpress-artist\">\n\t\t\tMaria et Romano dans &#8220;La Raviolimanie&#8221;\t\t<\/td>\n\t\t\n\t\t<td class=\"gigpress-city\">Oshawa, Ontario<\/td>\n\t\t\n\t\t<td class=\"gigpress-venue\">\u00c9cole \u00e9l\u00e9mentaire Antonine-Maillet<\/td>\n\t\t\n\t\t\n\t<\/tr>\n\t\n\t<tr class=\"gigpress-info active gigpress-tour\">\n\t\n\t\t<td class=\"gigpress-links-cell\">\n\t\t\t\t\t<\/td>\n\t\t\n\t\t<td colspan=\"3\">\n\t\t\n\t\t\t\t\t\t\t<span class=\"gigpress-info-item\"><span class=\"gigpress-info-label\">Time:<\/span> 1:45pm.<\/span>\n\t\t\t\t\t\t\n\t\t\t\t\t\t\n\t\t\t\t\t\t\n\t\t\t\t\t\t\n\t\t\t \n\t\t\t\t<span class=\"gigpress-info-item\"><span class=\"gigpress-info-label\">Address:<\/span> <a href=\"http:\/\/maps.google.com\/maps?&amp;q=615+Ridgeway+Ave,Oshawa,Ontario,L1J+2W3,CA\" class=\"gigpress-address\">615 Ridgeway Ave<\/a>.<\/span>\n\t\t\t\t\t\t\n\t\t\t\t\t\t\t\n\t\t\t\n\t\t\t\t\t\t\n\t\t\t\t\t\t\n\t\t\t\n\t\t\t\t\t\t\t\t\n\t\t\n\t\t<\/td>\n\t\n\t<\/tr>\n<\/tbody>\t\n\n<tbody>\n\t\n\t<tr class=\"gigpress-row active gigpress-alt gigpress-tour\">\n\t\n\t\t<td class=\"gigpress-date\">09\/16\/25\t\t\t\t\t<\/td>\n\t\t\n\t\t\t<td class=\"gigpress-artist\">\n\t\t\tMaria et Romano dans &#8220;La Raviolimanie&#8221;\t\t<\/td>\n\t\t\n\t\t<td class=\"gigpress-city\">Bowmanville<\/td>\n\t\t\n\t\t<td class=\"gigpress-venue\">\u00c9cole \u00e9l\u00e9mnetaire Viola-L\u00e9ger<\/td>\n\t\t\n\t\t\n\t<\/tr>\n\t\n\t<tr class=\"gigpress-info active gigpress-alt gigpress-tour\">\n\t\n\t\t<td class=\"gigpress-links-cell\">\n\t\t\t\t\t<\/td>\n\t\t\n\t\t<td colspan=\"3\">\n\t\t\n\t\t\t\t\t\t\t<span class=\"gigpress-info-item\"><span class=\"gigpress-info-label\">Time:<\/span> 9:30am.<\/span>\n\t\t\t\t\t\t\n\t\t\t\t\t\t\n\t\t\t\t\t\t\n\t\t\t\t\t\t\n\t\t\t \n\t\t\t\t<span class=\"gigpress-info-item\"><span class=\"gigpress-info-label\">Address:<\/span> <a href=\"http:\/\/maps.google.com\/maps?&amp;q=116+Ontario+St,Bowmanville,L1C2T4,CA\" class=\"gigpress-address\">116 Ontario St<\/a>.<\/span>\n\t\t\t\t\t\t\n\t\t\t\t\t\t\t\n\t\t\t\n\t\t\t\t\t\t\n\t\t\t\t\t\t\n\t\t\t\n\t\t\t\t\t\t\t\t\n\t\t\n\t\t<\/td>\n\t\n\t<\/tr>\n<\/tbody>\t\n\n<tbody>\n\t\n\t<tr class=\"gigpress-row active gigpress-tour\">\n\t\n\t\t<td class=\"gigpress-date\">09\/15\/25\t\t\t\t\t<\/td>\n\t\t\n\t\t\t<td class=\"gigpress-artist\">\n\t\t\tMaria et Romano dans &#8220;La Raviolimanie&#8221;\t\t<\/td>\n\t\t\n\t\t<td class=\"gigpress-city\">Ottawa<\/td>\n\t\t\n\t\t<td class=\"gigpress-venue\">\u00c9cole primaire Pierre-Elliott-Trudeau<\/td>\n\t\t\n\t\t\n\t<\/tr>\n\t\n\t<tr class=\"gigpress-info active gigpress-tour\">\n\t\n\t\t<td class=\"gigpress-links-cell\">\n\t\t\t\t\t<\/td>\n\t\t\n\t\t<td colspan=\"3\">\n\t\t\n\t\t\t\t\t\t\t<span class=\"gigpress-info-item\"><span class=\"gigpress-info-label\">Time:<\/span> 2:15pm.<\/span>\n\t\t\t\t\t\t\n\t\t\t\t\t\t\n\t\t\t\t\t\t\n\t\t\t\t\t\t\n\t\t\t\t\t\t\n\t\t\t\t\t\t\t\n\t\t\t\n\t\t\t\t\t\t\n\t\t\t\t\t\t\n\t\t\t\n\t\t\t\t\t\t\t\t\n\t\t\n\t\t<\/td>\n\t\n\t<\/tr>\n<\/tbody>\t\n\n<tbody>\n\t\n\t<tr class=\"gigpress-row active gigpress-alt gigpress-tour\">\n\t\n\t\t<td class=\"gigpress-date\">09\/15\/25\t\t\t\t\t<\/td>\n\t\t\n\t\t\t<td class=\"gigpress-artist\">\n\t\t\tMaria et Romano dans &#8220;La Raviolimanie&#8221;\t\t<\/td>\n\t\t\n\t\t<td class=\"gigpress-city\">Gloucester, Ontario<\/td>\n\t\t\n\t\t<td class=\"gigpress-venue\">\u00c9cole primaire catholique La V\u00e9rendrie<\/td>\n\t\t\n\t\t\n\t<\/tr>\n\t\n\t<tr class=\"gigpress-info active gigpress-alt gigpress-tour\">\n\t\n\t\t<td class=\"gigpress-links-cell\">\n\t\t\t\t\t<\/td>\n\t\t\n\t\t<td colspan=\"3\">\n\t\t\n\t\t\t\t\t\t\t<span class=\"gigpress-info-item\"><span class=\"gigpress-info-label\">Time:<\/span> 9:00am.<\/span>\n\t\t\t\t\t\t\n\t\t\t\t\t\t\n\t\t\t\t\t\t\n\t\t\t\t\t\t\n\t\t\t \n\t\t\t\t<span class=\"gigpress-info-item\"><span class=\"gigpress-info-label\">Address:<\/span> <a href=\"http:\/\/maps.google.com\/maps?&amp;q=614+Promenade+Eastvale,Gloucester,Ontario,K1J+6Z6,CA\" class=\"gigpress-address\">614 Promenade Eastvale<\/a>.<\/span>\n\t\t\t\t\t\t\n\t\t\t\t\t\t\t\n\t\t\t\n\t\t\t\t\t\t\n\t\t\t\t\t\t\n\t\t\t\n\t\t\t\t\t\t\t\t\n\t\t\n\t\t<\/td>\n\t\n\t<\/tr>\n<\/tbody>\t\n\n<tbody>\n\t\n\t<tr class=\"gigpress-row active gigpress-divider\">\n\t\n\t\t<td class=\"gigpress-date\">09\/14\/25\t\t\t\t\t<\/td>\n\t\t\n\t\t\t<td class=\"gigpress-artist\">\n\t\t\tVoici Maria Cannelloni !\t\t<\/td>\n\t\t\n\t\t<td class=\"gigpress-city\">St-Amable, Qu\u00e9bec<\/td>\n\t\t\n\t\t<td class=\"gigpress-venue\">Parc Le Rocher<\/td>\n\t\t\n\t\t\n\t<\/tr>\n\t\n\t<tr class=\"gigpress-info active gigpress-divider\">\n\t\n\t\t<td class=\"gigpress-links-cell\">\n\t\t\t\t\t<\/td>\n\t\t\n\t\t<td colspan=\"3\">\n\t\t\n\t\t\t\t\t\t\t<span class=\"gigpress-info-item\"><span class=\"gigpress-info-label\">Time:<\/span> 12:05pm.<\/span>\n\t\t\t\t\t\t\n\t\t\t\t\t\t\n\t\t\t\t\t\t\n\t\t\t\t\t\t\n\t\t\t \n\t\t\t\t<span class=\"gigpress-info-item\"><span class=\"gigpress-info-label\">Address:<\/span> <a href=\"http:\/\/maps.google.com\/maps?&amp;q=215+Rue+Thomas,St-Amable,Qu%C3%A9bec,J0L+1N0,CA\" class=\"gigpress-address\">215 Rue Thomas<\/a>.<\/span>\n\t\t\t\t\t\t\n\t\t\t\t\t\t\t\n\t\t\t\n\t\t\t\t\t\t\n\t\t\t\t\t\t\n\t\t\t\n\t\t\t\t\t\t\t\t\n\t\t\n\t\t<\/td>\n\t\n\t<\/tr>\n<\/tbody>\t\n\n<tbody>\n\t\n\t<tr class=\"gigpress-row active gigpress-alt\">\n\t\n\t\t<td class=\"gigpress-date\">07\/12\/25\t\t\t\t\t<\/td>\n\t\t\n\t\t\t<td class=\"gigpress-artist\">\n\t\t\tVoici Maria Cannelloni !\t\t<\/td>\n\t\t\n\t\t<td class=\"gigpress-city\">Maple Grove, Quebec<\/td>\n\t\t\n\t\t<td class=\"gigpress-venue\">Parc MacDonald<\/td>\n\t\t\n\t\t\n\t<\/tr>\n\t\n\t<tr class=\"gigpress-info active gigpress-alt\">\n\t\n\t\t<td class=\"gigpress-links-cell\">\n\t\t\t\t\t<\/td>\n\t\t\n\t\t<td colspan=\"3\">\n\t\t\n\t\t\t\t\t\t\t<span class=\"gigpress-info-item\"><span class=\"gigpress-info-label\">Time:<\/span> 10:00am.<\/span>\n\t\t\t\t\t\t\n\t\t\t\t\t\t\n\t\t\t\t\t\t\n\t\t\t\t\t\t\n\t\t\t \n\t\t\t\t<span class=\"gigpress-info-item\"><span class=\"gigpress-info-label\">Address:<\/span> <a href=\"http:\/\/maps.google.com\/maps?&amp;q=5258+Rue+MacDonald,Maple+Grove,Quebec,J6N+1P3,CA\" class=\"gigpress-address\">5258 Rue MacDonald<\/a>.<\/span>\n\t\t\t\t\t\t\n\t\t\t\t\t\t\t\n\t\t\t\n\t\t\t\t\t\t\n\t\t\t\t\t\t\n\t\t\t\n\t\t\t\t\t\t\t\t\n\t\t\n\t\t<\/td>\n\t\n\t<\/tr>\n<\/tbody>\t\n\n<tbody>\n\t\n\t<tr class=\"gigpress-row active\">\n\t\n\t\t<td class=\"gigpress-date\">07\/08\/25\t\t\t\t\t<\/td>\n\t\t\n\t\t\t<td class=\"gigpress-artist\">\n\t\t\tRythmofolies avec Maria et le Macaroni Orchestra\t\t<\/td>\n\t\t\n\t\t<td class=\"gigpress-city\">Les Coteaux, Quebec<\/td>\n\t\t\n\t\t<td class=\"gigpress-venue\">Parc R\u00e9jean-Boisvenue<\/td>\n\t\t\n\t\t\n\t<\/tr>\n\t\n\t<tr class=\"gigpress-info active\">\n\t\n\t\t<td class=\"gigpress-links-cell\">\n\t\t\t\t\t<\/td>\n\t\t\n\t\t<td colspan=\"3\">\n\t\t\n\t\t\t\t\t\t\t<span class=\"gigpress-info-item\"><span class=\"gigpress-info-label\">Time:<\/span> 6:30pm.<\/span>\n\t\t\t\t\t\t\n\t\t\t\t\t\t\n\t\t\t\t\t\t\n\t\t\t\t\t\t\n\t\t\t \n\t\t\t\t<span class=\"gigpress-info-item\"><span class=\"gigpress-info-label\">Address:<\/span> <a href=\"http:\/\/maps.google.com\/maps?&amp;q=139%2C+rue+Adrien-Rouleau,Les+Coteaux,Quebec,J7X+1A2,CA\" class=\"gigpress-address\">139, rue Adrien-Rouleau<\/a>.<\/span>\n\t\t\t\t\t\t\n\t\t\t\t\t\t\t\n\t\t\t\n\t\t\t\t\t\t\n\t\t\t\t\t\t\n\t\t\t\n\t\t\t\t\t\t\t\t\n\t\t\n\t\t<\/td>\n\t\n\t<\/tr>\n<\/tbody>\t\n\n<tbody>\n\t\n\t<tr class=\"gigpress-row active gigpress-alt\">\n\t\n\t\t<td class=\"gigpress-date\">04\/12\/25\t\t\t\t\t<\/td>\n\t\t\n\t\t\t<td class=\"gigpress-artist\">\n\t\t\tMaria dans La Mini-Raviolimanie\t\t<\/td>\n\t\t\n\t\t<td class=\"gigpress-city\">Saint-Hyacinthe, Qu\u00e9bec<\/td>\n\t\t\n\t\t<td class=\"gigpress-venue\">Biblioth\u00e8que T.-A-St-Germain<\/td>\n\t\t\n\t\t\n\t<\/tr>\n\t\n\t<tr class=\"gigpress-info active gigpress-alt\">\n\t\n\t\t<td class=\"gigpress-links-cell\">\n\t\t\t\t\t<\/td>\n\t\t\n\t\t<td colspan=\"3\">\n\t\t\n\t\t\t\t\t\t\t<span class=\"gigpress-info-item\"><span class=\"gigpress-info-label\">Time:<\/span> 10:30am.<\/span>\n\t\t\t\t\t\t\n\t\t\t\t\t\t\n\t\t\t\t\t\t\n\t\t\t\t\t\t\n\t\t\t \n\t\t\t\t<span class=\"gigpress-info-item\"><span class=\"gigpress-info-label\">Address:<\/span> <a href=\"http:\/\/maps.google.com\/maps?&amp;q=2175%2C+rue+Girouard+Ouest,Saint-Hyacinthe,Qu%C3%A9bec,J6R+1G6,CA\" class=\"gigpress-address\">2175, rue Girouard Ouest<\/a>.<\/span>\n\t\t\t\t\t\t\n\t\t\t\t\t\t\t\n\t\t\t\n\t\t\t\t\t\t\n\t\t\t\t\t\t\n\t\t\t\n\t\t\t\t\t\t\t\t\n\t\t\n\t\t<\/td>\n\t\n\t<\/tr>\n<\/tbody>\t\n\n<tbody>\n\t\n\t<tr class=\"gigpress-row active\">\n\t\n\t\t<td class=\"gigpress-date\">12\/06\/24\t\t\t\t\t<\/td>\n\t\t\n\t\t\t<td class=\"gigpress-artist\">\n\t\t\tMaria et Octave dans &#8220;\u00c0 la rescousse de No\u00ebl&#8221;\t\t<\/td>\n\t\t\n\t\t<td class=\"gigpress-city\">Joliette, Qu\u00e9bec<\/td>\n\t\t\n\t\t<td class=\"gigpress-venue\">March\u00e9 de No\u00ebl de Joliette | La place Festive, Place Bourget<\/td>\n\t\t\n\t\t\n\t<\/tr>\n\t\n\t<tr class=\"gigpress-info active\">\n\t\n\t\t<td class=\"gigpress-links-cell\">\n\t\t\t\t\t<\/td>\n\t\t\n\t\t<td colspan=\"3\">\n\t\t\n\t\t\t\t\t\t\t<span class=\"gigpress-info-item\"><span class=\"gigpress-info-label\">Time:<\/span> 6:30pm.<\/span>\n\t\t\t\t\t\t\n\t\t\t\t\t\t\n\t\t\t\t\t\t\n\t\t\t\t\t\t\n\t\t\t \n\t\t\t\t<span class=\"gigpress-info-item\"><span class=\"gigpress-info-label\">Address:<\/span> <a href=\"http:\/\/maps.google.com\/maps?&amp;q=445%2C+rue+Notre-Dame,Joliette,Qu%C3%A9bec,J6E+3H5,CA\" class=\"gigpress-address\">445, rue Notre-Dame<\/a>.<\/span>\n\t\t\t\t\t\t\n\t\t\t\t\t\t\t\n\t\t\t\n\t\t\t\t\t\t\n\t\t\t\t\t\t\n\t\t\t\n\t\t\t\t\t\t\t\t\n\t\t\n\t\t<\/td>\n\t\n\t<\/tr>\n<\/tbody>\t\n\n<tbody>\n\t\n\t<tr class=\"gigpress-row active gigpress-alt\">\n\t\n\t\t<td class=\"gigpress-date\">12\/01\/24\t\t\t\t\t<\/td>\n\t\t\n\t\t\t<td class=\"gigpress-artist\">\n\t\t\tMaria et Octave dans &#8220;\u00c0 la rescousse de No\u00ebl&#8221;\t\t<\/td>\n\t\t\n\t\t<td class=\"gigpress-city\">Drummondville, Qu\u00e9bec<\/td>\n\t\t\n\t\t<td class=\"gigpress-venue\"><a href=\"http:\/\/espacemandeville.ca\">Espace Mandeville<\/a><\/td>\n\t\t\n\t\t\n\t<\/tr>\n\t\n\t<tr class=\"gigpress-info active gigpress-alt\">\n\t\n\t\t<td class=\"gigpress-links-cell\">\n\t\t\t\t\t<\/td>\n\t\t\n\t\t<td colspan=\"3\">\n\t\t\n\t\t\t\t\t\t\t<span class=\"gigpress-info-item\"><span class=\"gigpress-info-label\">Time:<\/span> 2:00pm.<\/span>\n\t\t\t\t\t\t\n\t\t\t\t\t\t\n\t\t\t\t\t\t\n\t\t\t\t\t\t\n\t\t\t \n\t\t\t\t<span class=\"gigpress-info-item\"><span class=\"gigpress-info-label\">Address:<\/span> <a href=\"http:\/\/maps.google.com\/maps?&amp;q=232%2C+rue+Dorion,Drummondville,Qu%C3%A9bec,J2B+6x1,CA\" class=\"gigpress-address\">232, rue Dorion<\/a>.<\/span>\n\t\t\t\t\t\t\n\t\t\t\t\t\t\t\n\t\t\t\n\t\t\t\t\t\t\n\t\t\t\t\t\t\n\t\t\t\n\t\t\t\t\t\t\t\t\n\t\t\n\t\t<\/td>\n\t\n\t<\/tr>\n<\/tbody>\t\n\n<tbody>\n\t\n\t<tr class=\"gigpress-row active\">\n\t\n\t\t<td class=\"gigpress-date\">11\/30\/24\t\t\t\t\t<\/td>\n\t\t\n\t\t\t<td class=\"gigpress-artist\">\n\t\t\tMaria et Octave dans &#8220;\u00c0 la rescousse de No\u00ebl&#8221;\t\t<\/td>\n\t\t\n\t\t<td class=\"gigpress-city\">Mercier, Qu\u00e9bec<\/td>\n\t\t\n\t\t<td class=\"gigpress-venue\">Centre communautaire Roger Tougas<\/td>\n\t\t\n\t\t\n\t<\/tr>\n\t\n\t<tr class=\"gigpress-info active\">\n\t\n\t\t<td class=\"gigpress-links-cell\">\n\t\t\t\t\t<\/td>\n\t\t\n\t\t<td colspan=\"3\">\n\t\t\n\t\t\t\t\t\t\t<span class=\"gigpress-info-item\"><span class=\"gigpress-info-label\">Time:<\/span> 10:00am.<\/span>\n\t\t\t\t\t\t\n\t\t\t\t\t\t\n\t\t\t\t\t\t\n\t\t\t\t\t\t\n\t\t\t \n\t\t\t\t<span class=\"gigpress-info-item\"><span class=\"gigpress-info-label\">Address:<\/span> <a href=\"http:\/\/maps.google.com\/maps?&amp;q=740+boulevard+St-Jean-Baptiste,Mercier,Qu%C3%A9bec,J6R+1G6,CA\" class=\"gigpress-address\">740 boulevard St-Jean-Baptiste<\/a>.<\/span>\n\t\t\t\t\t\t\n\t\t\t\t\t\t\t\n\t\t\t\n\t\t\t\t\t\t\n\t\t\t\t\t\t\n\t\t\t\n\t\t\t\t\t\t\t\t\n\t\t\n\t\t<\/td>\n\t\n\t<\/tr>\n<\/tbody>\t\n\n<tbody>\n\t\n\t<tr class=\"gigpress-row active gigpress-alt\">\n\t\n\t\t<td class=\"gigpress-date\">08\/17\/24\t\t\t\t\t<\/td>\n\t\t\n\t\t\t<td class=\"gigpress-artist\">\n\t\t\tVoici Maria Cannelloni !\t\t<\/td>\n\t\t\n\t\t<td class=\"gigpress-city\">Scott, Quebec<\/td>\n\t\t\n\t\t<td class=\"gigpress-venue\"><a href=\"http:\/\/www.festivaldelepi.com\">Festival de l&#8217;\u00e9pi<\/a><\/td>\n\t\t\n\t\t\n\t<\/tr>\n\t\n\t<tr class=\"gigpress-info active gigpress-alt\">\n\t\n\t\t<td class=\"gigpress-links-cell\">\n\t\t\t\t\t<\/td>\n\t\t\n\t\t<td colspan=\"3\">\n\t\t\n\t\t\t\t\t\t\t<span class=\"gigpress-info-item\"><span class=\"gigpress-info-label\">Time:<\/span> 11:00am.<\/span>\n\t\t\t\t\t\t\n\t\t\t\t\t\t\n\t\t\t\t\t\t\n\t\t\t\t\t\t\n\t\t\t \n\t\t\t\t<span class=\"gigpress-info-item\"><span class=\"gigpress-info-label\">Address:<\/span> <a href=\"http:\/\/maps.google.com\/maps?&amp;q=34%2C+6e+rue%2C+Scott%2C+Qc,Scott,Quebec,CA\" class=\"gigpress-address\">34, 6e rue, Scott, Qc<\/a>.<\/span>\n\t\t\t\t\t\t\n\t\t\t\t\t\t\t\n\t\t\t\n\t\t\t\t\t\t\n\t\t\t\t\t\t\n\t\t\t\n\t\t\t\t\t\t\t\t\n\t\t\n\t\t<\/td>\n\t\n\t<\/tr>\n<\/tbody>\t\n\n<tbody>\n\t\n\t<tr class=\"gigpress-row active\">\n\t\n\t\t<td class=\"gigpress-date\">06\/24\/24\t\t\t\t\t<\/td>\n\t\t\n\t\t\t<td class=\"gigpress-artist\">\n\t\t\tMaria et Romano dans &#8220;La Raviolimanie&#8221;\t\t<\/td>\n\t\t\n\t\t<td class=\"gigpress-city\">Mercier<\/td>\n\t\t\n\t\t<td class=\"gigpress-venue\">Parc Hirondelle, Mercier<\/td>\n\t\t\n\t\t\n\t<\/tr>\n\t\n\t<tr class=\"gigpress-info active\">\n\t\n\t\t<td class=\"gigpress-links-cell\">\n\t\t\t\t\t<\/td>\n\t\t\n\t\t<td colspan=\"3\">\n\t\t\n\t\t\t\t\t\t\t<span class=\"gigpress-info-item\"><span class=\"gigpress-info-label\">Time:<\/span> 1:30pm.<\/span>\n\t\t\t\t\t\t\n\t\t\t\t\t\t\n\t\t\t\t\t\t\n\t\t\t\t\t\t\n\t\t\t \n\t\t\t\t<span class=\"gigpress-info-item\"><span class=\"gigpress-info-label\">Address:<\/span> <a href=\"http:\/\/maps.google.com\/maps?&amp;q=8+rue+des+Plaines%2C+Mercier,Mercier,CA\" class=\"gigpress-address\">8 rue des Plaines, Mercier<\/a>.<\/span>\n\t\t\t\t\t\t\n\t\t\t\t\t\t\t\n\t\t\t\n\t\t\t\t\t\t\n\t\t\t\t\t\t\n\t\t\t\n\t\t\t\t\t\t\t\t\n\t\t\n\t\t<\/td>\n\t\n\t<\/tr>\n<\/tbody>\t\n\n<tbody>\n\t\n\t<tr class=\"gigpress-row active gigpress-alt\">\n\t\n\t\t<td class=\"gigpress-date\">06\/24\/24\t\t\t\t\t<\/td>\n\t\t\n\t\t\t<td class=\"gigpress-artist\">\n\t\t\tVoici Maria Cannelloni !\t\t<\/td>\n\t\t\n\t\t<td class=\"gigpress-city\">St-J\u00e9r\u00f4me<\/td>\n\t\t\n\t\t<td class=\"gigpress-venue\">Place des Festivit\u00e9s<\/td>\n\t\t\n\t\t\n\t<\/tr>\n\t\n\t<tr class=\"gigpress-info active gigpress-alt\">\n\t\n\t\t<td class=\"gigpress-links-cell\">\n\t\t\t\t\t<\/td>\n\t\t\n\t\t<td colspan=\"3\">\n\t\t\n\t\t\t\t\t\t\t<span class=\"gigpress-info-item\"><span class=\"gigpress-info-label\">Time:<\/span> 1:00pm.<\/span>\n\t\t\t\t\t\t\n\t\t\t\t\t\t\n\t\t\t\t\t\t\n\t\t\t\t\t\t\n\t\t\t \n\t\t\t\t<span class=\"gigpress-info-item\"><span class=\"gigpress-info-label\">Address:<\/span> <a href=\"http:\/\/maps.google.com\/maps?&amp;q=131+Rue+de+la+Gare%2C+Saint-J%C3%A9r%C3%B4me%2C+QC,St-J%C3%A9r%C3%B4me,J7Z+2B9,CA\" class=\"gigpress-address\">131 Rue de la Gare, Saint-J\u00e9r\u00f4me, QC<\/a>.<\/span>\n\t\t\t\t\t\t\n\t\t\t\t\t\t\t\n\t\t\t\n\t\t\t\t\t\t\n\t\t\t\t\t\t\n\t\t\t\n\t\t\t\t\t\t\t\t\n\t\t\n\t\t<\/td>\n\t\n\t<\/tr>\n<\/tbody>\t\n\n<tbody>\n\t\n\t<tr class=\"gigpress-row active\">\n\t\n\t\t<td class=\"gigpress-date\">03\/09\/24\t\t\t\t\t<\/td>\n\t\t\n\t\t\t<td class=\"gigpress-artist\">\n\t\t\tMaria Cannelloni et le Macaroni Orchestra\t\t<\/td>\n\t\t\n\t\t<td class=\"gigpress-city\">Sherbrooke, Qu\u00e9bec<\/td>\n\t\t\n\t\t<td class=\"gigpress-venue\">Pavillon Armand-Nadeau<\/td>\n\t\t\n\t\t\n\t<\/tr>\n\t\n\t<tr class=\"gigpress-info active\">\n\t\n\t\t<td class=\"gigpress-links-cell\">\n\t\t\t\t\t<\/td>\n\t\t\n\t\t<td colspan=\"3\">\n\t\t\n\t\t\t\t\t\t\t<span class=\"gigpress-info-item\"><span class=\"gigpress-info-label\">Time:<\/span> 11:00am.<\/span>\n\t\t\t\t\t\t\n\t\t\t\t\t\t\n\t\t\t\t\t\t\n\t\t\t\t\t\t\n\t\t\t \n\t\t\t\t<span class=\"gigpress-info-item\"><span class=\"gigpress-info-label\">Address:<\/span> <a href=\"http:\/\/maps.google.com\/maps?&amp;q=Parc+Jacques-Cartier,Sherbrooke,Qu%C3%A9bec,J1J+2Z7,CA\" class=\"gigpress-address\">Parc Jacques-Cartier<\/a>.<\/span>\n\t\t\t\t\t\t\n\t\t\t\t\t\t\t\n\t\t\t\n\t\t\t\t\t\t\t<span class=\"gigpress-info-item\">Jeux du Qu\u00e9bec<\/span>\n\t\t\t\t\t\t\n\t\t\t\t\t\t\n\t\t\t\n\t\t\t\t\t\t\t\t\n\t\t\n\t\t<\/td>\n\t\n\t<\/tr>\n<\/tbody>\t\n\n<tbody>\n\t\n\t<tr class=\"gigpress-row active gigpress-alt\">\n\t\n\t\t<td class=\"gigpress-date\">12\/15\/23\t\t\t\t\t<\/td>\n\t\t\n\t\t\t<td class=\"gigpress-artist\">\n\t\t\t\u00c0 la rescousse de No\u00ebl (formule solo)\t\t<\/td>\n\t\t\n\t\t<td class=\"gigpress-city\">Lachute, Qu\u00e9bec<\/td>\n\t\t\n\t\t<td class=\"gigpress-venue\">Salle Kevin-Lowe-Pag\u00e9<\/td>\n\t\t\n\t\t\n\t<\/tr>\n\t\n\t<tr class=\"gigpress-info active gigpress-alt\">\n\t\n\t\t<td class=\"gigpress-links-cell\">\n\t\t\t\t\t<\/td>\n\t\t\n\t\t<td colspan=\"3\">\n\t\t\n\t\t\t\t\t\t\t<span class=\"gigpress-info-item\"><span class=\"gigpress-info-label\">Time:<\/span> 10:00am.<\/span>\n\t\t\t\t\t\t\n\t\t\t\t\t\t\n\t\t\t\t\t\t\n\t\t\t\t\t\t\n\t\t\t \n\t\t\t\t<span class=\"gigpress-info-item\"><span class=\"gigpress-info-label\">Address:<\/span> <a href=\"http:\/\/maps.google.com\/maps?&amp;q=80+Av.+Hamford,Lachute,Qu%C3%A9bec,J8H+4P1,CA\" class=\"gigpress-address\">80 Av. Hamford<\/a>.<\/span>\n\t\t\t\t\t\t\n\t\t\t\t\t\t\t\n\t\t\t\n\t\t\t\t\t\t\n\t\t\t\t\t\t\n\t\t\t\n\t\t\t\t\t\t\t\t\n\t\t\n\t\t<\/td>\n\t\n\t<\/tr>\n<\/tbody>\t\n\n<tbody>\n\t\n\t<tr class=\"gigpress-row active\">\n\t\n\t\t<td class=\"gigpress-date\">12\/10\/23\t\t\t\t\t<\/td>\n\t\t\n\t\t\t<td class=\"gigpress-artist\">\n\t\t\tMaria et Octave dans &#8220;\u00c0 la rescousse de No\u00ebl&#8221;\t\t<\/td>\n\t\t\n\t\t<td class=\"gigpress-city\">Saint-Eustache, Qu\u00e9bec<\/td>\n\t\t\n\t\t<td class=\"gigpress-venue\">Centre d&#8217;art la petite \u00e9glise<\/td>\n\t\t\n\t\t\n\t<\/tr>\n\t\n\t<tr class=\"gigpress-info active\">\n\t\n\t\t<td class=\"gigpress-links-cell\">\n\t\t\t\t\t<\/td>\n\t\t\n\t\t<td colspan=\"3\">\n\t\t\n\t\t\t\t\t\t\t<span class=\"gigpress-info-item\"><span class=\"gigpress-info-label\">Time:<\/span> 2:00pm.<\/span>\n\t\t\t\t\t\t\n\t\t\t\t\t\t\n\t\t\t\t\t\t\n\t\t\t\t\t\t\n\t\t\t \n\t\t\t\t<span class=\"gigpress-info-item\"><span class=\"gigpress-info-label\">Address:<\/span> <a href=\"http:\/\/maps.google.com\/maps?&amp;q=271+Rue+Saint-Eustache,Saint-Eustache,Qu%C3%A9bec,J7R+2L9,CA\" class=\"gigpress-address\">271 Rue Saint-Eustache<\/a>.<\/span>\n\t\t\t\t\t\t\n\t\t\t\t\t\t\t\n\t\t\t\n\t\t\t\t\t\t\n\t\t\t\t\t\t\n\t\t\t\n\t\t\t\t\t\t\t\t\n\t\t\n\t\t<\/td>\n\t\n\t<\/tr>\n<\/tbody>\t\n\n<tbody>\n\t\n\t<tr class=\"gigpress-row active gigpress-alt\">\n\t\n\t\t<td class=\"gigpress-date\">12\/09\/23\t\t\t\t\t<\/td>\n\t\t\n\t\t\t<td class=\"gigpress-artist\">\n\t\t\t\u00c0 la rescousse de No\u00ebl (formule solo)\t\t<\/td>\n\t\t\n\t\t<td class=\"gigpress-city\">Beloeil<\/td>\n\t\t\n\t\t<td class=\"gigpress-venue\">Biblioth\u00e8que de Beloeil<\/td>\n\t\t\n\t\t\n\t<\/tr>\n\t\n\t<tr class=\"gigpress-info active gigpress-alt\">\n\t\n\t\t<td class=\"gigpress-links-cell\">\n\t\t\t\t\t<\/td>\n\t\t\n\t\t<td colspan=\"3\">\n\t\t\n\t\t\t\t\t\t\t<span class=\"gigpress-info-item\"><span class=\"gigpress-info-label\">Time:<\/span> 10:30am.<\/span>\n\t\t\t\t\t\t\n\t\t\t\t\t\t\n\t\t\t\t\t\t\n\t\t\t\t\t\t\n\t\t\t \n\t\t\t\t<span class=\"gigpress-info-item\"><span class=\"gigpress-info-label\">Address:<\/span> <a href=\"http:\/\/maps.google.com\/maps?&amp;q=620+rue+Richelieu,Beloeil,J3G+5E8,CA\" class=\"gigpress-address\">620 rue Richelieu<\/a>.<\/span>\n\t\t\t\t\t\t\n\t\t\t\t\t\t\t\n\t\t\t\n\t\t\t\t\t\t\n\t\t\t\t\t\t\n\t\t\t\n\t\t\t\t\t\t\t\t\n\t\t\n\t\t<\/td>\n\t\n\t<\/tr>\n<\/tbody>\t\n\n<tbody>\n\t\n\t<tr class=\"gigpress-row active\">\n\t\n\t\t<td class=\"gigpress-date\">10\/04\/23\t\t\t\t\t<\/td>\n\t\t\n\t\t\t<td class=\"gigpress-artist\">\n\t\t\tMaria et Romano dans &#8220;La Raviolimanie&#8221;\t\t<\/td>\n\t\t\n\t\t<td class=\"gigpress-city\">Thetford Mines, Qu\u00e9bec<\/td>\n\t\t\n\t\t<td class=\"gigpress-venue\"><a href=\"http:\/\/www.diffusiontram.ca\">Salle Dussault<\/a><\/td>\n\t\t\n\t\t\n\t<\/tr>\n\t\n\t<tr class=\"gigpress-info active\">\n\t\n\t\t<td class=\"gigpress-links-cell\">\n\t\t\t\t\t<\/td>\n\t\t\n\t\t<td colspan=\"3\">\n\t\t\n\t\t\t\t\t\t\t<span class=\"gigpress-info-item\"><span class=\"gigpress-info-label\">Time:<\/span> 1:30pm.<\/span>\n\t\t\t\t\t\t\n\t\t\t\t\t\t\n\t\t\t\t\t\t\n\t\t\t\t\t\t\n\t\t\t \n\t\t\t\t<span class=\"gigpress-info-item\"><span class=\"gigpress-info-label\">Address:<\/span> <a href=\"http:\/\/maps.google.com\/maps?&amp;q=561+rue+St-Patrick,Thetford+Mines,Qu%C3%A9bec,G6G+5W1,CA\" class=\"gigpress-address\">561 rue St-Patrick<\/a>.<\/span>\n\t\t\t\t\t\t\n\t\t\t\t\t\t\t\n\t\t\t\n\t\t\t\t\t\t\n\t\t\t\t\t\t\n\t\t\t\n\t\t\t\t\t\t\t\t\n\t\t\n\t\t<\/td>\n\t\n\t<\/tr>\n<\/tbody>\t\n\n<tbody>\n\t\n\t<tr class=\"gigpress-row active gigpress-alt\">\n\t\n\t\t<td class=\"gigpress-date\">10\/04\/23\t\t\t\t\t<\/td>\n\t\t\n\t\t\t<td class=\"gigpress-artist\">\n\t\t\tMaria et Romano dans &#8220;La Raviolimanie&#8221;\t\t<\/td>\n\t\t\n\t\t<td class=\"gigpress-city\">Thetford Mines, Qu\u00e9bec<\/td>\n\t\t\n\t\t<td class=\"gigpress-venue\"><a href=\"http:\/\/www.diffusiontram.ca\">Salle Dussault<\/a><\/td>\n\t\t\n\t\t\n\t<\/tr>\n\t\n\t<tr class=\"gigpress-info active gigpress-alt\">\n\t\n\t\t<td class=\"gigpress-links-cell\">\n\t\t\t\t\t<\/td>\n\t\t\n\t\t<td colspan=\"3\">\n\t\t\n\t\t\t\t\t\t\t<span class=\"gigpress-info-item\"><span class=\"gigpress-info-label\">Time:<\/span> 1:30pm.<\/span>\n\t\t\t\t\t\t\n\t\t\t\t\t\t\n\t\t\t\t\t\t\n\t\t\t\t\t\t\n\t\t\t \n\t\t\t\t<span class=\"gigpress-info-item\"><span class=\"gigpress-info-label\">Address:<\/span> <a href=\"http:\/\/maps.google.com\/maps?&amp;q=561+rue+St-Patrick,Thetford+Mines,Qu%C3%A9bec,G6G+5W1,CA\" class=\"gigpress-address\">561 rue St-Patrick<\/a>.<\/span>\n\t\t\t\t\t\t\n\t\t\t\t\t\t\t\n\t\t\t\n\t\t\t\t\t\t\n\t\t\t\t\t\t\n\t\t\t\n\t\t\t\t\t\t\t\t\n\t\t\n\t\t<\/td>\n\t\n\t<\/tr>\n<\/tbody>\t\n\n<tbody>\n\t\n\t<tr class=\"gigpress-row active\">\n\t\n\t\t<td class=\"gigpress-date\">10\/03\/23\t\t\t\t\t<\/td>\n\t\t\n\t\t\t<td class=\"gigpress-artist\">\n\t\t\tMaria et Romano dans &#8220;La Raviolimanie&#8221;\t\t<\/td>\n\t\t\n\t\t<td class=\"gigpress-city\">Thetford Mines, Qu\u00e9bec<\/td>\n\t\t\n\t\t<td class=\"gigpress-venue\"><a href=\"http:\/\/www.diffusiontram.ca\">Salle Dussault<\/a><\/td>\n\t\t\n\t\t\n\t<\/tr>\n\t\n\t<tr class=\"gigpress-info active\">\n\t\n\t\t<td class=\"gigpress-links-cell\">\n\t\t\t\t\t<\/td>\n\t\t\n\t\t<td colspan=\"3\">\n\t\t\n\t\t\t\t\t\t\t<span class=\"gigpress-info-item\"><span class=\"gigpress-info-label\">Time:<\/span> 1:30pm.<\/span>\n\t\t\t\t\t\t\n\t\t\t\t\t\t\n\t\t\t\t\t\t\n\t\t\t\t\t\t\n\t\t\t \n\t\t\t\t<span class=\"gigpress-info-item\"><span class=\"gigpress-info-label\">Address:<\/span> <a href=\"http:\/\/maps.google.com\/maps?&amp;q=561+rue+St-Patrick,Thetford+Mines,Qu%C3%A9bec,G6G+5W1,CA\" class=\"gigpress-address\">561 rue St-Patrick<\/a>.<\/span>\n\t\t\t\t\t\t\n\t\t\t\t\t\t\t\n\t\t\t\n\t\t\t\t\t\t\n\t\t\t\t\t\t\n\t\t\t\n\t\t\t\t\t\t\t\t\n\t\t\n\t\t<\/td>\n\t\n\t<\/tr>\n<\/tbody>\t\n\n<tbody>\n\t\n\t<tr class=\"gigpress-row active gigpress-alt\">\n\t\n\t\t<td class=\"gigpress-date\">10\/03\/23\t\t\t\t\t<\/td>\n\t\t\n\t\t\t<td class=\"gigpress-artist\">\n\t\t\tMaria et Romano dans &#8220;La Raviolimanie&#8221;\t\t<\/td>\n\t\t\n\t\t<td class=\"gigpress-city\">Thetford Mines, Qu\u00e9bec<\/td>\n\t\t\n\t\t<td class=\"gigpress-venue\"><a href=\"http:\/\/www.diffusiontram.ca\">Salle Dussault<\/a><\/td>\n\t\t\n\t\t\n\t<\/tr>\n\t\n\t<tr class=\"gigpress-info active gigpress-alt\">\n\t\n\t\t<td class=\"gigpress-links-cell\">\n\t\t\t\t\t<\/td>\n\t\t\n\t\t<td colspan=\"3\">\n\t\t\n\t\t\t\t\t\t\t<span class=\"gigpress-info-item\"><span class=\"gigpress-info-label\">Time:<\/span> 9:45am.<\/span>\n\t\t\t\t\t\t\n\t\t\t\t\t\t\n\t\t\t\t\t\t\n\t\t\t\t\t\t\n\t\t\t \n\t\t\t\t<span class=\"gigpress-info-item\"><span class=\"gigpress-info-label\">Address:<\/span> <a href=\"http:\/\/maps.google.com\/maps?&amp;q=561+rue+St-Patrick,Thetford+Mines,Qu%C3%A9bec,G6G+5W1,CA\" class=\"gigpress-address\">561 rue St-Patrick<\/a>.<\/span>\n\t\t\t\t\t\t\n\t\t\t\t\t\t\t\n\t\t\t\n\t\t\t\t\t\t\n\t\t\t\t\t\t\n\t\t\t\n\t\t\t\t\t\t\t\t\n\t\t\n\t\t<\/td>\n\t\n\t<\/tr>\n<\/tbody>\t\n\n<tbody>\n\t\n\t<tr class=\"gigpress-row active\">\n\t\n\t\t<td class=\"gigpress-date\">08\/02\/23\t\t\t\t\t<\/td>\n\t\t\n\t\t\t<td class=\"gigpress-artist\">\n\t\t\tVoici Maria Cannelloni !\t\t<\/td>\n\t\t\n\t\t<td class=\"gigpress-city\">Sainte-Agathe des Monts, Qu\u00e9bec<\/td>\n\t\t\n\t\t<td class=\"gigpress-venue\">Parc Aur\u00e8le L\u00e9gar\u00e9<\/td>\n\t\t\n\t\t\n\t<\/tr>\n\t\n\t<tr class=\"gigpress-info active\">\n\t\n\t\t<td class=\"gigpress-links-cell\">\n\t\t\t\t\t<\/td>\n\t\t\n\t\t<td colspan=\"3\">\n\t\t\n\t\t\t\t\t\t\t<span class=\"gigpress-info-item\"><span class=\"gigpress-info-label\">Time:<\/span> 10:00am.<\/span>\n\t\t\t\t\t\t\n\t\t\t\t\t\t\n\t\t\t\t\t\t\n\t\t\t\t\t\t\n\t\t\t \n\t\t\t\t<span class=\"gigpress-info-item\"><span class=\"gigpress-info-label\">Address:<\/span> <a href=\"http:\/\/maps.google.com\/maps?&amp;q=118+rue+Demontigny,Sainte-Agathe+des+Monts,Qu%C3%A9bec,J8C+2T3,CA\" class=\"gigpress-address\">118 rue Demontigny<\/a>.<\/span>\n\t\t\t\t\t\t\n\t\t\t\t\t\t\t\n\t\t\t\n\t\t\t\t\t\t\n\t\t\t\t\t\t\n\t\t\t\n\t\t\t\t\t\t\t\t\n\t\t\n\t\t<\/td>\n\t\n\t<\/tr>\n<\/tbody>\t\n\n<tbody>\n\t\n\t<tr class=\"gigpress-row active gigpress-alt\">\n\t\n\t\t<td class=\"gigpress-date\">07\/30\/23\t\t\t\t\t<\/td>\n\t\t\n\t\t\t<td class=\"gigpress-artist\">\n\t\t\tVoici Maria Cannelloni !\t\t<\/td>\n\t\t\n\t\t<td class=\"gigpress-city\">Saint-Hyacinthe<\/td>\n\t\t\n\t\t<td class=\"gigpress-venue\"><a href=\"http:\/\/www.expo-agricole.com\">Exposition agricole de Saint-Hyacinthe<\/a><\/td>\n\t\t\n\t\t\n\t<\/tr>\n\t\n\t<tr class=\"gigpress-info active gigpress-alt\">\n\t\n\t\t<td class=\"gigpress-links-cell\">\n\t\t\t\t\t<\/td>\n\t\t\n\t\t<td colspan=\"3\">\n\t\t\n\t\t\t\t\t\t\t<span class=\"gigpress-info-item\"><span class=\"gigpress-info-label\">Time:<\/span> 11:00am.<\/span>\n\t\t\t\t\t\t\n\t\t\t\t\t\t\n\t\t\t\t\t\t\n\t\t\t\t\t\t\n\t\t\t \n\t\t\t\t<span class=\"gigpress-info-item\"><span class=\"gigpress-info-label\">Address:<\/span> <a href=\"http:\/\/maps.google.com\/maps?&amp;q=Sc%C3%A8ne+ext%C3%A9rieure+pr%C3%A8s+de+l%27ar%C3%A9na+-+2670+rue+Beauparlant,Saint-Hyacinthe,J2S+4M8,CA\" class=\"gigpress-address\">Sc\u00e8ne ext\u00e9rieure pr\u00e8s de l&#8217;ar\u00e9na &#8211; 2670 rue Beauparlant<\/a>.<\/span>\n\t\t\t\t\t\t\n\t\t\t\t\t\t\t\n\t\t\t\n\t\t\t\t\t\t\n\t\t\t\t\t\t\n\t\t\t\n\t\t\t\t\t\t\t\t\n\t\t\n\t\t<\/td>\n\t\n\t<\/tr>\n<\/tbody>\t\n\n<tbody>\n\t\n\t<tr class=\"gigpress-row active\">\n\t\n\t\t<td class=\"gigpress-date\">07\/09\/23\t\t\t\t\t<\/td>\n\t\t\n\t\t\t<td class=\"gigpress-artist\">\n\t\t\tMaria et Romano dans &#8220;La Raviolimanie&#8221;\t\t<\/td>\n\t\t\n\t\t<td class=\"gigpress-city\">Blainville, Qu\u00e9bec<\/td>\n\t\t\n\t\t<td class=\"gigpress-venue\">Place des spectacles &#8211; Blainville<\/td>\n\t\t\n\t\t\n\t<\/tr>\n\t\n\t<tr class=\"gigpress-info active\">\n\t\n\t\t<td class=\"gigpress-links-cell\">\n\t\t\t\t\t<\/td>\n\t\t\n\t\t<td colspan=\"3\">\n\t\t\n\t\t\t\t\t\t\t<span class=\"gigpress-info-item\"><span class=\"gigpress-info-label\">Time:<\/span> 11:00am.<\/span>\n\t\t\t\t\t\t\n\t\t\t\t\t\t\n\t\t\t\t\t\t\n\t\t\t\t\t\t\n\t\t\t \n\t\t\t\t<span class=\"gigpress-info-item\"><span class=\"gigpress-info-label\">Address:<\/span> <a href=\"http:\/\/maps.google.com\/maps?&amp;q=1003+rue+de+la+Mairie,Blainville,Qu%C3%A9bec,J7C+3C7,CA\" class=\"gigpress-address\">1003 rue de la Mairie<\/a>.<\/span>\n\t\t\t\t\t\t\n\t\t\t\t\t\t\t\n\t\t\t\n\t\t\t\t\t\t\n\t\t\t\t\t\t\n\t\t\t\n\t\t\t\t\t\t\t\t\n\t\t\n\t\t<\/td>\n\t\n\t<\/tr>\n<\/tbody>\t\n\n<tbody>\n\t\n\t<tr class=\"gigpress-row active gigpress-alt\">\n\t\n\t\t<td class=\"gigpress-date\">06\/03\/23\t\t\t\t\t<\/td>\n\t\t\n\t\t\t<td class=\"gigpress-artist\">\n\t\t\tMaria Cannelloni et le Macaroni Orchestra\t\t<\/td>\n\t\t\n\t\t<td class=\"gigpress-city\">Laval, Qu\u00e9bec<\/td>\n\t\t\n\t\t<td class=\"gigpress-venue\">La Grande F\u00eate des pompiers de Laval 2023<\/td>\n\t\t\n\t\t\n\t<\/tr>\n\t\n\t<tr class=\"gigpress-info active gigpress-alt\">\n\t\n\t\t<td class=\"gigpress-links-cell\">\n\t\t\t\t\t<\/td>\n\t\t\n\t\t<td colspan=\"3\">\n\t\t\n\t\t\t\t\t\t\t<span class=\"gigpress-info-item\"><span class=\"gigpress-info-label\">Time:<\/span> 11:00am.<\/span>\n\t\t\t\t\t\t\n\t\t\t\t\t\t\n\t\t\t\t\t\t\n\t\t\t\t\t\t\n\t\t\t \n\t\t\t\t<span class=\"gigpress-info-item\"><span class=\"gigpress-info-label\">Address:<\/span> <a href=\"http:\/\/maps.google.com\/maps?&amp;q=Coin+de+l%27Avenir+et+Concorde,Laval,Qu%C3%A9bec,H7N+5H9,CA\" class=\"gigpress-address\">Coin de l&#8217;Avenir et Concorde<\/a>.<\/span>\n\t\t\t\t\t\t\n\t\t\t\t\t\t\t\n\t\t\t\n\t\t\t\t\t\t\n\t\t\t\t\t\t\n\t\t\t\n\t\t\t\t\t\t\t\t\n\t\t\n\t\t<\/td>\n\t\n\t<\/tr>\n<\/tbody>\t\n\n<tbody>\n\t\n\t<tr class=\"gigpress-row active\">\n\t\n\t\t<td class=\"gigpress-date\">05\/21\/23\t\t\t\t\t<\/td>\n\t\t\n\t\t\t<td class=\"gigpress-artist\">\n\t\t\tMaria dans La Mini-Raviolimanie\t\t<\/td>\n\t\t\n\t\t<td class=\"gigpress-city\">Kirkland, Qu\u00e9bec<\/td>\n\t\t\n\t\t<td class=\"gigpress-venue\">Complexe sportif de Kirkland<\/td>\n\t\t\n\t\t\n\t<\/tr>\n\t\n\t<tr class=\"gigpress-info active\">\n\t\n\t\t<td class=\"gigpress-links-cell\">\n\t\t\t\t\t<\/td>\n\t\t\n\t\t<td colspan=\"3\">\n\t\t\n\t\t\t\t\t\t\t<span class=\"gigpress-info-item\"><span class=\"gigpress-info-label\">Time:<\/span> 11:30am.<\/span>\n\t\t\t\t\t\t\n\t\t\t\t\t\t\n\t\t\t\t\t\t\n\t\t\t\t\t\t\n\t\t\t \n\t\t\t\t<span class=\"gigpress-info-item\"><span class=\"gigpress-info-label\">Address:<\/span> <a href=\"http:\/\/maps.google.com\/maps?&amp;q=16950+boul+Hymus,Kirkland,Qu%C3%A9bec,H9H+3W7,CA\" class=\"gigpress-address\">16950 boul Hymus<\/a>.<\/span>\n\t\t\t\t\t\t\n\t\t\t\t\t\t\t\n\t\t\t\n\t\t\t\t\t\t\n\t\t\t\t\t\t\n\t\t\t\n\t\t\t\t\t\t\t\t\n\t\t\n\t\t<\/td>\n\t\n\t<\/tr>\n<\/tbody>\t\n\n<tbody>\n\t\n\t<tr class=\"gigpress-row active gigpress-alt\">\n\t\n\t\t<td class=\"gigpress-date\">01\/22\/23\t\t\t\t\t<\/td>\n\t\t\n\t\t\t<td class=\"gigpress-artist\">\n\t\t\tMaria dans La Mini-Raviolimanie\t\t<\/td>\n\t\t\n\t\t<td class=\"gigpress-city\">Sainte-Julie, Qu\u00e9bec<\/td>\n\t\t\n\t\t<td class=\"gigpress-venue\">Biblioth\u00e8que de Sainte-Julie<\/td>\n\t\t\n\t\t\n\t<\/tr>\n\t\n\t<tr class=\"gigpress-info active gigpress-alt\">\n\t\n\t\t<td class=\"gigpress-links-cell\">\n\t\t\t\t\t<\/td>\n\t\t\n\t\t<td colspan=\"3\">\n\t\t\n\t\t\t\t\t\t\t<span class=\"gigpress-info-item\"><span class=\"gigpress-info-label\">Time:<\/span> 2:00pm.<\/span>\n\t\t\t\t\t\t\n\t\t\t\t\t\t\n\t\t\t\t\t\t\n\t\t\t\t\t\t\n\t\t\t \n\t\t\t\t<span class=\"gigpress-info-item\"><span class=\"gigpress-info-label\">Address:<\/span> <a href=\"http:\/\/maps.google.com\/maps?&amp;q=1600+Chemin+du+Fer-%C3%A0-Cheval,Sainte-Julie,Qu%C3%A9bec,J3E+2M1,CA\" class=\"gigpress-address\">1600 Chemin du Fer-\u00e0-Cheval<\/a>.<\/span>\n\t\t\t\t\t\t\n\t\t\t\t\t\t\t\n\t\t\t\n\t\t\t\t\t\t\n\t\t\t\t\t\t\n\t\t\t\n\t\t\t\t\t\t\t\t\n\t\t\n\t\t<\/td>\n\t\n\t<\/tr>\n<\/tbody>\t\n\n<tbody>\n\t<tr>\n\t\t<th colspan=\"4\" class=\"gigpress-heading\">\n\t\t\tTour: Maria \u00e0 Gatineau !\t\t<\/th>\n\t<\/tr>\t\n<\/tbody>\n\n<tbody>\n\t\n\t<tr class=\"gigpress-row active gigpress-tour\">\n\t\n\t\t<td class=\"gigpress-date\">12\/12\/22\t\t\t\t\t<\/td>\n\t\t\n\t\t\t<td class=\"gigpress-artist\">\n\t\t\t\u00c0 la rescousse de No\u00ebl (formule solo)\t\t<\/td>\n\t\t\n\t\t<td class=\"gigpress-city\">Gatineau, Qu\u00e9bec<\/td>\n\t\t\n\t\t<td class=\"gigpress-venue\">Cabaret La Basoche \/ Centre culturel du Vieux- Aylmer<\/td>\n\t\t\n\t\t\n\t<\/tr>\n\t\n\t<tr class=\"gigpress-info active gigpress-tour\">\n\t\n\t\t<td class=\"gigpress-links-cell\">\n\t\t\t\t\t<\/td>\n\t\t\n\t\t<td colspan=\"3\">\n\t\t\n\t\t\t\t\t\t\t<span class=\"gigpress-info-item\"><span class=\"gigpress-info-label\">Time:<\/span> 1:30pm.<\/span>\n\t\t\t\t\t\t\n\t\t\t\t\t\t\n\t\t\t\t\t\t\n\t\t\t\t\t\t\n\t\t\t \n\t\t\t\t<span class=\"gigpress-info-item\"><span class=\"gigpress-info-label\">Address:<\/span> <a href=\"http:\/\/maps.google.com\/maps?&amp;q=120+rue+Principale,Gatineau,Qu%C3%A9bec,CA\" class=\"gigpress-address\">120 rue Principale<\/a>.<\/span>\n\t\t\t\t\t\t\n\t\t\t\t\t\t\t\n\t\t\t\n\t\t\t\t\t\t\t<span class=\"gigpress-info-item\">Repr\u00e9sentation scolaire<\/span>\n\t\t\t\t\t\t\n\t\t\t\t\t\t\n\t\t\t\n\t\t\t\t\t\t\t\t\n\t\t\n\t\t<\/td>\n\t\n\t<\/tr>\n<\/tbody>\t\n\n<tbody>\n\t\n\t<tr class=\"gigpress-row active gigpress-alt gigpress-tour\">\n\t\n\t\t<td class=\"gigpress-date\">12\/12\/22\t\t\t\t\t<\/td>\n\t\t\n\t\t\t<td class=\"gigpress-artist\">\n\t\t\t\u00c0 la rescousse de No\u00ebl (formule solo)\t\t<\/td>\n\t\t\n\t\t<td class=\"gigpress-city\">Gatineau, Qu\u00e9bec<\/td>\n\t\t\n\t\t<td class=\"gigpress-venue\">Cabaret La Basoche \/ Centre culturel du Vieux- Aylmer<\/td>\n\t\t\n\t\t\n\t<\/tr>\n\t\n\t<tr class=\"gigpress-info active gigpress-alt gigpress-tour\">\n\t\n\t\t<td class=\"gigpress-links-cell\">\n\t\t\t\t\t<\/td>\n\t\t\n\t\t<td colspan=\"3\">\n\t\t\n\t\t\t\t\t\t\t<span class=\"gigpress-info-item\"><span class=\"gigpress-info-label\">Time:<\/span> 9:30am.<\/span>\n\t\t\t\t\t\t\n\t\t\t\t\t\t\n\t\t\t\t\t\t\n\t\t\t\t\t\t\n\t\t\t \n\t\t\t\t<span class=\"gigpress-info-item\"><span class=\"gigpress-info-label\">Address:<\/span> <a href=\"http:\/\/maps.google.com\/maps?&amp;q=120+rue+Principale,Gatineau,Qu%C3%A9bec,CA\" class=\"gigpress-address\">120 rue Principale<\/a>.<\/span>\n\t\t\t\t\t\t\n\t\t\t\t\t\t\t\n\t\t\t\n\t\t\t\t\t\t\t<span class=\"gigpress-info-item\">Repr\u00e9sentation scolaire<\/span>\n\t\t\t\t\t\t\n\t\t\t\t\t\t\n\t\t\t\n\t\t\t\t\t\t\t\t\n\t\t\n\t\t<\/td>\n\t\n\t<\/tr>\n<\/tbody>\t\n\n<tbody>\n\t\n\t<tr class=\"gigpress-row active gigpress-tour\">\n\t\n\t\t<td class=\"gigpress-date\">12\/11\/22\t\t\t\t\t<\/td>\n\t\t\n\t\t\t<td class=\"gigpress-artist\">\n\t\t\t\u00c0 la rescousse de No\u00ebl (formule solo)\t\t<\/td>\n\t\t\n\t\t<td class=\"gigpress-city\">Gatineau, Qu\u00e9bec<\/td>\n\t\t\n\t\t<td class=\"gigpress-venue\">Cabaret La Basoche \/ Centre culturel du Vieux- Aylmer<\/td>\n\t\t\n\t\t\n\t<\/tr>\n\t\n\t<tr class=\"gigpress-info active gigpress-tour\">\n\t\n\t\t<td class=\"gigpress-links-cell\">\n\t\t\t\t\t<\/td>\n\t\t\n\t\t<td colspan=\"3\">\n\t\t\n\t\t\t\t\t\t\t<span class=\"gigpress-info-item\"><span class=\"gigpress-info-label\">Time:<\/span> 11:00am.<\/span>\n\t\t\t\t\t\t\n\t\t\t\t\t\t\n\t\t\t\t\t\t\n\t\t\t\t\t\t\n\t\t\t \n\t\t\t\t<span class=\"gigpress-info-item\"><span class=\"gigpress-info-label\">Address:<\/span> <a href=\"http:\/\/maps.google.com\/maps?&amp;q=120+rue+Principale,Gatineau,Qu%C3%A9bec,CA\" class=\"gigpress-address\">120 rue Principale<\/a>.<\/span>\n\t\t\t\t\t\t\n\t\t\t\t\t\t\t\n\t\t\t\n\t\t\t\t\t\t\n\t\t\t\t\t\t\n\t\t\t\n\t\t\t\t\t\t\t\t\n\t\t\n\t\t<\/td>\n\t\n\t<\/tr>\n<\/tbody>\t\n\n<tbody>\n\t\n\t<tr class=\"gigpress-row active gigpress-alt gigpress-divider\">\n\t\n\t\t<td class=\"gigpress-date\">11\/20\/22\t\t\t\t\t<\/td>\n\t\t\n\t\t\t<td class=\"gigpress-artist\">\n\t\t\tMaria dans La Mini-Raviolimanie\t\t<\/td>\n\t\t\n\t\t<td class=\"gigpress-city\">Saint-Agathe-des-Monts, Qu\u00e9bec<\/td>\n\t\t\n\t\t<td class=\"gigpress-venue\">Biblioth\u00e8que Gaston Miron<\/td>\n\t\t\n\t\t\n\t<\/tr>\n\t\n\t<tr class=\"gigpress-info active gigpress-alt gigpress-divider\">\n\t\n\t\t<td class=\"gigpress-links-cell\">\n\t\t\t\t\t<\/td>\n\t\t\n\t\t<td colspan=\"3\">\n\t\t\n\t\t\t\t\t\t\t<span class=\"gigpress-info-item\"><span class=\"gigpress-info-label\">Time:<\/span> 10:00am.<\/span>\n\t\t\t\t\t\t\n\t\t\t\t\t\t\n\t\t\t\t\t\t\n\t\t\t\t\t\t\n\t\t\t \n\t\t\t\t<span class=\"gigpress-info-item\"><span class=\"gigpress-info-label\">Address:<\/span> <a href=\"http:\/\/maps.google.com\/maps?&amp;q=83+rue+Vincent,Saint-Agathe-des-Monts,Qu%C3%A9bec,J8C+2A8,CA\" class=\"gigpress-address\">83 rue Vincent<\/a>.<\/span>\n\t\t\t\t\t\t\n\t\t\t\t\t\t\t\n\t\t\t\n\t\t\t\t\t\t\n\t\t\t\t\t\t\n\t\t\t\n\t\t\t\t\t\t\t\t\n\t\t\n\t\t<\/td>\n\t\n\t<\/tr>\n<\/tbody>\t\n\n<tbody>\n\t\n\t<tr class=\"gigpress-row active\">\n\t\n\t\t<td class=\"gigpress-date\">11\/12\/22\t\t\t\t\t<\/td>\n\t\t\n\t\t\t<td class=\"gigpress-artist\">\n\t\t\tVoici Maria Cannelloni !\t\t<\/td>\n\t\t\n\t\t<td class=\"gigpress-city\">Saint-Sauveur, Qu\u00e9bec<\/td>\n\t\t\n\t\t<td class=\"gigpress-venue\">Chalet Pauline Vanier<\/td>\n\t\t\n\t\t\n\t<\/tr>\n\t\n\t<tr class=\"gigpress-info active\">\n\t\n\t\t<td class=\"gigpress-links-cell\">\n\t\t\t\t\t<\/td>\n\t\t\n\t\t<td colspan=\"3\">\n\t\t\n\t\t\t\t\t\t\t<span class=\"gigpress-info-item\"><span class=\"gigpress-info-label\">Time:<\/span> 10:00am.<\/span>\n\t\t\t\t\t\t\n\t\t\t\t\t\t\n\t\t\t\t\t\t\n\t\t\t\t\t\t\n\t\t\t \n\t\t\t\t<span class=\"gigpress-info-item\"><span class=\"gigpress-info-label\">Address:<\/span> <a href=\"http:\/\/maps.google.com\/maps?&amp;q=33%2C+avenue+de+l%27%C3%89glise,Saint-Sauveur,Qu%C3%A9bec,J0R+1R0,CA\" class=\"gigpress-address\">33, avenue de l&#8217;\u00c9glise<\/a>.<\/span>\n\t\t\t\t\t\t\n\t\t\t\t\t\t\t\n\t\t\t\n\t\t\t\t\t\t\n\t\t\t\t\t\t\n\t\t\t\n\t\t\t\t\t\t\t\t\n\t\t\n\t\t<\/td>\n\t\n\t<\/tr>\n<\/tbody>\t\n\n<tbody>\n\t<tr>\n\t\t<th colspan=\"4\" class=\"gigpress-heading\">\n\t\t\tTour: Viens c\u00e9l\u00e9brer l&#8217;automne avec Maria \u00e0 Val-Saint-C\u00f4me\t\t<\/th>\n\t<\/tr>\t\n<\/tbody>\n\n<tbody>\n\t\n\t<tr class=\"gigpress-row active gigpress-alt gigpress-tour\">\n\t\n\t\t<td class=\"gigpress-date\">10\/10\/22\t\t\t\t\t<\/td>\n\t\t\n\t\t\t<td class=\"gigpress-artist\">\n\t\t\tVoici Maria Cannelloni !\t\t<\/td>\n\t\t\n\t\t<td class=\"gigpress-city\">Val-Saint-C\u00f4me<\/td>\n\t\t\n\t\t<td class=\"gigpress-venue\"><a href=\"http:\/\/www.valsaintcome.com\/fr\">Festival des couleurs de Val Saint-C\u00f4me<\/a><\/td>\n\t\t\n\t\t\n\t<\/tr>\n\t\n\t<tr class=\"gigpress-info active gigpress-alt gigpress-tour\">\n\t\n\t\t<td class=\"gigpress-links-cell\">\n\t\t\t\t\t<\/td>\n\t\t\n\t\t<td colspan=\"3\">\n\t\t\n\t\t\t\t\t\t\t<span class=\"gigpress-info-item\"><span class=\"gigpress-info-label\">Time:<\/span> 11:00am.<\/span>\n\t\t\t\t\t\t\n\t\t\t\t\t\t\n\t\t\t\t\t\t\n\t\t\t\t\t\t\n\t\t\t \n\t\t\t\t<span class=\"gigpress-info-item\"><span class=\"gigpress-info-label\">Address:<\/span> <a href=\"http:\/\/maps.google.com\/maps?&amp;q=501%2C+rue+Val-Saint-C%C3%B4me,Val-Saint-C%C3%B4me,J0K+2B0,CA\" class=\"gigpress-address\">501, rue Val-Saint-C\u00f4me<\/a>.<\/span>\n\t\t\t\t\t\t\n\t\t\t\t\t\t\t\n\t\t\t\n\t\t\t\t\t\t\n\t\t\t\t\t\t\n\t\t\t\n\t\t\t\t\t\t\t\t\n\t\t\n\t\t<\/td>\n\t\n\t<\/tr>\n<\/tbody>\t\n\n<tbody>\n\t\n\t<tr class=\"gigpress-row active gigpress-tour\">\n\t\n\t\t<td class=\"gigpress-date\">10\/10\/22\t\t\t\t\t<\/td>\n\t\t\n\t\t\t<td class=\"gigpress-artist\">\n\t\t\tVoici Maria Cannelloni !\t\t<\/td>\n\t\t\n\t\t<td class=\"gigpress-city\">Val-Saint-C\u00f4me<\/td>\n\t\t\n\t\t<td class=\"gigpress-venue\"><a href=\"http:\/\/www.valsaintcome.com\/fr\">Festival des couleurs de Val Saint-C\u00f4me<\/a><\/td>\n\t\t\n\t\t\n\t<\/tr>\n\t\n\t<tr class=\"gigpress-info active gigpress-tour\">\n\t\n\t\t<td class=\"gigpress-links-cell\">\n\t\t\t\t\t<\/td>\n\t\t\n\t\t<td colspan=\"3\">\n\t\t\n\t\t\t\t\t\t\t<span class=\"gigpress-info-item\"><span class=\"gigpress-info-label\">Time:<\/span> 11:00am.<\/span>\n\t\t\t\t\t\t\n\t\t\t\t\t\t\n\t\t\t\t\t\t\n\t\t\t\t\t\t\n\t\t\t \n\t\t\t\t<span class=\"gigpress-info-item\"><span class=\"gigpress-info-label\">Address:<\/span> <a href=\"http:\/\/maps.google.com\/maps?&amp;q=501%2C+rue+Val-Saint-C%C3%B4me,Val-Saint-C%C3%B4me,J0K+2B0,CA\" class=\"gigpress-address\">501, rue Val-Saint-C\u00f4me<\/a>.<\/span>\n\t\t\t\t\t\t\n\t\t\t\t\t\t\t\n\t\t\t\n\t\t\t\t\t\t\n\t\t\t\t\t\t\n\t\t\t\n\t\t\t\t\t\t\t\t\n\t\t\n\t\t<\/td>\n\t\n\t<\/tr>\n<\/tbody>\t\n\n<tbody>\n\t\n\t<tr class=\"gigpress-row active gigpress-alt gigpress-divider\">\n\t\n\t\t<td class=\"gigpress-date\">10\/09\/22\t\t\t\t\t<\/td>\n\t\t\n\t\t\t<td class=\"gigpress-artist\">\n\t\t\tVoici Maria Cannelloni !\t\t<\/td>\n\t\t\n\t\t<td class=\"gigpress-city\">Val-Saint-C\u00f4me<\/td>\n\t\t\n\t\t<td class=\"gigpress-venue\"><a href=\"http:\/\/www.valsaintcome.com\/fr\">Festival des couleurs de Val Saint-C\u00f4me<\/a><\/td>\n\t\t\n\t\t\n\t<\/tr>\n\t\n\t<tr class=\"gigpress-info active gigpress-alt gigpress-divider\">\n\t\n\t\t<td class=\"gigpress-links-cell\">\n\t\t\t\t\t<\/td>\n\t\t\n\t\t<td colspan=\"3\">\n\t\t\n\t\t\t\t\t\t\t<span class=\"gigpress-info-item\"><span class=\"gigpress-info-label\">Time:<\/span> 11:00am.<\/span>\n\t\t\t\t\t\t\n\t\t\t\t\t\t\n\t\t\t\t\t\t\n\t\t\t\t\t\t\n\t\t\t \n\t\t\t\t<span class=\"gigpress-info-item\"><span class=\"gigpress-info-label\">Address:<\/span> <a href=\"http:\/\/maps.google.com\/maps?&amp;q=501%2C+rue+Val-Saint-C%C3%B4me,Val-Saint-C%C3%B4me,J0K+2B0,CA\" class=\"gigpress-address\">501, rue Val-Saint-C\u00f4me<\/a>.<\/span>\n\t\t\t\t\t\t\n\t\t\t\t\t\t\t\n\t\t\t\n\t\t\t\t\t\t\n\t\t\t\t\t\t\n\t\t\t\n\t\t\t\t\t\t\t\t\n\t\t\n\t\t<\/td>\n\t\n\t<\/tr>\n<\/tbody>\t\n\n<tbody>\n\t\n\t<tr class=\"gigpress-row active\">\n\t\n\t\t<td class=\"gigpress-date\">10\/09\/22\t\t\t\t\t<\/td>\n\t\t\n\t\t\t<td class=\"gigpress-artist\">\n\t\t\tMaria et Romano dans &#8220;La Raviolimanie&#8221;\t\t<\/td>\n\t\t\n\t\t<td class=\"gigpress-city\">La Prairie, Qu\u00e9bec<\/td>\n\t\t\n\t\t<td class=\"gigpress-venue\"><a href=\"http:\/\/spectaclleslaprairie.tuxedobillet.com\">Th\u00e9\u00e2tre du Vieux La Prairie<\/a><\/td>\n\t\t\n\t\t\n\t<\/tr>\n\t\n\t<tr class=\"gigpress-info active\">\n\t\n\t\t<td class=\"gigpress-links-cell\">\n\t\t\t\t\t<\/td>\n\t\t\n\t\t<td colspan=\"3\">\n\t\t\n\t\t\t\t\t\t\t<span class=\"gigpress-info-item\"><span class=\"gigpress-info-label\">Time:<\/span> 10:30am.<\/span>\n\t\t\t\t\t\t\n\t\t\t\t\t\t\n\t\t\t\t\t\t\n\t\t\t\t\t\t\n\t\t\t \n\t\t\t\t<span class=\"gigpress-info-item\"><span class=\"gigpress-info-label\">Address:<\/span> <a href=\"http:\/\/maps.google.com\/maps?&amp;q=247+rue+Sainte-Marie,La+Prairie,Qu%C3%A9bec,J5R+1G1,CA\" class=\"gigpress-address\">247 rue Sainte-Marie<\/a>.<\/span>\n\t\t\t\t\t\t\n\t\t\t\t\t\t\t<span class=\"gigpress-info-item\"><span class=\"gigpress-info-label\">Venue phone:<\/span> 450-444-6733.<\/span>\n\t\t\t\t\t\t\t\n\t\t\t\n\t\t\t\t\t\t\n\t\t\t\t\t\t\n\t\t\t\n\t\t\t\t\t\t\t\t\n\t\t\n\t\t<\/td>\n\t\n\t<\/tr>\n<\/tbody>\t\n\n<tbody>\n\t<tr>\n\t\t<th colspan=\"4\" class=\"gigpress-heading\">\n\t\t\tTour: Viens c\u00e9l\u00e9brer l&#8217;automne avec Maria \u00e0 Val-Saint-C\u00f4me\t\t<\/th>\n\t<\/tr>\t\n<\/tbody>\n\n<tbody>\n\t\n\t<tr class=\"gigpress-row active gigpress-alt gigpress-tour\">\n\t\n\t\t<td class=\"gigpress-date\">10\/08\/22\t\t\t\t\t<\/td>\n\t\t\n\t\t\t<td class=\"gigpress-artist\">\n\t\t\tVoici Maria Cannelloni !\t\t<\/td>\n\t\t\n\t\t<td class=\"gigpress-city\">Val-Saint-C\u00f4me<\/td>\n\t\t\n\t\t<td class=\"gigpress-venue\"><a href=\"http:\/\/www.valsaintcome.com\/fr\">Festival des couleurs de Val Saint-C\u00f4me<\/a><\/td>\n\t\t\n\t\t\n\t<\/tr>\n\t\n\t<tr class=\"gigpress-info active gigpress-alt gigpress-tour\">\n\t\n\t\t<td class=\"gigpress-links-cell\">\n\t\t\t\t\t<\/td>\n\t\t\n\t\t<td colspan=\"3\">\n\t\t\n\t\t\t\t\t\t\t<span class=\"gigpress-info-item\"><span class=\"gigpress-info-label\">Time:<\/span> 11:00am.<\/span>\n\t\t\t\t\t\t\n\t\t\t\t\t\t\n\t\t\t\t\t\t\n\t\t\t\t\t\t\n\t\t\t \n\t\t\t\t<span class=\"gigpress-info-item\"><span class=\"gigpress-info-label\">Address:<\/span> <a href=\"http:\/\/maps.google.com\/maps?&amp;q=501%2C+rue+Val-Saint-C%C3%B4me,Val-Saint-C%C3%B4me,J0K+2B0,CA\" class=\"gigpress-address\">501, rue Val-Saint-C\u00f4me<\/a>.<\/span>\n\t\t\t\t\t\t\n\t\t\t\t\t\t\t\n\t\t\t\n\t\t\t\t\t\t\n\t\t\t\t\t\t\n\t\t\t\n\t\t\t\t\t\t\t\t\n\t\t\n\t\t<\/td>\n\t\n\t<\/tr>\n<\/tbody>\t\n\n<tbody>\n\t\n\t<tr class=\"gigpress-row active gigpress-tour\">\n\t\n\t\t<td class=\"gigpress-date\">10\/02\/22\t\t\t\t\t<\/td>\n\t\t\n\t\t\t<td class=\"gigpress-artist\">\n\t\t\tVoici Maria Cannelloni !\t\t<\/td>\n\t\t\n\t\t<td class=\"gigpress-city\">Val-Saint-C\u00f4me<\/td>\n\t\t\n\t\t<td class=\"gigpress-venue\"><a href=\"http:\/\/www.valsaintcome.com\/fr\">Festival des couleurs de Val Saint-C\u00f4me<\/a><\/td>\n\t\t\n\t\t\n\t<\/tr>\n\t\n\t<tr class=\"gigpress-info active gigpress-tour\">\n\t\n\t\t<td class=\"gigpress-links-cell\">\n\t\t\t\t\t<\/td>\n\t\t\n\t\t<td colspan=\"3\">\n\t\t\n\t\t\t\t\t\t\t<span class=\"gigpress-info-item\"><span class=\"gigpress-info-label\">Time:<\/span> 11:00am.<\/span>\n\t\t\t\t\t\t\n\t\t\t\t\t\t\n\t\t\t\t\t\t\n\t\t\t\t\t\t\n\t\t\t \n\t\t\t\t<span class=\"gigpress-info-item\"><span class=\"gigpress-info-label\">Address:<\/span> <a href=\"http:\/\/maps.google.com\/maps?&amp;q=501%2C+rue+Val-Saint-C%C3%B4me,Val-Saint-C%C3%B4me,J0K+2B0,CA\" class=\"gigpress-address\">501, rue Val-Saint-C\u00f4me<\/a>.<\/span>\n\t\t\t\t\t\t\n\t\t\t\t\t\t\t\n\t\t\t\n\t\t\t\t\t\t\n\t\t\t\t\t\t\n\t\t\t\n\t\t\t\t\t\t\t\t\n\t\t\n\t\t<\/td>\n\t\n\t<\/tr>\n<\/tbody>\t\n\n<tbody>\n\t\n\t<tr class=\"gigpress-row active gigpress-alt gigpress-tour\">\n\t\n\t\t<td class=\"gigpress-date\">10\/01\/22\t\t\t\t\t<\/td>\n\t\t\n\t\t\t<td class=\"gigpress-artist\">\n\t\t\tVoici Maria Cannelloni !\t\t<\/td>\n\t\t\n\t\t<td class=\"gigpress-city\">Val-Saint-C\u00f4me<\/td>\n\t\t\n\t\t<td class=\"gigpress-venue\"><a href=\"http:\/\/www.valsaintcome.com\/fr\">Festival des couleurs de Val Saint-C\u00f4me<\/a><\/td>\n\t\t\n\t\t\n\t<\/tr>\n\t\n\t<tr class=\"gigpress-info active gigpress-alt gigpress-tour\">\n\t\n\t\t<td class=\"gigpress-links-cell\">\n\t\t\t\t\t<\/td>\n\t\t\n\t\t<td colspan=\"3\">\n\t\t\n\t\t\t\t\t\t\t<span class=\"gigpress-info-item\"><span class=\"gigpress-info-label\">Time:<\/span> 11:00am.<\/span>\n\t\t\t\t\t\t\n\t\t\t\t\t\t\n\t\t\t\t\t\t\n\t\t\t\t\t\t\n\t\t\t \n\t\t\t\t<span class=\"gigpress-info-item\"><span class=\"gigpress-info-label\">Address:<\/span> <a href=\"http:\/\/maps.google.com\/maps?&amp;q=501%2C+rue+Val-Saint-C%C3%B4me,Val-Saint-C%C3%B4me,J0K+2B0,CA\" class=\"gigpress-address\">501, rue Val-Saint-C\u00f4me<\/a>.<\/span>\n\t\t\t\t\t\t\n\t\t\t\t\t\t\t\n\t\t\t\n\t\t\t\t\t\t\n\t\t\t\t\t\t\n\t\t\t\n\t\t\t\t\t\t\t\t\n\t\t\n\t\t<\/td>\n\t\n\t<\/tr>\n<\/tbody>\t\n\n<tbody>\n\t\n\t<tr class=\"gigpress-row active gigpress-tour\">\n\t\n\t\t<td class=\"gigpress-date\">09\/25\/22\t\t\t\t\t<\/td>\n\t\t\n\t\t\t<td class=\"gigpress-artist\">\n\t\t\tVoici Maria Cannelloni !\t\t<\/td>\n\t\t\n\t\t<td class=\"gigpress-city\">Val-Saint-C\u00f4me<\/td>\n\t\t\n\t\t<td class=\"gigpress-venue\"><a href=\"http:\/\/www.valsaintcome.com\/fr\">Festival des couleurs de Val Saint-C\u00f4me<\/a><\/td>\n\t\t\n\t\t\n\t<\/tr>\n\t\n\t<tr class=\"gigpress-info active gigpress-tour\">\n\t\n\t\t<td class=\"gigpress-links-cell\">\n\t\t\t\t\t<\/td>\n\t\t\n\t\t<td colspan=\"3\">\n\t\t\n\t\t\t\t\t\t\t<span class=\"gigpress-info-item\"><span class=\"gigpress-info-label\">Time:<\/span> 11:00am.<\/span>\n\t\t\t\t\t\t\n\t\t\t\t\t\t\n\t\t\t\t\t\t\n\t\t\t\t\t\t\n\t\t\t \n\t\t\t\t<span class=\"gigpress-info-item\"><span class=\"gigpress-info-label\">Address:<\/span> <a href=\"http:\/\/maps.google.com\/maps?&amp;q=501%2C+rue+Val-Saint-C%C3%B4me,Val-Saint-C%C3%B4me,J0K+2B0,CA\" class=\"gigpress-address\">501, rue Val-Saint-C\u00f4me<\/a>.<\/span>\n\t\t\t\t\t\t\n\t\t\t\t\t\t\t\n\t\t\t\n\t\t\t\t\t\t\n\t\t\t\t\t\t\n\t\t\t\n\t\t\t\t\t\t\t\t\n\t\t\n\t\t<\/td>\n\t\n\t<\/tr>\n<\/tbody>\t\n\n<tbody>\n\t\n\t<tr class=\"gigpress-row active gigpress-alt gigpress-tour\">\n\t\n\t\t<td class=\"gigpress-date\">09\/24\/22\t\t\t\t\t<\/td>\n\t\t\n\t\t\t<td class=\"gigpress-artist\">\n\t\t\tVoici Maria Cannelloni !\t\t<\/td>\n\t\t\n\t\t<td class=\"gigpress-city\">Val-Saint-C\u00f4me<\/td>\n\t\t\n\t\t<td class=\"gigpress-venue\"><a href=\"http:\/\/www.valsaintcome.com\/fr\">Festival des couleurs de Val Saint-C\u00f4me<\/a><\/td>\n\t\t\n\t\t\n\t<\/tr>\n\t\n\t<tr class=\"gigpress-info active gigpress-alt gigpress-tour\">\n\t\n\t\t<td class=\"gigpress-links-cell\">\n\t\t\t\t\t<\/td>\n\t\t\n\t\t<td colspan=\"3\">\n\t\t\n\t\t\t\t\t\t\t<span class=\"gigpress-info-item\"><span class=\"gigpress-info-label\">Time:<\/span> 11:00am.<\/span>\n\t\t\t\t\t\t\n\t\t\t\t\t\t\n\t\t\t\t\t\t\n\t\t\t\t\t\t\n\t\t\t \n\t\t\t\t<span class=\"gigpress-info-item\"><span class=\"gigpress-info-label\">Address:<\/span> <a href=\"http:\/\/maps.google.com\/maps?&amp;q=501%2C+rue+Val-Saint-C%C3%B4me,Val-Saint-C%C3%B4me,J0K+2B0,CA\" class=\"gigpress-address\">501, rue Val-Saint-C\u00f4me<\/a>.<\/span>\n\t\t\t\t\t\t\n\t\t\t\t\t\t\t\n\t\t\t\n\t\t\t\t\t\t\n\t\t\t\t\t\t\n\t\t\t\n\t\t\t\t\t\t\t\t\n\t\t\n\t\t<\/td>\n\t\n\t<\/tr>\n<\/tbody>\t\n\n<tbody>\n\t\n\t<tr class=\"gigpress-row active gigpress-divider\">\n\t\n\t\t<td class=\"gigpress-date\">09\/04\/22\t\t\t\t\t<\/td>\n\t\t\n\t\t\t<td class=\"gigpress-artist\">\n\t\t\tMaria et Romano dans &#8220;La Raviolimanie&#8221;\t\t<\/td>\n\t\t\n\t\t<td class=\"gigpress-city\">Laval<\/td>\n\t\t\n\t\t<td class=\"gigpress-venue\"><a href=\"http:\/\/www.laval.ca\">Centre de la nature \/ La f\u00eate de la famille de Laval<\/a><\/td>\n\t\t\n\t\t\n\t<\/tr>\n\t\n\t<tr class=\"gigpress-info active gigpress-divider\">\n\t\n\t\t<td class=\"gigpress-links-cell\">\n\t\t\t\t\t<\/td>\n\t\t\n\t\t<td colspan=\"3\">\n\t\t\n\t\t\t\t\t\t\t<span class=\"gigpress-info-item\"><span class=\"gigpress-info-label\">Time:<\/span> 11:45am.<\/span>\n\t\t\t\t\t\t\n\t\t\t\t\t\t\n\t\t\t\t\t\t\n\t\t\t\t\t\t\n\t\t\t \n\t\t\t\t<span class=\"gigpress-info-item\"><span class=\"gigpress-info-label\">Address:<\/span> <a href=\"http:\/\/maps.google.com\/maps?&amp;q=901+avenue+du+Parc,Laval,H7E+2T7,CA\" class=\"gigpress-address\">901 avenue du Parc<\/a>.<\/span>\n\t\t\t\t\t\t\n\t\t\t\t\t\t\t\n\t\t\t\n\t\t\t\t\t\t\n\t\t\t\t\t\t\n\t\t\t\n\t\t\t\t\t\t\t\t\n\t\t\n\t\t<\/td>\n\t\n\t<\/tr>\n<\/tbody>\t\n\n<tbody>\n\t\n\t<tr class=\"gigpress-row active gigpress-alt\">\n\t\n\t\t<td class=\"gigpress-date\">08\/21\/22\t\t\t\t\t<\/td>\n\t\t\n\t\t\t<td class=\"gigpress-artist\">\n\t\t\tVoici Maria Cannelloni !\t\t<\/td>\n\t\t\n\t\t<td class=\"gigpress-city\">Kirkland<\/td>\n\t\t\n\t\t<td class=\"gigpress-venue\">Parc H\u00e9ritage<\/td>\n\t\t\n\t\t\n\t<\/tr>\n\t\n\t<tr class=\"gigpress-info active gigpress-alt\">\n\t\n\t\t<td class=\"gigpress-links-cell\">\n\t\t\t\t\t<\/td>\n\t\t\n\t\t<td colspan=\"3\">\n\t\t\n\t\t\t\t\t\t\t<span class=\"gigpress-info-item\"><span class=\"gigpress-info-label\">Time:<\/span> 11:00am.<\/span>\n\t\t\t\t\t\t\n\t\t\t\t\t\t\n\t\t\t\t\t\t\n\t\t\t\t\t\t\n\t\t\t \n\t\t\t\t<span class=\"gigpress-info-item\"><span class=\"gigpress-info-label\">Address:<\/span> <a href=\"http:\/\/maps.google.com\/maps?&amp;q=Chemin+Lanthier%2C+Kirkland,Kirkland,CA\" class=\"gigpress-address\">Chemin Lanthier, Kirkland<\/a>.<\/span>\n\t\t\t\t\t\t\n\t\t\t\t\t\t\t\n\t\t\t\n\t\t\t\t\t\t\n\t\t\t\t\t\t\n\t\t\t\n\t\t\t\t\t\t\t\t\n\t\t\n\t\t<\/td>\n\t\n\t<\/tr>\n<\/tbody>\t\n\n<tbody>\n\t<tr>\n\t\t<th colspan=\"4\" class=\"gigpress-heading\">\n\t\t\tTour: Maria Cannelloni en route vers Caraquet !\t\t<\/th>\n\t<\/tr>\t\n<\/tbody>\n\n<tbody>\n\t\n\t<tr class=\"gigpress-row active gigpress-tour\">\n\t\n\t\t<td class=\"gigpress-date\">08\/10\/22\t\t\t\t\t<\/td>\n\t\t\n\t\t\t<td class=\"gigpress-artist\">\n\t\t\tVoici Maria Cannelloni !\t\t<\/td>\n\t\t\n\t\t<td class=\"gigpress-city\">Caraquet, Nouveau-Brunswick<\/td>\n\t\t\n\t\t<td class=\"gigpress-venue\"><a href=\"http:\/\/www.centrevillecaraquet.com\">Sc\u00e8ne du Vieux Couvent<\/a><\/td>\n\t\t\n\t\t\n\t<\/tr>\n\t\n\t<tr class=\"gigpress-info active gigpress-tour\">\n\t\n\t\t<td class=\"gigpress-links-cell\">\n\t\t\t\t\t<\/td>\n\t\t\n\t\t<td colspan=\"3\">\n\t\t\n\t\t\t\t\t\t\t<span class=\"gigpress-info-item\"><span class=\"gigpress-info-label\">Time:<\/span> 6:00pm.<\/span>\n\t\t\t\t\t\t\n\t\t\t\t\t\t\n\t\t\t\t\t\t\n\t\t\t\t\t\t\n\t\t\t \n\t\t\t\t<span class=\"gigpress-info-item\"><span class=\"gigpress-info-label\">Address:<\/span> <a href=\"http:\/\/maps.google.com\/maps?&amp;q=213+boul+Saint-Pierre+O,Caraquet,Nouveau-Brunswick,E1W1A5,CA\" class=\"gigpress-address\">213 boul Saint-Pierre O<\/a>.<\/span>\n\t\t\t\t\t\t\n\t\t\t\t\t\t\t<span class=\"gigpress-info-item\"><span class=\"gigpress-info-label\">Venue phone:<\/span> 506-727-1597.<\/span>\n\t\t\t\t\t\t\t\n\t\t\t\n\t\t\t\t\t\t\n\t\t\t\t\t\t\n\t\t\t\n\t\t\t\t\t\t\t\t\n\t\t\n\t\t<\/td>\n\t\n\t<\/tr>\n<\/tbody>\t\n\n<tbody>\n\t\n\t<tr class=\"gigpress-row active gigpress-alt gigpress-tour\">\n\t\n\t\t<td class=\"gigpress-date\">08\/09\/22\t\t\t\t\t<\/td>\n\t\t\n\t\t\t<td class=\"gigpress-artist\">\n\t\t\tVoici Maria Cannelloni !\t\t<\/td>\n\t\t\n\t\t<td class=\"gigpress-city\">Rivi\u00e8re-du Loup<\/td>\n\t\t\n\t\t<td class=\"gigpress-venue\">Th\u00e9\u00e2tre de la Go\u00e9lette<\/td>\n\t\t\n\t\t\n\t<\/tr>\n\t\n\t<tr class=\"gigpress-info active gigpress-alt gigpress-tour\">\n\t\n\t\t<td class=\"gigpress-links-cell\">\n\t\t\t\t\t<\/td>\n\t\t\n\t\t<td colspan=\"3\">\n\t\t\n\t\t\t\t\t\t\t<span class=\"gigpress-info-item\"><span class=\"gigpress-info-label\">Time:<\/span> 7:00pm.<\/span>\n\t\t\t\t\t\t\n\t\t\t\t\t\t\n\t\t\t\t\t\t\n\t\t\t\t\t\t\n\t\t\t \n\t\t\t\t<span class=\"gigpress-info-item\"><span class=\"gigpress-info-label\">Address:<\/span> <a href=\"http:\/\/maps.google.com\/maps?&amp;q=67+rue+du+Rocher,Rivi%C3%A8re-du+Loup,CA\" class=\"gigpress-address\">67 rue du Rocher<\/a>.<\/span>\n\t\t\t\t\t\t\n\t\t\t\t\t\t\t\n\t\t\t\n\t\t\t\t\t\t\n\t\t\t\t\t\t\n\t\t\t\n\t\t\t\t\t\t\t\t\n\t\t\n\t\t<\/td>\n\t\n\t<\/tr>\n<\/tbody>\t\n\n<tbody>\n\t\n\t<tr class=\"gigpress-row active gigpress-tour\">\n\t\n\t\t<td class=\"gigpress-date\">08\/09\/22\t\t\t\t\t<\/td>\n\t\t\n\t\t\t<td class=\"gigpress-artist\">\n\t\t\tVoici Maria Cannelloni !\t\t<\/td>\n\t\t\n\t\t<td class=\"gigpress-city\">Mont-Joli, Qu\u00e9bec<\/td>\n\t\t\n\t\t<td class=\"gigpress-venue\"><a href=\"http:\/\/www.ville.mont-jolie.qc.ca\">Amphith\u00e9\u00e2tre Desjardins<\/a><\/td>\n\t\t\n\t\t\n\t<\/tr>\n\t\n\t<tr class=\"gigpress-info active gigpress-tour\">\n\t\n\t\t<td class=\"gigpress-links-cell\">\n\t\t\t\t\t<\/td>\n\t\t\n\t\t<td colspan=\"3\">\n\t\t\n\t\t\t\t\t\t\t<span class=\"gigpress-info-item\"><span class=\"gigpress-info-label\">Time:<\/span> 10:00am.<\/span>\n\t\t\t\t\t\t\n\t\t\t\t\t\t\n\t\t\t\t\t\t\n\t\t\t\t\t\t\n\t\t\t \n\t\t\t\t<span class=\"gigpress-info-item\"><span class=\"gigpress-info-label\">Address:<\/span> <a href=\"http:\/\/maps.google.com\/maps?&amp;q=275+avenue+Ross,Mont-Joli,Qu%C3%A9bec,G5H3M4,CA\" class=\"gigpress-address\">275 avenue Ross<\/a>.<\/span>\n\t\t\t\t\t\t\n\t\t\t\t\t\t\t\n\t\t\t\n\t\t\t\t\t\t\n\t\t\t\t\t\t\n\t\t\t\n\t\t\t\t\t\t\t\t\n\t\t\n\t\t<\/td>\n\t\n\t<\/tr>\n<\/tbody>\t\n\n<tbody>\n\t\n\t<tr class=\"gigpress-row active gigpress-alt gigpress-divider\">\n\t\n\t\t<td class=\"gigpress-date\">07\/28\/22\t\t\t\t\t<\/td>\n\t\t\n\t\t\t<td class=\"gigpress-artist\">\n\t\t\tVoici Maria Cannelloni !\t\t<\/td>\n\t\t\n\t\t<td class=\"gigpress-city\">St-Augustin de Desmaures<\/td>\n\t\t\n\t\t<td class=\"gigpress-venue\">Parc Le Bivouac<\/td>\n\t\t\n\t\t\n\t<\/tr>\n\t\n\t<tr class=\"gigpress-info active gigpress-alt gigpress-divider\">\n\t\n\t\t<td class=\"gigpress-links-cell\">\n\t\t\t\t\t<\/td>\n\t\t\n\t\t<td colspan=\"3\">\n\t\t\n\t\t\t\t\t\t\t<span class=\"gigpress-info-item\"><span class=\"gigpress-info-label\">Time:<\/span> 7:00pm.<\/span>\n\t\t\t\t\t\t\n\t\t\t\t\t\t\n\t\t\t\t\t\t\n\t\t\t\t\t\t\n\t\t\t \n\t\t\t\t<span class=\"gigpress-info-item\"><span class=\"gigpress-info-label\">Address:<\/span> <a href=\"http:\/\/maps.google.com\/maps?&amp;q=Rue+de+la+Riviera%2C+Marcel+Proust%2C+St-Augustin+de+Desmaures,St-Augustin+de+Desmaures,CA\" class=\"gigpress-address\">Rue de la Riviera, Marcel Proust, St-Augustin de Desmaures<\/a>.<\/span>\n\t\t\t\t\t\t\n\t\t\t\t\t\t\t\n\t\t\t\n\t\t\t\t\t\t\n\t\t\t\t\t\t\n\t\t\t\n\t\t\t\t\t\t\t\t\n\t\t\n\t\t<\/td>\n\t\n\t<\/tr>\n<\/tbody>\t\n\n<tbody>\n\t\n\t<tr class=\"gigpress-row active\">\n\t\n\t\t<td class=\"gigpress-date\">07\/28\/22\t\t\t\t\t<\/td>\n\t\t\n\t\t\t<td class=\"gigpress-artist\">\n\t\t\tVoici Maria Cannelloni !\t\t<\/td>\n\t\t\n\t\t<td class=\"gigpress-city\">St-Augustin de Desmaures<\/td>\n\t\t\n\t\t<td class=\"gigpress-venue\">Parc Le Bivouac<\/td>\n\t\t\n\t\t\n\t<\/tr>\n\t\n\t<tr class=\"gigpress-info active\">\n\t\n\t\t<td class=\"gigpress-links-cell\">\n\t\t\t\t\t<\/td>\n\t\t\n\t\t<td colspan=\"3\">\n\t\t\n\t\t\t\t\t\t\t<span class=\"gigpress-info-item\"><span class=\"gigpress-info-label\">Time:<\/span> 7:00pm.<\/span>\n\t\t\t\t\t\t\n\t\t\t\t\t\t\n\t\t\t\t\t\t\n\t\t\t\t\t\t\n\t\t\t \n\t\t\t\t<span class=\"gigpress-info-item\"><span class=\"gigpress-info-label\">Address:<\/span> <a href=\"http:\/\/maps.google.com\/maps?&amp;q=Rue+de+la+Riviera%2C+Marcel+Proust%2C+St-Augustin+de+Desmaures,St-Augustin+de+Desmaures,CA\" class=\"gigpress-address\">Rue de la Riviera, Marcel Proust, St-Augustin de Desmaures<\/a>.<\/span>\n\t\t\t\t\t\t\n\t\t\t\t\t\t\t\n\t\t\t\n\t\t\t\t\t\t\n\t\t\t\t\t\t\n\t\t\t\n\t\t\t\t\t\t\t\t\n\t\t\n\t\t<\/td>\n\t\n\t<\/tr>\n<\/tbody>\t\n\n<tbody>\n\t\n\t<tr class=\"gigpress-row active gigpress-alt\">\n\t\n\t\t<td class=\"gigpress-date\">07\/09\/22\t\t\t\t\t<\/td>\n\t\t\n\t\t\t<td class=\"gigpress-artist\">\n\t\t\tVoici Maria Cannelloni !\t\t<\/td>\n\t\t\n\t\t<td class=\"gigpress-city\">Qu\u00e9bec, Qu\u00e9bec<\/td>\n\t\t\n\t\t<td class=\"gigpress-venue\">Place \u00e9ph\u00e9m\u00e8re Racine<\/td>\n\t\t\n\t\t\n\t<\/tr>\n\t\n\t<tr class=\"gigpress-info active gigpress-alt\">\n\t\n\t\t<td class=\"gigpress-links-cell\">\n\t\t\t\t\t<\/td>\n\t\t\n\t\t<td colspan=\"3\">\n\t\t\n\t\t\t\t\t\t\t<span class=\"gigpress-info-item\"><span class=\"gigpress-info-label\">Time:<\/span> 3:00pm.<\/span>\n\t\t\t\t\t\t\n\t\t\t\t\t\t\n\t\t\t\t\t\t\n\t\t\t\t\t\t\n\t\t\t \n\t\t\t\t<span class=\"gigpress-info-item\"><span class=\"gigpress-info-label\">Address:<\/span> <a href=\"http:\/\/maps.google.com\/maps?&amp;q=305+rue+Racine,Qu%C3%A9bec,Qu%C3%A9bec,G2B1E7,CA\" class=\"gigpress-address\">305 rue Racine<\/a>.<\/span>\n\t\t\t\t\t\t\n\t\t\t\t\t\t\t\n\t\t\t\n\t\t\t\t\t\t\n\t\t\t\t\t\t\n\t\t\t\n\t\t\t\t\t\t\t\t\n\t\t\n\t\t<\/td>\n\t\n\t<\/tr>\n<\/tbody>\t\n\n<tbody>\n\t\n\t<tr class=\"gigpress-row active\">\n\t\n\t\t<td class=\"gigpress-date\">07\/09\/22\t\t\t\t\t<\/td>\n\t\t\n\t\t\t<td class=\"gigpress-artist\">\n\t\t\tVoici Maria Cannelloni !\t\t<\/td>\n\t\t\n\t\t<td class=\"gigpress-city\">Qu\u00e9bec, Qu\u00e9bec<\/td>\n\t\t\n\t\t<td class=\"gigpress-venue\">Place \u00e9ph\u00e9m\u00e8re Racine<\/td>\n\t\t\n\t\t\n\t<\/tr>\n\t\n\t<tr class=\"gigpress-info active\">\n\t\n\t\t<td class=\"gigpress-links-cell\">\n\t\t\t\t\t<\/td>\n\t\t\n\t\t<td colspan=\"3\">\n\t\t\n\t\t\t\t\t\t\t<span class=\"gigpress-info-item\"><span class=\"gigpress-info-label\">Time:<\/span> 3:00pm.<\/span>\n\t\t\t\t\t\t\n\t\t\t\t\t\t\n\t\t\t\t\t\t\n\t\t\t\t\t\t\n\t\t\t \n\t\t\t\t<span class=\"gigpress-info-item\"><span class=\"gigpress-info-label\">Address:<\/span> <a href=\"http:\/\/maps.google.com\/maps?&amp;q=305+rue+Racine,Qu%C3%A9bec,Qu%C3%A9bec,G2B1E7,CA\" class=\"gigpress-address\">305 rue Racine<\/a>.<\/span>\n\t\t\t\t\t\t\n\t\t\t\t\t\t\t\n\t\t\t\n\t\t\t\t\t\t\n\t\t\t\t\t\t\n\t\t\t\n\t\t\t\t\t\t\t\t\n\t\t\n\t\t<\/td>\n\t\n\t<\/tr>\n<\/tbody>\t\n\n<tbody>\n\t\n\t<tr class=\"gigpress-row active gigpress-alt\">\n\t\n\t\t<td class=\"gigpress-date\">06\/24\/22\t\t\t\t\t<\/td>\n\t\t\n\t\t\t<td class=\"gigpress-artist\">\n\t\t\tMaria en solo\t\t<\/td>\n\t\t\n\t\t<td class=\"gigpress-city\">La Tuque, Qu\u00e9bec<\/td>\n\t\t\n\t\t<td class=\"gigpress-venue\">La F\u00eate Nationale\/Sc\u00e8ne du Lac Saint-Louis<\/td>\n\t\t\n\t\t\n\t<\/tr>\n\t\n\t<tr class=\"gigpress-info active gigpress-alt\">\n\t\n\t\t<td class=\"gigpress-links-cell\">\n\t\t\t\t\t<\/td>\n\t\t\n\t\t<td colspan=\"3\">\n\t\t\n\t\t\t\t\t\t\t<span class=\"gigpress-info-item\"><span class=\"gigpress-info-label\">Time:<\/span> 3:00pm.<\/span>\n\t\t\t\t\t\t\n\t\t\t\t\t\t\n\t\t\t\t\t\t\n\t\t\t\t\t\t\n\t\t\t \n\t\t\t\t<span class=\"gigpress-info-item\"><span class=\"gigpress-info-label\">Address:<\/span> <a href=\"http:\/\/maps.google.com\/maps?&amp;q=425%2Crue+Scott,La+Tuque,Qu%C3%A9bec,G9X+2X1,CA\" class=\"gigpress-address\">425,rue Scott<\/a>.<\/span>\n\t\t\t\t\t\t\n\t\t\t\t\t\t\t\n\t\t\t\n\t\t\t\t\t\t\n\t\t\t\t\t\t\n\t\t\t\n\t\t\t\t\t\t\t\t\n\t\t\n\t\t<\/td>\n\t\n\t<\/tr>\n<\/tbody>\t\n\n<tbody>\n\t\n\t<tr class=\"gigpress-row active\">\n\t\n\t\t<td class=\"gigpress-date\">06\/23\/22\t\t\t\t\t<\/td>\n\t\t\n\t\t\t<td class=\"gigpress-artist\">\n\t\t\tMaria en solo\t\t<\/td>\n\t\t\n\t\t<td class=\"gigpress-city\">Qu\u00e9bec<\/td>\n\t\t\n\t\t<td class=\"gigpress-venue\">Fetival l&#8217;Outaouais en f\u00eate\/Parc des C\u00e8dres<\/td>\n\t\t\n\t\t\n\t<\/tr>\n\t\n\t<tr class=\"gigpress-info active\">\n\t\n\t\t<td class=\"gigpress-links-cell\">\n\t\t\t\t\t<\/td>\n\t\t\n\t\t<td colspan=\"3\">\n\t\t\n\t\t\t\t\t\t\t<span class=\"gigpress-info-item\"><span class=\"gigpress-info-label\">Time:<\/span> 5:00pm.<\/span>\n\t\t\t\t\t\t\n\t\t\t\t\t\t\n\t\t\t\t\t\t\n\t\t\t\t\t\t\n\t\t\t \n\t\t\t\t<span class=\"gigpress-info-item\"><span class=\"gigpress-info-label\">Address:<\/span> <a href=\"http:\/\/maps.google.com\/maps?&amp;q=15+rue+Raoul+Roy%2C+Gatineau,Qu%C3%A9bec,J9H+6J2,CA\" class=\"gigpress-address\">15 rue Raoul Roy, Gatineau<\/a>.<\/span>\n\t\t\t\t\t\t\n\t\t\t\t\t\t\t\n\t\t\t\n\t\t\t\t\t\t\n\t\t\t\t\t\t\n\t\t\t\n\t\t\t\t\t\t\t\t\n\t\t\n\t\t<\/td>\n\t\n\t<\/tr>\n<\/tbody>\t\n\n<tbody>\n\t<tr>\n\t\t<th colspan=\"4\" class=\"gigpress-heading\">\n\t\t\tTour: Maria Cannelloni \u00e0 Vancouver\t\t<\/th>\n\t<\/tr>\t\n<\/tbody>\n\n<tbody>\n\t\n\t<tr class=\"gigpress-row active gigpress-alt gigpress-tour\">\n\t\n\t\t<td class=\"gigpress-date\">06\/20\/22\t\t\t\t\t<\/td>\n\t\t\n\t\t\t<td class=\"gigpress-artist\">\n\t\t\tMaria en solo\t\t<\/td>\n\t\t\n\t\t<td class=\"gigpress-city\">Vancouver, Colombie-Britannique<\/td>\n\t\t\n\t\t<td class=\"gigpress-venue\">Th\u00e9\u00e2tre Norman Rothstein<\/td>\n\t\t\n\t\t\n\t<\/tr>\n\t\n\t<tr class=\"gigpress-info active gigpress-alt gigpress-tour\">\n\t\n\t\t<td class=\"gigpress-links-cell\">\n\t\t\t\t\t<\/td>\n\t\t\n\t\t<td colspan=\"3\">\n\t\t\n\t\t\t\t\t\t\t<span class=\"gigpress-info-item\"><span class=\"gigpress-info-label\">Time:<\/span> 10:00am.<\/span>\n\t\t\t\t\t\t\n\t\t\t\t\t\t\n\t\t\t\t\t\t\n\t\t\t\t\t\t\n\t\t\t \n\t\t\t\t<span class=\"gigpress-info-item\"><span class=\"gigpress-info-label\">Address:<\/span> <a href=\"http:\/\/maps.google.com\/maps?&amp;q=950+41e+avenue+ouest,Vancouver,Colombie-Britannique,CA\" class=\"gigpress-address\">950 41e avenue ouest<\/a>.<\/span>\n\t\t\t\t\t\t\n\t\t\t\t\t\t\t\n\t\t\t\n\t\t\t\t\t\t\n\t\t\t\t\t\t\n\t\t\t\n\t\t\t\t\t\t\t\t\n\t\t\n\t\t<\/td>\n\t\n\t<\/tr>\n<\/tbody>\t\n\n<tbody>\n\t\n\t<tr class=\"gigpress-row active gigpress-tour\">\n\t\n\t\t<td class=\"gigpress-date\">06\/18\/22\t\t\t\t\t<\/td>\n\t\t\n\t\t\t<td class=\"gigpress-artist\">\n\t\t\tMaria en solo\t\t<\/td>\n\t\t\n\t\t<td class=\"gigpress-city\">Vancouver, Colombie-Britannique<\/td>\n\t\t\n\t\t<td class=\"gigpress-venue\">Studio 16<\/td>\n\t\t\n\t\t\n\t<\/tr>\n\t\n\t<tr class=\"gigpress-info active gigpress-tour\">\n\t\n\t\t<td class=\"gigpress-links-cell\">\n\t\t\t\t\t<\/td>\n\t\t\n\t\t<td colspan=\"3\">\n\t\t\n\t\t\t\t\t\t\t<span class=\"gigpress-info-item\"><span class=\"gigpress-info-label\">Time:<\/span> 3:00pm.<\/span>\n\t\t\t\t\t\t\n\t\t\t\t\t\t\n\t\t\t\t\t\t\n\t\t\t\t\t\t\n\t\t\t \n\t\t\t\t<span class=\"gigpress-info-item\"><span class=\"gigpress-info-label\">Address:<\/span> <a href=\"http:\/\/maps.google.com\/maps?&amp;q=227-1555+7e+avenue+ouest,Vancouver,Colombie-Britannique,CA\" class=\"gigpress-address\">227-1555 7e avenue ouest<\/a>.<\/span>\n\t\t\t\t\t\t\n\t\t\t\t\t\t\t\n\t\t\t\n\t\t\t\t\t\t\n\t\t\t\t\t\t\n\t\t\t\n\t\t\t\t\t\t\t\t\n\t\t\n\t\t<\/td>\n\t\n\t<\/tr>\n<\/tbody>\t\n\n<tbody>\n\t\n\t<tr class=\"gigpress-row active gigpress-alt gigpress-tour\">\n\t\n\t\t<td class=\"gigpress-date\">06\/18\/22\t\t\t\t\t<\/td>\n\t\t\n\t\t\t<td class=\"gigpress-artist\">\n\t\t\tMaria en solo\t\t<\/td>\n\t\t\n\t\t<td class=\"gigpress-city\">Vancouver, Colombie-Britannique<\/td>\n\t\t\n\t\t<td class=\"gigpress-venue\">Studio 16<\/td>\n\t\t\n\t\t\n\t<\/tr>\n\t\n\t<tr class=\"gigpress-info active gigpress-alt gigpress-tour\">\n\t\n\t\t<td class=\"gigpress-links-cell\">\n\t\t\t\t\t<\/td>\n\t\t\n\t\t<td colspan=\"3\">\n\t\t\n\t\t\t\t\t\t\t<span class=\"gigpress-info-item\"><span class=\"gigpress-info-label\">Time:<\/span> 1:00pm.<\/span>\n\t\t\t\t\t\t\n\t\t\t\t\t\t\n\t\t\t\t\t\t\n\t\t\t\t\t\t\n\t\t\t \n\t\t\t\t<span class=\"gigpress-info-item\"><span class=\"gigpress-info-label\">Address:<\/span> <a href=\"http:\/\/maps.google.com\/maps?&amp;q=227-1555+7e+avenue+ouest,Vancouver,Colombie-Britannique,CA\" class=\"gigpress-address\">227-1555 7e avenue ouest<\/a>.<\/span>\n\t\t\t\t\t\t\n\t\t\t\t\t\t\t\n\t\t\t\n\t\t\t\t\t\t\n\t\t\t\t\t\t\t<span class=\"gigpress-info-item\"><a href=\"https:\/\/mariacannelloni.com\/maria-en-tournee-tout-lete\/\">Article associ\u00e9 <\/a><\/span> \n\t\t\t\t\t\t\n\t\t\t\n\t\t\t\t\t\t\t\t\n\t\t\n\t\t<\/td>\n\t\n\t<\/tr>\n<\/tbody>\t\n\n<tbody>\n\t<tr>\n\t\t<th colspan=\"4\" class=\"gigpress-heading\">\n\t\t\tTour: Maria Cannelloni en Gasp\u00e9sie\t\t<\/th>\n\t<\/tr>\t\n<\/tbody>\n\n<tbody>\n\t\n\t<tr class=\"gigpress-row active gigpress-tour\">\n\t\n\t\t<td class=\"gigpress-date\">03\/06\/20\t\t\t\t\t<\/td>\n\t\t\n\t\t\t<td class=\"gigpress-artist\">\n\t\t\tMaria en solo\t\t<\/td>\n\t\t\n\t\t<td class=\"gigpress-city\">Pasb\u00e9biac, Qu\u00e9bec<\/td>\n\t\t\n\t\t<td class=\"gigpress-venue\"><a href=\"http:\/\/www.centreculturel.villepaspebiac.ca\">Centre culturel Pasp\u00e9biac<\/a><\/td>\n\t\t\n\t\t\n\t<\/tr>\n\t\n\t<tr class=\"gigpress-info active gigpress-tour\">\n\t\n\t\t<td class=\"gigpress-links-cell\">\n\t\t\t\t\t<\/td>\n\t\t\n\t\t<td colspan=\"3\">\n\t\t\n\t\t\t\t\t\t\t<span class=\"gigpress-info-item\"><span class=\"gigpress-info-label\">Time:<\/span> 10:30am.<\/span>\n\t\t\t\t\t\t\n\t\t\t\t\t\t\n\t\t\t\t\t\t\n\t\t\t\t\t\t\n\t\t\t \n\t\t\t\t<span class=\"gigpress-info-item\"><span class=\"gigpress-info-label\">Address:<\/span> <a href=\"http:\/\/maps.google.com\/maps?&amp;q=7+boul.G%C3%A9rard-D+L%C3%A9vesque+Est,Pasb%C3%A9biac,Qu%C3%A9bec,G0C+2K0,CA\" class=\"gigpress-address\">7 boul.G\u00e9rard-D L\u00e9vesque Est<\/a>.<\/span>\n\t\t\t\t\t\t\n\t\t\t\t\t\t\t\n\t\t\t\n\t\t\t\t\t\t\n\t\t\t\t\t\t\n\t\t\t\n\t\t\t\t\t\t\t\t\n\t\t\n\t\t<\/td>\n\t\n\t<\/tr>\n<\/tbody>\t\n\n<tbody>\n\t\n\t<tr class=\"gigpress-row active gigpress-alt gigpress-tour\">\n\t\n\t\t<td class=\"gigpress-date\">03\/05\/20\t\t\t\t\t<\/td>\n\t\t\n\t\t\t<td class=\"gigpress-artist\">\n\t\t\tMaria en solo\t\t<\/td>\n\t\t\n\t\t<td class=\"gigpress-city\">Chandler, Qu\u00e9bec<\/td>\n\t\t\n\t\t<td class=\"gigpress-venue\"><a href=\"http:\/\/www.sapinart.net\">Salle Thomas Morissey<\/a><\/td>\n\t\t\n\t\t\n\t<\/tr>\n\t\n\t<tr class=\"gigpress-info active gigpress-alt gigpress-tour\">\n\t\n\t\t<td class=\"gigpress-links-cell\">\n\t\t\t\t\t<\/td>\n\t\t\n\t\t<td colspan=\"3\">\n\t\t\n\t\t\t\t\t\t\t<span class=\"gigpress-info-item\"><span class=\"gigpress-info-label\">Time:<\/span> 1:30pm.<\/span>\n\t\t\t\t\t\t\n\t\t\t\t\t\t\n\t\t\t\t\t\t\n\t\t\t\t\t\t\n\t\t\t \n\t\t\t\t<span class=\"gigpress-info-item\"><span class=\"gigpress-info-label\">Address:<\/span> <a href=\"http:\/\/maps.google.com\/maps?&amp;q=155+Mgr+Ross,Chandler,Qu%C3%A9bec,G0C1K0,CA\" class=\"gigpress-address\">155 Mgr Ross<\/a>.<\/span>\n\t\t\t\t\t\t\n\t\t\t\t\t\t\t\n\t\t\t\n\t\t\t\t\t\t\n\t\t\t\t\t\t\n\t\t\t\n\t\t\t\t\t\t\t\t\n\t\t\n\t\t<\/td>\n\t\n\t<\/tr>\n<\/tbody>\t\n\n<tbody>\n\t\n\t<tr class=\"gigpress-row active gigpress-tour\">\n\t\n\t\t<td class=\"gigpress-date\">03\/04\/20\t\t\t\t\t<\/td>\n\t\t\n\t\t\t<td class=\"gigpress-artist\">\n\t\t\tMaria en solo\t\t<\/td>\n\t\t\n\t\t<td class=\"gigpress-city\">Amqui, Qu\u00e9bec<\/td>\n\t\t\n\t\t<td class=\"gigpress-venue\"><a href=\"http:\/\/www.diffusionmordicus.ca\">Biblioth\u00e8que Madeleine Gagnon<\/a><\/td>\n\t\t\n\t\t\n\t<\/tr>\n\t\n\t<tr class=\"gigpress-info active gigpress-tour\">\n\t\n\t\t<td class=\"gigpress-links-cell\">\n\t\t\t\t\t<\/td>\n\t\t\n\t\t<td colspan=\"3\">\n\t\t\n\t\t\t\t\t\t\t<span class=\"gigpress-info-item\"><span class=\"gigpress-info-label\">Time:<\/span> 3:00pm.<\/span>\n\t\t\t\t\t\t\n\t\t\t\t\t\t\n\t\t\t\t\t\t\n\t\t\t\t\t\t\n\t\t\t \n\t\t\t\t<span class=\"gigpress-info-item\"><span class=\"gigpress-info-label\">Address:<\/span> <a href=\"http:\/\/maps.google.com\/maps?&amp;q=24+promenade+Marcel-Rioux,Amqui,Qu%C3%A9bec,G5J+3E1,CA\" class=\"gigpress-address\">24 promenade Marcel-Rioux<\/a>.<\/span>\n\t\t\t\t\t\t\n\t\t\t\t\t\t\t\n\t\t\t\n\t\t\t\t\t\t\n\t\t\t\t\t\t\n\t\t\t\n\t\t\t\t\t\t\t\t\n\t\t\n\t\t<\/td>\n\t\n\t<\/tr>\n<\/tbody>\t\n\n<tbody>\n\t\n\t<tr class=\"gigpress-row active gigpress-alt gigpress-divider\">\n\t\n\t\t<td class=\"gigpress-date\">02\/23\/20\t\t\t\t\t<\/td>\n\t\t\n\t\t\t<td class=\"gigpress-artist\">\n\t\t\tMaria dans ma Mini-Raviolimanie\t\t<\/td>\n\t\t\n\t\t<td class=\"gigpress-city\">Varennes<\/td>\n\t\t\n\t\t<td class=\"gigpress-venue\">La maison Saint-Louis<\/td>\n\t\t\n\t\t\n\t<\/tr>\n\t\n\t<tr class=\"gigpress-info active gigpress-alt gigpress-divider\">\n\t\n\t\t<td class=\"gigpress-links-cell\">\n\t\t\t\t\t<\/td>\n\t\t\n\t\t<td colspan=\"3\">\n\t\t\n\t\t\t\t\t\t\t<span class=\"gigpress-info-item\"><span class=\"gigpress-info-label\">Time:<\/span> 11:00am.<\/span>\n\t\t\t\t\t\t\n\t\t\t\t\t\t\n\t\t\t\t\t\t\n\t\t\t\t\t\t\n\t\t\t \n\t\t\t\t<span class=\"gigpress-info-item\"><span class=\"gigpress-info-label\">Address:<\/span> <a href=\"http:\/\/maps.google.com\/maps?&amp;q=35+rue+de+la+Fabrique,Varennes,J3X1R1,CA\" class=\"gigpress-address\">35 rue de la Fabrique<\/a>.<\/span>\n\t\t\t\t\t\t\n\t\t\t\t\t\t\t\n\t\t\t\n\t\t\t\t\t\t\t<span class=\"gigpress-info-item\">Les petits dimanches de la ville de Varennes<\/span>\n\t\t\t\t\t\t\n\t\t\t\t\t\t\n\t\t\t\n\t\t\t\t\t\t\t\t\n\t\t\n\t\t<\/td>\n\t\n\t<\/tr>\n<\/tbody>\t\n\n<tbody>\n\t\n\t<tr class=\"gigpress-row active\">\n\t\n\t\t<td class=\"gigpress-date\">02\/23\/20\t\t\t\t\t<\/td>\n\t\t\n\t\t\t<td class=\"gigpress-artist\">\n\t\t\tMaria dans ma Mini-Raviolimanie\t\t<\/td>\n\t\t\n\t\t<td class=\"gigpress-city\">Varennes<\/td>\n\t\t\n\t\t<td class=\"gigpress-venue\">La maison Saint-Louis<\/td>\n\t\t\n\t\t\n\t<\/tr>\n\t\n\t<tr class=\"gigpress-info active\">\n\t\n\t\t<td class=\"gigpress-links-cell\">\n\t\t\t\t\t<\/td>\n\t\t\n\t\t<td colspan=\"3\">\n\t\t\n\t\t\t\t\t\t\t<span class=\"gigpress-info-item\"><span class=\"gigpress-info-label\">Time:<\/span> 9:30am.<\/span>\n\t\t\t\t\t\t\n\t\t\t\t\t\t\n\t\t\t\t\t\t\n\t\t\t\t\t\t\n\t\t\t \n\t\t\t\t<span class=\"gigpress-info-item\"><span class=\"gigpress-info-label\">Address:<\/span> <a href=\"http:\/\/maps.google.com\/maps?&amp;q=35+rue+de+la+Fabrique,Varennes,J3X1R1,CA\" class=\"gigpress-address\">35 rue de la Fabrique<\/a>.<\/span>\n\t\t\t\t\t\t\n\t\t\t\t\t\t\t\n\t\t\t\n\t\t\t\t\t\t\t<span class=\"gigpress-info-item\">Les petits dimanches de la ville de Varennes<\/span>\n\t\t\t\t\t\t\n\t\t\t\t\t\t\n\t\t\t\n\t\t\t\t\t\t\t\t\n\t\t\n\t\t<\/td>\n\t\n\t<\/tr>\n<\/tbody>\t\n\n<tbody>\n\t\n\t<tr class=\"gigpress-row active gigpress-alt\">\n\t\n\t\t<td class=\"gigpress-date\">01\/19\/20\t\t\t\t\t<\/td>\n\t\t\n\t\t\t<td class=\"gigpress-artist\">\n\t\t\tMaria et Romano dans &#8220;La Raviolimanie&#8221;\t\t<\/td>\n\t\t\n\t\t<td class=\"gigpress-city\">Saint-Bruno-de-Montarville<\/td>\n\t\t\n\t\t<td class=\"gigpress-venue\">Centre Marcel Dulude<\/td>\n\t\t\n\t\t\n\t<\/tr>\n\t\n\t<tr class=\"gigpress-info active gigpress-alt\">\n\t\n\t\t<td class=\"gigpress-links-cell\">\n\t\t\t\t\t<\/td>\n\t\t\n\t\t<td colspan=\"3\">\n\t\t\n\t\t\t\t\t\t\t<span class=\"gigpress-info-item\"><span class=\"gigpress-info-label\">Time:<\/span> 1:30pm.<\/span>\n\t\t\t\t\t\t\n\t\t\t\t\t\t\n\t\t\t\t\t\t\n\t\t\t\t\t\t\n\t\t\t \n\t\t\t\t<span class=\"gigpress-info-item\"><span class=\"gigpress-info-label\">Address:<\/span> <a href=\"http:\/\/maps.google.com\/maps?&amp;q=539+boulevard+Clairevue+Ouest,Saint-Bruno-de-Montarville,CA\" class=\"gigpress-address\">539 boulevard Clairevue Ouest<\/a>.<\/span>\n\t\t\t\t\t\t\n\t\t\t\t\t\t\t\n\t\t\t\n\t\t\t\t\t\t\n\t\t\t\t\t\t\n\t\t\t\n\t\t\t\t\t\t\t\t\n\t\t\n\t\t<\/td>\n\t\n\t<\/tr>\n<\/tbody>\t\n\n<tbody>\n\t\n\t<tr class=\"gigpress-row active\">\n\t\n\t\t<td class=\"gigpress-date\">01\/18\/20\t\t\t\t\t<\/td>\n\t\t\n\t\t\t<td class=\"gigpress-artist\">\n\t\t\tMaria Cannelloni et le Macaroni Orchestra\t\t<\/td>\n\t\t\n\t\t<td class=\"gigpress-city\">Gatineau<\/td>\n\t\t\n\t\t<td class=\"gigpress-venue\">Port de plaisance d&#8217;Aylmer<\/td>\n\t\t\n\t\t\n\t<\/tr>\n\t\n\t<tr class=\"gigpress-info active\">\n\t\n\t\t<td class=\"gigpress-links-cell\">\n\t\t\t\t\t<\/td>\n\t\t\n\t\t<td colspan=\"3\">\n\t\t\n\t\t\t\t\t\t\t<span class=\"gigpress-info-item\"><span class=\"gigpress-info-label\">Time:<\/span> 2:30pm.<\/span>\n\t\t\t\t\t\t\n\t\t\t\t\t\t\n\t\t\t\t\t\t\n\t\t\t\t\t\t\n\t\t\t \n\t\t\t\t<span class=\"gigpress-info-item\"><span class=\"gigpress-info-label\">Address:<\/span> <a href=\"http:\/\/maps.google.com\/maps?&amp;q=1+rue+Front,Gatineau,CA\" class=\"gigpress-address\">1 rue Front<\/a>.<\/span>\n\t\t\t\t\t\t\n\t\t\t\t\t\t\t\n\t\t\t\n\t\t\t\t\t\t\n\t\t\t\t\t\t\n\t\t\t\n\t\t\t\t\t\t\t\t\n\t\t\n\t\t<\/td>\n\t\n\t<\/tr>\n<\/tbody>\t\n\n<tbody>\n\t\n\t<tr class=\"gigpress-row active gigpress-alt\">\n\t\n\t\t<td class=\"gigpress-date\">01\/18\/20\t\t\t\t\t<\/td>\n\t\t\n\t\t\t<td class=\"gigpress-artist\">\n\t\t\tMaria Cannelloni et le Macaroni Orchestra\t\t<\/td>\n\t\t\n\t\t<td class=\"gigpress-city\">Gatineau<\/td>\n\t\t\n\t\t<td class=\"gigpress-venue\">Port de plaisance d&#8217;Aylmer<\/td>\n\t\t\n\t\t\n\t<\/tr>\n\t\n\t<tr class=\"gigpress-info active gigpress-alt\">\n\t\n\t\t<td class=\"gigpress-links-cell\">\n\t\t\t\t\t<\/td>\n\t\t\n\t\t<td colspan=\"3\">\n\t\t\n\t\t\t\t\t\t\t<span class=\"gigpress-info-item\"><span class=\"gigpress-info-label\">Time:<\/span> 1:00pm.<\/span>\n\t\t\t\t\t\t\n\t\t\t\t\t\t\n\t\t\t\t\t\t\n\t\t\t\t\t\t\n\t\t\t \n\t\t\t\t<span class=\"gigpress-info-item\"><span class=\"gigpress-info-label\">Address:<\/span> <a href=\"http:\/\/maps.google.com\/maps?&amp;q=1+rue+Front,Gatineau,CA\" class=\"gigpress-address\">1 rue Front<\/a>.<\/span>\n\t\t\t\t\t\t\n\t\t\t\t\t\t\t\n\t\t\t\n\t\t\t\t\t\t\n\t\t\t\t\t\t\n\t\t\t\n\t\t\t\t\t\t\t\t\n\t\t\n\t\t<\/td>\n\t\n\t<\/tr>\n<\/tbody>\t\n\n<tbody>\n\t\n\t<tr class=\"gigpress-row active\">\n\t\n\t\t<td class=\"gigpress-date\">12\/15\/19\t\t\t\t\t<\/td>\n\t\t\n\t\t\t<td class=\"gigpress-artist\">\n\t\t\tMaria Cannelloni et le Tourne-f\u00eates\t\t<\/td>\n\t\t\n\t\t<td class=\"gigpress-city\">Montr\u00e9al<\/td>\n\t\t\n\t\t<td class=\"gigpress-venue\">Caf\u00e9 La Brass\u00e9e<\/td>\n\t\t\n\t\t\n\t<\/tr>\n\t\n\t<tr class=\"gigpress-info active\">\n\t\n\t\t<td class=\"gigpress-links-cell\">\n\t\t\t\t\t<\/td>\n\t\t\n\t\t<td colspan=\"3\">\n\t\t\n\t\t\t\t\t\t\t<span class=\"gigpress-info-item\"><span class=\"gigpress-info-label\">Time:<\/span> 11:00am.<\/span>\n\t\t\t\t\t\t\n\t\t\t\t\t\t\n\t\t\t\t\t\t\n\t\t\t\t\t\t\n\t\t\t \n\t\t\t\t<span class=\"gigpress-info-item\"><span class=\"gigpress-info-label\">Address:<\/span> <a href=\"http:\/\/maps.google.com\/maps?&amp;q=2522+rue+Beaubien+Est,Montr%C3%A9al,H1Y+1G2,CA\" class=\"gigpress-address\">2522 rue Beaubien Est<\/a>.<\/span>\n\t\t\t\t\t\t\n\t\t\t\t\t\t\t\n\t\t\t\n\t\t\t\t\t\t\t<span class=\"gigpress-info-item\">Lancement du Mini-Album de no\u00ebl &#8221; Le Tourne-F\u00eates&#8221; \r\nSurprises et sucreries pour tous :)<\/span>\n\t\t\t\t\t\t\n\t\t\t\t\t\t\n\t\t\t\n\t\t\t\t\t\t\t\t\n\t\t\n\t\t<\/td>\n\t\n\t<\/tr>\n<\/tbody>\t\n\n<tbody>\n\t\n\t<tr class=\"gigpress-row active gigpress-alt\">\n\t\n\t\t<td class=\"gigpress-date\">12\/14\/19\t\t\t\t\t<\/td>\n\t\t\n\t\t\t<td class=\"gigpress-artist\">\n\t\t\tMaria Cannelloni et le Tourne-f\u00eates\t\t<\/td>\n\t\t\n\t\t<td class=\"gigpress-city\">Sainte-Anne des Plaines<\/td>\n\t\t\n\t\t<td class=\"gigpress-venue\">Biblioth\u00e8que de Sainte-Anne des Plaines<\/td>\n\t\t\n\t\t\n\t<\/tr>\n\t\n\t<tr class=\"gigpress-info active gigpress-alt\">\n\t\n\t\t<td class=\"gigpress-links-cell\">\n\t\t\t\t\t<\/td>\n\t\t\n\t\t<td colspan=\"3\">\n\t\t\n\t\t\t\t\t\t\t<span class=\"gigpress-info-item\"><span class=\"gigpress-info-label\">Time:<\/span> 10:15am.<\/span>\n\t\t\t\t\t\t\n\t\t\t\t\t\t\n\t\t\t\t\t\t\n\t\t\t\t\t\t\n\t\t\t \n\t\t\t\t<span class=\"gigpress-info-item\"><span class=\"gigpress-info-label\">Address:<\/span> <a href=\"http:\/\/maps.google.com\/maps?&amp;q=155+rue+des+C%C3%A8dres,Sainte-Anne+des+Plaines,J0N+1H0,CA\" class=\"gigpress-address\">155 rue des C\u00e8dres<\/a>.<\/span>\n\t\t\t\t\t\t\n\t\t\t\t\t\t\t\n\t\t\t\n\t\t\t\t\t\t\n\t\t\t\t\t\t\n\t\t\t\n\t\t\t\t\t\t\t\t\n\t\t\n\t\t<\/td>\n\t\n\t<\/tr>\n<\/tbody>\t\n\n<tbody>\n\t\n\t<tr class=\"gigpress-row active\">\n\t\n\t\t<td class=\"gigpress-date\">12\/08\/19\t\t\t\t\t<\/td>\n\t\t\n\t\t\t<td class=\"gigpress-artist\">\n\t\t\tMaria Cannelloni et le Tourne-f\u00eates\t\t<\/td>\n\t\t\n\t\t<td class=\"gigpress-city\">Notre-Dame du Mont-Carmel<\/td>\n\t\t\n\t\t<td class=\"gigpress-venue\">Salle paroissiale \u00e0 Notre-Dame du Mont-Carmel<\/td>\n\t\t\n\t\t\n\t<\/tr>\n\t\n\t<tr class=\"gigpress-info active\">\n\t\n\t\t<td class=\"gigpress-links-cell\">\n\t\t\t\t\t<\/td>\n\t\t\n\t\t<td colspan=\"3\">\n\t\t\n\t\t\t\t\t\t\t<span class=\"gigpress-info-item\"><span class=\"gigpress-info-label\">Time:<\/span> 1:30pm.<\/span>\n\t\t\t\t\t\t\n\t\t\t\t\t\t\n\t\t\t\t\t\t\n\t\t\t\t\t\t\n\t\t\t\t\t\t\n\t\t\t\t\t\t\t\n\t\t\t\n\t\t\t\t\t\t\n\t\t\t\t\t\t\n\t\t\t\n\t\t\t\t\t\t\t\t\n\t\t\n\t\t<\/td>\n\t\n\t<\/tr>\n<\/tbody>\t\n\n<tbody>\n\t\n\t<tr class=\"gigpress-row active gigpress-alt\">\n\t\n\t\t<td class=\"gigpress-date\">12\/01\/19\t\t\t\t\t<\/td>\n\t\t\n\t\t\t<td class=\"gigpress-artist\">\n\t\t\tMaria Cannelloni et le Tourne-f\u00eates\t\t<\/td>\n\t\t\n\t\t<td class=\"gigpress-city\">Montr\u00e9al<\/td>\n\t\t\n\t\t<td class=\"gigpress-venue\"><a href=\"http:\/\/www.noeldansleparc.com\">Parc des compagnons<\/a><\/td>\n\t\t\n\t\t\n\t<\/tr>\n\t\n\t<tr class=\"gigpress-info active gigpress-alt\">\n\t\n\t\t<td class=\"gigpress-links-cell\">\n\t\t\t\t\t<\/td>\n\t\t\n\t\t<td colspan=\"3\">\n\t\t\n\t\t\t\t\t\t\t<span class=\"gigpress-info-item\"><span class=\"gigpress-info-label\">Time:<\/span> 1:30pm.<\/span>\n\t\t\t\t\t\t\n\t\t\t\t\t\t\n\t\t\t\t\t\t\n\t\t\t\t\t\t\n\t\t\t \n\t\t\t\t<span class=\"gigpress-info-item\"><span class=\"gigpress-info-label\">Address:<\/span> <a href=\"http:\/\/maps.google.com\/maps?&amp;q=Angle+Mont-Royal+et+Cartier,Montr%C3%A9al,CA\" class=\"gigpress-address\">Angle Mont-Royal et Cartier<\/a>.<\/span>\n\t\t\t\t\t\t\n\t\t\t\t\t\t\t\n\t\t\t\n\t\t\t\t\t\t\n\t\t\t\t\t\t\n\t\t\t\n\t\t\t\t\t\t\t\t\n\t\t\n\t\t<\/td>\n\t\n\t<\/tr>\n<\/tbody>\t\n\n<tbody>\n\t\n\t<tr class=\"gigpress-row active\">\n\t\n\t\t<td class=\"gigpress-date\">11\/17\/19\t\t\t\t\t<\/td>\n\t\t\n\t\t\t<td class=\"gigpress-artist\">\n\t\t\tMaria et Romano dans &#8220;La Raviolimanie&#8221;\t\t<\/td>\n\t\t\n\t\t<td class=\"gigpress-city\">St-Lazare<\/td>\n\t\t\n\t\t<td class=\"gigpress-venue\">Centre communautaire St-Lazare de Vaudreuil<\/td>\n\t\t\n\t\t\n\t<\/tr>\n\t\n\t<tr class=\"gigpress-info active\">\n\t\n\t\t<td class=\"gigpress-links-cell\">\n\t\t\t\t\t<\/td>\n\t\t\n\t\t<td colspan=\"3\">\n\t\t\n\t\t\t\t\t\t\t<span class=\"gigpress-info-item\"><span class=\"gigpress-info-label\">Time:<\/span> 1:30pm.<\/span>\n\t\t\t\t\t\t\n\t\t\t\t\t\t\n\t\t\t\t\t\t\n\t\t\t\t\t\t\n\t\t\t\t\t\t\n\t\t\t\t\t\t\t\n\t\t\t\n\t\t\t\t\t\t\n\t\t\t\t\t\t\n\t\t\t\n\t\t\t\t\t\t\t\t\n\t\t\n\t\t<\/td>\n\t\n\t<\/tr>\n<\/tbody>\t\n\n<tbody>\n\t\n\t<tr class=\"gigpress-row active gigpress-alt\">\n\t\n\t\t<td class=\"gigpress-date\">10\/26\/19\t\t\t\t\t<\/td>\n\t\t\n\t\t\t<td class=\"gigpress-artist\">\n\t\t\tMaria Cannelloni et le Macaroni Orchestra\t\t<\/td>\n\t\t\n\t\t<td class=\"gigpress-city\">La Pocati\u00e8re<\/td>\n\t\t\n\t\t<td class=\"gigpress-venue\">Salle Bernard-Turmel du Centre Bombardier<\/td>\n\t\t\n\t\t\n\t<\/tr>\n\t\n\t<tr class=\"gigpress-info active gigpress-alt\">\n\t\n\t\t<td class=\"gigpress-links-cell\">\n\t\t\t\t\t<\/td>\n\t\t\n\t\t<td colspan=\"3\">\n\t\t\n\t\t\t\t\t\t\t<span class=\"gigpress-info-item\"><span class=\"gigpress-info-label\">Time:<\/span> 2:00pm.<\/span>\n\t\t\t\t\t\t\n\t\t\t\t\t\t\n\t\t\t\t\t\t\n\t\t\t\t\t\t\n\t\t\t \n\t\t\t\t<span class=\"gigpress-info-item\"><span class=\"gigpress-info-label\">Address:<\/span> <a href=\"http:\/\/maps.google.com\/maps?&amp;q=600+9i%C3%A8me+rue,La+Pocati%C3%A8re,GOR+1ZO,CA\" class=\"gigpress-address\">600 9i\u00e8me rue<\/a>.<\/span>\n\t\t\t\t\t\t\n\t\t\t\t\t\t\t\n\t\t\t\n\t\t\t\t\t\t\t<span class=\"gigpress-info-item\">Halloween \u00e0 La Pocati\u00e8re<\/span>\n\t\t\t\t\t\t\n\t\t\t\t\t\t\n\t\t\t\n\t\t\t\t\t\t\t\t\n\t\t\n\t\t<\/td>\n\t\n\t<\/tr>\n<\/tbody>\t\n\n<tbody>\n\t\n\t<tr class=\"gigpress-row active\">\n\t\n\t\t<td class=\"gigpress-date\">08\/21\/19\t\t\t\t\t<\/td>\n\t\t\n\t\t\t<td class=\"gigpress-artist\">\n\t\t\tMaria dans ma Mini-Raviolimanie\t\t<\/td>\n\t\t\n\t\t<td class=\"gigpress-city\">Nominingue<\/td>\n\t\t\n\t\t<td class=\"gigpress-venue\">Municipalit\u00e9 de Nominingue<\/td>\n\t\t\n\t\t\n\t<\/tr>\n\t\n\t<tr class=\"gigpress-info active\">\n\t\n\t\t<td class=\"gigpress-links-cell\">\n\t\t\t\t\t<\/td>\n\t\t\n\t\t<td colspan=\"3\">\n\t\t\n\t\t\t\t\t\t\t<span class=\"gigpress-info-item\"><span class=\"gigpress-info-label\">Time:<\/span> 1:00pm.<\/span>\n\t\t\t\t\t\t\n\t\t\t\t\t\t\n\t\t\t\t\t\t\n\t\t\t\t\t\t\n\t\t\t \n\t\t\t\t<span class=\"gigpress-info-item\"><span class=\"gigpress-info-label\">Address:<\/span> <a href=\"http:\/\/maps.google.com\/maps?&amp;q=Salle+JA+Ardouin,Nominingue,CA\" class=\"gigpress-address\">Salle JA Ardouin<\/a>.<\/span>\n\t\t\t\t\t\t\n\t\t\t\t\t\t\t\n\t\t\t\n\t\t\t\t\t\t\t<span class=\"gigpress-info-item\">Heure du conte<\/span>\n\t\t\t\t\t\t\n\t\t\t\t\t\t\n\t\t\t\n\t\t\t\t\t\t\t\t\n\t\t\n\t\t<\/td>\n\t\n\t<\/tr>\n<\/tbody>\t\n\n<tbody>\n\t\n\t<tr class=\"gigpress-row active gigpress-alt\">\n\t\n\t\t<td class=\"gigpress-date\">07\/28\/19\t\t\t\t\t<\/td>\n\t\t\n\t\t\t<td class=\"gigpress-artist\">\n\t\t\tMaria Cannelloni et le Macaroni Orchestra\t\t<\/td>\n\t\t\n\t\t<td class=\"gigpress-city\">Saint-Jean-sur-Richelieu<\/td>\n\t\t\n\t\t<td class=\"gigpress-venue\">Place publique du Vieux Saint-Jean<\/td>\n\t\t\n\t\t\n\t<\/tr>\n\t\n\t<tr class=\"gigpress-info active gigpress-alt\">\n\t\n\t\t<td class=\"gigpress-links-cell\">\n\t\t\t\t\t<\/td>\n\t\t\n\t\t<td colspan=\"3\">\n\t\t\n\t\t\t\t\t\t\t<span class=\"gigpress-info-item\"><span class=\"gigpress-info-label\">Time:<\/span> 2:00pm.<\/span>\n\t\t\t\t\t\t\n\t\t\t\t\t\t\n\t\t\t\t\t\t\n\t\t\t\t\t\t\n\t\t\t \n\t\t\t\t<span class=\"gigpress-info-item\"><span class=\"gigpress-info-label\">Address:<\/span> <a href=\"http:\/\/maps.google.com\/maps?&amp;q=Angle+Saint-Jean+%C3%A0+Saint-Jean-sur-Richelieu,Saint-Jean-sur-Richelieu,CA\" class=\"gigpress-address\">Angle Saint-Jean \u00e0 Saint-Jean-sur-Richelieu<\/a>.<\/span>\n\t\t\t\t\t\t\n\t\t\t\t\t\t\t\n\t\t\t\n\t\t\t\t\t\t\n\t\t\t\t\t\t\n\t\t\t\n\t\t\t\t\t\t\t\t\n\t\t\n\t\t<\/td>\n\t\n\t<\/tr>\n<\/tbody>\t\n\n<tbody>\n\t\n\t<tr class=\"gigpress-row active\">\n\t\n\t\t<td class=\"gigpress-date\">07\/23\/19\t\t\t\t\t<\/td>\n\t\t\n\t\t\t<td class=\"gigpress-artist\">\n\t\t\tMaria en solo\t\t<\/td>\n\t\t\n\t\t<td class=\"gigpress-city\">Rivi\u00e8re-du Loup<\/td>\n\t\t\n\t\t<td class=\"gigpress-venue\">Th\u00e9\u00e2tre de la Go\u00e9lette<\/td>\n\t\t\n\t\t\n\t<\/tr>\n\t\n\t<tr class=\"gigpress-info active\">\n\t\n\t\t<td class=\"gigpress-links-cell\">\n\t\t\t\t\t<\/td>\n\t\t\n\t\t<td colspan=\"3\">\n\t\t\n\t\t\t\t\t\t\t<span class=\"gigpress-info-item\"><span class=\"gigpress-info-label\">Time:<\/span> 7:00pm.<\/span>\n\t\t\t\t\t\t\n\t\t\t\t\t\t\n\t\t\t\t\t\t\n\t\t\t\t\t\t\n\t\t\t \n\t\t\t\t<span class=\"gigpress-info-item\"><span class=\"gigpress-info-label\">Address:<\/span> <a href=\"http:\/\/maps.google.com\/maps?&amp;q=67+rue+du+Rocher,Rivi%C3%A8re-du+Loup,CA\" class=\"gigpress-address\">67 rue du Rocher<\/a>.<\/span>\n\t\t\t\t\t\t\n\t\t\t\t\t\t\t\n\t\t\t\n\t\t\t\t\t\t\t<span class=\"gigpress-info-item\">\u00c9v\u00e9nement Mardis en famille<\/span>\n\t\t\t\t\t\t\n\t\t\t\t\t\t\n\t\t\t\n\t\t\t\t\t\t\t\t\n\t\t\n\t\t<\/td>\n\t\n\t<\/tr>\n<\/tbody>\t\n\n<tbody>\n\t\n\t<tr class=\"gigpress-row active gigpress-alt\">\n\t\n\t\t<td class=\"gigpress-date\">07\/23\/19\t\t\t\t\t<\/td>\n\t\t\n\t\t\t<td class=\"gigpress-artist\">\n\t\t\tMaria en solo\t\t<\/td>\n\t\t\n\t\t<td class=\"gigpress-city\">Mont-Joli, Qu\u00e9bec<\/td>\n\t\t\n\t\t<td class=\"gigpress-venue\">La sc\u00e8ne BSL<\/td>\n\t\t\n\t\t\n\t<\/tr>\n\t\n\t<tr class=\"gigpress-info active gigpress-alt\">\n\t\n\t\t<td class=\"gigpress-links-cell\">\n\t\t\t\t\t<\/td>\n\t\t\n\t\t<td colspan=\"3\">\n\t\t\n\t\t\t\t\t\t\t<span class=\"gigpress-info-item\"><span class=\"gigpress-info-label\">Time:<\/span> 10:00am.<\/span>\n\t\t\t\t\t\t\n\t\t\t\t\t\t\n\t\t\t\t\t\t\n\t\t\t\t\t\t\n\t\t\t \n\t\t\t\t<span class=\"gigpress-info-item\"><span class=\"gigpress-info-label\">Address:<\/span> <a href=\"http:\/\/maps.google.com\/maps?&amp;q=1588+Jacques+Cartier,Mont-Joli,Qu%C3%A9bec,CA\" class=\"gigpress-address\">1588 Jacques Cartier<\/a>.<\/span>\n\t\t\t\t\t\t\n\t\t\t\t\t\t\t\n\t\t\t\n\t\t\t\t\t\t\n\t\t\t\t\t\t\n\t\t\t\n\t\t\t\t\t\t\t\t\n\t\t\n\t\t<\/td>\n\t\n\t<\/tr>\n<\/tbody>\t\n\n<tbody>\n\t\n\t<tr class=\"gigpress-row active\">\n\t\n\t\t<td class=\"gigpress-date\">07\/22\/19\t\t\t\t\t<\/td>\n\t\t\n\t\t\t<td class=\"gigpress-artist\">\n\t\t\tMaria en solo\t\t<\/td>\n\t\t\n\t\t<td class=\"gigpress-city\">Rimouski<\/td>\n\t\t\n\t\t<td class=\"gigpress-venue\">Ville de Rimouski<\/td>\n\t\t\n\t\t\n\t<\/tr>\n\t\n\t<tr class=\"gigpress-info active\">\n\t\n\t\t<td class=\"gigpress-links-cell\">\n\t\t\t\t\t<\/td>\n\t\t\n\t\t<td colspan=\"3\">\n\t\t\n\t\t\t\t\t\t\t<span class=\"gigpress-info-item\"><span class=\"gigpress-info-label\">Time:<\/span> 7:00pm.<\/span>\n\t\t\t\t\t\t\n\t\t\t\t\t\t\n\t\t\t\t\t\t\n\t\t\t\t\t\t\n\t\t\t \n\t\t\t\t<span class=\"gigpress-info-item\"><span class=\"gigpress-info-label\">Address:<\/span> <a href=\"http:\/\/maps.google.com\/maps?&amp;q=Agora+du+Parc+Beaus%C3%A9jour%2C+400+boul+de+la+Rivi%C3%A8re,Rimouski,CA\" class=\"gigpress-address\">Agora du Parc Beaus\u00e9jour, 400 boul de la Rivi\u00e8re<\/a>.<\/span>\n\t\t\t\t\t\t\n\t\t\t\t\t\t\t\n\t\t\t\n\t\t\t\t\t\t\t<span class=\"gigpress-info-item\">Les rendez-vous culturels de Granby<\/span>\n\t\t\t\t\t\t\n\t\t\t\t\t\t\n\t\t\t\n\t\t\t\t\t\t\t\t\n\t\t\n\t\t<\/td>\n\t\n\t<\/tr>\n<\/tbody>\t\n\n<tbody>\n\t\n\t<tr class=\"gigpress-row active gigpress-alt\">\n\t\n\t\t<td class=\"gigpress-date\">07\/22\/19\t\t\t\t\t<\/td>\n\t\t\n\t\t\t<td class=\"gigpress-artist\">\n\t\t\tMaria en solo\t\t<\/td>\n\t\t\n\t\t<td class=\"gigpress-city\">Montmagny<\/td>\n\t\t\n\t\t<td class=\"gigpress-venue\">Place Montel<\/td>\n\t\t\n\t\t\n\t<\/tr>\n\t\n\t<tr class=\"gigpress-info active gigpress-alt\">\n\t\n\t\t<td class=\"gigpress-links-cell\">\n\t\t\t\t\t<\/td>\n\t\t\n\t\t<td colspan=\"3\">\n\t\t\n\t\t\t\t\t\t\t<span class=\"gigpress-info-item\"><span class=\"gigpress-info-label\">Time:<\/span> 1:00pm.<\/span>\n\t\t\t\t\t\t\n\t\t\t\t\t\t\n\t\t\t\t\t\t\n\t\t\t\t\t\t\n\t\t\t \n\t\t\t\t<span class=\"gigpress-info-item\"><span class=\"gigpress-info-label\">Address:<\/span> <a href=\"http:\/\/maps.google.com\/maps?&amp;q=101-A%2C+avenue+Sainte-Julie,Montmagny,CA\" class=\"gigpress-address\">101-A, avenue Sainte-Julie<\/a>.<\/span>\n\t\t\t\t\t\t\n\t\t\t\t\t\t\t\n\t\t\t\n\t\t\t\t\t\t\n\t\t\t\t\t\t\n\t\t\t\n\t\t\t\t\t\t\t\t\n\t\t\n\t\t<\/td>\n\t\n\t<\/tr>\n<\/tbody>\t\n\n<tbody>\n\t\n\t<tr class=\"gigpress-row active\">\n\t\n\t\t<td class=\"gigpress-date\">07\/21\/19\t\t\t\t\t<\/td>\n\t\t\n\t\t\t<td class=\"gigpress-artist\">\n\t\t\tMaria Cannelloni et le Macaroni Orchestra\t\t<\/td>\n\t\t\n\t\t<td class=\"gigpress-city\">Tremblant, Qu\u00e9bec<\/td>\n\t\t\n\t\t<td class=\"gigpress-venue\"><a href=\"https:\/\/www.tremblant.ca\/things-to-do\/events\/les-rythmes-tremblant\">Promenade Deslauriers<\/a><\/td>\n\t\t\n\t\t\n\t<\/tr>\n\t\n\t<tr class=\"gigpress-info active\">\n\t\n\t\t<td class=\"gigpress-links-cell\">\n\t\t\t\t\t<\/td>\n\t\t\n\t\t<td colspan=\"3\">\n\t\t\n\t\t\t\t\t\t\t<span class=\"gigpress-info-item\"><span class=\"gigpress-info-label\">Time:<\/span> 3:30pm.<\/span>\n\t\t\t\t\t\t\n\t\t\t\t\t\t\n\t\t\t\t\t\t\n\t\t\t\t\t\t\n\t\t\t \n\t\t\t\t<span class=\"gigpress-info-item\"><span class=\"gigpress-info-label\">Address:<\/span> <a href=\"http:\/\/maps.google.com\/maps?&amp;q=1000+chemin+des+Voyageurs,Tremblant,Qu%C3%A9bec,J8T+1T1,CA\" class=\"gigpress-address\">1000 chemin des Voyageurs<\/a>.<\/span>\n\t\t\t\t\t\t\n\t\t\t\t\t\t\t\n\t\t\t\n\t\t\t\t\t\t\n\t\t\t\t\t\t\n\t\t\t\n\t\t\t\t\t\t\t\t\n\t\t\n\t\t<\/td>\n\t\n\t<\/tr>\n<\/tbody>\t\n\n<tbody>\n\t\n\t<tr class=\"gigpress-row active gigpress-alt\">\n\t\n\t\t<td class=\"gigpress-date\">07\/11\/19\t\t\t\t\t<\/td>\n\t\t\n\t\t\t<td class=\"gigpress-artist\">\n\t\t\tMaria en solo\t\t<\/td>\n\t\t\n\t\t<td class=\"gigpress-city\">Notre-Dame de l&#8217;\u00eele Perrot<\/td>\n\t\t\n\t\t<td class=\"gigpress-venue\">Ville de Notre-Dame de l&#8217;\u00eele Perrot<\/td>\n\t\t\n\t\t\n\t<\/tr>\n\t\n\t<tr class=\"gigpress-info active gigpress-alt\">\n\t\n\t\t<td class=\"gigpress-links-cell\">\n\t\t\t\t\t<\/td>\n\t\t\n\t\t<td colspan=\"3\">\n\t\t\n\t\t\t\t\t\t\t<span class=\"gigpress-info-item\"><span class=\"gigpress-info-label\">Time:<\/span> 7:00pm.<\/span>\n\t\t\t\t\t\t\n\t\t\t\t\t\t\n\t\t\t\t\t\t\n\t\t\t\t\t\t\n\t\t\t \n\t\t\t\t<span class=\"gigpress-info-item\"><span class=\"gigpress-info-label\">Address:<\/span> <a href=\"http:\/\/maps.google.com\/maps?&amp;q=Parc+des+%C3%89perviers%2C+89+rue+Riverlaine,Notre-Dame+de+l%27%C3%AEle+Perrot,CA\" class=\"gigpress-address\">Parc des \u00c9perviers, 89 rue Riverlaine<\/a>.<\/span>\n\t\t\t\t\t\t\n\t\t\t\t\t\t\t\n\t\t\t\n\t\t\t\t\t\t\t<span class=\"gigpress-info-item\">\u00c9v\u00e9nement Pique-Nique en spectcale<\/span>\n\t\t\t\t\t\t\n\t\t\t\t\t\t\n\t\t\t\n\t\t\t\t\t\t\t\t\n\t\t\n\t\t<\/td>\n\t\n\t<\/tr>\n<\/tbody>\t\n\n<tbody>\n\t\n\t<tr class=\"gigpress-row active\">\n\t\n\t\t<td class=\"gigpress-date\">07\/10\/19\t\t\t\t\t<\/td>\n\t\t\n\t\t\t<td class=\"gigpress-artist\">\n\t\t\tMaria en solo\t\t<\/td>\n\t\t\n\t\t<td class=\"gigpress-city\">Sainte-Julienne<\/td>\n\t\t\n\t\t<td class=\"gigpress-venue\">Municipalit\u00e9 de Sainte-Julienne<\/td>\n\t\t\n\t\t\n\t<\/tr>\n\t\n\t<tr class=\"gigpress-info active\">\n\t\n\t\t<td class=\"gigpress-links-cell\">\n\t\t\t\t\t<\/td>\n\t\t\n\t\t<td colspan=\"3\">\n\t\t\n\t\t\t\t\t\t\t<span class=\"gigpress-info-item\"><span class=\"gigpress-info-label\">Time:<\/span> 7:00pm.<\/span>\n\t\t\t\t\t\t\n\t\t\t\t\t\t\n\t\t\t\t\t\t\n\t\t\t\t\t\t\n\t\t\t \n\t\t\t\t<span class=\"gigpress-info-item\"><span class=\"gigpress-info-label\">Address:<\/span> <a href=\"http:\/\/maps.google.com\/maps?&amp;q=Parc+Lionel+Ricard,Sainte-Julienne,CA\" class=\"gigpress-address\">Parc Lionel Ricard<\/a>.<\/span>\n\t\t\t\t\t\t\n\t\t\t\t\t\t\t\n\t\t\t\n\t\t\t\t\t\t\n\t\t\t\t\t\t\n\t\t\t\n\t\t\t\t\t\t\t\t\n\t\t\n\t\t<\/td>\n\t\n\t<\/tr>\n<\/tbody>\t\n\n<tbody>\n\t\n\t<tr class=\"gigpress-row active gigpress-alt\">\n\t\n\t\t<td class=\"gigpress-date\">07\/03\/19\t\t\t\t\t<\/td>\n\t\t\n\t\t\t<td class=\"gigpress-artist\">\n\t\t\tMaria et Romano dans &#8220;La Raviolimanie&#8221;\t\t<\/td>\n\t\t\n\t\t<td class=\"gigpress-city\">Rigaud<\/td>\n\t\t\n\t\t<td class=\"gigpress-venue\">Ville de Rigaud<\/td>\n\t\t\n\t\t\n\t<\/tr>\n\t\n\t<tr class=\"gigpress-info active gigpress-alt\">\n\t\n\t\t<td class=\"gigpress-links-cell\">\n\t\t\t\t\t<\/td>\n\t\t\n\t\t<td colspan=\"3\">\n\t\t\n\t\t\t\t\t\t\t<span class=\"gigpress-info-item\"><span class=\"gigpress-info-label\">Time:<\/span> 7:30pm.<\/span>\n\t\t\t\t\t\t\n\t\t\t\t\t\t\n\t\t\t\t\t\t\n\t\t\t\t\t\t\n\t\t\t \n\t\t\t\t<span class=\"gigpress-info-item\"><span class=\"gigpress-info-label\">Address:<\/span> <a href=\"http:\/\/maps.google.com\/maps?&amp;q=Parc+Charles+de+Lotbini%C3%A8re%2C+5+rue+Pag%C3%A9,Rigaud,CA\" class=\"gigpress-address\">Parc Charles de Lotbini\u00e8re, 5 rue Pag\u00e9<\/a>.<\/span>\n\t\t\t\t\t\t\n\t\t\t\t\t\t\t\n\t\t\t\n\t\t\t\t\t\t\t<span class=\"gigpress-info-item\">\u00c9v\u00e9nement \u00c9t\u00e9 Show<\/span>\n\t\t\t\t\t\t\n\t\t\t\t\t\t\n\t\t\t\n\t\t\t\t\t\t\t\t\n\t\t\n\t\t<\/td>\n\t\n\t<\/tr>\n<\/tbody>\t\n\n<tbody>\n\t\n\t<tr class=\"gigpress-row active\">\n\t\n\t\t<td class=\"gigpress-date\">07\/01\/19\t\t\t\t\t<\/td>\n\t\t\n\t\t\t<td class=\"gigpress-artist\">\n\t\t\tMaria Cannelloni et le Macaroni Orchestra\t\t<\/td>\n\t\t\n\t\t<td class=\"gigpress-city\">Rawdon<\/td>\n\t\t\n\t\t<td class=\"gigpress-venue\">Municipalit\u00e9 de Rawdon<\/td>\n\t\t\n\t\t\n\t<\/tr>\n\t\n\t<tr class=\"gigpress-info active\">\n\t\n\t\t<td class=\"gigpress-links-cell\">\n\t\t\t\t\t<\/td>\n\t\t\n\t\t<td colspan=\"3\">\n\t\t\n\t\t\t\t\t\t\t<span class=\"gigpress-info-item\"><span class=\"gigpress-info-label\">Time:<\/span> 5:00pm.<\/span>\n\t\t\t\t\t\t\n\t\t\t\t\t\t\n\t\t\t\t\t\t\n\t\t\t\t\t\t\n\t\t\t \n\t\t\t\t<span class=\"gigpress-info-item\"><span class=\"gigpress-info-label\">Address:<\/span> <a href=\"http:\/\/maps.google.com\/maps?&amp;q=3713+rue+Queen,Rawdon,CA\" class=\"gigpress-address\">3713 rue Queen<\/a>.<\/span>\n\t\t\t\t\t\t\n\t\t\t\t\t\t\t\n\t\t\t\n\t\t\t\t\t\t\t<span class=\"gigpress-info-item\">La f\u00eate du Canada<\/span>\n\t\t\t\t\t\t\n\t\t\t\t\t\t\n\t\t\t\n\t\t\t\t\t\t\t\t\n\t\t\n\t\t<\/td>\n\t\n\t<\/tr>\n<\/tbody>\t\n\n<tbody>\n\t\n\t<tr class=\"gigpress-row active gigpress-alt\">\n\t\n\t\t<td class=\"gigpress-date\">07\/01\/19\t\t\t\t\t<\/td>\n\t\t\n\t\t\t<td class=\"gigpress-artist\">\n\t\t\tMaria en solo\t\t<\/td>\n\t\t\n\t\t<td class=\"gigpress-city\">La Malbaie<\/td>\n\t\t\n\t\t<td class=\"gigpress-venue\">Ville de La Malbaie<\/td>\n\t\t\n\t\t\n\t<\/tr>\n\t\n\t<tr class=\"gigpress-info active gigpress-alt\">\n\t\n\t\t<td class=\"gigpress-links-cell\">\n\t\t\t\t\t<\/td>\n\t\t\n\t\t<td colspan=\"3\">\n\t\t\n\t\t\t\t\t\t\t<span class=\"gigpress-info-item\"><span class=\"gigpress-info-label\">Time:<\/span> 5:00pm.<\/span>\n\t\t\t\t\t\t\n\t\t\t\t\t\t\n\t\t\t\t\t\t\n\t\t\t\t\t\t\n\t\t\t\t\t\t\n\t\t\t\t\t\t\t\n\t\t\t\n\t\t\t\t\t\t\t<span class=\"gigpress-info-item\">La f\u00eate du Canada<\/span>\n\t\t\t\t\t\t\n\t\t\t\t\t\t\n\t\t\t\n\t\t\t\t\t\t\t\t\n\t\t\n\t\t<\/td>\n\t\n\t<\/tr>\n<\/tbody>\t\n\n<tbody>\n\t\n\t<tr class=\"gigpress-row active\">\n\t\n\t\t<td class=\"gigpress-date\">06\/30\/19\t\t\t\t\t<\/td>\n\t\t\n\t\t\t<td class=\"gigpress-artist\">\n\t\t\tMaria et Romano dans &#8220;La Raviolimanie&#8221;\t\t<\/td>\n\t\t\n\t\t<td class=\"gigpress-city\">Sainte-Ad\u00e8le<\/td>\n\t\t\n\t\t<td class=\"gigpress-venue\">Parc Claude Henri Grignon<\/td>\n\t\t\n\t\t\n\t<\/tr>\n\t\n\t<tr class=\"gigpress-info active\">\n\t\n\t\t<td class=\"gigpress-links-cell\">\n\t\t\t\t\t<\/td>\n\t\t\n\t\t<td colspan=\"3\">\n\t\t\n\t\t\t\t\t\t\t<span class=\"gigpress-info-item\"><span class=\"gigpress-info-label\">Time:<\/span> 11:00am.<\/span>\n\t\t\t\t\t\t\n\t\t\t\t\t\t\n\t\t\t\t\t\t\n\t\t\t\t\t\t\n\t\t\t \n\t\t\t\t<span class=\"gigpress-info-item\"><span class=\"gigpress-info-label\">Address:<\/span> <a href=\"http:\/\/maps.google.com\/maps?&amp;q=999+boulevard+de+Sainte-Ad%C3%A8le,Sainte-Ad%C3%A8le,CA\" class=\"gigpress-address\">999 boulevard de Sainte-Ad\u00e8le<\/a>.<\/span>\n\t\t\t\t\t\t\n\t\t\t\t\t\t\t\n\t\t\t\n\t\t\t\t\t\t\n\t\t\t\t\t\t\n\t\t\t\n\t\t\t\t\t\t\t\t\n\t\t\n\t\t<\/td>\n\t\n\t<\/tr>\n<\/tbody>\t\n\n<tbody>\n\t\n\t<tr class=\"gigpress-row active gigpress-alt\">\n\t\n\t\t<td class=\"gigpress-date\">06\/24\/19\t\t\t\t\t<\/td>\n\t\t\n\t\t\t<td class=\"gigpress-artist\">\n\t\t\tMaria Cannelloni et le Macaroni Orchestra\t\t<\/td>\n\t\t\n\t\t<td class=\"gigpress-city\">Mercier<\/td>\n\t\t\n\t\t<td class=\"gigpress-venue\">Parc Hirondelle, Mercier<\/td>\n\t\t\n\t\t\n\t<\/tr>\n\t\n\t<tr class=\"gigpress-info active gigpress-alt\">\n\t\n\t\t<td class=\"gigpress-links-cell\">\n\t\t\t\t\t<\/td>\n\t\t\n\t\t<td colspan=\"3\">\n\t\t\n\t\t\t\t\t\t\t<span class=\"gigpress-info-item\"><span class=\"gigpress-info-label\">Time:<\/span> 10:30am.<\/span>\n\t\t\t\t\t\t\n\t\t\t\t\t\t\n\t\t\t\t\t\t\n\t\t\t\t\t\t\n\t\t\t \n\t\t\t\t<span class=\"gigpress-info-item\"><span class=\"gigpress-info-label\">Address:<\/span> <a href=\"http:\/\/maps.google.com\/maps?&amp;q=8+rue+des+Plaines%2C+Mercier,Mercier,CA\" class=\"gigpress-address\">8 rue des Plaines, Mercier<\/a>.<\/span>\n\t\t\t\t\t\t\n\t\t\t\t\t\t\t\n\t\t\t\n\t\t\t\t\t\t\t<span class=\"gigpress-info-item\">F\u00eate Nationale Mercier<\/span>\n\t\t\t\t\t\t\n\t\t\t\t\t\t\n\t\t\t\n\t\t\t\t\t\t\t\t\n\t\t\n\t\t<\/td>\n\t\n\t<\/tr>\n<\/tbody>\t\n\n<tbody>\n\t\n\t<tr class=\"gigpress-row active\">\n\t\n\t\t<td class=\"gigpress-date\">06\/23\/19\t\t\t\t\t<\/td>\n\t\t\n\t\t\t<td class=\"gigpress-artist\">\n\t\t\tMaria et Romano dans &#8220;La Raviolimanie&#8221;\t\t<\/td>\n\t\t\n\t\t<td class=\"gigpress-city\">Saint-Philippe de Laprairie<\/td>\n\t\t\n\t\t<td class=\"gigpress-venue\">Parc G\u00e9rald Laframboise<\/td>\n\t\t\n\t\t\n\t<\/tr>\n\t\n\t<tr class=\"gigpress-info active\">\n\t\n\t\t<td class=\"gigpress-links-cell\">\n\t\t\t\t\t<\/td>\n\t\t\n\t\t<td colspan=\"3\">\n\t\t\n\t\t\t\t\t\t\t<span class=\"gigpress-info-item\"><span class=\"gigpress-info-label\">Time:<\/span> 7:30pm.<\/span>\n\t\t\t\t\t\t\n\t\t\t\t\t\t\n\t\t\t\t\t\t\n\t\t\t\t\t\t\n\t\t\t \n\t\t\t\t<span class=\"gigpress-info-item\"><span class=\"gigpress-info-label\">Address:<\/span> <a href=\"http:\/\/maps.google.com\/maps?&amp;q=2225+%C3%89douard+V11,Saint-Philippe+de+Laprairie,J0L+2K0,CA\" class=\"gigpress-address\">2225 \u00c9douard V11<\/a>.<\/span>\n\t\t\t\t\t\t\n\t\t\t\t\t\t\t\n\t\t\t\n\t\t\t\t\t\t\t<span class=\"gigpress-info-item\">F\u00eate Nationale, Saint-Philippe<\/span>\n\t\t\t\t\t\t\n\t\t\t\t\t\t\n\t\t\t\n\t\t\t\t\t\t\t\t\n\t\t\n\t\t<\/td>\n\t\n\t<\/tr>\n<\/tbody>\t\n\n<tbody>\n\t\n\t<tr class=\"gigpress-row active gigpress-alt\">\n\t\n\t\t<td class=\"gigpress-date\">06\/23\/19\t\t\t\t\t<\/td>\n\t\t\n\t\t\t<td class=\"gigpress-artist\">\n\t\t\tMaria et ses musiciens\t\t<\/td>\n\t\t\n\t\t<td class=\"gigpress-city\">Montr\u00e9al<\/td>\n\t\t\n\t\t<td class=\"gigpress-venue\">Parc du bonheur d&#8217;occasion<\/td>\n\t\t\n\t\t\n\t<\/tr>\n\t\n\t<tr class=\"gigpress-info active gigpress-alt\">\n\t\n\t\t<td class=\"gigpress-links-cell\">\n\t\t\t\t\t<\/td>\n\t\t\n\t\t<td colspan=\"3\">\n\t\t\n\t\t\t\t\t\t\t<span class=\"gigpress-info-item\"><span class=\"gigpress-info-label\">Time:<\/span> 1:30pm.<\/span>\n\t\t\t\t\t\t\n\t\t\t\t\t\t\n\t\t\t\t\t\t\n\t\t\t\t\t\t\n\t\t\t \n\t\t\t\t<span class=\"gigpress-info-item\"><span class=\"gigpress-info-label\">Address:<\/span> <a href=\"http:\/\/maps.google.com\/maps?&amp;q=Coin+Rose+de+LIma+et+Notre+Dame,Montr%C3%A9al,CA\" class=\"gigpress-address\">Coin Rose de LIma et Notre Dame<\/a>.<\/span>\n\t\t\t\t\t\t\n\t\t\t\t\t\t\t\n\t\t\t\n\t\t\t\t\t\t\t<span class=\"gigpress-info-item\">La f\u00eate Nationale\/Festival du solstice d&#8217;\u00e9t\u00e9 dans le Sud Ouest<\/span>\n\t\t\t\t\t\t\n\t\t\t\t\t\t\n\t\t\t\n\t\t\t\t\t\t\t\t\n\t\t\n\t\t<\/td>\n\t\n\t<\/tr>\n<\/tbody>\t\n\n<tbody>\n\t\n\t<tr class=\"gigpress-row active\">\n\t\n\t\t<td class=\"gigpress-date\">03\/21\/19\t\t\t\t\t<\/td>\n\t\t\n\t\t\t<td class=\"gigpress-artist\">\n\t\t\tMaria en solo\t\t<\/td>\n\t\t\n\t\t<td class=\"gigpress-city\">Lachute<\/td>\n\t\t\n\t\t<td class=\"gigpress-venue\">Biblioth\u00e8que de Lachute<\/td>\n\t\t\n\t\t\n\t<\/tr>\n\t\n\t<tr class=\"gigpress-info active\">\n\t\n\t\t<td class=\"gigpress-links-cell\">\n\t\t\t\t\t<\/td>\n\t\t\n\t\t<td colspan=\"3\">\n\t\t\n\t\t\t\t\t\t\t<span class=\"gigpress-info-item\"><span class=\"gigpress-info-label\">Time:<\/span> 6:30pm.<\/span>\n\t\t\t\t\t\t\n\t\t\t\t\t\t\n\t\t\t\t\t\t\n\t\t\t\t\t\t\n\t\t\t \n\t\t\t\t<span class=\"gigpress-info-item\"><span class=\"gigpress-info-label\">Address:<\/span> <a href=\"http:\/\/maps.google.com\/maps?&amp;q=378+rue+principale,Lachute,CA\" class=\"gigpress-address\">378 rue principale<\/a>.<\/span>\n\t\t\t\t\t\t\n\t\t\t\t\t\t\t\n\t\t\t\n\t\t\t\t\t\t\n\t\t\t\t\t\t\n\t\t\t\n\t\t\t\t\t\t\t\t\n\t\t\n\t\t<\/td>\n\t\n\t<\/tr>\n<\/tbody>\t\n\n<tbody>\n\t\n\t<tr class=\"gigpress-row active gigpress-alt\">\n\t\n\t\t<td class=\"gigpress-date\">01\/20\/19\t\t\t\t\t<\/td>\n\t\t\n\t\t\t<td class=\"gigpress-artist\">\n\t\t\tMaria et ses musiciens\t\t<\/td>\n\t\t\n\t\t<td class=\"gigpress-city\">Saint-Eustache, Qu\u00e9bec<\/td>\n\t\t\n\t\t<td class=\"gigpress-venue\">Centre d&#8217;art la petite \u00e9glise<\/td>\n\t\t\n\t\t\n\t<\/tr>\n\t\n\t<tr class=\"gigpress-info active gigpress-alt\">\n\t\n\t\t<td class=\"gigpress-links-cell\">\n\t\t\t\t\t<\/td>\n\t\t\n\t\t<td colspan=\"3\">\n\t\t\n\t\t\t\t\t\t\t<span class=\"gigpress-info-item\"><span class=\"gigpress-info-label\">Time:<\/span> 11:30am.<\/span>\n\t\t\t\t\t\t\n\t\t\t\t\t\t\n\t\t\t\t\t\t\n\t\t\t\t\t\t\n\t\t\t \n\t\t\t\t<span class=\"gigpress-info-item\"><span class=\"gigpress-info-label\">Address:<\/span> <a href=\"http:\/\/maps.google.com\/maps?&amp;q=271+Rue+Saint-Eustache,Saint-Eustache,Qu%C3%A9bec,J7R+2L9,CA\" class=\"gigpress-address\">271 Rue Saint-Eustache<\/a>.<\/span>\n\t\t\t\t\t\t\n\t\t\t\t\t\t\t\n\t\t\t\n\t\t\t\t\t\t\n\t\t\t\t\t\t\n\t\t\t\n\t\t\t\t\t\t\t\t\n\t\t\n\t\t<\/td>\n\t\n\t<\/tr>\n<\/tbody>\t\n\n<tbody>\n\t\n\t<tr class=\"gigpress-row active\">\n\t\n\t\t<td class=\"gigpress-date\">12\/02\/18\t\t\t\t\t<\/td>\n\t\t\n\t\t\t<td class=\"gigpress-artist\">\n\t\t\tMaria et ses musiciens\t\t<\/td>\n\t\t\n\t\t<td class=\"gigpress-city\">Montr\u00e9al<\/td>\n\t\t\n\t\t<td class=\"gigpress-venue\"><a href=\"http:\/\/www.noeldansleparc.com\">Parc des compagnons<\/a><\/td>\n\t\t\n\t\t\n\t<\/tr>\n\t\n\t<tr class=\"gigpress-info active\">\n\t\n\t\t<td class=\"gigpress-links-cell\">\n\t\t\t\t\t<\/td>\n\t\t\n\t\t<td colspan=\"3\">\n\t\t\n\t\t\t\t\t\t\t<span class=\"gigpress-info-item\"><span class=\"gigpress-info-label\">Time:<\/span> 2:00pm.<\/span>\n\t\t\t\t\t\t\n\t\t\t\t\t\t\n\t\t\t\t\t\t\n\t\t\t\t\t\t\n\t\t\t \n\t\t\t\t<span class=\"gigpress-info-item\"><span class=\"gigpress-info-label\">Address:<\/span> <a href=\"http:\/\/maps.google.com\/maps?&amp;q=Angle+Mont-Royal+et+Cartier,Montr%C3%A9al,CA\" class=\"gigpress-address\">Angle Mont-Royal et Cartier<\/a>.<\/span>\n\t\t\t\t\t\t\n\t\t\t\t\t\t\t\n\t\t\t\n\t\t\t\t\t\t\t<span class=\"gigpress-info-item\">Maria Cannelloni sur le Plateau dans le cadre de no\u00ebl dans le parc!<\/span>\n\t\t\t\t\t\t\n\t\t\t\t\t\t\n\t\t\t\n\t\t\t\t\t\t\t\t\n\t\t\n\t\t<\/td>\n\t\n\t<\/tr>\n<\/tbody>\t\n\n<tbody>\n\t\n\t<tr class=\"gigpress-row active gigpress-alt\">\n\t\n\t\t<td class=\"gigpress-date\">11\/20\/18\t\t\t\t\t<\/td>\n\t\t\n\t\t\t<td class=\"gigpress-artist\">\n\t\t\tMaria en solo\t\t<\/td>\n\t\t\n\t\t<td class=\"gigpress-city\">Blainville<\/td>\n\t\t\n\t\t<td class=\"gigpress-venue\">Biblioth\u00e8que de Blainville<\/td>\n\t\t\n\t\t\n\t<\/tr>\n\t\n\t<tr class=\"gigpress-info active gigpress-alt\">\n\t\n\t\t<td class=\"gigpress-links-cell\">\n\t\t\t\t\t<\/td>\n\t\t\n\t\t<td colspan=\"3\">\n\t\t\n\t\t\t\t\t\t\t<span class=\"gigpress-info-item\"><span class=\"gigpress-info-label\">Time:<\/span> 10:00am.<\/span>\n\t\t\t\t\t\t\n\t\t\t\t\t\t\n\t\t\t\t\t\t\n\t\t\t\t\t\t\n\t\t\t \n\t\t\t\t<span class=\"gigpress-info-item\"><span class=\"gigpress-info-label\">Address:<\/span> <a href=\"http:\/\/maps.google.com\/maps?&amp;q=1003+rue+de+la+Mairie,Blainville,CA\" class=\"gigpress-address\">1003 rue de la Mairie<\/a>.<\/span>\n\t\t\t\t\t\t\n\t\t\t\t\t\t\t\n\t\t\t\n\t\t\t\t\t\t\t<span class=\"gigpress-info-item\">Pour la journ\u00e9e internationale des enfants.<\/span>\n\t\t\t\t\t\t\n\t\t\t\t\t\t\n\t\t\t\n\t\t\t\t\t\t\t\t\n\t\t\n\t\t<\/td>\n\t\n\t<\/tr>\n<\/tbody>\t\n\n<tbody>\n\t\n\t<tr class=\"gigpress-row active\">\n\t\n\t\t<td class=\"gigpress-date\">10\/20\/18\t\t\t\t\t<\/td>\n\t\t\n\t\t\t<td class=\"gigpress-artist\">\n\t\t\tMaria et Romano dans &#8220;La Raviolimanie&#8221;\t\t<\/td>\n\t\t\n\t\t<td class=\"gigpress-city\">Montr\u00e9al, Qu\u00e9bec<\/td>\n\t\t\n\t\t<td class=\"gigpress-venue\">Centre communautaire d&#8217;Anjou<\/td>\n\t\t\n\t\t\n\t<\/tr>\n\t\n\t<tr class=\"gigpress-info active\">\n\t\n\t\t<td class=\"gigpress-links-cell\">\n\t\t\t\t\t<\/td>\n\t\t\n\t\t<td colspan=\"3\">\n\t\t\n\t\t\t\t\t\t\t<span class=\"gigpress-info-item\"><span class=\"gigpress-info-label\">Time:<\/span> 11:00am.<\/span>\n\t\t\t\t\t\t\n\t\t\t\t\t\t\n\t\t\t\t\t\t\n\t\t\t\t\t\t\n\t\t\t \n\t\t\t\t<span class=\"gigpress-info-item\"><span class=\"gigpress-info-label\">Address:<\/span> <a href=\"http:\/\/maps.google.com\/maps?&amp;q=7800+boul.+M%C3%A9tropolitain+est%2C+Montr%C3%A9al,Montr%C3%A9al,Qu%C3%A9bec,H1K1A1,CA\" class=\"gigpress-address\">7800 boul. M\u00e9tropolitain est, Montr\u00e9al<\/a>.<\/span>\n\t\t\t\t\t\t\n\t\t\t\t\t\t\t\n\t\t\t\n\t\t\t\t\t\t\t<span class=\"gigpress-info-item\">Billets disponibles sur accesculture.boxxo.ca<\/span>\n\t\t\t\t\t\t\n\t\t\t\t\t\t\n\t\t\t\n\t\t\t\t\t\t\t\t\n\t\t\n\t\t<\/td>\n\t\n\t<\/tr>\n<\/tbody>\t\n\n<tbody>\n\t\n\t<tr class=\"gigpress-row active gigpress-alt\">\n\t\n\t\t<td class=\"gigpress-date\">09\/29\/18\t\t\t\t\t<\/td>\n\t\t\n\t\t\t<td class=\"gigpress-artist\">\n\t\t\tMaria en solo\t\t<\/td>\n\t\t\n\t\t<td class=\"gigpress-city\">Bois-des-Filion, Qu\u00e9bec<\/td>\n\t\t\n\t\t<td class=\"gigpress-venue\">Chalet des citoyens<\/td>\n\t\t\n\t\t\n\t<\/tr>\n\t\n\t<tr class=\"gigpress-info active gigpress-alt\">\n\t\n\t\t<td class=\"gigpress-links-cell\">\n\t\t\t\t\t<\/td>\n\t\t\n\t\t<td colspan=\"3\">\n\t\t\n\t\t\t\t\t\t\t<span class=\"gigpress-info-item\"><span class=\"gigpress-info-label\">Time:<\/span> 10:00am.<\/span>\n\t\t\t\t\t\t\n\t\t\t\t\t\t\n\t\t\t\t\t\t\n\t\t\t\t\t\t\n\t\t\t \n\t\t\t\t<span class=\"gigpress-info-item\"><span class=\"gigpress-info-label\">Address:<\/span> <a href=\"http:\/\/maps.google.com\/maps?&amp;q=30+mont%C3%A9e+Gagnon,Bois-des-Filion,Qu%C3%A9bec,J6Z+1H1,CA\" class=\"gigpress-address\">30 mont\u00e9e Gagnon<\/a>.<\/span>\n\t\t\t\t\t\t\n\t\t\t\t\t\t\t\n\t\t\t\n\t\t\t\t\t\t\n\t\t\t\t\t\t\n\t\t\t\n\t\t\t\t\t\t\t\t\n\t\t\n\t\t<\/td>\n\t\n\t<\/tr>\n<\/tbody>\t\n\n<tbody>\n\t\n\t<tr class=\"gigpress-row active\">\n\t\n\t\t<td class=\"gigpress-date\">09\/13\/18\t\t\t\t\t<\/td>\n\t\t\n\t\t\t<td class=\"gigpress-artist\">\n\t\t\tMaria en solo\t\t<\/td>\n\t\t\n\t\t<td class=\"gigpress-city\">St-Tite<\/td>\n\t\t\n\t\t<td class=\"gigpress-venue\">Festival western de St-Tite<\/td>\n\t\t\n\t\t\n\t<\/tr>\n\t\n\t<tr class=\"gigpress-info active\">\n\t\n\t\t<td class=\"gigpress-links-cell\">\n\t\t\t\t\t<\/td>\n\t\t\n\t\t<td colspan=\"3\">\n\t\t\n\t\t\t\t\t\t\t<span class=\"gigpress-info-item\"><span class=\"gigpress-info-label\">Time:<\/span> 1:30pm.<\/span>\n\t\t\t\t\t\t\n\t\t\t\t\t\t\n\t\t\t\t\t\t\n\t\t\t\t\t\t\n\t\t\t\t\t\t\n\t\t\t\t\t\t\t\n\t\t\t\n\t\t\t\t\t\t\t<span class=\"gigpress-info-item\">Sur la place de la famille Le Lait.<\/span>\n\t\t\t\t\t\t\n\t\t\t\t\t\t\n\t\t\t\n\t\t\t\t\t\t\t\t\n\t\t\n\t\t<\/td>\n\t\n\t<\/tr>\n<\/tbody>\t\n\n<tbody>\n\t\n\t<tr class=\"gigpress-row active gigpress-alt\">\n\t\n\t\t<td class=\"gigpress-date\">09\/03\/18\t\t\t\t\t<\/td>\n\t\t\n\t\t\t<td class=\"gigpress-artist\">\n\t\t\tMaria et ses musiciens\t\t<\/td>\n\t\t\n\t\t<td class=\"gigpress-city\">Gatineau, Qu\u00e9bec<\/td>\n\t\t\n\t\t<td class=\"gigpress-venue\"><a href=\"https:\/\/www.montgolfieresgatineau.com\/fr\/activites\/scene-familiale\/\">Festival des Montgolfi\u00e8res de Gatineau<\/a><\/td>\n\t\t\n\t\t\n\t<\/tr>\n\t\n\t<tr class=\"gigpress-info active gigpress-alt\">\n\t\n\t\t<td class=\"gigpress-links-cell\">\n\t\t\t\t\t<\/td>\n\t\t\n\t\t<td colspan=\"3\">\n\t\t\n\t\t\t\t\t\t\t<span class=\"gigpress-info-item\"><span class=\"gigpress-info-label\">Time:<\/span> 1:45pm.<\/span>\n\t\t\t\t\t\t\n\t\t\t\t\t\t\n\t\t\t\t\t\t\n\t\t\t\t\t\t\n\t\t\t \n\t\t\t\t<span class=\"gigpress-info-item\"><span class=\"gigpress-info-label\">Address:<\/span> <a href=\"http:\/\/maps.google.com\/maps?&amp;q=Parc+de+la+Baie,Gatineau,Qu%C3%A9bec,J8T+2S4,CA\" class=\"gigpress-address\">Parc de la Baie<\/a>.<\/span>\n\t\t\t\t\t\t\n\t\t\t\t\t\t\t\n\t\t\t\n\t\t\t\t\t\t\n\t\t\t\t\t\t\n\t\t\t\n\t\t\t\t\t\t\t\t\n\t\t\n\t\t<\/td>\n\t\n\t<\/tr>\n<\/tbody>\t\n\n<tbody>\n\t\n\t<tr class=\"gigpress-row active\">\n\t\n\t\t<td class=\"gigpress-date\">09\/03\/18\t\t\t\t\t<\/td>\n\t\t\n\t\t\t<td class=\"gigpress-artist\">\n\t\t\tMaria et ses musiciens\t\t<\/td>\n\t\t\n\t\t<td class=\"gigpress-city\">Gatineau, Qu\u00e9bec<\/td>\n\t\t\n\t\t<td class=\"gigpress-venue\"><a href=\"https:\/\/www.montgolfieresgatineau.com\/fr\/activites\/scene-familiale\/\">Festival des Montgolfi\u00e8res de Gatineau<\/a><\/td>\n\t\t\n\t\t\n\t<\/tr>\n\t\n\t<tr class=\"gigpress-info active\">\n\t\n\t\t<td class=\"gigpress-links-cell\">\n\t\t\t\t\t<\/td>\n\t\t\n\t\t<td colspan=\"3\">\n\t\t\n\t\t\t\t\t\t\t<span class=\"gigpress-info-item\"><span class=\"gigpress-info-label\">Time:<\/span> 11:30am.<\/span>\n\t\t\t\t\t\t\n\t\t\t\t\t\t\n\t\t\t\t\t\t\n\t\t\t\t\t\t\n\t\t\t \n\t\t\t\t<span class=\"gigpress-info-item\"><span class=\"gigpress-info-label\">Address:<\/span> <a href=\"http:\/\/maps.google.com\/maps?&amp;q=Parc+de+la+Baie,Gatineau,Qu%C3%A9bec,J8T+2S4,CA\" class=\"gigpress-address\">Parc de la Baie<\/a>.<\/span>\n\t\t\t\t\t\t\n\t\t\t\t\t\t\t\n\t\t\t\n\t\t\t\t\t\t\n\t\t\t\t\t\t\n\t\t\t\n\t\t\t\t\t\t\t\t\n\t\t\n\t\t<\/td>\n\t\n\t<\/tr>\n<\/tbody>\t\n\n<tbody>\n\t\n\t<tr class=\"gigpress-row active gigpress-alt\">\n\t\n\t\t<td class=\"gigpress-date\">08\/24\/18\t\t\t\t\t<\/td>\n\t\t\n\t\t\t<td class=\"gigpress-artist\">\n\t\t\tMaria et ses musiciens\t\t<\/td>\n\t\t\n\t\t<td class=\"gigpress-city\">St-Pamphile<\/td>\n\t\t\n\t\t<td class=\"gigpress-venue\">Festival du b\u00fbcheux de St-Pamphile<\/td>\n\t\t\n\t\t\n\t<\/tr>\n\t\n\t<tr class=\"gigpress-info active gigpress-alt\">\n\t\n\t\t<td class=\"gigpress-links-cell\">\n\t\t\t\t\t<\/td>\n\t\t\n\t\t<td colspan=\"3\">\n\t\t\n\t\t\t\t\t\t\t<span class=\"gigpress-info-item\"><span class=\"gigpress-info-label\">Time:<\/span> 11:30am.<\/span>\n\t\t\t\t\t\t\n\t\t\t\t\t\t\n\t\t\t\t\t\t\n\t\t\t\t\t\t\n\t\t\t \n\t\t\t\t<span class=\"gigpress-info-item\"><span class=\"gigpress-info-label\">Address:<\/span> <a href=\"http:\/\/maps.google.com\/maps?&amp;q=240+rue+St-Pierre,St-Pamphile,G0R+3X0,CA\" class=\"gigpress-address\">240 rue St-Pierre<\/a>.<\/span>\n\t\t\t\t\t\t\n\t\t\t\t\t\t\t\n\t\t\t\n\t\t\t\t\t\t\n\t\t\t\t\t\t\n\t\t\t\n\t\t\t\t\t\t\t\t\n\t\t\n\t\t<\/td>\n\t\n\t<\/tr>\n<\/tbody>\t\n\n<tbody>\n\t\n\t<tr class=\"gigpress-row active\">\n\t\n\t\t<td class=\"gigpress-date\">08\/14\/18\t\t\t\t\t<\/td>\n\t\t\n\t\t\t<td class=\"gigpress-artist\">\n\t\t\tMaria et Romano dans &#8220;La Raviolimanie&#8221;\t\t<\/td>\n\t\t\n\t\t<td class=\"gigpress-city\">Blainville<\/td>\n\t\t\n\t\t<td class=\"gigpress-venue\">Parc Chante-Bois<\/td>\n\t\t\n\t\t\n\t<\/tr>\n\t\n\t<tr class=\"gigpress-info active\">\n\t\n\t\t<td class=\"gigpress-links-cell\">\n\t\t\t\t\t<\/td>\n\t\t\n\t\t<td colspan=\"3\">\n\t\t\n\t\t\t\t\t\t\t<span class=\"gigpress-info-item\"><span class=\"gigpress-info-label\">Time:<\/span> 11:00am.<\/span>\n\t\t\t\t\t\t\n\t\t\t\t\t\t\n\t\t\t\t\t\t\n\t\t\t\t\t\t\n\t\t\t \n\t\t\t\t<span class=\"gigpress-info-item\"><span class=\"gigpress-info-label\">Address:<\/span> <a href=\"http:\/\/maps.google.com\/maps?&amp;q=38%2C+84e+avenue,Blainville,CA\" class=\"gigpress-address\">38, 84e avenue<\/a>.<\/span>\n\t\t\t\t\t\t\n\t\t\t\t\t\t\t\n\t\t\t\n\t\t\t\t\t\t\n\t\t\t\t\t\t\n\t\t\t\n\t\t\t\t\t\t\t\t\n\t\t\n\t\t<\/td>\n\t\n\t<\/tr>\n<\/tbody>\t\n\n<tbody>\n\t<tr>\n\t\t<th colspan=\"4\" class=\"gigpress-heading\">\n\t\t\tTour: Maria Cannelloni et le Macaroni Orchestra au Festival Juste pour Rire\t\t<\/th>\n\t<\/tr>\t\n<\/tbody>\n\n<tbody>\n\t\n\t<tr class=\"gigpress-row active gigpress-alt gigpress-tour\">\n\t\n\t\t<td class=\"gigpress-date\">07\/24\/18\t\t\t - 07\/29\/18\t\t<\/td>\n\t\t\n\t\t\t<td class=\"gigpress-artist\">\n\t\t\tMaria et ses musiciens\t\t<\/td>\n\t\t\n\t\t<td class=\"gigpress-city\">Montr\u00e9al<\/td>\n\t\t\n\t\t<td class=\"gigpress-venue\">Festival Juste pour rire-Place de la famille le Lait<\/td>\n\t\t\n\t\t\n\t<\/tr>\n\t\n\t<tr class=\"gigpress-info active gigpress-alt gigpress-tour\">\n\t\n\t\t<td class=\"gigpress-links-cell\">\n\t\t\t\t\t<\/td>\n\t\t\n\t\t<td colspan=\"3\">\n\t\t\n\t\t\t\t\t\t\t<span class=\"gigpress-info-item\"><span class=\"gigpress-info-label\">Time:<\/span> 4:30pm.<\/span>\n\t\t\t\t\t\t\n\t\t\t\t\t\t\n\t\t\t\t\t\t\n\t\t\t\t\t\t\n\t\t\t\t\t\t\n\t\t\t\t\t\t\t\n\t\t\t\n\t\t\t\t\t\t\t<span class=\"gigpress-info-item\">24-25-26-27 \u00e0 16h30\r\n28 et 29 juillet \u00e0 20h00\r\nSur la Place de la famille Le Lait<\/span>\n\t\t\t\t\t\t\n\t\t\t\t\t\t\n\t\t\t\n\t\t\t\t\t\t\t\t\n\t\t\n\t\t<\/td>\n\t\n\t<\/tr>\n<\/tbody>\t\n\n<tbody>\n\t\n\t<tr class=\"gigpress-row active gigpress-divider\">\n\t\n\t\t<td class=\"gigpress-date\">07\/12\/18\t\t\t\t\t<\/td>\n\t\t\n\t\t\t<td class=\"gigpress-artist\">\n\t\t\tMaria et Romano dans &#8220;La Raviolimanie&#8221;\t\t<\/td>\n\t\t\n\t\t<td class=\"gigpress-city\">Mercier<\/td>\n\t\t\n\t\t<td class=\"gigpress-venue\">Parc Loiselle de Mercier<\/td>\n\t\t\n\t\t\n\t<\/tr>\n\t\n\t<tr class=\"gigpress-info active gigpress-divider\">\n\t\n\t\t<td class=\"gigpress-links-cell\">\n\t\t\t\t\t<\/td>\n\t\t\n\t\t<td colspan=\"3\">\n\t\t\n\t\t\t\t\t\t\t<span class=\"gigpress-info-item\"><span class=\"gigpress-info-label\">Time:<\/span> 7:00pm.<\/span>\n\t\t\t\t\t\t\n\t\t\t\t\t\t\n\t\t\t\t\t\t\n\t\t\t\t\t\t\n\t\t\t \n\t\t\t\t<span class=\"gigpress-info-item\"><span class=\"gigpress-info-label\">Address:<\/span> <a href=\"http:\/\/maps.google.com\/maps?&amp;q=Rue+Loiselle,Mercier,J6R+2L7,CA\" class=\"gigpress-address\">Rue Loiselle<\/a>.<\/span>\n\t\t\t\t\t\t\n\t\t\t\t\t\t\t\n\t\t\t\n\t\t\t\t\t\t\t<span class=\"gigpress-info-item\">Th\u00e9\u00e2tre ext\u00e9rieur.<\/span>\n\t\t\t\t\t\t\n\t\t\t\t\t\t\n\t\t\t\n\t\t\t\t\t\t\t\t\n\t\t\n\t\t<\/td>\n\t\n\t<\/tr>\n<\/tbody>\t\n\n<tbody>\n\t\n\t<tr class=\"gigpress-row active gigpress-alt\">\n\t\n\t\t<td class=\"gigpress-date\">07\/01\/18\t\t\t\t\t<\/td>\n\t\t\n\t\t\t<td class=\"gigpress-artist\">\n\t\t\tMaria en solo\t\t<\/td>\n\t\t\n\t\t<td class=\"gigpress-city\">Sherbrooke<\/td>\n\t\t\n\t\t<td class=\"gigpress-venue\">Parc Jacques Cartier de Sherbrooke<\/td>\n\t\t\n\t\t\n\t<\/tr>\n\t\n\t<tr class=\"gigpress-info active gigpress-alt\">\n\t\n\t\t<td class=\"gigpress-links-cell\">\n\t\t\t\t\t<\/td>\n\t\t\n\t\t<td colspan=\"3\">\n\t\t\n\t\t\t\t\t\t\t<span class=\"gigpress-info-item\"><span class=\"gigpress-info-label\">Time:<\/span> 2:00pm.<\/span>\n\t\t\t\t\t\t\n\t\t\t\t\t\t\n\t\t\t\t\t\t\n\t\t\t\t\t\t\n\t\t\t \n\t\t\t\t<span class=\"gigpress-info-item\"><span class=\"gigpress-info-label\">Address:<\/span> <a href=\"http:\/\/maps.google.com\/maps?&amp;q=220+rue+Marchant,Sherbrooke,J0B+1J0,CA\" class=\"gigpress-address\">220 rue Marchant<\/a>.<\/span>\n\t\t\t\t\t\t\n\t\t\t\t\t\t\t\n\t\t\t\n\t\t\t\t\t\t\t<span class=\"gigpress-info-item\">Pour la f\u00eate du Canada \u00e0 Sherbrooke.<\/span>\n\t\t\t\t\t\t\n\t\t\t\t\t\t\n\t\t\t\n\t\t\t\t\t\t\t\t\n\t\t\n\t\t<\/td>\n\t\n\t<\/tr>\n<\/tbody>\t\n\n<tbody>\n\t\n\t<tr class=\"gigpress-row active\">\n\t\n\t\t<td class=\"gigpress-date\">06\/23\/18\t\t\t\t\t<\/td>\n\t\t\n\t\t\t<td class=\"gigpress-artist\">\n\t\t\tMaria et Romano dans &#8220;La Raviolimanie&#8221;\t\t<\/td>\n\t\t\n\t\t<td class=\"gigpress-city\">Saint-Philippe de Laprairie<\/td>\n\t\t\n\t\t<td class=\"gigpress-venue\">Parc G\u00e9rald Laframboise<\/td>\n\t\t\n\t\t\n\t<\/tr>\n\t\n\t<tr class=\"gigpress-info active\">\n\t\n\t\t<td class=\"gigpress-links-cell\">\n\t\t\t\t\t<\/td>\n\t\t\n\t\t<td colspan=\"3\">\n\t\t\n\t\t\t\t\t\t\t<span class=\"gigpress-info-item\"><span class=\"gigpress-info-label\">Time:<\/span> 8:00pm.<\/span>\n\t\t\t\t\t\t\n\t\t\t\t\t\t\n\t\t\t\t\t\t\n\t\t\t\t\t\t\n\t\t\t \n\t\t\t\t<span class=\"gigpress-info-item\"><span class=\"gigpress-info-label\">Address:<\/span> <a href=\"http:\/\/maps.google.com\/maps?&amp;q=2225+%C3%89douard+V11,Saint-Philippe+de+Laprairie,J0L+2K0,CA\" class=\"gigpress-address\">2225 \u00c9douard V11<\/a>.<\/span>\n\t\t\t\t\t\t\n\t\t\t\t\t\t\t\n\t\t\t\n\t\t\t\t\t\t\t<span class=\"gigpress-info-item\">Pour la St-Jean Baptiste.<\/span>\n\t\t\t\t\t\t\n\t\t\t\t\t\t\n\t\t\t\n\t\t\t\t\t\t\t\t\n\t\t\n\t\t<\/td>\n\t\n\t<\/tr>\n<\/tbody>\t\n\n<tbody>\n\t\n\t<tr class=\"gigpress-row active gigpress-alt\">\n\t\n\t\t<td class=\"gigpress-date\">06\/23\/18\t\t\t\t\t<\/td>\n\t\t\n\t\t\t<td class=\"gigpress-artist\">\n\t\t\tMaria en solo\t\t<\/td>\n\t\t\n\t\t<td class=\"gigpress-city\">Montr\u00e9al<\/td>\n\t\t\n\t\t<td class=\"gigpress-venue\">Parc du bonheur d&#8217;occasion<\/td>\n\t\t\n\t\t\n\t<\/tr>\n\t\n\t<tr class=\"gigpress-info active gigpress-alt\">\n\t\n\t\t<td class=\"gigpress-links-cell\">\n\t\t\t\t\t<\/td>\n\t\t\n\t\t<td colspan=\"3\">\n\t\t\n\t\t\t\t\t\t\t<span class=\"gigpress-info-item\"><span class=\"gigpress-info-label\">Time:<\/span> 2:30pm.<\/span>\n\t\t\t\t\t\t\n\t\t\t\t\t\t\n\t\t\t\t\t\t\n\t\t\t\t\t\t\n\t\t\t \n\t\t\t\t<span class=\"gigpress-info-item\"><span class=\"gigpress-info-label\">Address:<\/span> <a href=\"http:\/\/maps.google.com\/maps?&amp;q=Coin+Rose+de+LIma+et+Notre+Dame,Montr%C3%A9al,CA\" class=\"gigpress-address\">Coin Rose de LIma et Notre Dame<\/a>.<\/span>\n\t\t\t\t\t\t\n\t\t\t\t\t\t\t\n\t\t\t\n\t\t\t\t\t\t\t<span class=\"gigpress-info-item\">La St-Jean dans le Sud Ouest<\/span>\n\t\t\t\t\t\t\n\t\t\t\t\t\t\n\t\t\t\n\t\t\t\t\t\t\t\t\n\t\t\n\t\t<\/td>\n\t\n\t<\/tr>\n<\/tbody>\t\n\n<tbody>\n\t\n\t<tr class=\"gigpress-row active\">\n\t\n\t\t<td class=\"gigpress-date\">02\/11\/18\t\t\t\t\t<\/td>\n\t\t\n\t\t\t<td class=\"gigpress-artist\">\n\t\t\tMaria et Romano dans &#8220;La Raviolimanie&#8221;\t\t<\/td>\n\t\t\n\t\t<td class=\"gigpress-city\">Longueuil<\/td>\n\t\t\n\t\t<td class=\"gigpress-venue\">Th\u00e9\u00e2tre de la Ville de Longueuil-Salle Jean- Louis Millette<\/td>\n\t\t\n\t\t\n\t<\/tr>\n\t\n\t<tr class=\"gigpress-info active\">\n\t\n\t\t<td class=\"gigpress-links-cell\">\n\t\t\t\t\t<\/td>\n\t\t\n\t\t<td colspan=\"3\">\n\t\t\n\t\t\t\t\t\t\t<span class=\"gigpress-info-item\"><span class=\"gigpress-info-label\">Time:<\/span> 10:30am.<\/span>\n\t\t\t\t\t\t\n\t\t\t\t\t\t\n\t\t\t\t\t\t\n\t\t\t\t\t\t\n\t\t\t \n\t\t\t\t<span class=\"gigpress-info-item\"><span class=\"gigpress-info-label\">Address:<\/span> <a href=\"http:\/\/maps.google.com\/maps?&amp;q=150+rue+de+Gentilly+est,Longueuil,J4H+4AE,CA\" class=\"gigpress-address\">150 rue de Gentilly est<\/a>.<\/span>\n\t\t\t\t\t\t\n\t\t\t\t\t\t\t\n\t\t\t\n\t\t\t\t\t\t\t<span class=\"gigpress-info-item\">Spectacle dans le cadre du Salon du livre jeunesse de Longueuil.<\/span>\n\t\t\t\t\t\t\n\t\t\t\t\t\t\n\t\t\t\n\t\t\t\t\t\t\t\t\n\t\t\n\t\t<\/td>\n\t\n\t<\/tr>\n<\/tbody>\t\n\n<tbody>\n\t\n\t<tr class=\"gigpress-row active gigpress-alt\">\n\t\n\t\t<td class=\"gigpress-date\">02\/04\/18\t\t\t\t\t<\/td>\n\t\t\n\t\t\t<td class=\"gigpress-artist\">\n\t\t\tMaria et Romano dans &#8220;La Raviolimanie&#8221;\t\t<\/td>\n\t\t\n\t\t<td class=\"gigpress-city\">Montr\u00e9al<\/td>\n\t\t\n\t\t<td class=\"gigpress-venue\">La f\u00eate des Neiges<\/td>\n\t\t\n\t\t\n\t<\/tr>\n\t\n\t<tr class=\"gigpress-info active gigpress-alt\">\n\t\n\t\t<td class=\"gigpress-links-cell\">\n\t\t\t\t\t<\/td>\n\t\t\n\t\t<td colspan=\"3\">\n\t\t\n\t\t\t\t\t\t\t<span class=\"gigpress-info-item\"><span class=\"gigpress-info-label\">Time:<\/span> 2:00pm.<\/span>\n\t\t\t\t\t\t\n\t\t\t\t\t\t\n\t\t\t\t\t\t\n\t\t\t\t\t\t\n\t\t\t \n\t\t\t\t<span class=\"gigpress-info-item\"><span class=\"gigpress-info-label\">Address:<\/span> <a href=\"http:\/\/maps.google.com\/maps?&amp;q=Parc+Jean-Drapeau%2C+Secteur+bois%C3%A9%2C+%C3%AEle+Sainte-H%C3%A9l%C3%A8ne,Montr%C3%A9al,CA\" class=\"gigpress-address\">Parc Jean-Drapeau, Secteur bois\u00e9, \u00eele Sainte-H\u00e9l\u00e8ne<\/a>.<\/span>\n\t\t\t\t\t\t\n\t\t\t\t\t\t\t\n\t\t\t\n\t\t\t\t\t\t\n\t\t\t\t\t\t\n\t\t\t\n\t\t\t\t\t\t\t\t\n\t\t\n\t\t<\/td>\n\t\n\t<\/tr>\n<\/tbody>\t\n\n<tbody>\n\t\n\t<tr class=\"gigpress-row active\">\n\t\n\t\t<td class=\"gigpress-date\">02\/04\/18\t\t\t\t\t<\/td>\n\t\t\n\t\t\t<td class=\"gigpress-artist\">\n\t\t\tMaria et Romano dans &#8220;La Raviolimanie&#8221;\t\t<\/td>\n\t\t\n\t\t<td class=\"gigpress-city\">Montr\u00e9al<\/td>\n\t\t\n\t\t<td class=\"gigpress-venue\">La f\u00eate des Neiges<\/td>\n\t\t\n\t\t\n\t<\/tr>\n\t\n\t<tr class=\"gigpress-info active\">\n\t\n\t\t<td class=\"gigpress-links-cell\">\n\t\t\t\t\t<\/td>\n\t\t\n\t\t<td colspan=\"3\">\n\t\t\n\t\t\t\t\t\t\t<span class=\"gigpress-info-item\"><span class=\"gigpress-info-label\">Time:<\/span> 11:00am.<\/span>\n\t\t\t\t\t\t\n\t\t\t\t\t\t\n\t\t\t\t\t\t\n\t\t\t\t\t\t\n\t\t\t \n\t\t\t\t<span class=\"gigpress-info-item\"><span class=\"gigpress-info-label\">Address:<\/span> <a href=\"http:\/\/maps.google.com\/maps?&amp;q=Parc+Jean-Drapeau%2C+Secteur+bois%C3%A9%2C+%C3%AEle+Sainte-H%C3%A9l%C3%A8ne,Montr%C3%A9al,CA\" class=\"gigpress-address\">Parc Jean-Drapeau, Secteur bois\u00e9, \u00eele Sainte-H\u00e9l\u00e8ne<\/a>.<\/span>\n\t\t\t\t\t\t\n\t\t\t\t\t\t\t\n\t\t\t\n\t\t\t\t\t\t\n\t\t\t\t\t\t\n\t\t\t\n\t\t\t\t\t\t\t\t\n\t\t\n\t\t<\/td>\n\t\n\t<\/tr>\n<\/tbody>\t\n\n<tbody>\n\t\n\t<tr class=\"gigpress-row active gigpress-alt\">\n\t\n\t\t<td class=\"gigpress-date\">11\/11\/17\t\t\t\t\t<\/td>\n\t\t\n\t\t\t<td class=\"gigpress-artist\">\n\t\t\tMaria et Romano dans &#8220;La Raviolimanie&#8221;\t\t<\/td>\n\t\t\n\t\t<td class=\"gigpress-city\">Montr\u00e9al<\/td>\n\t\t\n\t\t<td class=\"gigpress-venue\">Th\u00e9\u00e2tre de l&#8217;Esquisse<\/td>\n\t\t\n\t\t\n\t<\/tr>\n\t\n\t<tr class=\"gigpress-info active gigpress-alt\">\n\t\n\t\t<td class=\"gigpress-links-cell\">\n\t\t\t\t\t<\/td>\n\t\t\n\t\t<td colspan=\"3\">\n\t\t\n\t\t\t\t\t\t\t<span class=\"gigpress-info-item\"><span class=\"gigpress-info-label\">Time:<\/span> 4:30pm.<\/span>\n\t\t\t\t\t\t\n\t\t\t\t\t\t\n\t\t\t\t\t\t\n\t\t\t\t\t\t\n\t\t\t \n\t\t\t\t<span class=\"gigpress-info-item\"><span class=\"gigpress-info-label\">Address:<\/span> <a href=\"http:\/\/maps.google.com\/maps?&amp;q=1650+rue+Marie-Anne+Est,Montr%C3%A9al,H2J+2E1,CA\" class=\"gigpress-address\">1650 rue Marie-Anne Est<\/a>.<\/span>\n\t\t\t\t\t\t\n\t\t\t\t\t\t\t\n\t\t\t\n\t\t\t\t\t\t\t<span class=\"gigpress-info-item\">Lancement du 1 er album de Maria Cannelloni.<\/span>\n\t\t\t\t\t\t\n\t\t\t\t\t\t\n\t\t\t\n\t\t\t\t\t\t\t\t\n\t\t\n\t\t<\/td>\n\t\n\t<\/tr>\n<\/tbody>\t\n\n<tbody>\n\t\n\t<tr class=\"gigpress-row active\">\n\t\n\t\t<td class=\"gigpress-date\">09\/30\/17\t\t\t\t\t<\/td>\n\t\t\n\t\t\t<td class=\"gigpress-artist\">\n\t\t\tMaria et ses musiciens\t\t<\/td>\n\t\t\n\t\t<td class=\"gigpress-city\">Farnham, Qu\u00e9bec<\/td>\n\t\t\n\t\t<td class=\"gigpress-venue\">Parc Isra\u00ebl-Larochelle<\/td>\n\t\t\n\t\t\n\t<\/tr>\n\t\n\t<tr class=\"gigpress-info active\">\n\t\n\t\t<td class=\"gigpress-links-cell\">\n\t\t\t\t\t<\/td>\n\t\t\n\t\t<td colspan=\"3\">\n\t\t\n\t\t\t\t\t\t\t<span class=\"gigpress-info-item\"><span class=\"gigpress-info-label\">Time:<\/span> 4:00pm.<\/span>\n\t\t\t\t\t\t\n\t\t\t\t\t\t\n\t\t\t\t\t\t\n\t\t\t\t\t\t\n\t\t\t \n\t\t\t\t<span class=\"gigpress-info-item\"><span class=\"gigpress-info-label\">Address:<\/span> <a href=\"http:\/\/maps.google.com\/maps?&amp;q=Rue+Principale+Est,Farnham,Qu%C3%A9bec,J2M+1M9,CA\" class=\"gigpress-address\">Rue Principale Est<\/a>.<\/span>\n\t\t\t\t\t\t\n\t\t\t\t\t\t\t\n\t\t\t\n\t\t\t\t\t\t\t<span class=\"gigpress-info-item\">Journ\u00e9es de la Culture.<\/span>\n\t\t\t\t\t\t\n\t\t\t\t\t\t\n\t\t\t\n\t\t\t\t\t\t\t\t\n\t\t\n\t\t<\/td>\n\t\n\t<\/tr>\n<\/tbody>\t\n\n<tbody>\n\t\n\t<tr class=\"gigpress-row active gigpress-alt\">\n\t\n\t\t<td class=\"gigpress-date\">09\/30\/17\t\t\t\t\t<\/td>\n\t\t\n\t\t\t<td class=\"gigpress-artist\">\n\t\t\tMaria et ses musiciens\t\t<\/td>\n\t\t\n\t\t<td class=\"gigpress-city\">Piedmont<\/td>\n\t\t\n\t\t<td class=\"gigpress-venue\">Parc Gilbert Aubin<\/td>\n\t\t\n\t\t\n\t<\/tr>\n\t\n\t<tr class=\"gigpress-info active gigpress-alt\">\n\t\n\t\t<td class=\"gigpress-links-cell\">\n\t\t\t\t\t<\/td>\n\t\t\n\t\t<td colspan=\"3\">\n\t\t\n\t\t\t\t\t\t\t<span class=\"gigpress-info-item\"><span class=\"gigpress-info-label\">Time:<\/span> 10:45am.<\/span>\n\t\t\t\t\t\t\n\t\t\t\t\t\t\n\t\t\t\t\t\t\n\t\t\t\t\t\t\n\t\t\t \n\t\t\t\t<span class=\"gigpress-info-item\"><span class=\"gigpress-info-label\">Address:<\/span> <a href=\"http:\/\/maps.google.com\/maps?&amp;q=685+boul+des+Laurentides,Piedmont,J0R+1K0,CA\" class=\"gigpress-address\">685 boul des Laurentides<\/a>.<\/span>\n\t\t\t\t\t\t\n\t\t\t\t\t\t\t\n\t\t\t\n\t\t\t\t\t\t\t<span class=\"gigpress-info-item\">Journ\u00e9es de la Culture<\/span>\n\t\t\t\t\t\t\n\t\t\t\t\t\t\n\t\t\t\n\t\t\t\t\t\t\t\t\n\t\t\n\t\t<\/td>\n\t\n\t<\/tr>\n<\/tbody>\t\n\n<tbody>\n\t\n\t<tr class=\"gigpress-row active\">\n\t\n\t\t<td class=\"gigpress-date\">08\/26\/17\t\t\t\t\t<\/td>\n\t\t\n\t\t\t<td class=\"gigpress-artist\">\n\t\t\tMaria et ses musiciens\t\t<\/td>\n\t\t\n\t\t<td class=\"gigpress-city\">Beloeil<\/td>\n\t\t\n\t\t<td class=\"gigpress-venue\">Festival Kaput<\/td>\n\t\t\n\t\t\n\t<\/tr>\n\t\n\t<tr class=\"gigpress-info active\">\n\t\n\t\t<td class=\"gigpress-links-cell\">\n\t\t\t\t\t<\/td>\n\t\t\n\t\t<td colspan=\"3\">\n\t\t\n\t\t\t\t\t\t\t<span class=\"gigpress-info-item\"><span class=\"gigpress-info-label\">Time:<\/span> 2:00pm.<\/span>\n\t\t\t\t\t\t\n\t\t\t\t\t\t\n\t\t\t\t\t\t\n\t\t\t\t\t\t\n\t\t\t \n\t\t\t\t<span class=\"gigpress-info-item\"><span class=\"gigpress-info-label\">Address:<\/span> <a href=\"http:\/\/maps.google.com\/maps?&amp;q=Domaine+culturel+Aur%C3%A8le-Dubois+%28acc%C3%A8s+par+le+centre+culturel%29+600%2C+rue+Richelieu%2C+Beloeil,Beloeil,CA\" class=\"gigpress-address\">Domaine culturel Aur\u00e8le-Dubois (acc\u00e8s par le centre culturel) 600, rue Richelieu, Beloeil<\/a>.<\/span>\n\t\t\t\t\t\t\n\t\t\t\t\t\t\t\n\t\t\t\n\t\t\t\t\t\t\n\t\t\t\t\t\t\n\t\t\t\n\t\t\t\t\t\t\t\t\n\t\t\n\t\t<\/td>\n\t\n\t<\/tr>\n<\/tbody>\t\n\n<tbody>\n\t\n\t<tr class=\"gigpress-row active gigpress-alt\">\n\t\n\t\t<td class=\"gigpress-date\">08\/20\/17\t\t\t\t\t<\/td>\n\t\t\n\t\t\t<td class=\"gigpress-artist\">\n\t\t\tMaria Cannelloni\t\t<\/td>\n\t\t\n\t\t<td class=\"gigpress-city\">Bois-des-Filion, Qu\u00e9bec<\/td>\n\t\t\n\t\t<td class=\"gigpress-venue\">Chalet des citoyens<\/td>\n\t\t\n\t\t\n\t<\/tr>\n\t\n\t<tr class=\"gigpress-info active gigpress-alt\">\n\t\n\t\t<td class=\"gigpress-links-cell\">\n\t\t\t\t\t<\/td>\n\t\t\n\t\t<td colspan=\"3\">\n\t\t\n\t\t\t\t\t\t\t<span class=\"gigpress-info-item\"><span class=\"gigpress-info-label\">Time:<\/span> 11:00am.<\/span>\n\t\t\t\t\t\t\n\t\t\t\t\t\t\n\t\t\t\t\t\t\n\t\t\t\t\t\t\n\t\t\t \n\t\t\t\t<span class=\"gigpress-info-item\"><span class=\"gigpress-info-label\">Address:<\/span> <a href=\"http:\/\/maps.google.com\/maps?&amp;q=30+mont%C3%A9e+Gagnon,Bois-des-Filion,Qu%C3%A9bec,J6Z+1H1,CA\" class=\"gigpress-address\">30 mont\u00e9e Gagnon<\/a>.<\/span>\n\t\t\t\t\t\t\n\t\t\t\t\t\t\t\n\t\t\t\n\t\t\t\t\t\t\t<span class=\"gigpress-info-item\">\u00c9v\u00e9nement les arts en Bazart.<\/span>\n\t\t\t\t\t\t\n\t\t\t\t\t\t\n\t\t\t\n\t\t\t\t\t\t\t\t\n\t\t\n\t\t<\/td>\n\t\n\t<\/tr>\n<\/tbody>\t\n\n<tbody>\n\t\n\t<tr class=\"gigpress-row active\">\n\t\n\t\t<td class=\"gigpress-date\">08\/17\/17\t\t\t\t\t<\/td>\n\t\t\n\t\t\t<td class=\"gigpress-artist\">\n\t\t\tMaria Cannelloni\t\t<\/td>\n\t\t\n\t\t<td class=\"gigpress-city\">St-Jean sur Richelieu<\/td>\n\t\t\n\t\t<td class=\"gigpress-venue\"><a href=\"http:\/\/www.montgolfieres.com\">International de Montgolfi\u00e8res de St-Jean sur Richelieu<\/a><\/td>\n\t\t\n\t\t\n\t<\/tr>\n\t\n\t<tr class=\"gigpress-info active\">\n\t\n\t\t<td class=\"gigpress-links-cell\">\n\t\t\t\t\t<\/td>\n\t\t\n\t\t<td colspan=\"3\">\n\t\t\n\t\t\t\t\t\t\t<span class=\"gigpress-info-item\"><span class=\"gigpress-info-label\">Time:<\/span> 4:00pm.<\/span>\n\t\t\t\t\t\t\n\t\t\t\t\t\t\n\t\t\t\t\t\t\n\t\t\t\t\t\t\n\t\t\t \n\t\t\t\t<span class=\"gigpress-info-item\"><span class=\"gigpress-info-label\">Address:<\/span> <a href=\"http:\/\/maps.google.com\/maps?&amp;q=5+chemin+de+l%27a%C3%A9roport,St-Jean+sur+Richelieu,J3B+7B5,CA\" class=\"gigpress-address\">5 chemin de l&#8217;a\u00e9roport<\/a>.<\/span>\n\t\t\t\t\t\t\n\t\t\t\t\t\t\t\n\t\t\t\n\t\t\t\t\t\t\t<span class=\"gigpress-info-item\">1 er spectacle \u00e0 16h sur la sc\u00e8ne Tim Hortons\r\n2 \u00e8me spectacle \u00e0 17h20 sur la sc\u00e8ne Hydro-Qu\u00e9bec<\/span>\n\t\t\t\t\t\t\n\t\t\t\t\t\t\n\t\t\t\n\t\t\t\t\t\t\t\t\n\t\t\n\t\t<\/td>\n\t\n\t<\/tr>\n<\/tbody>\t\n\n<tbody>\n\t\n\t<tr class=\"gigpress-row active gigpress-alt\">\n\t\n\t\t<td class=\"gigpress-date\">08\/05\/17\t\t\t\t\t<\/td>\n\t\t\n\t\t\t<td class=\"gigpress-artist\">\n\t\t\tMaria et ses musiciens\t\t<\/td>\n\t\t\n\t\t<td class=\"gigpress-city\">Rosem\u00e8re, Qu\u00e9bec<\/td>\n\t\t\n\t\t<td class=\"gigpress-venue\">Municipalit\u00e9 de Rosem\u00e8re<\/td>\n\t\t\n\t\t\n\t<\/tr>\n\t\n\t<tr class=\"gigpress-info active gigpress-alt\">\n\t\n\t\t<td class=\"gigpress-links-cell\">\n\t\t\t\t\t<\/td>\n\t\t\n\t\t<td colspan=\"3\">\n\t\t\n\t\t\t\t\t\t\t<span class=\"gigpress-info-item\"><span class=\"gigpress-info-label\">Time:<\/span> 10:30am.<\/span>\n\t\t\t\t\t\t\n\t\t\t\t\t\t\n\t\t\t\t\t\t\n\t\t\t\t\t\t\n\t\t\t \n\t\t\t\t<span class=\"gigpress-info-item\"><span class=\"gigpress-info-label\">Address:<\/span> <a href=\"http:\/\/maps.google.com\/maps?&amp;q=325+chemin+Grande+C%C3%B4te,Rosem%C3%A8re,Qu%C3%A9bec,CA\" class=\"gigpress-address\">325 chemin Grande C\u00f4te<\/a>.<\/span>\n\t\t\t\t\t\t\n\t\t\t\t\t\t\t\n\t\t\t\n\t\t\t\t\t\t\n\t\t\t\t\t\t\n\t\t\t\n\t\t\t\t\t\t\t\t\n\t\t\n\t\t<\/td>\n\t\n\t<\/tr>\n<\/tbody>\t\n\n<tbody>\n\t\n\t<tr class=\"gigpress-row active\">\n\t\n\t\t<td class=\"gigpress-date\">08\/03\/17\t\t\t\t\t<\/td>\n\t\t\n\t\t\t<td class=\"gigpress-artist\">\n\t\t\tMaria en solo\t\t<\/td>\n\t\t\n\t\t<td class=\"gigpress-city\">Saint-Hyacinthe<\/td>\n\t\t\n\t\t<td class=\"gigpress-venue\"><a href=\"http:\/\/www.expo-agricole.com\">Exposition agricole de Saint-Hyacinthe<\/a><\/td>\n\t\t\n\t\t\n\t<\/tr>\n\t\n\t<tr class=\"gigpress-info active\">\n\t\n\t\t<td class=\"gigpress-links-cell\">\n\t\t\t\t\t<\/td>\n\t\t\n\t\t<td colspan=\"3\">\n\t\t\n\t\t\t\t\t\t\t<span class=\"gigpress-info-item\"><span class=\"gigpress-info-label\">Time:<\/span> 11:00am.<\/span>\n\t\t\t\t\t\t\n\t\t\t\t\t\t\n\t\t\t\t\t\t\n\t\t\t\t\t\t\n\t\t\t \n\t\t\t\t<span class=\"gigpress-info-item\"><span class=\"gigpress-info-label\">Address:<\/span> <a href=\"http:\/\/maps.google.com\/maps?&amp;q=Sc%C3%A8ne+ext%C3%A9rieure+pr%C3%A8s+de+l%27ar%C3%A9na+-+2670+rue+Beauparlant,Saint-Hyacinthe,J2S+4M8,CA\" class=\"gigpress-address\">Sc\u00e8ne ext\u00e9rieure pr\u00e8s de l&#8217;ar\u00e9na &#8211; 2670 rue Beauparlant<\/a>.<\/span>\n\t\t\t\t\t\t\n\t\t\t\t\t\t\t\n\t\t\t\n\t\t\t\t\t\t\t<span class=\"gigpress-info-item\">4 prestations durant la journ\u00e9e.\r\n11h-13h-15h-16h30<\/span>\n\t\t\t\t\t\t\n\t\t\t\t\t\t\n\t\t\t\n\t\t\t\t\t\t\t\t\n\t\t\n\t\t<\/td>\n\t\n\t<\/tr>\n<\/tbody>\t\n\n<tbody>\n\t\n\t<tr class=\"gigpress-row active gigpress-alt\">\n\t\n\t\t<td class=\"gigpress-date\">08\/01\/17\t\t\t\t\t<\/td>\n\t\t\n\t\t\t<td class=\"gigpress-artist\">\n\t\t\tMaria et ses musiciens\t\t<\/td>\n\t\t\n\t\t<td class=\"gigpress-city\">Repentigny<\/td>\n\t\t\n\t\t<td class=\"gigpress-venue\">Parc Larochelle<\/td>\n\t\t\n\t\t\n\t<\/tr>\n\t\n\t<tr class=\"gigpress-info active gigpress-alt\">\n\t\n\t\t<td class=\"gigpress-links-cell\">\n\t\t\t\t\t<\/td>\n\t\t\n\t\t<td colspan=\"3\">\n\t\t\n\t\t\t\t\t\t\t<span class=\"gigpress-info-item\"><span class=\"gigpress-info-label\">Time:<\/span> 7:00pm.<\/span>\n\t\t\t\t\t\t\n\t\t\t\t\t\t\n\t\t\t\t\t\t\n\t\t\t\t\t\t\n\t\t\t \n\t\t\t\t<span class=\"gigpress-info-item\"><span class=\"gigpress-info-label\">Address:<\/span> <a href=\"http:\/\/maps.google.com\/maps?&amp;q=366+rue+Marquis,Repentigny,CA\" class=\"gigpress-address\">366 rue Marquis<\/a>.<\/span>\n\t\t\t\t\t\t\n\t\t\t\t\t\t\t\n\t\t\t\n\t\t\t\t\t\t\n\t\t\t\t\t\t\n\t\t\t\n\t\t\t\t\t\t\t\t\n\t\t\n\t\t<\/td>\n\t\n\t<\/tr>\n<\/tbody>\t\n\n<tbody>\n\t\n\t<tr class=\"gigpress-row active\">\n\t\n\t\t<td class=\"gigpress-date\">07\/18\/17\t\t\t - 07\/23\/17\t\t<\/td>\n\t\t\n\t\t\t<td class=\"gigpress-artist\">\n\t\t\tMaria et Romano dans &#8220;La Raviolimanie&#8221;\t\t<\/td>\n\t\t\n\t\t<td class=\"gigpress-city\">Montr\u00e9al<\/td>\n\t\t\n\t\t<td class=\"gigpress-venue\"><a href=\"http:\/\/www.hahaha.com\">Festival Juste pour rire-Place de la famille le Lait<\/a><\/td>\n\t\t\n\t\t\n\t<\/tr>\n\t\n\t<tr class=\"gigpress-info active\">\n\t\n\t\t<td class=\"gigpress-links-cell\">\n\t\t\t\t\t<\/td>\n\t\t\n\t\t<td colspan=\"3\">\n\t\t\n\t\t\t\t\t\t\t<span class=\"gigpress-info-item\"><span class=\"gigpress-info-label\">Time:<\/span> 4:00pm.<\/span>\n\t\t\t\t\t\t\n\t\t\t\t\t\t\n\t\t\t\t\t\t\n\t\t\t\t\t\t\n\t\t\t\t\t\t\n\t\t\t\t\t\t\t\n\t\t\t\n\t\t\t\t\t\t\n\t\t\t\t\t\t\n\t\t\t\n\t\t\t\t\t\t\t<span class=\"gigpress-info-item\"><a href=\"http:\/\/www.hahaha.com\/fr\/show\/productions-cest-chouette-la-raviolimanie#.WVuS6KNra48.facebook\">Plus d'informations<\/a><\/span>\n\t\t\t\t\t\t\t\t\n\t\t\n\t\t<\/td>\n\t\n\t<\/tr>\n<\/tbody>\t\n\n<tbody>\n\t\n\t<tr class=\"gigpress-row active gigpress-alt\">\n\t\n\t\t<td class=\"gigpress-date\">07\/09\/17\t\t\t\t\t<\/td>\n\t\t\n\t\t\t<td class=\"gigpress-artist\">\n\t\t\tMaria et ses musiciens\t\t<\/td>\n\t\t\n\t\t<td class=\"gigpress-city\">Drummondville, Qu\u00e9bec<\/td>\n\t\t\n\t\t<td class=\"gigpress-venue\"><a href=\"http:\/\/www.mondialdescultures.com\/\">Mondial des cultures de Drummondville<\/a><\/td>\n\t\t\n\t\t\n\t<\/tr>\n\t\n\t<tr class=\"gigpress-info active gigpress-alt\">\n\t\n\t\t<td class=\"gigpress-links-cell\">\n\t\t\t\t\t<\/td>\n\t\t\n\t\t<td colspan=\"3\">\n\t\t\n\t\t\t\t\t\t\n\t\t\t\t\t\t\t<span class=\"gigpress-info-item\"><span class=\"gigpress-info-label\">Admission:<\/span> Voir le site web.<\/span>\n\t\t\t\t\t\t\n\t\t\t\t\t\t\n\t\t\t\t\t\t\n\t\t\t \n\t\t\t\t<span class=\"gigpress-info-item\"><span class=\"gigpress-info-label\">Address:<\/span> <a href=\"http:\/\/maps.google.com\/maps?&amp;q=Parc+Woodyatt+53%2C+rue+Du+Pont,Drummondville,Qu%C3%A9bec,J2B+6V6,CA\" class=\"gigpress-address\">Parc Woodyatt 53, rue Du Pont<\/a>.<\/span>\n\t\t\t\t\t\t\n\t\t\t\t\t\t\t\n\t\t\t\n\t\t\t\t\t\t\n\t\t\t\t\t\t\n\t\t\t\n\t\t\t\t\t\t\t\t\n\t\t\n\t\t<\/td>\n\t\n\t<\/tr>\n<\/tbody>\t\n\n<tbody>\n\t\n\t<tr class=\"gigpress-row active\">\n\t\n\t\t<td class=\"gigpress-date\">06\/03\/17\t\t\t\t\t<\/td>\n\t\t\n\t\t\t<td class=\"gigpress-artist\">\n\t\t\tMaria et ses musiciens\t\t<\/td>\n\t\t\n\t\t<td class=\"gigpress-city\">Mascouche<\/td>\n\t\t\n\t\t<td class=\"gigpress-venue\">Parc du Grand Coteau<\/td>\n\t\t\n\t\t\n\t<\/tr>\n\t\n\t<tr class=\"gigpress-info active\">\n\t\n\t\t<td class=\"gigpress-links-cell\">\n\t\t\t\t\t<\/td>\n\t\t\n\t\t<td colspan=\"3\">\n\t\t\n\t\t\t\t\t\t\t<span class=\"gigpress-info-item\"><span class=\"gigpress-info-label\">Time:<\/span> 11:00am.<\/span>\n\t\t\t\t\t\t\n\t\t\t\t\t\t\n\t\t\t\t\t\t\n\t\t\t\t\t\t\n\t\t\t \n\t\t\t\t<span class=\"gigpress-info-item\"><span class=\"gigpress-info-label\">Address:<\/span> <a href=\"http:\/\/maps.google.com\/maps?&amp;q=2600+boulevard+de+Mascouche,Mascouche,J7K+0H5,CA\" class=\"gigpress-address\">2600 boulevard de Mascouche<\/a>.<\/span>\n\t\t\t\t\t\t\n\t\t\t\t\t\t\t\n\t\t\t\n\t\t\t\t\t\t\n\t\t\t\t\t\t\n\t\t\t\n\t\t\t\t\t\t\t\t\n\t\t\n\t\t<\/td>\n\t\n\t<\/tr>\n<\/tbody>\t\n\n<tbody>\n\t\n\t<tr class=\"gigpress-row active gigpress-alt\">\n\t\n\t\t<td class=\"gigpress-date\">09\/06\/16\t\t\t\t\t<\/td>\n\t\t\n\t\t\t<td class=\"gigpress-artist\">\n\t\t\tMaria en solo\t\t<\/td>\n\t\t\n\t\t<td class=\"gigpress-city\">Scott, Quebec<\/td>\n\t\t\n\t\t<td class=\"gigpress-venue\"><a href=\"http:\/\/www.festivaldelepi.com\">Festival de l&#8217;\u00e9pi<\/a><\/td>\n\t\t\n\t\t\n\t<\/tr>\n\t\n\t<tr class=\"gigpress-info active gigpress-alt\">\n\t\n\t\t<td class=\"gigpress-links-cell\">\n\t\t\t\t\t<\/td>\n\t\t\n\t\t<td colspan=\"3\">\n\t\t\n\t\t\t\t\t\t\t<span class=\"gigpress-info-item\"><span class=\"gigpress-info-label\">Time:<\/span> 10:30am.<\/span>\n\t\t\t\t\t\t\n\t\t\t\t\t\t\n\t\t\t\t\t\t\n\t\t\t\t\t\t\n\t\t\t \n\t\t\t\t<span class=\"gigpress-info-item\"><span class=\"gigpress-info-label\">Address:<\/span> <a href=\"http:\/\/maps.google.com\/maps?&amp;q=34%2C+6e+rue%2C+Scott%2C+Qc,Scott,Quebec,CA\" class=\"gigpress-address\">34, 6e rue, Scott, Qc<\/a>.<\/span>\n\t\t\t\t\t\t\n\t\t\t\t\t\t\t\n\t\t\t\n\t\t\t\t\t\t\t<span class=\"gigpress-info-item\">Viens d\u00e9guster un bon \u00e9pi en ma compagnie!<\/span>\n\t\t\t\t\t\t\n\t\t\t\t\t\t\n\t\t\t\n\t\t\t\t\t\t\t\t\n\t\t\n\t\t<\/td>\n\t\n\t<\/tr>\n<\/tbody>\t\n\n<tbody>\n\t\n\t<tr class=\"gigpress-row active\">\n\t\n\t\t<td class=\"gigpress-date\">06\/02\/16\t\t\t\t\t<\/td>\n\t\t\n\t\t\t<td class=\"gigpress-artist\">\n\t\t\tMaria en solo\t\t<\/td>\n\t\t\n\t\t<td class=\"gigpress-city\">Montr\u00e9al, Qu\u00e9bec<\/td>\n\t\t\n\t\t<td class=\"gigpress-venue\">\u00c9cole St-Louis de Gonzague<\/td>\n\t\t\n\t\t\n\t<\/tr>\n\t\n\t<tr class=\"gigpress-info active\">\n\t\n\t\t<td class=\"gigpress-links-cell\">\n\t\t\t\t\t<\/td>\n\t\t\n\t\t<td colspan=\"3\">\n\t\t\n\t\t\t\t\t\t\t<span class=\"gigpress-info-item\"><span class=\"gigpress-info-label\">Time:<\/span> 4:30pm.<\/span>\n\t\t\t\t\t\t\n\t\t\t\t\t\t\t<span class=\"gigpress-info-item\"><span class=\"gigpress-info-label\">Admission:<\/span> Priv\u00e9.<\/span>\n\t\t\t\t\t\t\n\t\t\t\t\t\t\n\t\t\t\t\t\t\n\t\t\t\t\t\t\n\t\t\t\t\t\t\t\n\t\t\t\n\t\t\t\t\t\t\n\t\t\t\t\t\t\n\t\t\t\n\t\t\t\t\t\t\t\t\n\t\t\n\t\t<\/td>\n\t\n\t<\/tr>\n<\/tbody>\t\n\n<\/table>\n<script type=\"application\/ld+json\">[\n    {\n        \"@context\": \"http:\/\/schema.org\",\n        \"@type\": \"Event\",\n        \"name\": \"Maria Cannelloni\",\n        \"startDate\": \"2026-03-01T10:00:00\",\n        \"url\": \"https:\/\/mariacannelloni.com\/maria-cannelloni-in-saint-agapit-on-te\/\",\n        \"performers\": {\n            \"@type\": \"Organization\",\n            \"name\": \"Maria Cannelloni\"\n        },\n        \"location\": {\n            \"@type\": \"Place\",\n            \"name\": \"Complexe des Seigneuries\",\n            \"url\": \"http:\/\/complexedesseigneuries.com\",\n            \"telephone\": \"14188884620\",\n            \"address\": {\n                \"@type\": \"PostalAddress\",\n                \"streetAddress\": \"1080 Av. Bergeron\",\n                \"addressLocality\": \"Saint-Agapit\",\n                \"addressRegion\": \"Qu\\u00e9bec\",\n                \"postalCode\": \"G0S 1Z0\",\n                \"addressCountry\": \"CA\"\n            }\n        }\n    },\n    {\n        \"@context\": \"http:\/\/schema.org\",\n        \"@type\": \"Event\",\n        \"name\": \"Maria et Romano dans &#8220;La Raviolimanie&#8221;\",\n        \"startDate\": \"2026-02-08T11:00:00\",\n        \"performers\": {\n            \"@type\": \"Organization\",\n            \"name\": \"Maria et Romano dans &#8220;La Raviolimanie&#8221;\"\n        },\n        \"location\": {\n            \"@type\": \"Place\",\n            \"name\": \"Pavillon Saint-Laurent\",\n            \"url\": \"https:\/\/saguenayenneige.com\",\n            \"address\": {\n                \"@type\": \"PostalAddress\",\n                \"streetAddress\": \"2250 rue Saint-Dominique\",\n                \"addressLocality\": \"Jonqui\\u00e8re\",\n                \"postalCode\": \"G7X 6M3\",\n                \"addressCountry\": \"CA\"\n            }\n        }\n    },\n    {\n        \"@context\": \"http:\/\/schema.org\",\n        \"@type\": \"Event\",\n        \"name\": \"Maria et Romano dans &#8220;La Raviolimanie&#8221;\",\n        \"startDate\": \"2026-02-07T11:00:00\",\n        \"performers\": {\n            \"@type\": \"Organization\",\n            \"name\": \"Maria et Romano dans &#8220;La Raviolimanie&#8221;\"\n        },\n        \"location\": {\n            \"@type\": \"Place\",\n            \"name\": \"Pavillon Saint-Laurent\",\n            \"url\": \"https:\/\/saguenayenneige.com\",\n            \"address\": {\n                \"@type\": \"PostalAddress\",\n                \"streetAddress\": \"2250 rue Saint-Dominique\",\n                \"addressLocality\": \"Jonqui\\u00e8re\",\n                \"postalCode\": \"G7X 6M3\",\n                \"addressCountry\": \"CA\"\n            }\n        }\n    },\n    {\n        \"@context\": \"http:\/\/schema.org\",\n        \"@type\": \"Event\",\n        \"name\": \"Maria et Romano dans &#8220;La Raviolimanie&#8221;\",\n        \"startDate\": \"2026-01-24T13:00:00\",\n        \"performers\": {\n            \"@type\": \"Organization\",\n            \"name\": \"Maria et Romano dans &#8220;La Raviolimanie&#8221;\"\n        },\n        \"location\": {\n            \"@type\": \"Place\",\n            \"name\": \"Grand Th\\u00e9\\u00e2tre de Qu\\u00e9bec\",\n            \"url\": \"https:\/\/grandtheatre.qc.ca\",\n            \"address\": {\n                \"@type\": \"PostalAddress\",\n                \"streetAddress\": \"269 Bd Ren\\u00e9-L\\u00e9vesque E\",\n                \"addressLocality\": \"Qu\\u00e9bec\",\n                \"postalCode\": \"G1R 2B3\",\n                \"addressCountry\": \"CA\"\n            }\n        },\n        \"offers\": {\n            \"@type\": \"Offer\",\n            \"url\": \"https:\/\/am.ticketmaster.com\/grandtheatre\/fr-ca\/ism\/UzEyNjAxMDI%3D?_gl=1*12wzna6*_gcl_au*MTQwNTg1OTk0NS4xNzY3MTM5ODUy*_ga*MTUwMDU2NTYyNi4xNzY3MTM5ODUy*_ga_9QYZVEZ3ZT*czE3NjcxMzk4NTEkbzEkZzEkdDE3NjcxMzk4OTQkajE3JGwwJGgw\"\n        }\n    },\n    {\n        \"@context\": \"http:\/\/schema.org\",\n        \"@type\": \"Event\",\n        \"name\": \"Maria et Romano dans &#8220;La Raviolimanie&#8221;\",\n        \"startDate\": \"2026-01-24T10:00:00\",\n        \"performers\": {\n            \"@type\": \"Organization\",\n            \"name\": \"Maria et Romano dans &#8220;La Raviolimanie&#8221;\"\n        },\n        \"location\": {\n            \"@type\": \"Place\",\n            \"name\": \"Grand Th\\u00e9\\u00e2tre de Qu\\u00e9bec\",\n            \"url\": \"https:\/\/grandtheatre.qc.ca\",\n            \"address\": {\n                \"@type\": \"PostalAddress\",\n                \"streetAddress\": \"269 Bd Ren\\u00e9-L\\u00e9vesque E\",\n                \"addressLocality\": \"Qu\\u00e9bec\",\n                \"postalCode\": \"G1R 2B3\",\n                \"addressCountry\": \"CA\"\n            }\n        },\n        \"offers\": {\n            \"@type\": \"Offer\",\n            \"url\": \"https:\/\/am.ticketmaster.com\/grandtheatre\/fr-ca\/ism\/UzEyNjAxMDI%3D?_gl=1*12wzna6*_gcl_au*MTQwNTg1OTk0NS4xNzY3MTM5ODUy*_ga*MTUwMDU2NTYyNi4xNzY3MTM5ODUy*_ga_9QYZVEZ3ZT*czE3NjcxMzk4NTEkbzEkZzEkdDE3NjcxMzk4OTQkajE3JGwwJGgw\"\n        }\n    },\n    {\n        \"@context\": \"http:\/\/schema.org\",\n        \"@type\": \"Event\",\n        \"name\": \"Maria et Octave dans &#8220;\\u00c0 la rescousse de No\\u00ebl&#8221;\",\n        \"startDate\": \"2025-12-14T14:30:00\",\n        \"performers\": {\n            \"@type\": \"Organization\",\n            \"name\": \"Maria et Octave dans &#8220;\\u00c0 la rescousse de No\\u00ebl&#8221;\"\n        },\n        \"location\": {\n            \"@type\": \"Place\",\n            \"name\": \"Municipalit\\u00e9 de Chertsey\",\n            \"address\": {\n                \"@type\": \"PostalAddress\",\n                \"streetAddress\": \"543, chemin de l&#8217;\\u00c9glise\",\n                \"addressLocality\": \"Chertsey\",\n                \"addressRegion\": \"QC\",\n                \"postalCode\": \"J0K 3K0\",\n                \"addressCountry\": \"CA\"\n            }\n        }\n    },\n    {\n        \"@context\": \"http:\/\/schema.org\",\n        \"@type\": \"Event\",\n        \"name\": \"Maria et Octave dans &#8220;\\u00c0 la rescousse de No\\u00ebl&#8221;\",\n        \"startDate\": \"2025-12-13T13:00:00\",\n        \"performers\": {\n            \"@type\": \"Organization\",\n            \"name\": \"Maria et Octave dans &#8220;\\u00c0 la rescousse de No\\u00ebl&#8221;\"\n        },\n        \"location\": {\n            \"@type\": \"Place\",\n            \"name\": \"Salle J.M.-Bellerose\",\n            \"address\": {\n                \"@type\": \"PostalAddress\",\n                \"streetAddress\": \"140 Rue Saint-Jacques\",\n                \"addressLocality\": \"Saint-Michel-des-Saints\",\n                \"addressRegion\": \"QC\",\n                \"postalCode\": \"J0K 3B0\",\n                \"addressCountry\": \"CA\"\n            }\n        }\n    },\n    {\n        \"@context\": \"http:\/\/schema.org\",\n        \"@type\": \"Event\",\n        \"name\": \"\\u00c0 la rescousse de No\\u00ebl (formule solo)\",\n        \"startDate\": \"2025-12-10T10:00:00\",\n        \"performers\": {\n            \"@type\": \"Organization\",\n            \"name\": \"\\u00c0 la rescousse de No\\u00ebl (formule solo)\"\n        },\n        \"location\": {\n            \"@type\": \"Place\",\n            \"name\": \"Garderie Alakazou\",\n            \"address\": {\n                \"@type\": \"PostalAddress\",\n                \"streetAddress\": \"472 2 e avenue\",\n                \"addressLocality\": \"Saint-Jean-sur-Richelieu\",\n                \"addressRegion\": \"QC\",\n                \"postalCode\": \"J2X 5H9\",\n                \"addressCountry\": \"CA\"\n            }\n        }\n    },\n    {\n        \"@context\": \"http:\/\/schema.org\",\n        \"@type\": \"Event\",\n        \"name\": \"Maria et Octave dans &#8220;\\u00c0 la rescousse de No\\u00ebl&#8221;\",\n        \"startDate\": \"2025-12-07T15:00:00\",\n        \"performers\": {\n            \"@type\": \"Organization\",\n            \"name\": \"Maria et Octave dans &#8220;\\u00c0 la rescousse de No\\u00ebl&#8221;\"\n        },\n        \"location\": {\n            \"@type\": \"Place\",\n            \"name\": \"Centre Multifonctionnel\",\n            \"address\": {\n                \"@type\": \"PostalAddress\",\n                \"streetAddress\": \"81 Av. Hooper\",\n                \"addressLocality\": \"Saint-Lambert\",\n                \"addressRegion\": \"QC\",\n                \"postalCode\": \"J4P 2L6\",\n                \"addressCountry\": \"CA\"\n            }\n        }\n    },\n    {\n        \"@context\": \"http:\/\/schema.org\",\n        \"@type\": \"Event\",\n        \"name\": \"Maria et Octave dans &#8220;\\u00c0 la rescousse de No\\u00ebl&#8221;\",\n        \"startDate\": \"2025-11-30T11:00:00\",\n        \"performers\": {\n            \"@type\": \"Organization\",\n            \"name\": \"Maria et Octave dans &#8220;\\u00c0 la rescousse de No\\u00ebl&#8221;\"\n        },\n        \"location\": {\n            \"@type\": \"Place\",\n            \"name\": \"Centre culturel La Ronde\",\n            \"address\": {\n                \"@type\": \"PostalAddress\",\n                \"streetAddress\": \"32, rue Mountjoy Nord\",\n                \"addressLocality\": \"Timmins\",\n                \"addressRegion\": \"Ontario\",\n                \"postalCode\": \"P4N 4V6\",\n                \"addressCountry\": \"CA\"\n            }\n        }\n    },\n    {\n        \"@context\": \"http:\/\/schema.org\",\n        \"@type\": \"Event\",\n        \"name\": \"Maria et Octave dans le Nord de l&#8217;Ontario\",\n        \"startDate\": \"2025-11-29T13:30:00\",\n        \"performers\": {\n            \"@type\": \"Organization\",\n            \"name\": \"\\u00c0 la rescousse de No\\u00ebl (formule solo)\"\n        },\n        \"location\": {\n            \"@type\": \"Place\",\n            \"name\": \"\\u00c9cole \\u00e9l\\u00e9mentaire La Source\",\n            \"address\": {\n                \"@type\": \"PostalAddress\",\n                \"streetAddress\": \"70, promenade Madelaine\",\n                \"addressLocality\": \"Barrie\",\n                \"addressRegion\": \"Ontario\",\n                \"postalCode\": \"L4N 9T2\",\n                \"addressCountry\": \"CA\"\n            }\n        }\n    },\n    {\n        \"@context\": \"http:\/\/schema.org\",\n        \"@type\": \"Event\",\n        \"name\": \"Maria et Octave dans le Nord de l&#8217;Ontario\",\n        \"startDate\": \"2025-11-29T10:30:00\",\n        \"performers\": {\n            \"@type\": \"Organization\",\n            \"name\": \"\\u00c0 la rescousse de No\\u00ebl (formule solo)\"\n        },\n        \"location\": {\n            \"@type\": \"Place\",\n            \"name\": \"\\u00c9cole \\u00e9l\\u00e9mentaire catholique Sainte-Croix\",\n            \"address\": {\n                \"@type\": \"PostalAddress\",\n                \"streetAddress\": \"351, chemin Lafontaine Ouest\",\n                \"addressLocality\": \"Tiny\",\n                \"addressRegion\": \"Ontario\",\n                \"postalCode\": \"l9M 0H1\",\n                \"addressCountry\": \"CA\"\n            }\n        }\n    },\n    {\n        \"@context\": \"http:\/\/schema.org\",\n        \"@type\": \"Event\",\n        \"name\": \"Maria et Octave dans &#8220;\\u00c0 la rescousse de No\\u00ebl&#8221;\",\n        \"startDate\": \"2025-11-23T10:30:00\",\n        \"performers\": {\n            \"@type\": \"Organization\",\n            \"name\": \"Maria et Octave dans &#8220;\\u00c0 la rescousse de No\\u00ebl&#8221;\"\n        },\n        \"location\": {\n            \"@type\": \"Place\",\n            \"name\": \"Centre culturel du domaine vert\",\n            \"address\": {\n                \"@type\": \"PostalAddress\",\n                \"streetAddress\": \"17530 Rue Jacques Cartier\",\n                \"addressLocality\": \"Mirabel\",\n                \"addressRegion\": \"Qu\\u00e9bec\",\n                \"postalCode\": \"J7J 2A9\",\n                \"addressCountry\": \"CA\"\n            }\n        }\n    },\n    {\n        \"@context\": \"http:\/\/schema.org\",\n        \"@type\": \"Event\",\n        \"name\": \"Maria Cannelloni en Ontario\",\n        \"startDate\": \"2025-10-10T13:30:00\",\n        \"performers\": {\n            \"@type\": \"Organization\",\n            \"name\": \"Maria et Romano dans &#8220;La Raviolimanie&#8221;\"\n        },\n        \"location\": {\n            \"@type\": \"Place\",\n            \"name\": \"\\u00c9cole secondaire publique Odyss\\u00e9e\",\n            \"address\": {\n                \"@type\": \"PostalAddress\",\n                \"streetAddress\": \"2345 avenue Connaught\",\n                \"addressLocality\": \"North Bay\",\n                \"addressRegion\": \"Ontario\",\n                \"postalCode\": \"P1B 0A3\",\n                \"addressCountry\": \"CA\"\n            }\n        }\n    },\n    {\n        \"@context\": \"http:\/\/schema.org\",\n        \"@type\": \"Event\",\n        \"name\": \"Maria Cannelloni en Ontario\",\n        \"startDate\": \"2025-10-10T13:30:00\",\n        \"performers\": {\n            \"@type\": \"Organization\",\n            \"name\": \"Maria et Romano dans &#8220;La Raviolimanie&#8221;\"\n        },\n        \"location\": {\n            \"@type\": \"Place\",\n            \"name\": \"\\u00c9cole secondaire publique Odyss\\u00e9e\",\n            \"address\": {\n                \"@type\": \"PostalAddress\",\n                \"streetAddress\": \"2345 avenue Connaught\",\n                \"addressLocality\": \"North Bay\",\n                \"addressRegion\": \"Ontario\",\n                \"postalCode\": \"P1B 0A3\",\n                \"addressCountry\": \"CA\"\n            }\n        }\n    },\n    {\n        \"@context\": \"http:\/\/schema.org\",\n        \"@type\": \"Event\",\n        \"name\": \"Maria Cannelloni en Ontario\",\n        \"startDate\": \"2025-10-09T13:45:00\",\n        \"performers\": {\n            \"@type\": \"Organization\",\n            \"name\": \"Maria et Romano dans &#8220;La Raviolimanie&#8221;\"\n        },\n        \"location\": {\n            \"@type\": \"Place\",\n            \"name\": \"\\u00c9cole \\u00e9l\\u00e9mentaire Sainte-Madeleine\",\n            \"address\": {\n                \"@type\": \"PostalAddress\",\n                \"streetAddress\": \"1 Ness Dr.\",\n                \"addressLocality\": \"North York\",\n                \"addressRegion\": \"Ontario\",\n                \"postalCode\": \"M3A 1Z6\",\n                \"addressCountry\": \"CA\"\n            }\n        }\n    },\n    {\n        \"@context\": \"http:\/\/schema.org\",\n        \"@type\": \"Event\",\n        \"name\": \"Maria Cannelloni en Ontario\",\n        \"startDate\": \"2025-10-09T09:30:00\",\n        \"performers\": {\n            \"@type\": \"Organization\",\n            \"name\": \"Maria et Romano dans &#8220;La Raviolimanie&#8221;\"\n        },\n        \"location\": {\n            \"@type\": \"Place\",\n            \"name\": \"Ronald-Marion French Public School\",\n            \"address\": {\n                \"@type\": \"PostalAddress\",\n                \"streetAddress\": \"2235 Brock Rd.\",\n                \"addressLocality\": \"Pickering\",\n                \"addressRegion\": \"Ontario\",\n                \"postalCode\": \"L1X 0K2\",\n                \"addressCountry\": \"CA\"\n            }\n        }\n    },\n    {\n        \"@context\": \"http:\/\/schema.org\",\n        \"@type\": \"Event\",\n        \"name\": \"Maria Cannelloni en Ontario\",\n        \"startDate\": \"2025-10-08T14:30:00\",\n        \"performers\": {\n            \"@type\": \"Organization\",\n            \"name\": \"Maria et Romano dans &#8220;La Raviolimanie&#8221;\"\n        },\n        \"location\": {\n            \"@type\": \"Place\",\n            \"name\": \"Acad\\u00e9mie Alexandre-Dumas\",\n            \"address\": {\n                \"@type\": \"PostalAddress\",\n                \"streetAddress\": \"255 Coronation Dr\",\n                \"addressLocality\": \"Toronto\",\n                \"addressRegion\": \"Ontario\",\n                \"postalCode\": \"M1E 2J3\",\n                \"addressCountry\": \"CA\"\n            }\n        }\n    },\n    {\n        \"@context\": \"http:\/\/schema.org\",\n        \"@type\": \"Event\",\n        \"name\": \"Maria Cannelloni en Ontario\",\n        \"startDate\": \"2025-10-08T09:00:00\",\n        \"performers\": {\n            \"@type\": \"Organization\",\n            \"name\": \"Maria et Romano dans &#8220;La Raviolimanie&#8221;\"\n        },\n        \"location\": {\n            \"@type\": \"Place\",\n            \"name\": \"\\u00c9cole \\u00e9l\\u00e9mentaire Carrefour des jeunes\",\n            \"address\": {\n                \"@type\": \"PostalAddress\",\n                \"streetAddress\": \"375 Center St N\",\n                \"addressLocality\": \"Brampton\",\n                \"addressRegion\": \"Ontario\",\n                \"postalCode\": \"L6V 4N4\",\n                \"addressCountry\": \"CA\"\n            }\n        }\n    },\n    {\n        \"@context\": \"http:\/\/schema.org\",\n        \"@type\": \"Event\",\n        \"name\": \"Maria Cannelloni en Ontario\",\n        \"startDate\": \"2025-10-08T09:00:00\",\n        \"performers\": {\n            \"@type\": \"Organization\",\n            \"name\": \"Maria et Romano dans &#8220;La Raviolimanie&#8221;\"\n        },\n        \"location\": {\n            \"@type\": \"Place\",\n            \"name\": \"\\u00c9cole \\u00e9l\\u00e9mentaire F\\u00e9lix-Leclerc\",\n            \"address\": {\n                \"@type\": \"PostalAddress\",\n                \"streetAddress\": \"50 Celestine Dr.\",\n                \"addressLocality\": \"Etobicoke\",\n                \"addressRegion\": \"Ontario\",\n                \"postalCode\": \"M9R 3N3\",\n                \"addressCountry\": \"CA\"\n            }\n        }\n    },\n    {\n        \"@context\": \"http:\/\/schema.org\",\n        \"@type\": \"Event\",\n        \"name\": \"Maria Cannelloni en Ontario\",\n        \"startDate\": \"2025-10-07T14:30:00\",\n        \"performers\": {\n            \"@type\": \"Organization\",\n            \"name\": \"Maria et Romano dans &#8220;La Raviolimanie&#8221;\"\n        },\n        \"location\": {\n            \"@type\": \"Place\",\n            \"name\": \"\\u00c9cole \\u00e9l\\u00e9mentaire Carrefour des jeunes\",\n            \"address\": {\n                \"@type\": \"PostalAddress\",\n                \"streetAddress\": \"375 Center St N\",\n                \"addressLocality\": \"Brampton\",\n                \"addressRegion\": \"Ontario\",\n                \"postalCode\": \"L6V 4N4\",\n                \"addressCountry\": \"CA\"\n            }\n        }\n    },\n    {\n        \"@context\": \"http:\/\/schema.org\",\n        \"@type\": \"Event\",\n        \"name\": \"Maria Cannelloni en Ontario\",\n        \"startDate\": \"2025-10-07T09:30:00\",\n        \"performers\": {\n            \"@type\": \"Organization\",\n            \"name\": \"Maria et Romano dans &#8220;La Raviolimanie&#8221;\"\n        },\n        \"location\": {\n            \"@type\": \"Place\",\n            \"name\": \"\\u00c9cole \\u00e9l\\u00e9mentaire catholique Sainte-Marie\",\n            \"address\": {\n                \"@type\": \"PostalAddress\",\n                \"streetAddress\": \"336 Maurice Dr.\",\n                \"addressLocality\": \"Oakville\",\n                \"addressRegion\": \"Ontario\",\n                \"postalCode\": \"L6K 2X4\",\n                \"addressCountry\": \"CA\"\n            }\n        }\n    },\n    {\n        \"@context\": \"http:\/\/schema.org\",\n        \"@type\": \"Event\",\n        \"name\": \"Maria Cannelloni en Ontario\",\n        \"startDate\": \"2025-10-06T13:45:00\",\n        \"performers\": {\n            \"@type\": \"Organization\",\n            \"name\": \"Maria et Romano dans &#8220;La Raviolimanie&#8221;\"\n        },\n        \"location\": {\n            \"@type\": \"Place\",\n            \"name\": \"\\u00c9cole \\u00e9l\\u00e9mentaire publique Francojeunesse\",\n            \"address\": {\n                \"@type\": \"PostalAddress\",\n                \"streetAddress\": \"119 Osgoode St.\",\n                \"addressLocality\": \"Ottawa\",\n                \"addressRegion\": \"Ontario\",\n                \"postalCode\": \"K1N 6S3\",\n                \"addressCountry\": \"CA\"\n            }\n        }\n    },\n    {\n        \"@context\": \"http:\/\/schema.org\",\n        \"@type\": \"Event\",\n        \"name\": \"Maria Cannelloni en Ontario\",\n        \"startDate\": \"2025-10-06T09:00:00\",\n        \"performers\": {\n            \"@type\": \"Organization\",\n            \"name\": \"Maria et Romano dans &#8220;La Raviolimanie&#8221;\"\n        },\n        \"location\": {\n            \"@type\": \"Place\",\n            \"name\": \"\\u00c9cole \\u00e9l\\u00e9mentaire catholique Sainte-Genevi\\u00e8ve\",\n            \"address\": {\n                \"@type\": \"PostalAddress\",\n                \"streetAddress\": \"2198 Arch Street\",\n                \"addressLocality\": \"Ottawa\",\n                \"addressRegion\": \"Ontario\",\n                \"postalCode\": \"K1G 2H7\",\n                \"addressCountry\": \"CA\"\n            }\n        }\n    },\n    {\n        \"@context\": \"http:\/\/schema.org\",\n        \"@type\": \"Event\",\n        \"name\": \"Maria Cannelloni en Ontario\",\n        \"startDate\": \"2025-09-19T09:30:00\",\n        \"performers\": {\n            \"@type\": \"Organization\",\n            \"name\": \"Maria et Romano dans &#8220;La Raviolimanie&#8221;\"\n        },\n        \"location\": {\n            \"@type\": \"Place\",\n            \"name\": \"\\u00c9cole \\u00e9l\\u00e9mentaire Pavillon de la jeunesse\",\n            \"address\": {\n                \"@type\": \"PostalAddress\",\n                \"streetAddress\": \"105 High St\",\n                \"addressLocality\": \"Hamilton\",\n                \"addressRegion\": \"Ontario\",\n                \"addressCountry\": \"CA\"\n            }\n        }\n    },\n    {\n        \"@context\": \"http:\/\/schema.org\",\n        \"@type\": \"Event\",\n        \"name\": \"Maria Cannelloni en Ontario\",\n        \"startDate\": \"2025-09-18T14:30:00\",\n        \"performers\": {\n            \"@type\": \"Organization\",\n            \"name\": \"Maria et Romano dans &#8220;La Raviolimanie&#8221;\"\n        },\n        \"location\": {\n            \"@type\": \"Place\",\n            \"name\": \"\\u00c9cole \\u00e9l\\u00e9mentaire Renaissance\",\n            \"address\": {\n                \"@type\": \"PostalAddress\",\n                \"streetAddress\": \"1226 Lockhart Rd\",\n                \"addressLocality\": \"Burlington\",\n                \"addressRegion\": \"Ontario\",\n                \"postalCode\": \"L7S 1H1\",\n                \"addressCountry\": \"CA\"\n            }\n        }\n    },\n    {\n        \"@context\": \"http:\/\/schema.org\",\n        \"@type\": \"Event\",\n        \"name\": \"Maria Cannelloni en Ontario\",\n        \"startDate\": \"2025-09-18T09:00:00\",\n        \"performers\": {\n            \"@type\": \"Organization\",\n            \"name\": \"Maria et Romano dans &#8220;La Raviolimanie&#8221;\"\n        },\n        \"location\": {\n            \"@type\": \"Place\",\n            \"name\": \"\\u00c9cole \\u00e9l\\u00e9mentaire l&#8217;Odyss\\u00e9e\",\n            \"address\": {\n                \"@type\": \"PostalAddress\",\n                \"streetAddress\": \"30 Brighton Street\",\n                \"addressLocality\": \"Guelph\",\n                \"addressRegion\": \"Ontario\",\n                \"postalCode\": \"N1E 3S9\",\n                \"addressCountry\": \"CA\"\n            }\n        }\n    },\n    {\n        \"@context\": \"http:\/\/schema.org\",\n        \"@type\": \"Event\",\n        \"name\": \"Maria Cannelloni en Ontario\",\n        \"startDate\": \"2025-09-17T14:30:00\",\n        \"performers\": {\n            \"@type\": \"Organization\",\n            \"name\": \"Maria et Romano dans &#8220;La Raviolimanie&#8221;\"\n        },\n        \"location\": {\n            \"@type\": \"Place\",\n            \"name\": \"\\u00c9cole \\u00e9l\\u00e9mentaire Le Flambeau\",\n            \"address\": {\n                \"@type\": \"PostalAddress\",\n                \"streetAddress\": \"600 Novo Star Dr.\",\n                \"addressLocality\": \"Mississauga\",\n                \"addressRegion\": \"Ontario\",\n                \"postalCode\": \"L5W 1G4\",\n                \"addressCountry\": \"CA\"\n            }\n        }\n    },\n    {\n        \"@context\": \"http:\/\/schema.org\",\n        \"@type\": \"Event\",\n        \"name\": \"Maria Cannelloni en Ontario\",\n        \"startDate\": \"2025-09-17T14:30:00\",\n        \"performers\": {\n            \"@type\": \"Organization\",\n            \"name\": \"Maria et Romano dans &#8220;La Raviolimanie&#8221;\"\n        },\n        \"location\": {\n            \"@type\": \"Place\",\n            \"name\": \"\\u00c9cole \\u00e9l\\u00e9mentaire Le Flambeau\",\n            \"address\": {\n                \"@type\": \"PostalAddress\",\n                \"streetAddress\": \"600 Novo Star Dr.\",\n                \"addressLocality\": \"Mississauga\",\n                \"addressRegion\": \"Ontario\",\n                \"postalCode\": \"L5W 1G4\",\n                \"addressCountry\": \"CA\"\n            }\n        }\n    },\n    {\n        \"@context\": \"http:\/\/schema.org\",\n        \"@type\": \"Event\",\n        \"name\": \"Maria Cannelloni en Ontario\",\n        \"startDate\": \"2025-09-17T09:00:00\",\n        \"performers\": {\n            \"@type\": \"Organization\",\n            \"name\": \"Maria et Romano dans &#8220;La Raviolimanie&#8221;\"\n        },\n        \"location\": {\n            \"@type\": \"Place\",\n            \"name\": \"Acad\\u00e9mie de la Moraine\",\n            \"address\": {\n                \"@type\": \"PostalAddress\",\n                \"streetAddress\": \"13200 Yonge St.\",\n                \"addressLocality\": \"Richmond Hill\",\n                \"addressRegion\": \"Ontario\",\n                \"postalCode\": \"L4E 2T2\",\n                \"addressCountry\": \"CA\"\n            }\n        }\n    },\n    {\n        \"@context\": \"http:\/\/schema.org\",\n        \"@type\": \"Event\",\n        \"name\": \"Maria Cannelloni en Ontario\",\n        \"startDate\": \"2025-09-16T13:45:00\",\n        \"performers\": {\n            \"@type\": \"Organization\",\n            \"name\": \"Maria et Romano dans &#8220;La Raviolimanie&#8221;\"\n        },\n        \"location\": {\n            \"@type\": \"Place\",\n            \"name\": \"\\u00c9cole \\u00e9l\\u00e9mentaire Antonine-Maillet\",\n            \"address\": {\n                \"@type\": \"PostalAddress\",\n                \"streetAddress\": \"615 Ridgeway Ave\",\n                \"addressLocality\": \"Oshawa\",\n                \"addressRegion\": \"Ontario\",\n                \"postalCode\": \"L1J 2W3\",\n                \"addressCountry\": \"CA\"\n            }\n        }\n    },\n    {\n        \"@context\": \"http:\/\/schema.org\",\n        \"@type\": \"Event\",\n        \"name\": \"Maria Cannelloni en Ontario\",\n        \"startDate\": \"2025-09-16T09:30:00\",\n        \"performers\": {\n            \"@type\": \"Organization\",\n            \"name\": \"Maria et Romano dans &#8220;La Raviolimanie&#8221;\"\n        },\n        \"location\": {\n            \"@type\": \"Place\",\n            \"name\": \"\\u00c9cole \\u00e9l\\u00e9mnetaire Viola-L\\u00e9ger\",\n            \"address\": {\n                \"@type\": \"PostalAddress\",\n                \"streetAddress\": \"116 Ontario St\",\n                \"addressLocality\": \"Bowmanville\",\n                \"postalCode\": \"L1C2T4\",\n                \"addressCountry\": \"CA\"\n            }\n        }\n    },\n    {\n        \"@context\": \"http:\/\/schema.org\",\n        \"@type\": \"Event\",\n        \"name\": \"Maria Cannelloni en Ontario\",\n        \"startDate\": \"2025-09-15T14:15:00\",\n        \"performers\": {\n            \"@type\": \"Organization\",\n            \"name\": \"Maria et Romano dans &#8220;La Raviolimanie&#8221;\"\n        },\n        \"location\": {\n            \"@type\": \"Place\",\n            \"name\": \"\\u00c9cole primaire Pierre-Elliott-Trudeau\",\n            \"address\": {\n                \"@type\": \"PostalAddress\",\n                \"addressLocality\": \"Ottawa\",\n                \"addressCountry\": \"CA\"\n            }\n        }\n    },\n    {\n        \"@context\": \"http:\/\/schema.org\",\n        \"@type\": \"Event\",\n        \"name\": \"Maria Cannelloni en Ontario\",\n        \"startDate\": \"2025-09-15T09:00:00\",\n        \"performers\": {\n            \"@type\": \"Organization\",\n            \"name\": \"Maria et Romano dans &#8220;La Raviolimanie&#8221;\"\n        },\n        \"location\": {\n            \"@type\": \"Place\",\n            \"name\": \"\\u00c9cole primaire catholique La V\\u00e9rendrie\",\n            \"address\": {\n                \"@type\": \"PostalAddress\",\n                \"streetAddress\": \"614 Promenade Eastvale\",\n                \"addressLocality\": \"Gloucester\",\n                \"addressRegion\": \"Ontario\",\n                \"postalCode\": \"K1J 6Z6\",\n                \"addressCountry\": \"CA\"\n            }\n        }\n    },\n    {\n        \"@context\": \"http:\/\/schema.org\",\n        \"@type\": \"Event\",\n        \"name\": \"Voici Maria Cannelloni !\",\n        \"startDate\": \"2025-09-14T12:05:00\",\n        \"performers\": {\n            \"@type\": \"Organization\",\n            \"name\": \"Voici Maria Cannelloni !\"\n        },\n        \"location\": {\n            \"@type\": \"Place\",\n            \"name\": \"Parc Le Rocher\",\n            \"address\": {\n                \"@type\": \"PostalAddress\",\n                \"streetAddress\": \"215 Rue Thomas\",\n                \"addressLocality\": \"St-Amable\",\n                \"addressRegion\": \"Qu\\u00e9bec\",\n                \"postalCode\": \"J0L 1N0\",\n                \"addressCountry\": \"CA\"\n            }\n        }\n    },\n    {\n        \"@context\": \"http:\/\/schema.org\",\n        \"@type\": \"Event\",\n        \"name\": \"Voici Maria Cannelloni !\",\n        \"startDate\": \"2025-07-12T10:00:00\",\n        \"performers\": {\n            \"@type\": \"Organization\",\n            \"name\": \"Voici Maria Cannelloni !\"\n        },\n        \"location\": {\n            \"@type\": \"Place\",\n            \"name\": \"Parc MacDonald\",\n            \"address\": {\n                \"@type\": \"PostalAddress\",\n                \"streetAddress\": \"5258 Rue MacDonald\",\n                \"addressLocality\": \"Maple Grove\",\n                \"addressRegion\": \"Quebec\",\n                \"postalCode\": \"J6N 1P3\",\n                \"addressCountry\": \"CA\"\n            }\n        }\n    },\n    {\n        \"@context\": \"http:\/\/schema.org\",\n        \"@type\": \"Event\",\n        \"name\": \"Rythmofolies avec Maria et le Macaroni Orchestra\",\n        \"startDate\": \"2025-07-08T18:30:00\",\n        \"performers\": {\n            \"@type\": \"Organization\",\n            \"name\": \"Rythmofolies avec Maria et le Macaroni Orchestra\"\n        },\n        \"location\": {\n            \"@type\": \"Place\",\n            \"name\": \"Parc R\\u00e9jean-Boisvenue\",\n            \"address\": {\n                \"@type\": \"PostalAddress\",\n                \"streetAddress\": \"139, rue Adrien-Rouleau\",\n                \"addressLocality\": \"Les Coteaux\",\n                \"addressRegion\": \"Quebec\",\n                \"postalCode\": \"J7X 1A2\",\n                \"addressCountry\": \"CA\"\n            }\n        }\n    },\n    {\n        \"@context\": \"http:\/\/schema.org\",\n        \"@type\": \"Event\",\n        \"name\": \"Maria dans La Mini-Raviolimanie\",\n        \"startDate\": \"2025-04-12T10:30:00\",\n        \"performers\": {\n            \"@type\": \"Organization\",\n            \"name\": \"Maria dans La Mini-Raviolimanie\"\n        },\n        \"location\": {\n            \"@type\": \"Place\",\n            \"name\": \"Biblioth\\u00e8que T.-A-St-Germain\",\n            \"address\": {\n                \"@type\": \"PostalAddress\",\n                \"streetAddress\": \"2175, rue Girouard Ouest\",\n                \"addressLocality\": \"Saint-Hyacinthe\",\n                \"addressRegion\": \"Qu\\u00e9bec\",\n                \"postalCode\": \"J6R 1G6\",\n                \"addressCountry\": \"CA\"\n            }\n        }\n    },\n    {\n        \"@context\": \"http:\/\/schema.org\",\n        \"@type\": \"Event\",\n        \"name\": \"Maria et Octave dans &#8220;\\u00c0 la rescousse de No\\u00ebl&#8221;\",\n        \"startDate\": \"2024-12-06T18:30:00\",\n        \"performers\": {\n            \"@type\": \"Organization\",\n            \"name\": \"Maria et Octave dans &#8220;\\u00c0 la rescousse de No\\u00ebl&#8221;\"\n        },\n        \"location\": {\n            \"@type\": \"Place\",\n            \"name\": \"March\\u00e9 de No\\u00ebl de Joliette | La place Festive, Place Bourget\",\n            \"address\": {\n                \"@type\": \"PostalAddress\",\n                \"streetAddress\": \"445, rue Notre-Dame\",\n                \"addressLocality\": \"Joliette\",\n                \"addressRegion\": \"Qu\\u00e9bec\",\n                \"postalCode\": \"J6E 3H5\",\n                \"addressCountry\": \"CA\"\n            }\n        }\n    },\n    {\n        \"@context\": \"http:\/\/schema.org\",\n        \"@type\": \"Event\",\n        \"name\": \"Maria et Octave dans &#8220;\\u00c0 la rescousse de No\\u00ebl&#8221;\",\n        \"startDate\": \"2024-12-01T14:00:00\",\n        \"performers\": {\n            \"@type\": \"Organization\",\n            \"name\": \"Maria et Octave dans &#8220;\\u00c0 la rescousse de No\\u00ebl&#8221;\"\n        },\n        \"location\": {\n            \"@type\": \"Place\",\n            \"name\": \"Espace Mandeville\",\n            \"url\": \"http:\/\/espacemandeville.ca\",\n            \"address\": {\n                \"@type\": \"PostalAddress\",\n                \"streetAddress\": \"232, rue Dorion\",\n                \"addressLocality\": \"Drummondville\",\n                \"addressRegion\": \"Qu\\u00e9bec\",\n                \"postalCode\": \"J2B 6x1\",\n                \"addressCountry\": \"CA\"\n            }\n        }\n    },\n    {\n        \"@context\": \"http:\/\/schema.org\",\n        \"@type\": \"Event\",\n        \"name\": \"Maria et Octave dans &#8220;\\u00c0 la rescousse de No\\u00ebl&#8221;\",\n        \"startDate\": \"2024-11-30T10:00:00\",\n        \"performers\": {\n            \"@type\": \"Organization\",\n            \"name\": \"Maria et Octave dans &#8220;\\u00c0 la rescousse de No\\u00ebl&#8221;\"\n        },\n        \"location\": {\n            \"@type\": \"Place\",\n            \"name\": \"Centre communautaire Roger Tougas\",\n            \"address\": {\n                \"@type\": \"PostalAddress\",\n                \"streetAddress\": \"740 boulevard St-Jean-Baptiste\",\n                \"addressLocality\": \"Mercier\",\n                \"addressRegion\": \"Qu\\u00e9bec\",\n                \"postalCode\": \"J6R 1G6\",\n                \"addressCountry\": \"CA\"\n            }\n        }\n    },\n    {\n        \"@context\": \"http:\/\/schema.org\",\n        \"@type\": \"Event\",\n        \"name\": \"Voici Maria Cannelloni !\",\n        \"startDate\": \"2024-08-17T11:00:00\",\n        \"performers\": {\n            \"@type\": \"Organization\",\n            \"name\": \"Voici Maria Cannelloni !\"\n        },\n        \"location\": {\n            \"@type\": \"Place\",\n            \"name\": \"Festival de l&#8217;\\u00e9pi\",\n            \"url\": \"http:\/\/www.festivaldelepi.com\",\n            \"address\": {\n                \"@type\": \"PostalAddress\",\n                \"streetAddress\": \"34, 6e rue, Scott, Qc\",\n                \"addressLocality\": \"Scott\",\n                \"addressRegion\": \"Quebec\",\n                \"addressCountry\": \"CA\"\n            }\n        }\n    },\n    {\n        \"@context\": \"http:\/\/schema.org\",\n        \"@type\": \"Event\",\n        \"name\": \"Maria et Romano dans &#8220;La Raviolimanie&#8221;\",\n        \"startDate\": \"2024-06-24T13:30:00\",\n        \"performers\": {\n            \"@type\": \"Organization\",\n            \"name\": \"Maria et Romano dans &#8220;La Raviolimanie&#8221;\"\n        },\n        \"location\": {\n            \"@type\": \"Place\",\n            \"name\": \"Parc Hirondelle, Mercier\",\n            \"address\": {\n                \"@type\": \"PostalAddress\",\n                \"streetAddress\": \"8 rue des Plaines, Mercier\",\n                \"addressLocality\": \"Mercier\",\n                \"addressCountry\": \"CA\"\n            }\n        }\n    },\n    {\n        \"@context\": \"http:\/\/schema.org\",\n        \"@type\": \"Event\",\n        \"name\": \"Voici Maria Cannelloni !\",\n        \"startDate\": \"2024-06-24T13:00:00\",\n        \"performers\": {\n            \"@type\": \"Organization\",\n            \"name\": \"Voici Maria Cannelloni !\"\n        },\n        \"location\": {\n            \"@type\": \"Place\",\n            \"name\": \"Place des Festivit\\u00e9s\",\n            \"address\": {\n                \"@type\": \"PostalAddress\",\n                \"streetAddress\": \"131 Rue de la Gare, Saint-J\\u00e9r\\u00f4me, QC\",\n                \"addressLocality\": \"St-J\\u00e9r\\u00f4me\",\n                \"postalCode\": \"J7Z 2B9\",\n                \"addressCountry\": \"CA\"\n            }\n        }\n    },\n    {\n        \"@context\": \"http:\/\/schema.org\",\n        \"@type\": \"Event\",\n        \"name\": \"Maria Cannelloni et le Macaroni Orchestra\",\n        \"startDate\": \"2024-03-09T11:00:00\",\n        \"description\": \"Jeux du Qu\\u00e9bec\",\n        \"performers\": {\n            \"@type\": \"Organization\",\n            \"name\": \"Maria Cannelloni et le Macaroni Orchestra\"\n        },\n        \"location\": {\n            \"@type\": \"Place\",\n            \"name\": \"Pavillon Armand-Nadeau\",\n            \"address\": {\n                \"@type\": \"PostalAddress\",\n                \"streetAddress\": \"Parc Jacques-Cartier\",\n                \"addressLocality\": \"Sherbrooke\",\n                \"addressRegion\": \"Qu\\u00e9bec\",\n                \"postalCode\": \"J1J 2Z7\",\n                \"addressCountry\": \"CA\"\n            }\n        }\n    },\n    {\n        \"@context\": \"http:\/\/schema.org\",\n        \"@type\": \"Event\",\n        \"name\": \"\\u00c0 la rescousse de No\\u00ebl (formule solo)\",\n        \"startDate\": \"2023-12-15T10:00:00\",\n        \"performers\": {\n            \"@type\": \"Organization\",\n            \"name\": \"\\u00c0 la rescousse de No\\u00ebl (formule solo)\"\n        },\n        \"location\": {\n            \"@type\": \"Place\",\n            \"name\": \"Salle Kevin-Lowe-Pag\\u00e9\",\n            \"address\": {\n                \"@type\": \"PostalAddress\",\n                \"streetAddress\": \"80 Av. Hamford\",\n                \"addressLocality\": \"Lachute\",\n                \"addressRegion\": \"Qu\\u00e9bec\",\n                \"postalCode\": \"J8H 4P1\",\n                \"addressCountry\": \"CA\"\n            }\n        }\n    },\n    {\n        \"@context\": \"http:\/\/schema.org\",\n        \"@type\": \"Event\",\n        \"name\": \"Maria et Octave dans &#8220;\\u00c0 la rescousse de No\\u00ebl&#8221;\",\n        \"startDate\": \"2023-12-10T14:00:00\",\n        \"performers\": {\n            \"@type\": \"Organization\",\n            \"name\": \"Maria et Octave dans &#8220;\\u00c0 la rescousse de No\\u00ebl&#8221;\"\n        },\n        \"location\": {\n            \"@type\": \"Place\",\n            \"name\": \"Centre d&#8217;art la petite \\u00e9glise\",\n            \"address\": {\n                \"@type\": \"PostalAddress\",\n                \"streetAddress\": \"271 Rue Saint-Eustache\",\n                \"addressLocality\": \"Saint-Eustache\",\n                \"addressRegion\": \"Qu\\u00e9bec\",\n                \"postalCode\": \"J7R 2L9\",\n                \"addressCountry\": \"CA\"\n            }\n        }\n    },\n    {\n        \"@context\": \"http:\/\/schema.org\",\n        \"@type\": \"Event\",\n        \"name\": \"\\u00c0 la rescousse de No\\u00ebl (formule solo)\",\n        \"startDate\": \"2023-12-09T10:30:00\",\n        \"performers\": {\n            \"@type\": \"Organization\",\n            \"name\": \"\\u00c0 la rescousse de No\\u00ebl (formule solo)\"\n        },\n        \"location\": {\n            \"@type\": \"Place\",\n            \"name\": \"Biblioth\\u00e8que de Beloeil\",\n            \"address\": {\n                \"@type\": \"PostalAddress\",\n                \"streetAddress\": \"620 rue Richelieu\",\n                \"addressLocality\": \"Beloeil\",\n                \"postalCode\": \"J3G 5E8\",\n                \"addressCountry\": \"CA\"\n            }\n        }\n    },\n    {\n        \"@context\": \"http:\/\/schema.org\",\n        \"@type\": \"Event\",\n        \"name\": \"Maria et Romano dans &#8220;La Raviolimanie&#8221;\",\n        \"startDate\": \"2023-10-04T13:30:00\",\n        \"performers\": {\n            \"@type\": \"Organization\",\n            \"name\": \"Maria et Romano dans &#8220;La Raviolimanie&#8221;\"\n        },\n        \"location\": {\n            \"@type\": \"Place\",\n            \"name\": \"Salle Dussault\",\n            \"url\": \"http:\/\/www.diffusiontram.ca\",\n            \"address\": {\n                \"@type\": \"PostalAddress\",\n                \"streetAddress\": \"561 rue St-Patrick\",\n                \"addressLocality\": \"Thetford Mines\",\n                \"addressRegion\": \"Qu\\u00e9bec\",\n                \"postalCode\": \"G6G 5W1\",\n                \"addressCountry\": \"CA\"\n            }\n        }\n    },\n    {\n        \"@context\": \"http:\/\/schema.org\",\n        \"@type\": \"Event\",\n        \"name\": \"Maria et Romano dans &#8220;La Raviolimanie&#8221;\",\n        \"startDate\": \"2023-10-04T13:30:00\",\n        \"performers\": {\n            \"@type\": \"Organization\",\n            \"name\": \"Maria et Romano dans &#8220;La Raviolimanie&#8221;\"\n        },\n        \"location\": {\n            \"@type\": \"Place\",\n            \"name\": \"Salle Dussault\",\n            \"url\": \"http:\/\/www.diffusiontram.ca\",\n            \"address\": {\n                \"@type\": \"PostalAddress\",\n                \"streetAddress\": \"561 rue St-Patrick\",\n                \"addressLocality\": \"Thetford Mines\",\n                \"addressRegion\": \"Qu\\u00e9bec\",\n                \"postalCode\": \"G6G 5W1\",\n                \"addressCountry\": \"CA\"\n            }\n        }\n    },\n    {\n        \"@context\": \"http:\/\/schema.org\",\n        \"@type\": \"Event\",\n        \"name\": \"Maria et Romano dans &#8220;La Raviolimanie&#8221;\",\n        \"startDate\": \"2023-10-03T13:30:00\",\n        \"performers\": {\n            \"@type\": \"Organization\",\n            \"name\": \"Maria et Romano dans &#8220;La Raviolimanie&#8221;\"\n        },\n        \"location\": {\n            \"@type\": \"Place\",\n            \"name\": \"Salle Dussault\",\n            \"url\": \"http:\/\/www.diffusiontram.ca\",\n            \"address\": {\n                \"@type\": \"PostalAddress\",\n                \"streetAddress\": \"561 rue St-Patrick\",\n                \"addressLocality\": \"Thetford Mines\",\n                \"addressRegion\": \"Qu\\u00e9bec\",\n                \"postalCode\": \"G6G 5W1\",\n                \"addressCountry\": \"CA\"\n            }\n        }\n    },\n    {\n        \"@context\": \"http:\/\/schema.org\",\n        \"@type\": \"Event\",\n        \"name\": \"Maria et Romano dans &#8220;La Raviolimanie&#8221;\",\n        \"startDate\": \"2023-10-03T09:45:00\",\n        \"performers\": {\n            \"@type\": \"Organization\",\n            \"name\": \"Maria et Romano dans &#8220;La Raviolimanie&#8221;\"\n        },\n        \"location\": {\n            \"@type\": \"Place\",\n            \"name\": \"Salle Dussault\",\n            \"url\": \"http:\/\/www.diffusiontram.ca\",\n            \"address\": {\n                \"@type\": \"PostalAddress\",\n                \"streetAddress\": \"561 rue St-Patrick\",\n                \"addressLocality\": \"Thetford Mines\",\n                \"addressRegion\": \"Qu\\u00e9bec\",\n                \"postalCode\": \"G6G 5W1\",\n                \"addressCountry\": \"CA\"\n            }\n        }\n    },\n    {\n        \"@context\": \"http:\/\/schema.org\",\n        \"@type\": \"Event\",\n        \"name\": \"Voici Maria Cannelloni !\",\n        \"startDate\": \"2023-08-02T10:00:00\",\n        \"performers\": {\n            \"@type\": \"Organization\",\n            \"name\": \"Voici Maria Cannelloni !\"\n        },\n        \"location\": {\n            \"@type\": \"Place\",\n            \"name\": \"Parc Aur\\u00e8le L\\u00e9gar\\u00e9\",\n            \"address\": {\n                \"@type\": \"PostalAddress\",\n                \"streetAddress\": \"118 rue Demontigny\",\n                \"addressLocality\": \"Sainte-Agathe des Monts\",\n                \"addressRegion\": \"Qu\\u00e9bec\",\n                \"postalCode\": \"J8C 2T3\",\n                \"addressCountry\": \"CA\"\n            }\n        }\n    },\n    {\n        \"@context\": \"http:\/\/schema.org\",\n        \"@type\": \"Event\",\n        \"name\": \"Voici Maria Cannelloni !\",\n        \"startDate\": \"2023-07-30T11:00:00\",\n        \"performers\": {\n            \"@type\": \"Organization\",\n            \"name\": \"Voici Maria Cannelloni !\"\n        },\n        \"location\": {\n            \"@type\": \"Place\",\n            \"name\": \"Exposition agricole de Saint-Hyacinthe\",\n            \"url\": \"http:\/\/www.expo-agricole.com\",\n            \"address\": {\n                \"@type\": \"PostalAddress\",\n                \"streetAddress\": \"Sc\\u00e8ne ext\\u00e9rieure pr\\u00e8s de l&#8217;ar\\u00e9na &#8211; 2670 rue Beauparlant\",\n                \"addressLocality\": \"Saint-Hyacinthe\",\n                \"postalCode\": \"J2S 4M8\",\n                \"addressCountry\": \"CA\"\n            }\n        }\n    },\n    {\n        \"@context\": \"http:\/\/schema.org\",\n        \"@type\": \"Event\",\n        \"name\": \"Maria et Romano dans &#8220;La Raviolimanie&#8221;\",\n        \"startDate\": \"2023-07-09T11:00:00\",\n        \"performers\": {\n            \"@type\": \"Organization\",\n            \"name\": \"Maria et Romano dans &#8220;La Raviolimanie&#8221;\"\n        },\n        \"location\": {\n            \"@type\": \"Place\",\n            \"name\": \"Place des spectacles &#8211; Blainville\",\n            \"address\": {\n                \"@type\": \"PostalAddress\",\n                \"streetAddress\": \"1003 rue de la Mairie\",\n                \"addressLocality\": \"Blainville\",\n                \"addressRegion\": \"Qu\\u00e9bec\",\n                \"postalCode\": \"J7C 3C7\",\n                \"addressCountry\": \"CA\"\n            }\n        }\n    },\n    {\n        \"@context\": \"http:\/\/schema.org\",\n        \"@type\": \"Event\",\n        \"name\": \"Maria Cannelloni et le Macaroni Orchestra\",\n        \"startDate\": \"2023-06-03T11:00:00\",\n        \"performers\": {\n            \"@type\": \"Organization\",\n            \"name\": \"Maria Cannelloni et le Macaroni Orchestra\"\n        },\n        \"location\": {\n            \"@type\": \"Place\",\n            \"name\": \"La Grande F\\u00eate des pompiers de Laval 2023\",\n            \"address\": {\n                \"@type\": \"PostalAddress\",\n                \"streetAddress\": \"Coin de l&#8217;Avenir et Concorde\",\n                \"addressLocality\": \"Laval\",\n                \"addressRegion\": \"Qu\\u00e9bec\",\n                \"postalCode\": \"H7N 5H9\",\n                \"addressCountry\": \"CA\"\n            }\n        }\n    },\n    {\n        \"@context\": \"http:\/\/schema.org\",\n        \"@type\": \"Event\",\n        \"name\": \"Maria dans La Mini-Raviolimanie\",\n        \"startDate\": \"2023-05-21T11:30:00\",\n        \"performers\": {\n            \"@type\": \"Organization\",\n            \"name\": \"Maria dans La Mini-Raviolimanie\"\n        },\n        \"location\": {\n            \"@type\": \"Place\",\n            \"name\": \"Complexe sportif de Kirkland\",\n            \"address\": {\n                \"@type\": \"PostalAddress\",\n                \"streetAddress\": \"16950 boul Hymus\",\n                \"addressLocality\": \"Kirkland\",\n                \"addressRegion\": \"Qu\\u00e9bec\",\n                \"postalCode\": \"H9H 3W7\",\n                \"addressCountry\": \"CA\"\n            }\n        }\n    },\n    {\n        \"@context\": \"http:\/\/schema.org\",\n        \"@type\": \"Event\",\n        \"name\": \"Maria dans La Mini-Raviolimanie\",\n        \"startDate\": \"2023-01-22T14:00:00\",\n        \"performers\": {\n            \"@type\": \"Organization\",\n            \"name\": \"Maria dans La Mini-Raviolimanie\"\n        },\n        \"location\": {\n            \"@type\": \"Place\",\n            \"name\": \"Biblioth\\u00e8que de Sainte-Julie\",\n            \"address\": {\n                \"@type\": \"PostalAddress\",\n                \"streetAddress\": \"1600 Chemin du Fer-\\u00e0-Cheval\",\n                \"addressLocality\": \"Sainte-Julie\",\n                \"addressRegion\": \"Qu\\u00e9bec\",\n                \"postalCode\": \"J3E 2M1\",\n                \"addressCountry\": \"CA\"\n            }\n        }\n    },\n    {\n        \"@context\": \"http:\/\/schema.org\",\n        \"@type\": \"Event\",\n        \"name\": \"Maria \\u00e0 Gatineau !\",\n        \"startDate\": \"2022-12-12T13:30:00\",\n        \"description\": \"Repr\\u00e9sentation scolaire\",\n        \"performers\": {\n            \"@type\": \"Organization\",\n            \"name\": \"\\u00c0 la rescousse de No\\u00ebl (formule solo)\"\n        },\n        \"location\": {\n            \"@type\": \"Place\",\n            \"name\": \"Cabaret La Basoche \/ Centre culturel du Vieux- Aylmer\",\n            \"address\": {\n                \"@type\": \"PostalAddress\",\n                \"streetAddress\": \"120 rue Principale\",\n                \"addressLocality\": \"Gatineau\",\n                \"addressRegion\": \"Qu\\u00e9bec\",\n                \"addressCountry\": \"CA\"\n            }\n        }\n    },\n    {\n        \"@context\": \"http:\/\/schema.org\",\n        \"@type\": \"Event\",\n        \"name\": \"Maria \\u00e0 Gatineau !\",\n        \"startDate\": \"2022-12-12T09:30:00\",\n        \"description\": \"Repr\\u00e9sentation scolaire\",\n        \"performers\": {\n            \"@type\": \"Organization\",\n            \"name\": \"\\u00c0 la rescousse de No\\u00ebl (formule solo)\"\n        },\n        \"location\": {\n            \"@type\": \"Place\",\n            \"name\": \"Cabaret La Basoche \/ Centre culturel du Vieux- Aylmer\",\n            \"address\": {\n                \"@type\": \"PostalAddress\",\n                \"streetAddress\": \"120 rue Principale\",\n                \"addressLocality\": \"Gatineau\",\n                \"addressRegion\": \"Qu\\u00e9bec\",\n                \"addressCountry\": \"CA\"\n            }\n        }\n    },\n    {\n        \"@context\": \"http:\/\/schema.org\",\n        \"@type\": \"Event\",\n        \"name\": \"Maria \\u00e0 Gatineau !\",\n        \"startDate\": \"2022-12-11T11:00:00\",\n        \"performers\": {\n            \"@type\": \"Organization\",\n            \"name\": \"\\u00c0 la rescousse de No\\u00ebl (formule solo)\"\n        },\n        \"location\": {\n            \"@type\": \"Place\",\n            \"name\": \"Cabaret La Basoche \/ Centre culturel du Vieux- Aylmer\",\n            \"address\": {\n                \"@type\": \"PostalAddress\",\n                \"streetAddress\": \"120 rue Principale\",\n                \"addressLocality\": \"Gatineau\",\n                \"addressRegion\": \"Qu\\u00e9bec\",\n                \"addressCountry\": \"CA\"\n            }\n        }\n    },\n    {\n        \"@context\": \"http:\/\/schema.org\",\n        \"@type\": \"Event\",\n        \"name\": \"Maria dans La Mini-Raviolimanie\",\n        \"startDate\": \"2022-11-20T10:00:00\",\n        \"performers\": {\n            \"@type\": \"Organization\",\n            \"name\": \"Maria dans La Mini-Raviolimanie\"\n        },\n        \"location\": {\n            \"@type\": \"Place\",\n            \"name\": \"Biblioth\\u00e8que Gaston Miron\",\n            \"address\": {\n                \"@type\": \"PostalAddress\",\n                \"streetAddress\": \"83 rue Vincent\",\n                \"addressLocality\": \"Saint-Agathe-des-Monts\",\n                \"addressRegion\": \"Qu\\u00e9bec\",\n                \"postalCode\": \"J8C 2A8\",\n                \"addressCountry\": \"CA\"\n            }\n        }\n    },\n    {\n        \"@context\": \"http:\/\/schema.org\",\n        \"@type\": \"Event\",\n        \"name\": \"Voici Maria Cannelloni !\",\n        \"startDate\": \"2022-11-12T10:00:00\",\n        \"performers\": {\n            \"@type\": \"Organization\",\n            \"name\": \"Voici Maria Cannelloni !\"\n        },\n        \"location\": {\n            \"@type\": \"Place\",\n            \"name\": \"Chalet Pauline Vanier\",\n            \"address\": {\n                \"@type\": \"PostalAddress\",\n                \"streetAddress\": \"33, avenue de l&#8217;\\u00c9glise\",\n                \"addressLocality\": \"Saint-Sauveur\",\n                \"addressRegion\": \"Qu\\u00e9bec\",\n                \"postalCode\": \"J0R 1R0\",\n                \"addressCountry\": \"CA\"\n            }\n        }\n    },\n    {\n        \"@context\": \"http:\/\/schema.org\",\n        \"@type\": \"Event\",\n        \"name\": \"Viens c\\u00e9l\\u00e9brer l&#8217;automne avec Maria \\u00e0 Val-Saint-C\\u00f4me\",\n        \"startDate\": \"2022-10-10T11:00:00\",\n        \"performers\": {\n            \"@type\": \"Organization\",\n            \"name\": \"Voici Maria Cannelloni !\"\n        },\n        \"location\": {\n            \"@type\": \"Place\",\n            \"name\": \"Festival des couleurs de Val Saint-C\\u00f4me\",\n            \"url\": \"http:\/\/www.valsaintcome.com\/fr\",\n            \"address\": {\n                \"@type\": \"PostalAddress\",\n                \"streetAddress\": \"501, rue Val-Saint-C\\u00f4me\",\n                \"addressLocality\": \"Val-Saint-C\\u00f4me\",\n                \"postalCode\": \"J0K 2B0\",\n                \"addressCountry\": \"CA\"\n            }\n        }\n    },\n    {\n        \"@context\": \"http:\/\/schema.org\",\n        \"@type\": \"Event\",\n        \"name\": \"Viens c\\u00e9l\\u00e9brer l&#8217;automne avec Maria \\u00e0 Val-Saint-C\\u00f4me\",\n        \"startDate\": \"2022-10-10T11:00:00\",\n        \"performers\": {\n            \"@type\": \"Organization\",\n            \"name\": \"Voici Maria Cannelloni !\"\n        },\n        \"location\": {\n            \"@type\": \"Place\",\n            \"name\": \"Festival des couleurs de Val Saint-C\\u00f4me\",\n            \"url\": \"http:\/\/www.valsaintcome.com\/fr\",\n            \"address\": {\n                \"@type\": \"PostalAddress\",\n                \"streetAddress\": \"501, rue Val-Saint-C\\u00f4me\",\n                \"addressLocality\": \"Val-Saint-C\\u00f4me\",\n                \"postalCode\": \"J0K 2B0\",\n                \"addressCountry\": \"CA\"\n            }\n        }\n    },\n    {\n        \"@context\": \"http:\/\/schema.org\",\n        \"@type\": \"Event\",\n        \"name\": \"Voici Maria Cannelloni !\",\n        \"startDate\": \"2022-10-09T11:00:00\",\n        \"performers\": {\n            \"@type\": \"Organization\",\n            \"name\": \"Voici Maria Cannelloni !\"\n        },\n        \"location\": {\n            \"@type\": \"Place\",\n            \"name\": \"Festival des couleurs de Val Saint-C\\u00f4me\",\n            \"url\": \"http:\/\/www.valsaintcome.com\/fr\",\n            \"address\": {\n                \"@type\": \"PostalAddress\",\n                \"streetAddress\": \"501, rue Val-Saint-C\\u00f4me\",\n                \"addressLocality\": \"Val-Saint-C\\u00f4me\",\n                \"postalCode\": \"J0K 2B0\",\n                \"addressCountry\": \"CA\"\n            }\n        }\n    },\n    {\n        \"@context\": \"http:\/\/schema.org\",\n        \"@type\": \"Event\",\n        \"name\": \"Maria et Romano dans &#8220;La Raviolimanie&#8221;\",\n        \"startDate\": \"2022-10-09T10:30:00\",\n        \"performers\": {\n            \"@type\": \"Organization\",\n            \"name\": \"Maria et Romano dans &#8220;La Raviolimanie&#8221;\"\n        },\n        \"location\": {\n            \"@type\": \"Place\",\n            \"name\": \"Th\\u00e9\\u00e2tre du Vieux La Prairie\",\n            \"url\": \"http:\/\/spectaclleslaprairie.tuxedobillet.com\",\n            \"telephone\": \"450-444-6733\",\n            \"address\": {\n                \"@type\": \"PostalAddress\",\n                \"streetAddress\": \"247 rue Sainte-Marie\",\n                \"addressLocality\": \"La Prairie\",\n                \"addressRegion\": \"Qu\\u00e9bec\",\n                \"postalCode\": \"J5R 1G1\",\n                \"addressCountry\": \"CA\"\n            }\n        }\n    },\n    {\n        \"@context\": \"http:\/\/schema.org\",\n        \"@type\": \"Event\",\n        \"name\": \"Viens c\\u00e9l\\u00e9brer l&#8217;automne avec Maria \\u00e0 Val-Saint-C\\u00f4me\",\n        \"startDate\": \"2022-10-08T11:00:00\",\n        \"performers\": {\n            \"@type\": \"Organization\",\n            \"name\": \"Voici Maria Cannelloni !\"\n        },\n        \"location\": {\n            \"@type\": \"Place\",\n            \"name\": \"Festival des couleurs de Val Saint-C\\u00f4me\",\n            \"url\": \"http:\/\/www.valsaintcome.com\/fr\",\n            \"address\": {\n                \"@type\": \"PostalAddress\",\n                \"streetAddress\": \"501, rue Val-Saint-C\\u00f4me\",\n                \"addressLocality\": \"Val-Saint-C\\u00f4me\",\n                \"postalCode\": \"J0K 2B0\",\n                \"addressCountry\": \"CA\"\n            }\n        }\n    },\n    {\n        \"@context\": \"http:\/\/schema.org\",\n        \"@type\": \"Event\",\n        \"name\": \"Viens c\\u00e9l\\u00e9brer l&#8217;automne avec Maria \\u00e0 Val-Saint-C\\u00f4me\",\n        \"startDate\": \"2022-10-02T11:00:00\",\n        \"performers\": {\n            \"@type\": \"Organization\",\n            \"name\": \"Voici Maria Cannelloni !\"\n        },\n        \"location\": {\n            \"@type\": \"Place\",\n            \"name\": \"Festival des couleurs de Val Saint-C\\u00f4me\",\n            \"url\": \"http:\/\/www.valsaintcome.com\/fr\",\n            \"address\": {\n                \"@type\": \"PostalAddress\",\n                \"streetAddress\": \"501, rue Val-Saint-C\\u00f4me\",\n                \"addressLocality\": \"Val-Saint-C\\u00f4me\",\n                \"postalCode\": \"J0K 2B0\",\n                \"addressCountry\": \"CA\"\n            }\n        }\n    },\n    {\n        \"@context\": \"http:\/\/schema.org\",\n        \"@type\": \"Event\",\n        \"name\": \"Viens c\\u00e9l\\u00e9brer l&#8217;automne avec Maria \\u00e0 Val-Saint-C\\u00f4me\",\n        \"startDate\": \"2022-10-01T11:00:00\",\n        \"performers\": {\n            \"@type\": \"Organization\",\n            \"name\": \"Voici Maria Cannelloni !\"\n        },\n        \"location\": {\n            \"@type\": \"Place\",\n            \"name\": \"Festival des couleurs de Val Saint-C\\u00f4me\",\n            \"url\": \"http:\/\/www.valsaintcome.com\/fr\",\n            \"address\": {\n                \"@type\": \"PostalAddress\",\n                \"streetAddress\": \"501, rue Val-Saint-C\\u00f4me\",\n                \"addressLocality\": \"Val-Saint-C\\u00f4me\",\n                \"postalCode\": \"J0K 2B0\",\n                \"addressCountry\": \"CA\"\n            }\n        }\n    },\n    {\n        \"@context\": \"http:\/\/schema.org\",\n        \"@type\": \"Event\",\n        \"name\": \"Viens c\\u00e9l\\u00e9brer l&#8217;automne avec Maria \\u00e0 Val-Saint-C\\u00f4me\",\n        \"startDate\": \"2022-09-25T11:00:00\",\n        \"performers\": {\n            \"@type\": \"Organization\",\n            \"name\": \"Voici Maria Cannelloni !\"\n        },\n        \"location\": {\n            \"@type\": \"Place\",\n            \"name\": \"Festival des couleurs de Val Saint-C\\u00f4me\",\n            \"url\": \"http:\/\/www.valsaintcome.com\/fr\",\n            \"address\": {\n                \"@type\": \"PostalAddress\",\n                \"streetAddress\": \"501, rue Val-Saint-C\\u00f4me\",\n                \"addressLocality\": \"Val-Saint-C\\u00f4me\",\n                \"postalCode\": \"J0K 2B0\",\n                \"addressCountry\": \"CA\"\n            }\n        }\n    },\n    {\n        \"@context\": \"http:\/\/schema.org\",\n        \"@type\": \"Event\",\n        \"name\": \"Viens c\\u00e9l\\u00e9brer l&#8217;automne avec Maria \\u00e0 Val-Saint-C\\u00f4me\",\n        \"startDate\": \"2022-09-24T11:00:00\",\n        \"performers\": {\n            \"@type\": \"Organization\",\n            \"name\": \"Voici Maria Cannelloni !\"\n        },\n        \"location\": {\n            \"@type\": \"Place\",\n            \"name\": \"Festival des couleurs de Val Saint-C\\u00f4me\",\n            \"url\": \"http:\/\/www.valsaintcome.com\/fr\",\n            \"address\": {\n                \"@type\": \"PostalAddress\",\n                \"streetAddress\": \"501, rue Val-Saint-C\\u00f4me\",\n                \"addressLocality\": \"Val-Saint-C\\u00f4me\",\n                \"postalCode\": \"J0K 2B0\",\n                \"addressCountry\": \"CA\"\n            }\n        }\n    },\n    {\n        \"@context\": \"http:\/\/schema.org\",\n        \"@type\": \"Event\",\n        \"name\": \"Maria et Romano dans &#8220;La Raviolimanie&#8221;\",\n        \"startDate\": \"2022-09-04T11:45:00\",\n        \"performers\": {\n            \"@type\": \"Organization\",\n            \"name\": \"Maria et Romano dans &#8220;La Raviolimanie&#8221;\"\n        },\n        \"location\": {\n            \"@type\": \"Place\",\n            \"name\": \"Centre de la nature \/ La f\\u00eate de la famille de Laval\",\n            \"url\": \"http:\/\/www.laval.ca\",\n            \"address\": {\n                \"@type\": \"PostalAddress\",\n                \"streetAddress\": \"901 avenue du Parc\",\n                \"addressLocality\": \"Laval\",\n                \"postalCode\": \"H7E 2T7\",\n                \"addressCountry\": \"CA\"\n            }\n        }\n    },\n    {\n        \"@context\": \"http:\/\/schema.org\",\n        \"@type\": \"Event\",\n        \"name\": \"Voici Maria Cannelloni !\",\n        \"startDate\": \"2022-08-21T11:00:00\",\n        \"performers\": {\n            \"@type\": \"Organization\",\n            \"name\": \"Voici Maria Cannelloni !\"\n        },\n        \"location\": {\n            \"@type\": \"Place\",\n            \"name\": \"Parc H\\u00e9ritage\",\n            \"address\": {\n                \"@type\": \"PostalAddress\",\n                \"streetAddress\": \"Chemin Lanthier, Kirkland\",\n                \"addressLocality\": \"Kirkland\",\n                \"addressCountry\": \"CA\"\n            }\n        }\n    },\n    {\n        \"@context\": \"http:\/\/schema.org\",\n        \"@type\": \"Event\",\n        \"name\": \"Maria Cannelloni en route vers Caraquet !\",\n        \"startDate\": \"2022-08-10T18:00:00\",\n        \"performers\": {\n            \"@type\": \"Organization\",\n            \"name\": \"Voici Maria Cannelloni !\"\n        },\n        \"location\": {\n            \"@type\": \"Place\",\n            \"name\": \"Sc\\u00e8ne du Vieux Couvent\",\n            \"url\": \"http:\/\/www.centrevillecaraquet.com\",\n            \"telephone\": \"506-727-1597\",\n            \"address\": {\n                \"@type\": \"PostalAddress\",\n                \"streetAddress\": \"213 boul Saint-Pierre O\",\n                \"addressLocality\": \"Caraquet\",\n                \"addressRegion\": \"Nouveau-Brunswick\",\n                \"postalCode\": \"E1W1A5\",\n                \"addressCountry\": \"CA\"\n            }\n        }\n    },\n    {\n        \"@context\": \"http:\/\/schema.org\",\n        \"@type\": \"Event\",\n        \"name\": \"Maria Cannelloni en route vers Caraquet !\",\n        \"startDate\": \"2022-08-09T19:00:00\",\n        \"performers\": {\n            \"@type\": \"Organization\",\n            \"name\": \"Voici Maria Cannelloni !\"\n        },\n        \"location\": {\n            \"@type\": \"Place\",\n            \"name\": \"Th\\u00e9\\u00e2tre de la Go\\u00e9lette\",\n            \"address\": {\n                \"@type\": \"PostalAddress\",\n                \"streetAddress\": \"67 rue du Rocher\",\n                \"addressLocality\": \"Rivi\\u00e8re-du Loup\",\n                \"addressCountry\": \"CA\"\n            }\n        }\n    },\n    {\n        \"@context\": \"http:\/\/schema.org\",\n        \"@type\": \"Event\",\n        \"name\": \"Maria Cannelloni en route vers Caraquet !\",\n        \"startDate\": \"2022-08-09T10:00:00\",\n        \"performers\": {\n            \"@type\": \"Organization\",\n            \"name\": \"Voici Maria Cannelloni !\"\n        },\n        \"location\": {\n            \"@type\": \"Place\",\n            \"name\": \"Amphith\\u00e9\\u00e2tre Desjardins\",\n            \"url\": \"http:\/\/www.ville.mont-jolie.qc.ca\",\n            \"address\": {\n                \"@type\": \"PostalAddress\",\n                \"streetAddress\": \"275 avenue Ross\",\n                \"addressLocality\": \"Mont-Joli\",\n                \"addressRegion\": \"Qu\\u00e9bec\",\n                \"postalCode\": \"G5H3M4\",\n                \"addressCountry\": \"CA\"\n            }\n        }\n    },\n    {\n        \"@context\": \"http:\/\/schema.org\",\n        \"@type\": \"Event\",\n        \"name\": \"Voici Maria Cannelloni !\",\n        \"startDate\": \"2022-07-28T19:00:00\",\n        \"performers\": {\n            \"@type\": \"Organization\",\n            \"name\": \"Voici Maria Cannelloni !\"\n        },\n        \"location\": {\n            \"@type\": \"Place\",\n            \"name\": \"Parc Le Bivouac\",\n            \"address\": {\n                \"@type\": \"PostalAddress\",\n                \"streetAddress\": \"Rue de la Riviera, Marcel Proust, St-Augustin de Desmaures\",\n                \"addressLocality\": \"St-Augustin de Desmaures\",\n                \"addressCountry\": \"CA\"\n            }\n        }\n    },\n    {\n        \"@context\": \"http:\/\/schema.org\",\n        \"@type\": \"Event\",\n        \"name\": \"Voici Maria Cannelloni !\",\n        \"startDate\": \"2022-07-28T19:00:00\",\n        \"performers\": {\n            \"@type\": \"Organization\",\n            \"name\": \"Voici Maria Cannelloni !\"\n        },\n        \"location\": {\n            \"@type\": \"Place\",\n            \"name\": \"Parc Le Bivouac\",\n            \"address\": {\n                \"@type\": \"PostalAddress\",\n                \"streetAddress\": \"Rue de la Riviera, Marcel Proust, St-Augustin de Desmaures\",\n                \"addressLocality\": \"St-Augustin de Desmaures\",\n                \"addressCountry\": \"CA\"\n            }\n        }\n    },\n    {\n        \"@context\": \"http:\/\/schema.org\",\n        \"@type\": \"Event\",\n        \"name\": \"Voici Maria Cannelloni !\",\n        \"startDate\": \"2022-07-09T15:00:00\",\n        \"performers\": {\n            \"@type\": \"Organization\",\n            \"name\": \"Voici Maria Cannelloni !\"\n        },\n        \"location\": {\n            \"@type\": \"Place\",\n            \"name\": \"Place \\u00e9ph\\u00e9m\\u00e8re Racine\",\n            \"address\": {\n                \"@type\": \"PostalAddress\",\n                \"streetAddress\": \"305 rue Racine\",\n                \"addressLocality\": \"Qu\\u00e9bec\",\n                \"addressRegion\": \"Qu\\u00e9bec\",\n                \"postalCode\": \"G2B1E7\",\n                \"addressCountry\": \"CA\"\n            }\n        }\n    },\n    {\n        \"@context\": \"http:\/\/schema.org\",\n        \"@type\": \"Event\",\n        \"name\": \"Voici Maria Cannelloni !\",\n        \"startDate\": \"2022-07-09T15:00:00\",\n        \"performers\": {\n            \"@type\": \"Organization\",\n            \"name\": \"Voici Maria Cannelloni !\"\n        },\n        \"location\": {\n            \"@type\": \"Place\",\n            \"name\": \"Place \\u00e9ph\\u00e9m\\u00e8re Racine\",\n            \"address\": {\n                \"@type\": \"PostalAddress\",\n                \"streetAddress\": \"305 rue Racine\",\n                \"addressLocality\": \"Qu\\u00e9bec\",\n                \"addressRegion\": \"Qu\\u00e9bec\",\n                \"postalCode\": \"G2B1E7\",\n                \"addressCountry\": \"CA\"\n            }\n        }\n    },\n    {\n        \"@context\": \"http:\/\/schema.org\",\n        \"@type\": \"Event\",\n        \"name\": \"Maria en solo\",\n        \"startDate\": \"2022-06-24T15:00:00\",\n        \"performers\": {\n            \"@type\": \"Organization\",\n            \"name\": \"Maria en solo\"\n        },\n        \"location\": {\n            \"@type\": \"Place\",\n            \"name\": \"La F\\u00eate Nationale\/Sc\\u00e8ne du Lac Saint-Louis\",\n            \"address\": {\n                \"@type\": \"PostalAddress\",\n                \"streetAddress\": \"425,rue Scott\",\n                \"addressLocality\": \"La Tuque\",\n                \"addressRegion\": \"Qu\\u00e9bec\",\n                \"postalCode\": \"G9X 2X1\",\n                \"addressCountry\": \"CA\"\n            }\n        }\n    },\n    {\n        \"@context\": \"http:\/\/schema.org\",\n        \"@type\": \"Event\",\n        \"name\": \"Maria en solo\",\n        \"startDate\": \"2022-06-23T17:00:00\",\n        \"performers\": {\n            \"@type\": \"Organization\",\n            \"name\": \"Maria en solo\"\n        },\n        \"location\": {\n            \"@type\": \"Place\",\n            \"name\": \"Fetival l&#8217;Outaouais en f\\u00eate\/Parc des C\\u00e8dres\",\n            \"address\": {\n                \"@type\": \"PostalAddress\",\n                \"streetAddress\": \"15 rue Raoul Roy, Gatineau\",\n                \"addressLocality\": \"Qu\\u00e9bec\",\n                \"postalCode\": \"J9H 6J2\",\n                \"addressCountry\": \"CA\"\n            }\n        }\n    },\n    {\n        \"@context\": \"http:\/\/schema.org\",\n        \"@type\": \"Event\",\n        \"name\": \"Maria Cannelloni \\u00e0 Vancouver\",\n        \"startDate\": \"2022-06-20T10:00:00\",\n        \"performers\": {\n            \"@type\": \"Organization\",\n            \"name\": \"Maria en solo\"\n        },\n        \"location\": {\n            \"@type\": \"Place\",\n            \"name\": \"Th\\u00e9\\u00e2tre Norman Rothstein\",\n            \"address\": {\n                \"@type\": \"PostalAddress\",\n                \"streetAddress\": \"950 41e avenue ouest\",\n                \"addressLocality\": \"Vancouver\",\n                \"addressRegion\": \"Colombie-Britannique\",\n                \"addressCountry\": \"CA\"\n            }\n        }\n    },\n    {\n        \"@context\": \"http:\/\/schema.org\",\n        \"@type\": \"Event\",\n        \"name\": \"Maria Cannelloni \\u00e0 Vancouver\",\n        \"startDate\": \"2022-06-18T15:00:00\",\n        \"performers\": {\n            \"@type\": \"Organization\",\n            \"name\": \"Maria en solo\"\n        },\n        \"location\": {\n            \"@type\": \"Place\",\n            \"name\": \"Studio 16\",\n            \"address\": {\n                \"@type\": \"PostalAddress\",\n                \"streetAddress\": \"227-1555 7e avenue ouest\",\n                \"addressLocality\": \"Vancouver\",\n                \"addressRegion\": \"Colombie-Britannique\",\n                \"addressCountry\": \"CA\"\n            }\n        }\n    },\n    {\n        \"@context\": \"http:\/\/schema.org\",\n        \"@type\": \"Event\",\n        \"name\": \"Maria Cannelloni \\u00e0 Vancouver\",\n        \"startDate\": \"2022-06-18T13:00:00\",\n        \"url\": \"https:\/\/mariacannelloni.com\/maria-en-tournee-tout-lete\/\",\n        \"performers\": {\n            \"@type\": \"Organization\",\n            \"name\": \"Maria en solo\"\n        },\n        \"location\": {\n            \"@type\": \"Place\",\n            \"name\": \"Studio 16\",\n            \"address\": {\n                \"@type\": \"PostalAddress\",\n                \"streetAddress\": \"227-1555 7e avenue ouest\",\n                \"addressLocality\": \"Vancouver\",\n                \"addressRegion\": \"Colombie-Britannique\",\n                \"addressCountry\": \"CA\"\n            }\n        }\n    },\n    {\n        \"@context\": \"http:\/\/schema.org\",\n        \"@type\": \"Event\",\n        \"name\": \"Maria Cannelloni en Gasp\\u00e9sie\",\n        \"startDate\": \"2020-03-06T10:30:00\",\n        \"performers\": {\n            \"@type\": \"Organization\",\n            \"name\": \"Maria en solo\"\n        },\n        \"location\": {\n            \"@type\": \"Place\",\n            \"name\": \"Centre culturel Pasp\\u00e9biac\",\n            \"url\": \"http:\/\/www.centreculturel.villepaspebiac.ca\",\n            \"address\": {\n                \"@type\": \"PostalAddress\",\n                \"streetAddress\": \"7 boul.G\\u00e9rard-D L\\u00e9vesque Est\",\n                \"addressLocality\": \"Pasb\\u00e9biac\",\n                \"addressRegion\": \"Qu\\u00e9bec\",\n                \"postalCode\": \"G0C 2K0\",\n                \"addressCountry\": \"CA\"\n            }\n        }\n    },\n    {\n        \"@context\": \"http:\/\/schema.org\",\n        \"@type\": \"Event\",\n        \"name\": \"Maria Cannelloni en Gasp\\u00e9sie\",\n        \"startDate\": \"2020-03-05T13:30:00\",\n        \"performers\": {\n            \"@type\": \"Organization\",\n            \"name\": \"Maria en solo\"\n        },\n        \"location\": {\n            \"@type\": \"Place\",\n            \"name\": \"Salle Thomas Morissey\",\n            \"url\": \"http:\/\/www.sapinart.net\",\n            \"address\": {\n                \"@type\": \"PostalAddress\",\n                \"streetAddress\": \"155 Mgr Ross\",\n                \"addressLocality\": \"Chandler\",\n                \"addressRegion\": \"Qu\\u00e9bec\",\n                \"postalCode\": \"G0C1K0\",\n                \"addressCountry\": \"CA\"\n            }\n        }\n    },\n    {\n        \"@context\": \"http:\/\/schema.org\",\n        \"@type\": \"Event\",\n        \"name\": \"Maria Cannelloni en Gasp\\u00e9sie\",\n        \"startDate\": \"2020-03-04T15:00:00\",\n        \"performers\": {\n            \"@type\": \"Organization\",\n            \"name\": \"Maria en solo\"\n        },\n        \"location\": {\n            \"@type\": \"Place\",\n            \"name\": \"Biblioth\\u00e8que Madeleine Gagnon\",\n            \"url\": \"http:\/\/www.diffusionmordicus.ca\",\n            \"address\": {\n                \"@type\": \"PostalAddress\",\n                \"streetAddress\": \"24 promenade Marcel-Rioux\",\n                \"addressLocality\": \"Amqui\",\n                \"addressRegion\": \"Qu\\u00e9bec\",\n                \"postalCode\": \"G5J 3E1\",\n                \"addressCountry\": \"CA\"\n            }\n        }\n    },\n    {\n        \"@context\": \"http:\/\/schema.org\",\n        \"@type\": \"Event\",\n        \"name\": \"Maria dans ma Mini-Raviolimanie\",\n        \"startDate\": \"2020-02-23T11:00:00\",\n        \"description\": \"Les petits dimanches de la ville de Varennes\",\n        \"performers\": {\n            \"@type\": \"Organization\",\n            \"name\": \"Maria dans ma Mini-Raviolimanie\"\n        },\n        \"location\": {\n            \"@type\": \"Place\",\n            \"name\": \"La maison Saint-Louis\",\n            \"address\": {\n                \"@type\": \"PostalAddress\",\n                \"streetAddress\": \"35 rue de la Fabrique\",\n                \"addressLocality\": \"Varennes\",\n                \"postalCode\": \"J3X1R1\",\n                \"addressCountry\": \"CA\"\n            }\n        }\n    },\n    {\n        \"@context\": \"http:\/\/schema.org\",\n        \"@type\": \"Event\",\n        \"name\": \"Maria dans ma Mini-Raviolimanie\",\n        \"startDate\": \"2020-02-23T09:30:00\",\n        \"description\": \"Les petits dimanches de la ville de Varennes\",\n        \"performers\": {\n            \"@type\": \"Organization\",\n            \"name\": \"Maria dans ma Mini-Raviolimanie\"\n        },\n        \"location\": {\n            \"@type\": \"Place\",\n            \"name\": \"La maison Saint-Louis\",\n            \"address\": {\n                \"@type\": \"PostalAddress\",\n                \"streetAddress\": \"35 rue de la Fabrique\",\n                \"addressLocality\": \"Varennes\",\n                \"postalCode\": \"J3X1R1\",\n                \"addressCountry\": \"CA\"\n            }\n        }\n    },\n    {\n        \"@context\": \"http:\/\/schema.org\",\n        \"@type\": \"Event\",\n        \"name\": \"Maria et Romano dans &#8220;La Raviolimanie&#8221;\",\n        \"startDate\": \"2020-01-19T13:30:00\",\n        \"performers\": {\n            \"@type\": \"Organization\",\n            \"name\": \"Maria et Romano dans &#8220;La Raviolimanie&#8221;\"\n        },\n        \"location\": {\n            \"@type\": \"Place\",\n            \"name\": \"Centre Marcel Dulude\",\n            \"address\": {\n                \"@type\": \"PostalAddress\",\n                \"streetAddress\": \"539 boulevard Clairevue Ouest\",\n                \"addressLocality\": \"Saint-Bruno-de-Montarville\",\n                \"addressCountry\": \"CA\"\n            }\n        }\n    },\n    {\n        \"@context\": \"http:\/\/schema.org\",\n        \"@type\": \"Event\",\n        \"name\": \"Maria Cannelloni et le Macaroni Orchestra\",\n        \"startDate\": \"2020-01-18T14:30:00\",\n        \"performers\": {\n            \"@type\": \"Organization\",\n            \"name\": \"Maria Cannelloni et le Macaroni Orchestra\"\n        },\n        \"location\": {\n            \"@type\": \"Place\",\n            \"name\": \"Port de plaisance d&#8217;Aylmer\",\n            \"address\": {\n                \"@type\": \"PostalAddress\",\n                \"streetAddress\": \"1 rue Front\",\n                \"addressLocality\": \"Gatineau\",\n                \"addressCountry\": \"CA\"\n            }\n        }\n    },\n    {\n        \"@context\": \"http:\/\/schema.org\",\n        \"@type\": \"Event\",\n        \"name\": \"Maria Cannelloni et le Macaroni Orchestra\",\n        \"startDate\": \"2020-01-18T13:00:00\",\n        \"performers\": {\n            \"@type\": \"Organization\",\n            \"name\": \"Maria Cannelloni et le Macaroni Orchestra\"\n        },\n        \"location\": {\n            \"@type\": \"Place\",\n            \"name\": \"Port de plaisance d&#8217;Aylmer\",\n            \"address\": {\n                \"@type\": \"PostalAddress\",\n                \"streetAddress\": \"1 rue Front\",\n                \"addressLocality\": \"Gatineau\",\n                \"addressCountry\": \"CA\"\n            }\n        }\n    },\n    {\n        \"@context\": \"http:\/\/schema.org\",\n        \"@type\": \"Event\",\n        \"name\": \"Maria Cannelloni et le Tourne-f\\u00eates\",\n        \"startDate\": \"2019-12-15T11:00:00\",\n        \"description\": \"Lancement du Mini-Album de no\\u00ebl &#8221; Le Tourne-F\\u00eates&#8221; \\r\\nSurprises et sucreries pour tous :)\",\n        \"performers\": {\n            \"@type\": \"Organization\",\n            \"name\": \"Maria Cannelloni et le Tourne-f\\u00eates\"\n        },\n        \"location\": {\n            \"@type\": \"Place\",\n            \"name\": \"Caf\\u00e9 La Brass\\u00e9e\",\n            \"address\": {\n                \"@type\": \"PostalAddress\",\n                \"streetAddress\": \"2522 rue Beaubien Est\",\n                \"addressLocality\": \"Montr\\u00e9al\",\n                \"postalCode\": \"H1Y 1G2\",\n                \"addressCountry\": \"CA\"\n            }\n        }\n    },\n    {\n        \"@context\": \"http:\/\/schema.org\",\n        \"@type\": \"Event\",\n        \"name\": \"Maria Cannelloni et le Tourne-f\\u00eates\",\n        \"startDate\": \"2019-12-14T10:15:00\",\n        \"performers\": {\n            \"@type\": \"Organization\",\n            \"name\": \"Maria Cannelloni et le Tourne-f\\u00eates\"\n        },\n        \"location\": {\n            \"@type\": \"Place\",\n            \"name\": \"Biblioth\\u00e8que de Sainte-Anne des Plaines\",\n            \"address\": {\n                \"@type\": \"PostalAddress\",\n                \"streetAddress\": \"155 rue des C\\u00e8dres\",\n                \"addressLocality\": \"Sainte-Anne des Plaines\",\n                \"postalCode\": \"J0N 1H0\",\n                \"addressCountry\": \"CA\"\n            }\n        }\n    },\n    {\n        \"@context\": \"http:\/\/schema.org\",\n        \"@type\": \"Event\",\n        \"name\": \"Maria Cannelloni et le Tourne-f\\u00eates\",\n        \"startDate\": \"2019-12-08T13:30:00\",\n        \"performers\": {\n            \"@type\": \"Organization\",\n            \"name\": \"Maria Cannelloni et le Tourne-f\\u00eates\"\n        },\n        \"location\": {\n            \"@type\": \"Place\",\n            \"name\": \"Salle paroissiale \\u00e0 Notre-Dame du Mont-Carmel\",\n            \"address\": {\n                \"@type\": \"PostalAddress\",\n                \"addressLocality\": \"Notre-Dame du Mont-Carmel\",\n                \"postalCode\": \"G0X 3J0\",\n                \"addressCountry\": \"CA\"\n            }\n        }\n    },\n    {\n        \"@context\": \"http:\/\/schema.org\",\n        \"@type\": \"Event\",\n        \"name\": \"Maria Cannelloni et le Tourne-f\\u00eates\",\n        \"startDate\": \"2019-12-01T13:30:00\",\n        \"performers\": {\n            \"@type\": \"Organization\",\n            \"name\": \"Maria Cannelloni et le Tourne-f\\u00eates\"\n        },\n        \"location\": {\n            \"@type\": \"Place\",\n            \"name\": \"Parc des compagnons\",\n            \"url\": \"http:\/\/www.noeldansleparc.com\",\n            \"address\": {\n                \"@type\": \"PostalAddress\",\n                \"streetAddress\": \"Angle Mont-Royal et Cartier\",\n                \"addressLocality\": \"Montr\\u00e9al\",\n                \"addressCountry\": \"CA\"\n            }\n        }\n    },\n    {\n        \"@context\": \"http:\/\/schema.org\",\n        \"@type\": \"Event\",\n        \"name\": \"Maria et Romano dans &#8220;La Raviolimanie&#8221;\",\n        \"startDate\": \"2019-11-17T13:30:00\",\n        \"performers\": {\n            \"@type\": \"Organization\",\n            \"name\": \"Maria et Romano dans &#8220;La Raviolimanie&#8221;\"\n        },\n        \"location\": {\n            \"@type\": \"Place\",\n            \"name\": \"Centre communautaire St-Lazare de Vaudreuil\",\n            \"address\": {\n                \"@type\": \"PostalAddress\",\n                \"addressLocality\": \"St-Lazare\",\n                \"addressCountry\": \"CA\"\n            }\n        }\n    },\n    {\n        \"@context\": \"http:\/\/schema.org\",\n        \"@type\": \"Event\",\n        \"name\": \"Maria Cannelloni et le Macaroni Orchestra\",\n        \"startDate\": \"2019-10-26T14:00:00\",\n        \"description\": \"Halloween \\u00e0 La Pocati\\u00e8re\",\n        \"performers\": {\n            \"@type\": \"Organization\",\n            \"name\": \"Maria Cannelloni et le Macaroni Orchestra\"\n        },\n        \"location\": {\n            \"@type\": \"Place\",\n            \"name\": \"Salle Bernard-Turmel du Centre Bombardier\",\n            \"address\": {\n                \"@type\": \"PostalAddress\",\n                \"streetAddress\": \"600 9i\\u00e8me rue\",\n                \"addressLocality\": \"La Pocati\\u00e8re\",\n                \"postalCode\": \"GOR 1ZO\",\n                \"addressCountry\": \"CA\"\n            }\n        }\n    },\n    {\n        \"@context\": \"http:\/\/schema.org\",\n        \"@type\": \"Event\",\n        \"name\": \"Maria dans ma Mini-Raviolimanie\",\n        \"startDate\": \"2019-08-21T13:00:00\",\n        \"description\": \"Heure du conte\",\n        \"performers\": {\n            \"@type\": \"Organization\",\n            \"name\": \"Maria dans ma Mini-Raviolimanie\"\n        },\n        \"location\": {\n            \"@type\": \"Place\",\n            \"name\": \"Municipalit\\u00e9 de Nominingue\",\n            \"address\": {\n                \"@type\": \"PostalAddress\",\n                \"streetAddress\": \"Salle JA Ardouin\",\n                \"addressLocality\": \"Nominingue\",\n                \"addressCountry\": \"CA\"\n            }\n        }\n    },\n    {\n        \"@context\": \"http:\/\/schema.org\",\n        \"@type\": \"Event\",\n        \"name\": \"Maria Cannelloni et le Macaroni Orchestra\",\n        \"startDate\": \"2019-07-28T14:00:00\",\n        \"performers\": {\n            \"@type\": \"Organization\",\n            \"name\": \"Maria Cannelloni et le Macaroni Orchestra\"\n        },\n        \"location\": {\n            \"@type\": \"Place\",\n            \"name\": \"Place publique du Vieux Saint-Jean\",\n            \"address\": {\n                \"@type\": \"PostalAddress\",\n                \"streetAddress\": \"Angle Saint-Jean \\u00e0 Saint-Jean-sur-Richelieu\",\n                \"addressLocality\": \"Saint-Jean-sur-Richelieu\",\n                \"addressCountry\": \"CA\"\n            }\n        }\n    },\n    {\n        \"@context\": \"http:\/\/schema.org\",\n        \"@type\": \"Event\",\n        \"name\": \"Maria en solo\",\n        \"startDate\": \"2019-07-23T19:00:00\",\n        \"description\": \"\\u00c9v\\u00e9nement Mardis en famille\",\n        \"performers\": {\n            \"@type\": \"Organization\",\n            \"name\": \"Maria en solo\"\n        },\n        \"location\": {\n            \"@type\": \"Place\",\n            \"name\": \"Th\\u00e9\\u00e2tre de la Go\\u00e9lette\",\n            \"address\": {\n                \"@type\": \"PostalAddress\",\n                \"streetAddress\": \"67 rue du Rocher\",\n                \"addressLocality\": \"Rivi\\u00e8re-du Loup\",\n                \"addressCountry\": \"CA\"\n            }\n        }\n    },\n    {\n        \"@context\": \"http:\/\/schema.org\",\n        \"@type\": \"Event\",\n        \"name\": \"Maria en solo\",\n        \"startDate\": \"2019-07-23T10:00:00\",\n        \"performers\": {\n            \"@type\": \"Organization\",\n            \"name\": \"Maria en solo\"\n        },\n        \"location\": {\n            \"@type\": \"Place\",\n            \"name\": \"La sc\\u00e8ne BSL\",\n            \"address\": {\n                \"@type\": \"PostalAddress\",\n                \"streetAddress\": \"1588 Jacques Cartier\",\n                \"addressLocality\": \"Mont-Joli\",\n                \"addressRegion\": \"Qu\\u00e9bec\",\n                \"addressCountry\": \"CA\"\n            }\n        }\n    },\n    {\n        \"@context\": \"http:\/\/schema.org\",\n        \"@type\": \"Event\",\n        \"name\": \"Maria en solo\",\n        \"startDate\": \"2019-07-22T19:00:00\",\n        \"description\": \"Les rendez-vous culturels de Granby\",\n        \"performers\": {\n            \"@type\": \"Organization\",\n            \"name\": \"Maria en solo\"\n        },\n        \"location\": {\n            \"@type\": \"Place\",\n            \"name\": \"Ville de Rimouski\",\n            \"address\": {\n                \"@type\": \"PostalAddress\",\n                \"streetAddress\": \"Agora du Parc Beaus\\u00e9jour, 400 boul de la Rivi\\u00e8re\",\n                \"addressLocality\": \"Rimouski\",\n                \"addressCountry\": \"CA\"\n            }\n        }\n    },\n    {\n        \"@context\": \"http:\/\/schema.org\",\n        \"@type\": \"Event\",\n        \"name\": \"Maria en solo\",\n        \"startDate\": \"2019-07-22T13:00:00\",\n        \"performers\": {\n            \"@type\": \"Organization\",\n            \"name\": \"Maria en solo\"\n        },\n        \"location\": {\n            \"@type\": \"Place\",\n            \"name\": \"Place Montel\",\n            \"address\": {\n                \"@type\": \"PostalAddress\",\n                \"streetAddress\": \"101-A, avenue Sainte-Julie\",\n                \"addressLocality\": \"Montmagny\",\n                \"addressCountry\": \"CA\"\n            }\n        }\n    },\n    {\n        \"@context\": \"http:\/\/schema.org\",\n        \"@type\": \"Event\",\n        \"name\": \"Maria Cannelloni et le Macaroni Orchestra\",\n        \"startDate\": \"2019-07-21T15:30:00\",\n        \"performers\": {\n            \"@type\": \"Organization\",\n            \"name\": \"Maria Cannelloni et le Macaroni Orchestra\"\n        },\n        \"location\": {\n            \"@type\": \"Place\",\n            \"name\": \"Promenade Deslauriers\",\n            \"url\": \"https:\/\/www.tremblant.ca\/things-to-do\/events\/les-rythmes-tremblant\",\n            \"address\": {\n                \"@type\": \"PostalAddress\",\n                \"streetAddress\": \"1000 chemin des Voyageurs\",\n                \"addressLocality\": \"Tremblant\",\n                \"addressRegion\": \"Qu\\u00e9bec\",\n                \"postalCode\": \"J8T 1T1\",\n                \"addressCountry\": \"CA\"\n            }\n        }\n    },\n    {\n        \"@context\": \"http:\/\/schema.org\",\n        \"@type\": \"Event\",\n        \"name\": \"Maria en solo\",\n        \"startDate\": \"2019-07-11T19:00:00\",\n        \"description\": \"\\u00c9v\\u00e9nement Pique-Nique en spectcale\",\n        \"performers\": {\n            \"@type\": \"Organization\",\n            \"name\": \"Maria en solo\"\n        },\n        \"location\": {\n            \"@type\": \"Place\",\n            \"name\": \"Ville de Notre-Dame de l&#8217;\\u00eele Perrot\",\n            \"address\": {\n                \"@type\": \"PostalAddress\",\n                \"streetAddress\": \"Parc des \\u00c9perviers, 89 rue Riverlaine\",\n                \"addressLocality\": \"Notre-Dame de l&#8217;\\u00eele Perrot\",\n                \"addressCountry\": \"CA\"\n            }\n        }\n    },\n    {\n        \"@context\": \"http:\/\/schema.org\",\n        \"@type\": \"Event\",\n        \"name\": \"Maria en solo\",\n        \"startDate\": \"2019-07-10T19:00:00\",\n        \"performers\": {\n            \"@type\": \"Organization\",\n            \"name\": \"Maria en solo\"\n        },\n        \"location\": {\n            \"@type\": \"Place\",\n            \"name\": \"Municipalit\\u00e9 de Sainte-Julienne\",\n            \"address\": {\n                \"@type\": \"PostalAddress\",\n                \"streetAddress\": \"Parc Lionel Ricard\",\n                \"addressLocality\": \"Sainte-Julienne\",\n                \"addressCountry\": \"CA\"\n            }\n        }\n    },\n    {\n        \"@context\": \"http:\/\/schema.org\",\n        \"@type\": \"Event\",\n        \"name\": \"Maria et Romano dans &#8220;La Raviolimanie&#8221;\",\n        \"startDate\": \"2019-07-03T19:30:00\",\n        \"description\": \"\\u00c9v\\u00e9nement \\u00c9t\\u00e9 Show\",\n        \"performers\": {\n            \"@type\": \"Organization\",\n            \"name\": \"Maria et Romano dans &#8220;La Raviolimanie&#8221;\"\n        },\n        \"location\": {\n            \"@type\": \"Place\",\n            \"name\": \"Ville de Rigaud\",\n            \"address\": {\n                \"@type\": \"PostalAddress\",\n                \"streetAddress\": \"Parc Charles de Lotbini\\u00e8re, 5 rue Pag\\u00e9\",\n                \"addressLocality\": \"Rigaud\",\n                \"addressCountry\": \"CA\"\n            }\n        }\n    },\n    {\n        \"@context\": \"http:\/\/schema.org\",\n        \"@type\": \"Event\",\n        \"name\": \"Maria Cannelloni et le Macaroni Orchestra\",\n        \"startDate\": \"2019-07-01T17:00:00\",\n        \"description\": \"La f\\u00eate du Canada\",\n        \"performers\": {\n            \"@type\": \"Organization\",\n            \"name\": \"Maria Cannelloni et le Macaroni Orchestra\"\n        },\n        \"location\": {\n            \"@type\": \"Place\",\n            \"name\": \"Municipalit\\u00e9 de Rawdon\",\n            \"address\": {\n                \"@type\": \"PostalAddress\",\n                \"streetAddress\": \"3713 rue Queen\",\n                \"addressLocality\": \"Rawdon\",\n                \"addressCountry\": \"CA\"\n            }\n        }\n    },\n    {\n        \"@context\": \"http:\/\/schema.org\",\n        \"@type\": \"Event\",\n        \"name\": \"Maria en solo\",\n        \"startDate\": \"2019-07-01T17:00:00\",\n        \"description\": \"La f\\u00eate du Canada\",\n        \"performers\": {\n            \"@type\": \"Organization\",\n            \"name\": \"Maria en solo\"\n        },\n        \"location\": {\n            \"@type\": \"Place\",\n            \"name\": \"Ville de La Malbaie\",\n            \"address\": {\n                \"@type\": \"PostalAddress\",\n                \"addressLocality\": \"La Malbaie\",\n                \"addressCountry\": \"CA\"\n            }\n        }\n    },\n    {\n        \"@context\": \"http:\/\/schema.org\",\n        \"@type\": \"Event\",\n        \"name\": \"Maria et Romano dans &#8220;La Raviolimanie&#8221;\",\n        \"startDate\": \"2019-06-30T11:00:00\",\n        \"performers\": {\n            \"@type\": \"Organization\",\n            \"name\": \"Maria et Romano dans &#8220;La Raviolimanie&#8221;\"\n        },\n        \"location\": {\n            \"@type\": \"Place\",\n            \"name\": \"Parc Claude Henri Grignon\",\n            \"address\": {\n                \"@type\": \"PostalAddress\",\n                \"streetAddress\": \"999 boulevard de Sainte-Ad\\u00e8le\",\n                \"addressLocality\": \"Sainte-Ad\\u00e8le\",\n                \"addressCountry\": \"CA\"\n            }\n        }\n    },\n    {\n        \"@context\": \"http:\/\/schema.org\",\n        \"@type\": \"Event\",\n        \"name\": \"Maria Cannelloni et le Macaroni Orchestra\",\n        \"startDate\": \"2019-06-24T10:30:00\",\n        \"description\": \"F\\u00eate Nationale Mercier\",\n        \"performers\": {\n            \"@type\": \"Organization\",\n            \"name\": \"Maria Cannelloni et le Macaroni Orchestra\"\n        },\n        \"location\": {\n            \"@type\": \"Place\",\n            \"name\": \"Parc Hirondelle, Mercier\",\n            \"address\": {\n                \"@type\": \"PostalAddress\",\n                \"streetAddress\": \"8 rue des Plaines, Mercier\",\n                \"addressLocality\": \"Mercier\",\n                \"addressCountry\": \"CA\"\n            }\n        }\n    },\n    {\n        \"@context\": \"http:\/\/schema.org\",\n        \"@type\": \"Event\",\n        \"name\": \"Maria et Romano dans &#8220;La Raviolimanie&#8221;\",\n        \"startDate\": \"2019-06-23T19:30:00\",\n        \"description\": \"F\\u00eate Nationale, Saint-Philippe\",\n        \"performers\": {\n            \"@type\": \"Organization\",\n            \"name\": \"Maria et Romano dans &#8220;La Raviolimanie&#8221;\"\n        },\n        \"location\": {\n            \"@type\": \"Place\",\n            \"name\": \"Parc G\\u00e9rald Laframboise\",\n            \"address\": {\n                \"@type\": \"PostalAddress\",\n                \"streetAddress\": \"2225 \\u00c9douard V11\",\n                \"addressLocality\": \"Saint-Philippe de Laprairie\",\n                \"postalCode\": \"J0L 2K0\",\n                \"addressCountry\": \"CA\"\n            }\n        }\n    },\n    {\n        \"@context\": \"http:\/\/schema.org\",\n        \"@type\": \"Event\",\n        \"name\": \"Maria et ses musiciens\",\n        \"startDate\": \"2019-06-23T13:30:00\",\n        \"description\": \"La f\\u00eate Nationale\/Festival du solstice d&#8217;\\u00e9t\\u00e9 dans le Sud Ouest\",\n        \"performers\": {\n            \"@type\": \"Organization\",\n            \"name\": \"Maria et ses musiciens\"\n        },\n        \"location\": {\n            \"@type\": \"Place\",\n            \"name\": \"Parc du bonheur d&#8217;occasion\",\n            \"address\": {\n                \"@type\": \"PostalAddress\",\n                \"streetAddress\": \"Coin Rose de LIma et Notre Dame\",\n                \"addressLocality\": \"Montr\\u00e9al\",\n                \"addressCountry\": \"CA\"\n            }\n        }\n    },\n    {\n        \"@context\": \"http:\/\/schema.org\",\n        \"@type\": \"Event\",\n        \"name\": \"Maria en solo\",\n        \"startDate\": \"2019-03-21T18:30:00\",\n        \"performers\": {\n            \"@type\": \"Organization\",\n            \"name\": \"Maria en solo\"\n        },\n        \"location\": {\n            \"@type\": \"Place\",\n            \"name\": \"Biblioth\\u00e8que de Lachute\",\n            \"address\": {\n                \"@type\": \"PostalAddress\",\n                \"streetAddress\": \"378 rue principale\",\n                \"addressLocality\": \"Lachute\",\n                \"addressCountry\": \"CA\"\n            }\n        }\n    },\n    {\n        \"@context\": \"http:\/\/schema.org\",\n        \"@type\": \"Event\",\n        \"name\": \"Maria et ses musiciens\",\n        \"startDate\": \"2019-01-20T11:30:00\",\n        \"performers\": {\n            \"@type\": \"Organization\",\n            \"name\": \"Maria et ses musiciens\"\n        },\n        \"location\": {\n            \"@type\": \"Place\",\n            \"name\": \"Centre d&#8217;art la petite \\u00e9glise\",\n            \"address\": {\n                \"@type\": \"PostalAddress\",\n                \"streetAddress\": \"271 Rue Saint-Eustache\",\n                \"addressLocality\": \"Saint-Eustache\",\n                \"addressRegion\": \"Qu\\u00e9bec\",\n                \"postalCode\": \"J7R 2L9\",\n                \"addressCountry\": \"CA\"\n            }\n        }\n    },\n    {\n        \"@context\": \"http:\/\/schema.org\",\n        \"@type\": \"Event\",\n        \"name\": \"Maria et ses musiciens\",\n        \"startDate\": \"2018-12-02T14:00:00\",\n        \"description\": \"Maria Cannelloni sur le Plateau dans le cadre de no\\u00ebl dans le parc!\",\n        \"performers\": {\n            \"@type\": \"Organization\",\n            \"name\": \"Maria et ses musiciens\"\n        },\n        \"location\": {\n            \"@type\": \"Place\",\n            \"name\": \"Parc des compagnons\",\n            \"url\": \"http:\/\/www.noeldansleparc.com\",\n            \"address\": {\n                \"@type\": \"PostalAddress\",\n                \"streetAddress\": \"Angle Mont-Royal et Cartier\",\n                \"addressLocality\": \"Montr\\u00e9al\",\n                \"addressCountry\": \"CA\"\n            }\n        }\n    },\n    {\n        \"@context\": \"http:\/\/schema.org\",\n        \"@type\": \"Event\",\n        \"name\": \"Maria en solo\",\n        \"startDate\": \"2018-11-20T10:00:00\",\n        \"description\": \"Pour la journ\\u00e9e internationale des enfants.\",\n        \"performers\": {\n            \"@type\": \"Organization\",\n            \"name\": \"Maria en solo\"\n        },\n        \"location\": {\n            \"@type\": \"Place\",\n            \"name\": \"Biblioth\\u00e8que de Blainville\",\n            \"address\": {\n                \"@type\": \"PostalAddress\",\n                \"streetAddress\": \"1003 rue de la Mairie\",\n                \"addressLocality\": \"Blainville\",\n                \"addressCountry\": \"CA\"\n            }\n        }\n    },\n    {\n        \"@context\": \"http:\/\/schema.org\",\n        \"@type\": \"Event\",\n        \"name\": \"Maria et Romano dans &#8220;La Raviolimanie&#8221;\",\n        \"startDate\": \"2018-10-20T11:00:00\",\n        \"description\": \"Billets disponibles sur accesculture.boxxo.ca\",\n        \"performers\": {\n            \"@type\": \"Organization\",\n            \"name\": \"Maria et Romano dans &#8220;La Raviolimanie&#8221;\"\n        },\n        \"location\": {\n            \"@type\": \"Place\",\n            \"name\": \"Centre communautaire d&#8217;Anjou\",\n            \"address\": {\n                \"@type\": \"PostalAddress\",\n                \"streetAddress\": \"7800 boul. M\\u00e9tropolitain est, Montr\\u00e9al\",\n                \"addressLocality\": \"Montr\\u00e9al\",\n                \"addressRegion\": \"Qu\\u00e9bec\",\n                \"postalCode\": \"H1K1A1\",\n                \"addressCountry\": \"CA\"\n            }\n        }\n    },\n    {\n        \"@context\": \"http:\/\/schema.org\",\n        \"@type\": \"Event\",\n        \"name\": \"Maria en solo\",\n        \"startDate\": \"2018-09-29T10:00:00\",\n        \"performers\": {\n            \"@type\": \"Organization\",\n            \"name\": \"Maria en solo\"\n        },\n        \"location\": {\n            \"@type\": \"Place\",\n            \"name\": \"Chalet des citoyens\",\n            \"address\": {\n                \"@type\": \"PostalAddress\",\n                \"streetAddress\": \"30 mont\\u00e9e Gagnon\",\n                \"addressLocality\": \"Bois-des-Filion\",\n                \"addressRegion\": \"Qu\\u00e9bec\",\n                \"postalCode\": \"J6Z 1H1\",\n                \"addressCountry\": \"CA\"\n            }\n        }\n    },\n    {\n        \"@context\": \"http:\/\/schema.org\",\n        \"@type\": \"Event\",\n        \"name\": \"Maria en solo\",\n        \"startDate\": \"2018-09-13T13:30:00\",\n        \"description\": \"Sur la place de la famille Le Lait.\",\n        \"performers\": {\n            \"@type\": \"Organization\",\n            \"name\": \"Maria en solo\"\n        },\n        \"location\": {\n            \"@type\": \"Place\",\n            \"name\": \"Festival western de St-Tite\",\n            \"address\": {\n                \"@type\": \"PostalAddress\",\n                \"addressLocality\": \"St-Tite\",\n                \"addressCountry\": \"CA\"\n            }\n        }\n    },\n    {\n        \"@context\": \"http:\/\/schema.org\",\n        \"@type\": \"Event\",\n        \"name\": \"Maria et ses musiciens\",\n        \"startDate\": \"2018-09-03T13:45:00\",\n        \"performers\": {\n            \"@type\": \"Organization\",\n            \"name\": \"Maria et ses musiciens\"\n        },\n        \"location\": {\n            \"@type\": \"Place\",\n            \"name\": \"Festival des Montgolfi\\u00e8res de Gatineau\",\n            \"url\": \"https:\/\/www.montgolfieresgatineau.com\/fr\/activites\/scene-familiale\/\",\n            \"address\": {\n                \"@type\": \"PostalAddress\",\n                \"streetAddress\": \"Parc de la Baie\",\n                \"addressLocality\": \"Gatineau\",\n                \"addressRegion\": \"Qu\\u00e9bec\",\n                \"postalCode\": \"J8T 2S4\",\n                \"addressCountry\": \"CA\"\n            }\n        }\n    },\n    {\n        \"@context\": \"http:\/\/schema.org\",\n        \"@type\": \"Event\",\n        \"name\": \"Maria et ses musiciens\",\n        \"startDate\": \"2018-09-03T11:30:00\",\n        \"performers\": {\n            \"@type\": \"Organization\",\n            \"name\": \"Maria et ses musiciens\"\n        },\n        \"location\": {\n            \"@type\": \"Place\",\n            \"name\": \"Festival des Montgolfi\\u00e8res de Gatineau\",\n            \"url\": \"https:\/\/www.montgolfieresgatineau.com\/fr\/activites\/scene-familiale\/\",\n            \"address\": {\n                \"@type\": \"PostalAddress\",\n                \"streetAddress\": \"Parc de la Baie\",\n                \"addressLocality\": \"Gatineau\",\n                \"addressRegion\": \"Qu\\u00e9bec\",\n                \"postalCode\": \"J8T 2S4\",\n                \"addressCountry\": \"CA\"\n            }\n        }\n    },\n    {\n        \"@context\": \"http:\/\/schema.org\",\n        \"@type\": \"Event\",\n        \"name\": \"Maria et ses musiciens\",\n        \"startDate\": \"2018-08-24T11:30:00\",\n        \"performers\": {\n            \"@type\": \"Organization\",\n            \"name\": \"Maria et ses musiciens\"\n        },\n        \"location\": {\n            \"@type\": \"Place\",\n            \"name\": \"Festival du b\\u00fbcheux de St-Pamphile\",\n            \"address\": {\n                \"@type\": \"PostalAddress\",\n                \"streetAddress\": \"240 rue St-Pierre\",\n                \"addressLocality\": \"St-Pamphile\",\n                \"postalCode\": \"G0R 3X0\",\n                \"addressCountry\": \"CA\"\n            }\n        }\n    },\n    {\n        \"@context\": \"http:\/\/schema.org\",\n        \"@type\": \"Event\",\n        \"name\": \"Maria et Romano dans &#8220;La Raviolimanie&#8221;\",\n        \"startDate\": \"2018-08-14T11:00:00\",\n        \"performers\": {\n            \"@type\": \"Organization\",\n            \"name\": \"Maria et Romano dans &#8220;La Raviolimanie&#8221;\"\n        },\n        \"location\": {\n            \"@type\": \"Place\",\n            \"name\": \"Parc Chante-Bois\",\n            \"address\": {\n                \"@type\": \"PostalAddress\",\n                \"streetAddress\": \"38, 84e avenue\",\n                \"addressLocality\": \"Blainville\",\n                \"addressCountry\": \"CA\"\n            }\n        }\n    },\n    {\n        \"@context\": \"http:\/\/schema.org\",\n        \"@type\": \"Event\",\n        \"name\": \"Maria Cannelloni et le Macaroni Orchestra au Festival Juste pour Rire\",\n        \"startDate\": \"2018-07-24T16:30:00\",\n        \"endDate\": \"2018-07-29T16:30:00\",\n        \"description\": \"24-25-26-27 \\u00e0 16h30\\r\\n28 et 29 juillet \\u00e0 20h00\\r\\nSur la Place de la famille Le Lait\",\n        \"performers\": {\n            \"@type\": \"Organization\",\n            \"name\": \"Maria et ses musiciens\"\n        },\n        \"location\": {\n            \"@type\": \"Place\",\n            \"name\": \"Festival Juste pour rire-Place de la famille le Lait\",\n            \"address\": {\n                \"@type\": \"PostalAddress\",\n                \"addressLocality\": \"Montr\\u00e9al\",\n                \"addressCountry\": \"CA\"\n            }\n        }\n    },\n    {\n        \"@context\": \"http:\/\/schema.org\",\n        \"@type\": \"Event\",\n        \"name\": \"Maria et Romano dans &#8220;La Raviolimanie&#8221;\",\n        \"startDate\": \"2018-07-12T19:00:00\",\n        \"description\": \"Th\\u00e9\\u00e2tre ext\\u00e9rieur.\",\n        \"performers\": {\n            \"@type\": \"Organization\",\n            \"name\": \"Maria et Romano dans &#8220;La Raviolimanie&#8221;\"\n        },\n        \"location\": {\n            \"@type\": \"Place\",\n            \"name\": \"Parc Loiselle de Mercier\",\n            \"address\": {\n                \"@type\": \"PostalAddress\",\n                \"streetAddress\": \"Rue Loiselle\",\n                \"addressLocality\": \"Mercier\",\n                \"postalCode\": \"J6R 2L7\",\n                \"addressCountry\": \"CA\"\n            }\n        }\n    },\n    {\n        \"@context\": \"http:\/\/schema.org\",\n        \"@type\": \"Event\",\n        \"name\": \"Maria en solo\",\n        \"startDate\": \"2018-07-01T14:00:00\",\n        \"description\": \"Pour la f\\u00eate du Canada \\u00e0 Sherbrooke.\",\n        \"performers\": {\n            \"@type\": \"Organization\",\n            \"name\": \"Maria en solo\"\n        },\n        \"location\": {\n            \"@type\": \"Place\",\n            \"name\": \"Parc Jacques Cartier de Sherbrooke\",\n            \"address\": {\n                \"@type\": \"PostalAddress\",\n                \"streetAddress\": \"220 rue Marchant\",\n                \"addressLocality\": \"Sherbrooke\",\n                \"postalCode\": \"J0B 1J0\",\n                \"addressCountry\": \"CA\"\n            }\n        }\n    },\n    {\n        \"@context\": \"http:\/\/schema.org\",\n        \"@type\": \"Event\",\n        \"name\": \"Maria et Romano dans &#8220;La Raviolimanie&#8221;\",\n        \"startDate\": \"2018-06-23T20:00:00\",\n        \"description\": \"Pour la St-Jean Baptiste.\",\n        \"performers\": {\n            \"@type\": \"Organization\",\n            \"name\": \"Maria et Romano dans &#8220;La Raviolimanie&#8221;\"\n        },\n        \"location\": {\n            \"@type\": \"Place\",\n            \"name\": \"Parc G\\u00e9rald Laframboise\",\n            \"address\": {\n                \"@type\": \"PostalAddress\",\n                \"streetAddress\": \"2225 \\u00c9douard V11\",\n                \"addressLocality\": \"Saint-Philippe de Laprairie\",\n                \"postalCode\": \"J0L 2K0\",\n                \"addressCountry\": \"CA\"\n            }\n        }\n    },\n    {\n        \"@context\": \"http:\/\/schema.org\",\n        \"@type\": \"Event\",\n        \"name\": \"Maria en solo\",\n        \"startDate\": \"2018-06-23T14:30:00\",\n        \"description\": \"La St-Jean dans le Sud Ouest\",\n        \"performers\": {\n            \"@type\": \"Organization\",\n            \"name\": \"Maria en solo\"\n        },\n        \"location\": {\n            \"@type\": \"Place\",\n            \"name\": \"Parc du bonheur d&#8217;occasion\",\n            \"address\": {\n                \"@type\": \"PostalAddress\",\n                \"streetAddress\": \"Coin Rose de LIma et Notre Dame\",\n                \"addressLocality\": \"Montr\\u00e9al\",\n                \"addressCountry\": \"CA\"\n            }\n        }\n    },\n    {\n        \"@context\": \"http:\/\/schema.org\",\n        \"@type\": \"Event\",\n        \"name\": \"Maria et Romano dans &#8220;La Raviolimanie&#8221;\",\n        \"startDate\": \"2018-02-11T10:30:00\",\n        \"description\": \"Spectacle dans le cadre du Salon du livre jeunesse de Longueuil.\",\n        \"performers\": {\n            \"@type\": \"Organization\",\n            \"name\": \"Maria et Romano dans &#8220;La Raviolimanie&#8221;\"\n        },\n        \"location\": {\n            \"@type\": \"Place\",\n            \"name\": \"Th\\u00e9\\u00e2tre de la Ville de Longueuil-Salle Jean- Louis Millette\",\n            \"address\": {\n                \"@type\": \"PostalAddress\",\n                \"streetAddress\": \"150 rue de Gentilly est\",\n                \"addressLocality\": \"Longueuil\",\n                \"postalCode\": \"J4H 4AE\",\n                \"addressCountry\": \"CA\"\n            }\n        }\n    },\n    {\n        \"@context\": \"http:\/\/schema.org\",\n        \"@type\": \"Event\",\n        \"name\": \"Maria et Romano dans &#8220;La Raviolimanie&#8221;\",\n        \"startDate\": \"2018-02-04T14:00:00\",\n        \"performers\": {\n            \"@type\": \"Organization\",\n            \"name\": \"Maria et Romano dans &#8220;La Raviolimanie&#8221;\"\n        },\n        \"location\": {\n            \"@type\": \"Place\",\n            \"name\": \"La f\\u00eate des Neiges\",\n            \"address\": {\n                \"@type\": \"PostalAddress\",\n                \"streetAddress\": \"Parc Jean-Drapeau, Secteur bois\\u00e9, \\u00eele Sainte-H\\u00e9l\\u00e8ne\",\n                \"addressLocality\": \"Montr\\u00e9al\",\n                \"addressCountry\": \"CA\"\n            }\n        }\n    },\n    {\n        \"@context\": \"http:\/\/schema.org\",\n        \"@type\": \"Event\",\n        \"name\": \"Maria et Romano dans &#8220;La Raviolimanie&#8221;\",\n        \"startDate\": \"2018-02-04T11:00:00\",\n        \"performers\": {\n            \"@type\": \"Organization\",\n            \"name\": \"Maria et Romano dans &#8220;La Raviolimanie&#8221;\"\n        },\n        \"location\": {\n            \"@type\": \"Place\",\n            \"name\": \"La f\\u00eate des Neiges\",\n            \"address\": {\n                \"@type\": \"PostalAddress\",\n                \"streetAddress\": \"Parc Jean-Drapeau, Secteur bois\\u00e9, \\u00eele Sainte-H\\u00e9l\\u00e8ne\",\n                \"addressLocality\": \"Montr\\u00e9al\",\n                \"addressCountry\": \"CA\"\n            }\n        }\n    },\n    {\n        \"@context\": \"http:\/\/schema.org\",\n        \"@type\": \"Event\",\n        \"name\": \"Maria et Romano dans &#8220;La Raviolimanie&#8221;\",\n        \"startDate\": \"2017-11-11T16:30:00\",\n        \"description\": \"Lancement du 1 er album de Maria Cannelloni.\",\n        \"performers\": {\n            \"@type\": \"Organization\",\n            \"name\": \"Maria et Romano dans &#8220;La Raviolimanie&#8221;\"\n        },\n        \"location\": {\n            \"@type\": \"Place\",\n            \"name\": \"Th\\u00e9\\u00e2tre de l&#8217;Esquisse\",\n            \"address\": {\n                \"@type\": \"PostalAddress\",\n                \"streetAddress\": \"1650 rue Marie-Anne Est\",\n                \"addressLocality\": \"Montr\\u00e9al\",\n                \"postalCode\": \"H2J 2E1\",\n                \"addressCountry\": \"CA\"\n            }\n        }\n    },\n    {\n        \"@context\": \"http:\/\/schema.org\",\n        \"@type\": \"Event\",\n        \"name\": \"Maria et ses musiciens\",\n        \"startDate\": \"2017-09-30T16:00:00\",\n        \"description\": \"Journ\\u00e9es de la Culture.\",\n        \"performers\": {\n            \"@type\": \"Organization\",\n            \"name\": \"Maria et ses musiciens\"\n        },\n        \"location\": {\n            \"@type\": \"Place\",\n            \"name\": \"Parc Isra\\u00ebl-Larochelle\",\n            \"address\": {\n                \"@type\": \"PostalAddress\",\n                \"streetAddress\": \"Rue Principale Est\",\n                \"addressLocality\": \"Farnham\",\n                \"addressRegion\": \"Qu\\u00e9bec\",\n                \"postalCode\": \"J2M 1M9\",\n                \"addressCountry\": \"CA\"\n            }\n        }\n    },\n    {\n        \"@context\": \"http:\/\/schema.org\",\n        \"@type\": \"Event\",\n        \"name\": \"Maria et ses musiciens\",\n        \"startDate\": \"2017-09-30T10:45:00\",\n        \"description\": \"Journ\\u00e9es de la Culture\",\n        \"performers\": {\n            \"@type\": \"Organization\",\n            \"name\": \"Maria et ses musiciens\"\n        },\n        \"location\": {\n            \"@type\": \"Place\",\n            \"name\": \"Parc Gilbert Aubin\",\n            \"address\": {\n                \"@type\": \"PostalAddress\",\n                \"streetAddress\": \"685 boul des Laurentides\",\n                \"addressLocality\": \"Piedmont\",\n                \"postalCode\": \"J0R 1K0\",\n                \"addressCountry\": \"CA\"\n            }\n        }\n    },\n    {\n        \"@context\": \"http:\/\/schema.org\",\n        \"@type\": \"Event\",\n        \"name\": \"Maria et ses musiciens\",\n        \"startDate\": \"2017-08-26T14:00:00\",\n        \"performers\": {\n            \"@type\": \"Organization\",\n            \"name\": \"Maria et ses musiciens\"\n        },\n        \"location\": {\n            \"@type\": \"Place\",\n            \"name\": \"Festival Kaput\",\n            \"address\": {\n                \"@type\": \"PostalAddress\",\n                \"streetAddress\": \"Domaine culturel Aur\\u00e8le-Dubois (acc\\u00e8s par le centre culturel) 600, rue Richelieu, Beloeil\",\n                \"addressLocality\": \"Beloeil\",\n                \"addressCountry\": \"CA\"\n            }\n        }\n    },\n    {\n        \"@context\": \"http:\/\/schema.org\",\n        \"@type\": \"Event\",\n        \"name\": \"Maria Cannelloni\",\n        \"startDate\": \"2017-08-20T11:00:00\",\n        \"description\": \"\\u00c9v\\u00e9nement les arts en Bazart.\",\n        \"performers\": {\n            \"@type\": \"Organization\",\n            \"name\": \"Maria Cannelloni\"\n        },\n        \"location\": {\n            \"@type\": \"Place\",\n            \"name\": \"Chalet des citoyens\",\n            \"address\": {\n                \"@type\": \"PostalAddress\",\n                \"streetAddress\": \"30 mont\\u00e9e Gagnon\",\n                \"addressLocality\": \"Bois-des-Filion\",\n                \"addressRegion\": \"Qu\\u00e9bec\",\n                \"postalCode\": \"J6Z 1H1\",\n                \"addressCountry\": \"CA\"\n            }\n        }\n    },\n    {\n        \"@context\": \"http:\/\/schema.org\",\n        \"@type\": \"Event\",\n        \"name\": \"Maria Cannelloni\",\n        \"startDate\": \"2017-08-17T16:00:00\",\n        \"description\": \"1 er spectacle \\u00e0 16h sur la sc\\u00e8ne Tim Hortons\\r\\n2 \\u00e8me spectacle \\u00e0 17h20 sur la sc\\u00e8ne Hydro-Qu\\u00e9bec\",\n        \"performers\": {\n            \"@type\": \"Organization\",\n            \"name\": \"Maria Cannelloni\"\n        },\n        \"location\": {\n            \"@type\": \"Place\",\n            \"name\": \"International de Montgolfi\\u00e8res de St-Jean sur Richelieu\",\n            \"url\": \"http:\/\/www.montgolfieres.com\",\n            \"address\": {\n                \"@type\": \"PostalAddress\",\n                \"streetAddress\": \"5 chemin de l&#8217;a\\u00e9roport\",\n                \"addressLocality\": \"St-Jean sur Richelieu\",\n                \"postalCode\": \"J3B 7B5\",\n                \"addressCountry\": \"CA\"\n            }\n        }\n    },\n    {\n        \"@context\": \"http:\/\/schema.org\",\n        \"@type\": \"Event\",\n        \"name\": \"Maria et ses musiciens\",\n        \"startDate\": \"2017-08-05T10:30:00\",\n        \"performers\": {\n            \"@type\": \"Organization\",\n            \"name\": \"Maria et ses musiciens\"\n        },\n        \"location\": {\n            \"@type\": \"Place\",\n            \"name\": \"Municipalit\\u00e9 de Rosem\\u00e8re\",\n            \"address\": {\n                \"@type\": \"PostalAddress\",\n                \"streetAddress\": \"325 chemin Grande C\\u00f4te\",\n                \"addressLocality\": \"Rosem\\u00e8re\",\n                \"addressRegion\": \"Qu\\u00e9bec\",\n                \"addressCountry\": \"CA\"\n            }\n        }\n    },\n    {\n        \"@context\": \"http:\/\/schema.org\",\n        \"@type\": \"Event\",\n        \"name\": \"Maria en solo\",\n        \"startDate\": \"2017-08-03T11:00:00\",\n        \"description\": \"4 prestations durant la journ\\u00e9e.\\r\\n11h-13h-15h-16h30\",\n        \"performers\": {\n            \"@type\": \"Organization\",\n            \"name\": \"Maria en solo\"\n        },\n        \"location\": {\n            \"@type\": \"Place\",\n            \"name\": \"Exposition agricole de Saint-Hyacinthe\",\n            \"url\": \"http:\/\/www.expo-agricole.com\",\n            \"address\": {\n                \"@type\": \"PostalAddress\",\n                \"streetAddress\": \"Sc\\u00e8ne ext\\u00e9rieure pr\\u00e8s de l&#8217;ar\\u00e9na &#8211; 2670 rue Beauparlant\",\n                \"addressLocality\": \"Saint-Hyacinthe\",\n                \"postalCode\": \"J2S 4M8\",\n                \"addressCountry\": \"CA\"\n            }\n        }\n    },\n    {\n        \"@context\": \"http:\/\/schema.org\",\n        \"@type\": \"Event\",\n        \"name\": \"Maria et ses musiciens\",\n        \"startDate\": \"2017-08-01T19:00:00\",\n        \"performers\": {\n            \"@type\": \"Organization\",\n            \"name\": \"Maria et ses musiciens\"\n        },\n        \"location\": {\n            \"@type\": \"Place\",\n            \"name\": \"Parc Larochelle\",\n            \"address\": {\n                \"@type\": \"PostalAddress\",\n                \"streetAddress\": \"366 rue Marquis\",\n                \"addressLocality\": \"Repentigny\",\n                \"addressCountry\": \"CA\"\n            }\n        }\n    },\n    {\n        \"@context\": \"http:\/\/schema.org\",\n        \"@type\": \"Event\",\n        \"name\": \"Maria et Romano dans &#8220;La Raviolimanie&#8221;\",\n        \"startDate\": \"2017-07-18T16:00:00\",\n        \"url\": \"http:\/\/www.hahaha.com\/fr\/show\/productions-cest-chouette-la-raviolimanie#.WVuS6KNra48.facebook\",\n        \"endDate\": \"2017-07-23T16:00:00\",\n        \"performers\": {\n            \"@type\": \"Organization\",\n            \"name\": \"Maria et Romano dans &#8220;La Raviolimanie&#8221;\"\n        },\n        \"location\": {\n            \"@type\": \"Place\",\n            \"name\": \"Festival Juste pour rire-Place de la famille le Lait\",\n            \"url\": \"http:\/\/www.hahaha.com\",\n            \"address\": {\n                \"@type\": \"PostalAddress\",\n                \"addressLocality\": \"Montr\\u00e9al\",\n                \"addressCountry\": \"CA\"\n            }\n        }\n    },\n    {\n        \"@context\": \"http:\/\/schema.org\",\n        \"@type\": \"Event\",\n        \"name\": \"Maria et ses musiciens\",\n        \"startDate\": \"2017-07-09T00:00:01\",\n        \"performers\": {\n            \"@type\": \"Organization\",\n            \"name\": \"Maria et ses musiciens\"\n        },\n        \"location\": {\n            \"@type\": \"Place\",\n            \"name\": \"Mondial des cultures de Drummondville\",\n            \"url\": \"http:\/\/www.mondialdescultures.com\/\",\n            \"address\": {\n                \"@type\": \"PostalAddress\",\n                \"streetAddress\": \"Parc Woodyatt 53, rue Du Pont\",\n                \"addressLocality\": \"Drummondville\",\n                \"addressRegion\": \"Qu\\u00e9bec\",\n                \"postalCode\": \"J2B 6V6\",\n                \"addressCountry\": \"CA\"\n            }\n        },\n        \"offers\": {\n            \"@type\": \"Offer\",\n            \"price\": \"\"\n        }\n    },\n    {\n        \"@context\": \"http:\/\/schema.org\",\n        \"@type\": \"Event\",\n        \"name\": \"Maria et ses musiciens\",\n        \"startDate\": \"2017-06-03T11:00:00\",\n        \"performers\": {\n            \"@type\": \"Organization\",\n            \"name\": \"Maria et ses musiciens\"\n        },\n        \"location\": {\n            \"@type\": \"Place\",\n            \"name\": \"Parc du Grand Coteau\",\n            \"address\": {\n                \"@type\": \"PostalAddress\",\n                \"streetAddress\": \"2600 boulevard de Mascouche\",\n                \"addressLocality\": \"Mascouche\",\n                \"postalCode\": \"J7K 0H5\",\n                \"addressCountry\": \"CA\"\n            }\n        }\n    },\n    {\n        \"@context\": \"http:\/\/schema.org\",\n        \"@type\": \"Event\",\n        \"name\": \"Maria en solo\",\n        \"startDate\": \"2016-09-06T10:30:00\",\n        \"description\": \"Viens d\\u00e9guster un bon \\u00e9pi en ma compagnie!\",\n        \"performers\": {\n            \"@type\": \"Organization\",\n            \"name\": \"Maria en solo\"\n        },\n        \"location\": {\n            \"@type\": \"Place\",\n            \"name\": \"Festival de l&#8217;\\u00e9pi\",\n            \"url\": \"http:\/\/www.festivaldelepi.com\",\n            \"address\": {\n                \"@type\": \"PostalAddress\",\n                \"streetAddress\": \"34, 6e rue, Scott, Qc\",\n                \"addressLocality\": \"Scott\",\n                \"addressRegion\": \"Quebec\",\n                \"addressCountry\": \"CA\"\n            }\n        }\n    },\n    {\n        \"@context\": \"http:\/\/schema.org\",\n        \"@type\": \"Event\",\n        \"name\": \"Maria en solo\",\n        \"startDate\": \"2016-06-02T16:30:00\",\n        \"performers\": {\n            \"@type\": \"Organization\",\n            \"name\": \"Maria en solo\"\n        },\n        \"location\": {\n            \"@type\": \"Place\",\n            \"name\": \"\\u00c9cole St-Louis de Gonzague\",\n            \"address\": {\n                \"@type\": \"PostalAddress\",\n                \"addressLocality\": \"Montr\\u00e9al\",\n                \"addressRegion\": \"Qu\\u00e9bec\",\n                \"addressCountry\": \"CA\"\n            }\n        },\n        \"offers\": {\n            \"@type\": \"Offer\",\n            \"price\": \"\"\n        }\n    }\n]<\/script><!-- Generated by GigPress 2.3.26 -->\n\t<\/p>\n","protected":false},"author":1,"featured_media":0,"parent":0,"menu_order":0,"comment_status":"closed","ping_status":"closed","template":"","meta":{"_et_pb_use_builder":"on","_et_pb_old_content":"","_et_gb_content_width":"","footnotes":""},"class_list":["post-1750","page","type-page","status-publish","hentry"],"_links":{"self":[{"href":"https:\/\/mariacannelloni.com\/en\/wp-json\/wp\/v2\/pages\/1750","targetHints":{"allow":["GET"]}}],"collection":[{"href":"https:\/\/mariacannelloni.com\/en\/wp-json\/wp\/v2\/pages"}],"about":[{"href":"https:\/\/mariacannelloni.com\/en\/wp-json\/wp\/v2\/types\/page"}],"author":[{"embeddable":true,"href":"https:\/\/mariacannelloni.com\/en\/wp-json\/wp\/v2\/users\/1"}],"replies":[{"embeddable":true,"href":"https:\/\/mariacannelloni.com\/en\/wp-json\/wp\/v2\/comments?post=1750"}],"version-history":[{"count":2,"href":"https:\/\/mariacannelloni.com\/en\/wp-json\/wp\/v2\/pages\/1750\/revisions"}],"predecessor-version":[{"id":1752,"href":"https:\/\/mariacannelloni.com\/en\/wp-json\/wp\/v2\/pages\/1750\/revisions\/1752"}],"wp:attachment":[{"href":"https:\/\/mariacannelloni.com\/en\/wp-json\/wp\/v2\/media?parent=1750"}],"curies":[{"name":"wp","href":"https:\/\/api.w.org\/{rel}","templated":true}]}}